{"id":513,"date":"2023-03-15T16:41:23","date_gmt":"2023-03-15T19:41:23","guid":{"rendered":"https:\/\/crtarteecomunicacao.com.br\/relatorioanual\/?page_id=513"},"modified":"2026-04-29T18:15:11","modified_gmt":"2026-04-29T21:15:11","slug":"mensagem-da-diretoria-executiva","status":"publish","type":"page","link":"https:\/\/energisaprev.com.br\/relatorioanual2025\/institucional\/mensagem-da-diretoria-executiva\/","title":{"rendered":"Mensagem da Diretoria Executiva"},"content":{"rendered":"\t\t<div data-elementor-type=\"wp-page\" data-elementor-id=\"513\" class=\"elementor elementor-513\">\n\t\t\t\t\t\t<section data-particle_enable=\"false\" data-particle-mobile-disabled=\"false\" class=\"elementor-section elementor-top-section elementor-element elementor-element-16098819 elementor-section-boxed elementor-section-height-default elementor-section-height-default\" data-id=\"16098819\" data-element_type=\"section\" data-e-type=\"section\">\n\t\t\t\t\t\t<div class=\"elementor-container elementor-column-gap-default\">\n\t\t\t\t\t<div class=\"elementor-column elementor-col-100 elementor-top-column elementor-element elementor-element-1b4ccd32\" data-id=\"1b4ccd32\" data-element_type=\"column\" data-e-type=\"column\">\n\t\t\t<div class=\"elementor-widget-wrap elementor-element-populated\">\n\t\t\t\t\t\t<div class=\"elementor-element elementor-element-6f033792 elementor-widget elementor-widget-text-editor\" data-id=\"6f033792\" data-element_type=\"widget\" data-e-type=\"widget\" data-widget_type=\"text-editor.default\">\n\t\t\t\t<div class=\"elementor-widget-container\">\n\t\t\t\t\t\t\t\t\t<div class=\"page\" title=\"Page 5\"><p>O ano de 2025 foi marcado por desafios relevantes na economia mundial e no ambiente da previd\u00eancia complementar, exigindo uma atua\u00e7\u00e3o estrat\u00e9gica, respons\u00e1vel e alinhada \u00e0s melhores pr\u00e1ticas de gest\u00e3o por parte das entidades do setor.<\/p><p>\u00a0<\/p><p>Nesse contexto, mantivemos nosso comprometimento com a sustentabilidade dos planos, o fortalecimento da governan\u00e7a e a proximidade com os clientes participantes e as patrocinadoras.<\/p><p>\u00a0<\/p><p>Avan\u00e7amos em diversas frentes. No campo previdenci\u00e1rio e financeiro, nos dedicamos \u00e0 gest\u00e3o respons\u00e1vel do patrim\u00f4nio administrado, na ordem de mais de R$ 2 bilh\u00f5es, buscando o equil\u00edbrio t\u00e9cnico \u2014 ou seja, o alinhamento entre os recursos do plano e suas obriga\u00e7\u00f5es, de forma a manter os resultados dentro da meta atuarial \u2014 sem perder de vista a rentabilidade dos planos.<\/p><p>\u00a0<\/p><p>Tamb\u00e9m aprimoramos a governan\u00e7a, com a atualiza\u00e7\u00e3o de pol\u00edticas de riscos e investimentos, o fortalecimento das estruturas de controle e a ader\u00eancia cont\u00ednua \u00e0s normas regulat\u00f3rias, como as da Previc.<\/p><p>\u00a0<\/p><p>No relacionamento com mais de 17 mil participantes, buscamos fortalecer os canais de comunica\u00e7\u00e3o, ampliar as iniciativas de educa\u00e7\u00e3o financeira e previdenci\u00e1ria e monitorar a experi\u00eancia, com pesquisas de satisfa\u00e7\u00e3o e indicadores que demonstram a melhoria cont\u00ednua, al\u00e9m do programa de longevidade e jornada do cliente.<\/p><p>\u00a0<\/p><p>Nosso planejamento estrat\u00e9gico seguiu orientando a evolu\u00e7\u00e3o da entidade, com a\u00e7\u00f5es voltadas \u00e0 inova\u00e7\u00e3o, \u00e0 transforma\u00e7\u00e3o digital e ao desenvolvimento de solu\u00e7\u00f5es que ampliem o valor entregue aos clientes participantes, a exemplo dos novos produtos de seguros e o Plano Prosperisa.<\/p><p>\u00a0<\/p><p>Por fim, destacamos o papel fundamental das pessoas que constroem diariamente a entidade: conselheiros, diretores, colaboradores e parceiros que fazem jus ao selo de engajamento da Abrapp, cujo comprometimento fortalece a cultura organizacional e contribui para um ambiente sadio, produtivo e orientado a resultados.<\/p><p>\u00a0<\/p><p>Registramos tamb\u00e9m nosso sincero agradecimento \u00e0s patrocinadoras, participantes e parceiros pela confian\u00e7a depositada ao longo do ano. Essa parceria \u00e9 essencial para o fortalecimento da EnergisaPrev e para a constru\u00e7\u00e3o de um futuro mais seguro para todos.<\/p><p>\u00a0<\/p><p>Diante dos desafios que o setor enfrenta, como o cen\u00e1rio macroecon\u00f4mico e o envelhecimento populacional, seguimos confiantes na miss\u00e3o de administrar os planos previdenci\u00e1rios com responsabilidade, transpar\u00eancia e vis\u00e3o de longo prazo, contribuindo para transformar sonhos em realidade, com seguran\u00e7a financeira e qualidade de vida.<\/p><p>\u00a0<\/p><p>Desejamos a todos uma excelente leitura.<\/p><\/div>\t\t\t\t\t\t\t\t<\/div>\n\t\t\t\t<\/div>\n\t\t\t\t\t<\/div>\n\t\t<\/div>\n\t\t\t\t\t<\/div>\n\t\t<\/section>\n\t\t\t\t<\/div>\n\t\t","protected":false},"excerpt":{"rendered":"<p>O ano de 2025 foi marcado por desafios relevantes na economia mundial e no ambiente da previd\u00eancia complementar, exigindo uma atua\u00e7\u00e3o estrat\u00e9gica, respons\u00e1vel e alinhada \u00e0s melhores pr\u00e1ticas de gest\u00e3o por parte das entidades do setor. \u00a0 Nesse contexto, mantivemos nosso comprometimento com a sustentabilidade dos planos, o fortalecimento da governan\u00e7a e a proximidade com [&hellip;]<\/p>\n","protected":false},"author":1,"featured_media":5517,"parent":184,"menu_order":28,"comment_status":"closed","ping_status":"closed","template":"","meta":{"footnotes":""},"class_list":["post-513","page","type-page","status-publish","has-post-thumbnail","hentry"],"acf":[],"yoast_head":"<!-- This site is optimized with the Yoast SEO plugin v27.5 - https:\/\/yoast.com\/product\/yoast-seo-wordpress\/ -->\n<title>Mensagem da Diretoria Executiva - Relat\u00f3rio Anual<\/title>\n<meta name=\"robots\" content=\"index, follow, max-snippet:-1, max-image-preview:large, max-video-preview:-1\" \/>\n<link rel=\"canonical\" href=\"https:\/\/energisaprev.com.br\/relatorioanual2025\/institucional\/mensagem-da-diretoria-executiva\/\" \/>\n<meta property=\"og:locale\" content=\"pt_BR\" \/>\n<meta property=\"og:type\" content=\"article\" \/>\n<meta property=\"og:title\" content=\"Mensagem da Diretoria Executiva - Relat\u00f3rio Anual\" \/>\n<meta property=\"og:description\" content=\"O ano de 2025 foi marcado por desafios relevantes na economia mundial e no ambiente da previd\u00eancia complementar, exigindo uma atua\u00e7\u00e3o estrat\u00e9gica, respons\u00e1vel e alinhada \u00e0s melhores pr\u00e1ticas de gest\u00e3o por parte das entidades do setor. \u00a0 Nesse contexto, mantivemos nosso comprometimento com a sustentabilidade dos planos, o fortalecimento da governan\u00e7a e a proximidade com [&hellip;]\" \/>\n<meta property=\"og:url\" content=\"https:\/\/energisaprev.com.br\/relatorioanual2025\/institucional\/mensagem-da-diretoria-executiva\/\" \/>\n<meta property=\"og:site_name\" content=\"Relat\u00f3rio Anual\" \/>\n<meta property=\"article:modified_time\" content=\"2026-04-29T21:15:11+00:00\" \/>\n<meta property=\"og:image\" content=\"https:\/\/energisaprev.com.br\/relatorioanual2025\/wp-content\/uploads\/2026\/04\/front-view-people-having-meeting-office-1.jpg\" \/>\n\t<meta property=\"og:image:width\" content=\"860\" \/>\n\t<meta property=\"og:image:height\" content=\"334\" \/>\n\t<meta property=\"og:image:type\" content=\"image\/jpeg\" \/>\n<meta name=\"twitter:card\" content=\"summary_large_image\" \/>\n<meta name=\"twitter:label1\" content=\"Est. tempo de leitura\" \/>\n\t<meta name=\"twitter:data1\" content=\"3 minutos\" \/>\n<script type=\"application\/ld+json\" class=\"yoast-schema-graph\">{\"@context\":\"https:\\\/\\\/schema.org\",\"@graph\":[{\"@type\":\"WebPage\",\"@id\":\"https:\\\/\\\/energisaprev.com.br\\\/relatorioanual2025\\\/institucional\\\/mensagem-da-diretoria-executiva\\\/\",\"url\":\"https:\\\/\\\/energisaprev.com.br\\\/relatorioanual2025\\\/institucional\\\/mensagem-da-diretoria-executiva\\\/\",\"name\":\"Mensagem da Diretoria Executiva - Relat\u00f3rio Anual\",\"isPartOf\":{\"@id\":\"https:\\\/\\\/energisaprev.com.br\\\/relatorioanual2025\\\/#website\"},\"primaryImageOfPage\":{\"@id\":\"https:\\\/\\\/energisaprev.com.br\\\/relatorioanual2025\\\/institucional\\\/mensagem-da-diretoria-executiva\\\/#primaryimage\"},\"image\":{\"@id\":\"https:\\\/\\\/energisaprev.com.br\\\/relatorioanual2025\\\/institucional\\\/mensagem-da-diretoria-executiva\\\/#primaryimage\"},\"thumbnailUrl\":\"https:\\\/\\\/energisaprev.com.br\\\/relatorioanual2025\\\/wp-content\\\/uploads\\\/2026\\\/04\\\/front-view-people-having-meeting-office-1.jpg\",\"datePublished\":\"2023-03-15T19:41:23+00:00\",\"dateModified\":\"2026-04-29T21:15:11+00:00\",\"breadcrumb\":{\"@id\":\"https:\\\/\\\/energisaprev.com.br\\\/relatorioanual2025\\\/institucional\\\/mensagem-da-diretoria-executiva\\\/#breadcrumb\"},\"inLanguage\":\"pt-BR\",\"potentialAction\":[{\"@type\":\"ReadAction\",\"target\":[\"https:\\\/\\\/energisaprev.com.br\\\/relatorioanual2025\\\/institucional\\\/mensagem-da-diretoria-executiva\\\/\"]}]},{\"@type\":\"ImageObject\",\"inLanguage\":\"pt-BR\",\"@id\":\"https:\\\/\\\/energisaprev.com.br\\\/relatorioanual2025\\\/institucional\\\/mensagem-da-diretoria-executiva\\\/#primaryimage\",\"url\":\"https:\\\/\\\/energisaprev.com.br\\\/relatorioanual2025\\\/wp-content\\\/uploads\\\/2026\\\/04\\\/front-view-people-having-meeting-office-1.jpg\",\"contentUrl\":\"https:\\\/\\\/energisaprev.com.br\\\/relatorioanual2025\\\/wp-content\\\/uploads\\\/2026\\\/04\\\/front-view-people-having-meeting-office-1.jpg\",\"width\":860,\"height\":334},{\"@type\":\"BreadcrumbList\",\"@id\":\"https:\\\/\\\/energisaprev.com.br\\\/relatorioanual2025\\\/institucional\\\/mensagem-da-diretoria-executiva\\\/#breadcrumb\",\"itemListElement\":[{\"@type\":\"ListItem\",\"position\":1,\"name\":\"In\u00edcio\",\"item\":\"https:\\\/\\\/energisaprev.com.br\\\/relatorioanual2025\\\/\"},{\"@type\":\"ListItem\",\"position\":2,\"name\":\"Institucional\",\"item\":\"https:\\\/\\\/energisaprev.com.br\\\/relatorioanual2025\\\/institucional\\\/\"},{\"@type\":\"ListItem\",\"position\":3,\"name\":\"Mensagem da Diretoria Executiva\"}]},{\"@type\":\"WebSite\",\"@id\":\"https:\\\/\\\/energisaprev.com.br\\\/relatorioanual2025\\\/#website\",\"url\":\"https:\\\/\\\/energisaprev.com.br\\\/relatorioanual2025\\\/\",\"name\":\"Relat\u00f3rio Anual\",\"description\":\"\",\"potentialAction\":[{\"@type\":\"SearchAction\",\"target\":{\"@type\":\"EntryPoint\",\"urlTemplate\":\"https:\\\/\\\/energisaprev.com.br\\\/relatorioanual2025\\\/?s={search_term_string}\"},\"query-input\":{\"@type\":\"PropertyValueSpecification\",\"valueRequired\":true,\"valueName\":\"search_term_string\"}}],\"inLanguage\":\"pt-BR\"}]}<\/script>\n<!-- \/ Yoast SEO plugin. -->","yoast_head_json":{"title":"Mensagem da Diretoria Executiva - Relat\u00f3rio Anual","robots":{"index":"index","follow":"follow","max-snippet":"max-snippet:-1","max-image-preview":"max-image-preview:large","max-video-preview":"max-video-preview:-1"},"canonical":"https:\/\/energisaprev.com.br\/relatorioanual2025\/institucional\/mensagem-da-diretoria-executiva\/","og_locale":"pt_BR","og_type":"article","og_title":"Mensagem da Diretoria Executiva - Relat\u00f3rio Anual","og_description":"O ano de 2025 foi marcado por desafios relevantes na economia mundial e no ambiente da previd\u00eancia complementar, exigindo uma atua\u00e7\u00e3o estrat\u00e9gica, respons\u00e1vel e alinhada \u00e0s melhores pr\u00e1ticas de gest\u00e3o por parte das entidades do setor. \u00a0 Nesse contexto, mantivemos nosso comprometimento com a sustentabilidade dos planos, o fortalecimento da governan\u00e7a e a proximidade com [&hellip;]","og_url":"https:\/\/energisaprev.com.br\/relatorioanual2025\/institucional\/mensagem-da-diretoria-executiva\/","og_site_name":"Relat\u00f3rio Anual","article_modified_time":"2026-04-29T21:15:11+00:00","og_image":[{"width":860,"height":334,"url":"https:\/\/energisaprev.com.br\/relatorioanual2025\/wp-content\/uploads\/2026\/04\/front-view-people-having-meeting-office-1.jpg","type":"image\/jpeg"}],"twitter_card":"summary_large_image","twitter_misc":{"Est. tempo de leitura":"3 minutos"},"schema":{"@context":"https:\/\/schema.org","@graph":[{"@type":"WebPage","@id":"https:\/\/energisaprev.com.br\/relatorioanual2025\/institucional\/mensagem-da-diretoria-executiva\/","url":"https:\/\/energisaprev.com.br\/relatorioanual2025\/institucional\/mensagem-da-diretoria-executiva\/","name":"Mensagem da Diretoria Executiva - Relat\u00f3rio Anual","isPartOf":{"@id":"https:\/\/energisaprev.com.br\/relatorioanual2025\/#website"},"primaryImageOfPage":{"@id":"https:\/\/energisaprev.com.br\/relatorioanual2025\/institucional\/mensagem-da-diretoria-executiva\/#primaryimage"},"image":{"@id":"https:\/\/energisaprev.com.br\/relatorioanual2025\/institucional\/mensagem-da-diretoria-executiva\/#primaryimage"},"thumbnailUrl":"https:\/\/energisaprev.com.br\/relatorioanual2025\/wp-content\/uploads\/2026\/04\/front-view-people-having-meeting-office-1.jpg","datePublished":"2023-03-15T19:41:23+00:00","dateModified":"2026-04-29T21:15:11+00:00","breadcrumb":{"@id":"https:\/\/energisaprev.com.br\/relatorioanual2025\/institucional\/mensagem-da-diretoria-executiva\/#breadcrumb"},"inLanguage":"pt-BR","potentialAction":[{"@type":"ReadAction","target":["https:\/\/energisaprev.com.br\/relatorioanual2025\/institucional\/mensagem-da-diretoria-executiva\/"]}]},{"@type":"ImageObject","inLanguage":"pt-BR","@id":"https:\/\/energisaprev.com.br\/relatorioanual2025\/institucional\/mensagem-da-diretoria-executiva\/#primaryimage","url":"https:\/\/energisaprev.com.br\/relatorioanual2025\/wp-content\/uploads\/2026\/04\/front-view-people-having-meeting-office-1.jpg","contentUrl":"https:\/\/energisaprev.com.br\/relatorioanual2025\/wp-content\/uploads\/2026\/04\/front-view-people-having-meeting-office-1.jpg","width":860,"height":334},{"@type":"BreadcrumbList","@id":"https:\/\/energisaprev.com.br\/relatorioanual2025\/institucional\/mensagem-da-diretoria-executiva\/#breadcrumb","itemListElement":[{"@type":"ListItem","position":1,"name":"In\u00edcio","item":"https:\/\/energisaprev.com.br\/relatorioanual2025\/"},{"@type":"ListItem","position":2,"name":"Institucional","item":"https:\/\/energisaprev.com.br\/relatorioanual2025\/institucional\/"},{"@type":"ListItem","position":3,"name":"Mensagem da Diretoria Executiva"}]},{"@type":"WebSite","@id":"https:\/\/energisaprev.com.br\/relatorioanual2025\/#website","url":"https:\/\/energisaprev.com.br\/relatorioanual2025\/","name":"Relat\u00f3rio Anual","description":"","potentialAction":[{"@type":"SearchAction","target":{"@type":"EntryPoint","urlTemplate":"https:\/\/energisaprev.com.br\/relatorioanual2025\/?s={search_term_string}"},"query-input":{"@type":"PropertyValueSpecification","valueRequired":true,"valueName":"search_term_string"}}],"inLanguage":"pt-BR"}]}},"_links":{"self":[{"href":"https:\/\/energisaprev.com.br\/relatorioanual2025\/wp-json\/wp\/v2\/pages\/513","targetHints":{"allow":["GET"]}}],"collection":[{"href":"https:\/\/energisaprev.com.br\/relatorioanual2025\/wp-json\/wp\/v2\/pages"}],"about":[{"href":"https:\/\/energisaprev.com.br\/relatorioanual2025\/wp-json\/wp\/v2\/types\/page"}],"author":[{"embeddable":true,"href":"https:\/\/energisaprev.com.br\/relatorioanual2025\/wp-json\/wp\/v2\/users\/1"}],"replies":[{"embeddable":true,"href":"https:\/\/energisaprev.com.br\/relatorioanual2025\/wp-json\/wp\/v2\/comments?post=513"}],"version-history":[{"count":38,"href":"https:\/\/energisaprev.com.br\/relatorioanual2025\/wp-json\/wp\/v2\/pages\/513\/revisions"}],"predecessor-version":[{"id":5971,"href":"https:\/\/energisaprev.com.br\/relatorioanual2025\/wp-json\/wp\/v2\/pages\/513\/revisions\/5971"}],"up":[{"embeddable":true,"href":"https:\/\/energisaprev.com.br\/relatorioanual2025\/wp-json\/wp\/v2\/pages\/184"}],"wp:featuredmedia":[{"embeddable":true,"href":"https:\/\/energisaprev.com.br\/relatorioanual2025\/wp-json\/wp\/v2\/media\/5517"}],"wp:attachment":[{"href":"https:\/\/energisaprev.com.br\/relatorioanual2025\/wp-json\/wp\/v2\/media?parent=513"}],"curies":[{"name":"wp","href":"https:\/\/api.w.org\/{rel}","templated":true}]}}