{"id":2739,"date":"2024-04-09T09:53:37","date_gmt":"2024-04-09T12:53:37","guid":{"rendered":"https:\/\/crtcomunicacao.com.br\/rai_energisa\/?page_id=2739"},"modified":"2026-04-30T16:27:09","modified_gmt":"2026-04-30T19:27:09","slug":"gestao-administrativa","status":"publish","type":"page","link":"https:\/\/energisaprev.com.br\/relatorioanual2025\/administrativa-e-financeiro\/gestao-administrativa\/","title":{"rendered":"Gest\u00e3o Administrativa"},"content":{"rendered":"\t\t<div data-elementor-type=\"wp-page\" data-elementor-id=\"2739\" class=\"elementor elementor-2739\">\n\t\t\t\t\t\t<section data-particle_enable=\"false\" data-particle-mobile-disabled=\"false\" class=\"elementor-section elementor-top-section elementor-element elementor-element-bcbef8a elementor-section-boxed elementor-section-height-default elementor-section-height-default\" data-id=\"bcbef8a\" data-element_type=\"section\" data-e-type=\"section\">\n\t\t\t\t\t\t<div class=\"elementor-container elementor-column-gap-default\">\n\t\t\t\t\t<div class=\"elementor-column elementor-col-100 elementor-top-column elementor-element elementor-element-10980c4\" data-id=\"10980c4\" data-element_type=\"column\" data-e-type=\"column\">\n\t\t\t<div class=\"elementor-widget-wrap elementor-element-populated\">\n\t\t\t\t\t\t<div class=\"elementor-element elementor-element-f7e2b0c elementor-widget elementor-widget-text-editor\" data-id=\"f7e2b0c\" data-element_type=\"widget\" data-e-type=\"widget\" data-widget_type=\"text-editor.default\">\n\t\t\t\t<div class=\"elementor-widget-container\">\n\t\t\t\t\t\t\t\t\t<div class=\"page\" title=\"Page 5\"><p>A EnergisaPrev elabora, anualmente, seu or\u00e7amento, instrumento que orienta e organiza as despesas administrativas necess\u00e1rias \u00e0 gest\u00e3o dos Planos de Benef\u00edcios. Esse planejamento assegura a adequada aloca\u00e7\u00e3o de recursos, com foco em efici\u00eancia e controle.<\/p><p>\u00a0<\/p><p>A execu\u00e7\u00e3o or\u00e7ament\u00e1ria \u00e9 acompanhada pelo Conselho Fiscal, conforme normas aprovadas pelo Conselho Deliberativo, garantindo transpar\u00eancia e conformidade. Esse processo \u00e9 estruturado pelo Plano de Gest\u00e3o Administrativa (PGA), que define crit\u00e9rios e diretrizes para a administra\u00e7\u00e3o das despesas.<\/p><p>\u00a0<\/p><p>As despesas administrativas de 2025 est\u00e3o apresentadas na tabela a seguir, evidenciando os custos envolvidos na opera\u00e7\u00e3o dos planos.<\/p><p>\u00a0<\/p><p>O or\u00e7amento e o PGA s\u00e3o fundamentais para a sustentabilidade da Funda\u00e7\u00e3o, refletindo o compromisso da EnergisaPrev com uma gest\u00e3o respons\u00e1vel, eficiente e transparente.<\/p><\/div>\t\t\t\t\t\t\t\t<\/div>\n\t\t\t\t<\/div>\n\t\t\t\t<div class=\"elementor-element elementor-element-d324d86 elementor-widget elementor-widget-html\" data-id=\"d324d86\" data-element_type=\"widget\" data-e-type=\"widget\" data-widget_type=\"html.default\">\n\t\t\t\t<div class=\"elementor-widget-container\">\n\t\t\t\t\t<div class=\"overflow-auto table_capsulediv\">\r\n    <table class=\"table padrao_table\">\r\n        <thead>\r\n            <tr>\r\n                <th>Resumo Execu\u00e7\u00e3o Or\u00e7ament\u00e1ria (BRL Mil)<\/th>\r\n                <th><b>Dezembro 2025<\/b><\/th>\r\n                <th>Dezembro 2024<\/th>\r\n            <\/tr>\r\n        <\/thead>\r\n        <tbody>\r\n            <tr>\r\n                <td><b>Receitas Administrativas<\/b><\/td>\r\n                <td><b>23.485<\/b><\/td>\r\n                <td><b>20.405<\/b><\/td>\r\n            <\/tr>\r\n            <tr>\r\n                <td style=\"padding-left:50px\">Contribui\u00e7\u00f5es Adm Previdencial<\/td>\r\n                <td>10.722<\/td>\r\n                <td>10.767<\/td>\r\n            <\/tr>\r\n            <tr>\r\n                <td style=\"padding-left:50px\">Contribui\u00e7\u00f5es Adm Investimentos<\/td>\r\n                <td>12.606<\/td>\r\n                <td>9.485<\/td>\r\n            <\/tr>\r\n            <tr>\r\n                <td style=\"padding-left:50px\">Diretas<\/td>\r\n                <td>157<\/td>\r\n                <td>153<\/td>\r\n            <\/tr>\r\n            <tr>\r\n                <td><b>Despesas Administrativas<\/b><\/td>\r\n                <td><b>19.879<\/b><\/td>\r\n                <td><b>18.317<\/b><\/td>\r\n            <\/tr>\r\n            <tr>\r\n                <td style=\"padding-left:50px\">Pessoal e Encargos<\/td>\r\n                <td>10.981<\/td>\r\n                <td>11.135<\/td>\r\n            <\/tr>\r\n            <tr>\r\n                <td style=\"padding-left:50px\">Treinamentos<\/td>\r\n                <td>321<\/td>\r\n                <td>277<\/td>\r\n            <\/tr>\r\n            <tr>\r\n                <td style=\"padding-left:50px\">Viagens e Estadias<\/td>\r\n                <td>96<\/td>\r\n                <td>364<\/td>\r\n            <\/tr>\r\n            <tr>\r\n                <td style=\"padding-left:50px\">Servi\u00e7os de Terceiros<\/td>\r\n                <td>5.119<\/td>\r\n                <td>4.027<\/td>\r\n            <\/tr>\r\n            <tr>\r\n                <td style=\"padding-left:50px\">        Sistemas de Inform\u00e1tica<\/td>\r\n                <td>2.577<\/td>\r\n                <td>2.098<\/td>\r\n            <\/tr>\r\n            <tr>\r\n                <td style=\"padding-left:50px\">        Consultoria Atuarial<\/td>\r\n                <td>615<\/td>\r\n                <td>540<\/td>\r\n            <\/tr>\r\n            <tr>\r\n                <td style=\"padding-left:50px\">        Consultoria Cont\u00e1bil<\/td>\r\n                <td>442<\/td>\r\n                <td>40<\/td>\r\n            <\/tr>\r\n            <tr>\r\n                <td style=\"padding-left:50px\">        Consultoria Jur\u00eddica<\/td>\r\n                <td>370<\/td>\r\n                <td>273<\/td>\r\n            <\/tr>\r\n            <tr>\r\n                <td style=\"padding-left:50px\">        Consultoria dos Investimentos<\/td>\r\n                <td>205<\/td>\r\n                <td>197<\/td>\r\n            <\/tr>\r\n            <tr>\r\n                <td style=\"padding-left:50px\">        Auditoria Cont\u00e1bil<\/td>\r\n                <td>180<\/td>\r\n                <td>169<\/td>\r\n            <\/tr>\r\n            <tr>\r\n                <td style=\"padding-left:50px\">        Publicidade<\/td>\r\n                <td>0<\/td>\r\n                <td>205<\/td>\r\n            <\/tr>\r\n            <tr>\r\n                <td style=\"padding-left:50px\">        Outros servi\u00e7os <\/td>\r\n                <td>730<\/td>\r\n                <td>505<\/td>\r\n            <\/tr>\r\n            <tr>\r\n                <td style=\"padding-left:50px\">Despesas Gerais<\/td>\r\n                <td>817<\/td>\r\n                <td>807<\/td>\r\n            <\/tr>\r\n            <tr>\r\n                <td style=\"padding-left:50px\">Despesa com Material<\/td>\r\n                <td>136<\/td>\r\n                <td>114<\/td>\r\n            <\/tr>\r\n            <tr>\r\n                <td style=\"padding-left:50px\"> Alugu\u00e9is<\/td>\r\n                <td>409<\/td>\r\n                <td>372<\/td>\r\n            <\/tr>\r\n            <tr>\r\n                <td style=\"padding-left:50px\"> Diversas<\/td>\r\n                <td>272<\/td>\r\n                <td>321<\/td>\r\n            <\/tr>\r\n            <tr>\r\n                <td style=\"padding-left:50px\">Deprecia\u00e7\u00f5es e Amortiza\u00e7\u00f5es<\/td>\r\n                <td>895<\/td>\r\n                <td>589<\/td>\r\n            <\/tr>\r\n            <tr>\r\n                <td style=\"padding-left:50px\">Tributos<\/td>\r\n                <td>1.345<\/td>\r\n                <td>1.117<\/td>\r\n            <\/tr>\r\n        <\/tbody>\r\n    <\/table>\r\n<\/div>\t\t\t\t<\/div>\n\t\t\t\t<\/div>\n\t\t\t\t\t<\/div>\n\t\t<\/div>\n\t\t\t\t\t<\/div>\n\t\t<\/section>\n\t\t\t\t<section data-particle_enable=\"false\" data-particle-mobile-disabled=\"false\" class=\"elementor-section elementor-top-section elementor-element elementor-element-dff98bc elementor-section-boxed elementor-section-height-default elementor-section-height-default\" data-id=\"dff98bc\" data-element_type=\"section\" data-e-type=\"section\">\n\t\t\t\t\t\t<div class=\"elementor-container elementor-column-gap-default\">\n\t\t\t\t\t<div class=\"elementor-column elementor-col-100 elementor-top-column elementor-element elementor-element-59560ed0\" data-id=\"59560ed0\" data-element_type=\"column\" data-e-type=\"column\">\n\t\t\t<div class=\"elementor-widget-wrap elementor-element-populated\">\n\t\t\t\t\t\t<div class=\"elementor-element elementor-element-7243a2a9 elementor-widget elementor-widget-heading\" data-id=\"7243a2a9\" data-element_type=\"widget\" data-e-type=\"widget\" data-widget_type=\"heading.default\">\n\t\t\t\t<div class=\"elementor-widget-container\">\n\t\t\t\t\t<h2 class=\"elementor-heading-title elementor-size-default\">Plano de Custeio 2025<\/h2>\t\t\t\t<\/div>\n\t\t\t\t<\/div>\n\t\t\t\t<div class=\"elementor-element elementor-element-2d1460fc elementor-widget elementor-widget-text-editor\" data-id=\"2d1460fc\" data-element_type=\"widget\" data-e-type=\"widget\" data-widget_type=\"text-editor.default\">\n\t\t\t\t<div class=\"elementor-widget-container\">\n\t\t\t\t\t\t\t\t\t<div class=\"page\" title=\"Page 5\"><p>O plano de custeio \u00e9 o instrumento que define como ser\u00e3o financiados as despesas e os compromissos de um plano de benef\u00edcios. Nele s\u00e3o estabelecidas as contribui\u00e7\u00f5es necess\u00e1rias \u2014 de participantes, patrocinadores e, quando aplic\u00e1vel, assistidos \u2014 para garantir o pagamento dos benef\u00edcios e a cobertura dos custos administrativos. Sua atualiza\u00e7\u00e3o peri\u00f3dica \u00e9 fundamental para assegurar o equil\u00edbrio financeiro e a sustentabilidade do plano ao longo do tempo.<\/p><p>\u00a0<\/p><p>A tabela a seguir apresenta a compara\u00e7\u00e3o entre os valores anteriormente praticados e os vigentes em 2025, por plano de benef\u00edcio, evidenciando os ajustes implementados no per\u00edodo.<\/p><\/div>\t\t\t\t\t\t\t\t<\/div>\n\t\t\t\t<\/div>\n\t\t\t\t\t<\/div>\n\t\t<\/div>\n\t\t\t\t\t<\/div>\n\t\t<\/section>\n\t\t<div data-particle_enable=\"false\" data-particle-mobile-disabled=\"false\" class=\"elementor-element elementor-element-2a75795 e-flex e-con-boxed e-con e-parent\" data-id=\"2a75795\" data-element_type=\"container\" data-e-type=\"container\">\n\t\t\t\t\t<div class=\"e-con-inner\">\n\t\t\t\t<div class=\"elementor-element elementor-element-0d4ca9f elementor-widget__width-inherit elementor-widget elementor-widget-html\" data-id=\"0d4ca9f\" data-element_type=\"widget\" data-e-type=\"widget\" data-widget_type=\"html.default\">\n\t\t\t\t<div class=\"elementor-widget-container\">\n\t\t\t\t\t<div class=\"overflow-auto table_capsulediv\">\r\n    <table class=\"table padrao_table\">\r\n        <thead>\r\n            <tr>\r\n                <th rowspan=\"3\">Planos de Benef\u00edcios<\/th>\r\n                <th colspan=\"10\">Custeio Previdencial<\/th>\r\n                <th colspan=\"2\" rowspan=\"2\">Taxa de Administra\u00e7\u00e3o<\/th>\r\n            <\/tr>\r\n            <tr>\r\n                <th colspan=\"2\">Patrocinador<\/th>\r\n                <th colspan=\"2\">Participante<\/th>\r\n                <th colspan=\"2\">Assistidos<\/th>\r\n                <th colspan=\"2\">Autopatrocinados<\/th>\r\n                <th colspan=\"2\">BPD e Eleg\u00edveis<\/th>\r\n            <\/tr>\r\n            <tr>\r\n                <th>2025<\/th>\r\n                <th>2026<\/th>\r\n                <th>2025<\/th>\r\n                <th>2026<\/th>\r\n                <th>2025<\/th>\r\n                <th>2026<\/th>\r\n                <th>2025<\/th>\r\n                <th>2026<\/th>\r\n                <th>2025<\/th>\r\n                <th>2026<\/th>\r\n                <th>2025<\/th>\r\n                <th>2026<\/th>\r\n            <\/tr>\r\n        <\/thead>\r\n        <tbody>\r\n            <tr>\r\n                <td>PLANO ENERGISA - CD<\/td>\r\n                <td>17% s\/ Contrib Particip<\/td>\r\n                <td>10% s\/ Contrib Particip<\/td>\r\n                <td>-<\/td>\r\n                <td>-<\/td>\r\n                <td>-<\/td>\r\n                <td>-<\/td>\r\n                <td>-<\/td>\r\n                <td>-<\/td>\r\n                <td>-<\/td>\r\n                <td>-<\/td>\r\n                <td>0,55%<\/td>\r\n                <td>0,50%<\/td>\r\n            <\/tr>\r\n            <tr>\r\n                <td>PLANO SERGIPE - CD<\/td>\r\n                <td>-<\/td>\r\n                <td>-<\/td>\r\n                <td>-<\/td>\r\n                <td>-<\/td>\r\n                <td>8% s\/ Benef\u00edcio<\/td>\r\n                <td>8% s\/ Benef\u00edcio<\/td>\r\n                <td>-<\/td>\r\n                <td>-<\/td>\r\n                <td>-<\/td>\r\n                <td>-<\/td>\r\n                <td>2,00%<\/td>\r\n                <td>2,00%<\/td>\r\n            <\/tr>\r\n            <tr>\r\n                <td>PLANO FUNASA - CD<\/td>\r\n                <td>R$ 22.416,67<\/td>\r\n                <td>R$ 16.551,12<\/td>\r\n                <td>8% s\/ Sal\u00e1rio<\/td>\r\n                <td>8% s\/ Sal\u00e1rio<\/td>\r\n                <td>8% s\/ Benef\u00edcio<\/td>\r\n                <td>8% s\/ Benef\u00edcio<\/td>\r\n                <td>-<\/td>\r\n                <td>-<\/td>\r\n                <td>-<\/td>\r\n                <td>-<\/td>\r\n                <td>2,00%<\/td>\r\n                <td>2,00%<\/td>\r\n            <\/tr>\r\n            <tr>\r\n                <td>PLANO SUDESTE - CV<\/td>\r\n                <td>5% s\/ Contrib Particip<\/td>\r\n                <td>5% s\/ Contrib Particip<\/td>\r\n                <td>1% s\/ Contribui\u00e7\u00f5es<\/td>\r\n                <td>1% s\/ Contribui\u00e7\u00f5es<\/td>\r\n                <td>1% s\/ Benef\u00edcio<\/td>\r\n                <td>0,5% s\/ Benef\u00edcio<\/td>\r\n                <td>-<\/td>\r\n                <td>-<\/td>\r\n                <td>-<\/td>\r\n                <td>-<\/td>\r\n                <td>0,70%<\/td>\r\n                <td>0,70%<\/td>\r\n            <\/tr>\r\n            <tr>\r\n                <td>PLANO II - CV<\/td>\r\n                <td>R$ 13.333,33<\/td>\r\n                <td>R$ 1.047,72<\/td>\r\n                <td>6% s\/ Sal\u00e1rio<\/td>\r\n                <td>6% s\/ Sal\u00e1rio<\/td>\r\n                <td>6% s\/ Benef\u00edcio<\/td>\r\n                <td>6% s\/ Benef\u00edcio<\/td>\r\n                <td>-<\/td>\r\n                <td>-<\/td>\r\n                <td>-<\/td>\r\n                <td>-<\/td>\r\n                <td>1,00%<\/td>\r\n                <td>1,00%<\/td>\r\n            <\/tr>\r\n            <tr>\r\n                <td>PLANO CEMAT OP - CV<\/td>\r\n                <td>5% s\/ Folha Salarial<\/td>\r\n                <td>5% s\/ Folha Salarial<\/td>\r\n                <td>5% s\/ Sal\u00e1rios<\/td>\r\n                <td>5% s\/ Sal\u00e1rios<\/td>\r\n                <td>5% s\/ Benef\u00edcio<\/td>\r\n                <td>5% s\/ Benef\u00edcio<\/td>\r\n                <td>-<\/td>\r\n                <td>-<\/td>\r\n                <td>-<\/td>\r\n                <td>-<\/td>\r\n                <td>0,70%<\/td>\r\n                <td>0,70%<\/td>\r\n            <\/tr>\r\n            <tr>\r\n                <td>PLANO EL\u00c9TRICAS OP - CV<\/td>\r\n                <td>5% s\/ Folha Salarial<\/td>\r\n                <td>6% s\/ Folha Salarial<\/td>\r\n                <td>5% s\/ Sal\u00e1rios<\/td>\r\n                <td>6% s\/ Sal\u00e1rios<\/td>\r\n                <td>5% s\/ Benef\u00edcio<\/td>\r\n                <td>6% s\/ Benef\u00edcio<\/td>\r\n                <td>-<\/td>\r\n                <td>-<\/td>\r\n                <td>-<\/td>\r\n                <td>-<\/td>\r\n                <td>1,75%<\/td>\r\n                <td>1,75%<\/td>\r\n            <\/tr>\r\n            <tr>\r\n                <td>PLANO FUNASA - BD<\/td>\r\n                <td>6% s\/ Folha Salarial<\/td>\r\n                <td>6% s\/ Folha Salarial<\/td>\r\n                <td>6% s\/ Sal\u00e1rios<\/td>\r\n                <td>6% s\/ Sal\u00e1rios<\/td>\r\n                <td>6% s\/ Benef\u00edcio<\/td>\r\n                <td>6% s\/ Benef\u00edcio<\/td>\r\n                <td>-<\/td>\r\n                <td>-<\/td>\r\n                <td>-<\/td>\r\n                <td>-<\/td>\r\n                <td>0,50%<\/td>\r\n                <td>0,50%<\/td>\r\n            <\/tr>\r\n            <tr>\r\n                <td>PLANO SERGIPE SALDADO - BD<\/td>\r\n                <td>R$ 12.916,67<\/td>\r\n                <td>-<\/td>\r\n                <td>-<\/td>\r\n                <td>-<\/td>\r\n                <td>-<\/td>\r\n                <td>-<\/td>\r\n                <td>-<\/td>\r\n                <td>-<\/td>\r\n                <td>-<\/td>\r\n                <td>-<\/td>\r\n                <td>1,00%<\/td>\r\n                <td>1,00%<\/td>\r\n            <\/tr>\r\n            <tr>\r\n                <td>PLANO I - BD<\/td>\r\n                <td>-<\/td>\r\n                <td>-<\/td>\r\n                <td>-<\/td>\r\n                <td>-<\/td>\r\n                <td>6% s\/ Benef\u00edcio<\/td>\r\n                <td>6% s\/ Benef\u00edcio<\/td>\r\n                <td>-<\/td>\r\n                <td>-<\/td>\r\n                <td>-<\/td>\r\n                <td>-<\/td>\r\n                <td>1,00%<\/td>\r\n                <td>1,00%<\/td>\r\n            <\/tr>\r\n            <tr>\r\n                <td>PLANO FUNASA SALDADO - BD<\/td>\r\n                <td>R$ 12.500,00<\/td>\r\n                <td>R$ 5.000,00<\/td>\r\n                <td>-<\/td>\r\n                <td>-<\/td>\r\n                <td>-<\/td>\r\n                <td>-<\/td>\r\n                <td>-<\/td>\r\n                <td>-<\/td>\r\n                <td>-<\/td>\r\n                <td>-<\/td>\r\n                <td>0,70%<\/td>\r\n                <td>1,00%<\/td>\r\n            <\/tr>\r\n            <tr>\r\n                <td>PLANO EL\u00c9TRICAS BDI - BD<\/td>\r\n                <td>-<\/td>\r\n                <td>-<\/td>\r\n                <td>-<\/td>\r\n                <td>-<\/td>\r\n                <td>10% s\/ Benef\u00edcio<\/td>\r\n                <td>10% s\/ Benef\u00edcio<\/td>\r\n                <td>-<\/td>\r\n                <td>-<\/td>\r\n                <td>-<\/td>\r\n                <td>-<\/td>\r\n                <td>1,00%<\/td>\r\n                <td>1,00%<\/td>\r\n            <\/tr>\r\n            <tr>\r\n                <td>PLANO RISCO - BD<\/td>\r\n                <td>R$ 10.833,33<\/td>\r\n                <td>R$ 11.220,00<\/td>\r\n                <td>2% s\/ Sal\u00e1rio<\/td>\r\n                <td>6% s\/ Sal\u00e1rio<\/td>\r\n                <td>2% s\/ Benef\u00edcio<\/td>\r\n                <td>6% s\/ Benef\u00edcio<\/td>\r\n                <td>-<\/td>\r\n                <td>-<\/td>\r\n                <td>-<\/td>\r\n                <td>-<\/td>\r\n                <td>0,70%<\/td>\r\n                <td>1,00%<\/td>\r\n            <\/tr>\r\n            <tr>\r\n                <td>PLANO CEMAT BDI - BD<\/td>\r\n                <td>-<\/td>\r\n                <td>-<\/td>\r\n                <td>-<\/td>\r\n                <td>-<\/td>\r\n                <td>25% s\/ Benef\u00edcio<\/td>\r\n                <td>25% s\/ Benef\u00edcio<\/td>\r\n                <td>-<\/td>\r\n                <td>-<\/td>\r\n                <td>-<\/td>\r\n                <td>-<\/td>\r\n                <td>2,00%<\/td>\r\n                <td>2,00%<\/td>\r\n            <\/tr>\r\n        <\/tbody>\r\n    <\/table>\r\n<\/div>\t\t\t\t<\/div>\n\t\t\t\t<\/div>\n\t\t\t\t\t<\/div>\n\t\t\t\t<\/div>\n\t\t\t\t<section data-particle_enable=\"false\" data-particle-mobile-disabled=\"false\" class=\"elementor-section elementor-top-section elementor-element elementor-element-03c3130 elementor-section-boxed elementor-section-height-default elementor-section-height-default\" data-id=\"03c3130\" data-element_type=\"section\" data-e-type=\"section\">\n\t\t\t\t\t\t<div class=\"elementor-container elementor-column-gap-default\">\n\t\t\t\t\t<div class=\"elementor-column elementor-col-100 elementor-top-column elementor-element elementor-element-a1f12f4\" data-id=\"a1f12f4\" data-element_type=\"column\" data-e-type=\"column\">\n\t\t\t<div class=\"elementor-widget-wrap elementor-element-populated\">\n\t\t\t\t\t\t<div class=\"elementor-element elementor-element-4cb6833 elementor-widget elementor-widget-heading\" data-id=\"4cb6833\" data-element_type=\"widget\" data-e-type=\"widget\" data-widget_type=\"heading.default\">\n\t\t\t\t<div class=\"elementor-widget-container\">\n\t\t\t\t\t<h2 class=\"elementor-heading-title elementor-size-default\">Perfis de Investimento<\/h2>\t\t\t\t<\/div>\n\t\t\t\t<\/div>\n\t\t\t\t<div class=\"elementor-element elementor-element-104db51 elementor-widget elementor-widget-text-editor\" data-id=\"104db51\" data-element_type=\"widget\" data-e-type=\"widget\" data-widget_type=\"text-editor.default\">\n\t\t\t\t<div class=\"elementor-widget-container\">\n\t\t\t\t\t\t\t\t\t<div class=\"page\" title=\"Page 5\"><p>Em fevereiro de 2025, o Plano Energisa CD passou a oferecer dois perfis de investimento, ampliando a flexibilidade e a personaliza\u00e7\u00e3o das estrat\u00e9gias de aplica\u00e7\u00e3o de recursos pelos participantes. A escolha do perfil \u00e9 realizada por meio de um question\u00e1rio que chamamos de An\u00e1lise do Perfil de Investidor (API). Ele considera objetivos financeiros, toler\u00e2ncia ao risco, horizonte de investimento e conhecimento de mercado.<\/p><p>\u00a0<\/p><p>A diversifica\u00e7\u00e3o dos investimentos, por meio da aloca\u00e7\u00e3o em diferentes classes de ativos, contribui para a redu\u00e7\u00e3o de riscos e maior equil\u00edbrio entre retorno e seguran\u00e7a.<\/p><p>\u00a0<\/p><p>O perfil Conservador \u00e9 voltado a clientes que priorizam seguran\u00e7a, com aloca\u00e7\u00e3o em ativos de menor risco e menor exposi\u00e7\u00e3o \u00e0 volatilidade. J\u00e1 o perfil Moderado busca equil\u00edbrio entre seguran\u00e7a e retorno, com maior diversifica\u00e7\u00e3o e exposi\u00e7\u00e3o a ativos com potencial de valoriza\u00e7\u00e3o no longo prazo, admitindo oscila\u00e7\u00f5es.<\/p><p>\u00a0<\/p><p>Na implanta\u00e7\u00e3o, os participantes que n\u00e3o realizaram a escolha foram alocados no perfil moderado. A altera\u00e7\u00e3o de perfil pode ser realizada duas vezes ao ano, em intervalos semestrais.<\/p><p>\u00a0<\/p><p>A composi\u00e7\u00e3o dos perfis considera diferentes classes de ativos:<\/p><\/div>\t\t\t\t\t\t\t\t<\/div>\n\t\t\t\t<\/div>\n\t\t\t\t\t<\/div>\n\t\t<\/div>\n\t\t\t\t\t<\/div>\n\t\t<\/section>\n\t\t<div data-particle_enable=\"false\" data-particle-mobile-disabled=\"false\" class=\"elementor-element elementor-element-7bdd0ef e-flex e-con-boxed e-con e-parent\" data-id=\"7bdd0ef\" data-element_type=\"container\" data-e-type=\"container\">\n\t\t\t\t\t<div class=\"e-con-inner\">\n\t\t\t\t<div class=\"elementor-element elementor-element-6cf0610 elementor-widget__width-inherit elementor-widget elementor-widget-html\" data-id=\"6cf0610\" data-element_type=\"widget\" data-e-type=\"widget\" data-widget_type=\"html.default\">\n\t\t\t\t<div class=\"elementor-widget-container\">\n\t\t\t\t\t<div class=\"overflow-auto table_capsulediv\">\r\n    <table class=\"table padrao_table\">\r\n        <thead>\r\n            <tr>\r\n                <th>Composi\u00e7\u00e3o dos Perfis de Investimento<\/th>\r\n                <th>Conservador<\/th>\r\n                <th>Moderado<\/th>\r\n            <\/tr>\r\n        <\/thead>\r\n        <tbody>\r\n            <tr>\r\n                <td>Renda Fixa<\/td>\r\n                <td>93,95%<\/td>\r\n                <td>70,55%<\/td>\r\n            <\/tr>\r\n            <tr>\r\n                <td>Renda Vari\u00e1vel<\/td>\r\n                <td>-<\/td>\r\n                <td>7,21%<\/td>\r\n            <\/tr>\r\n            <tr>\r\n                <td>Estruturados<\/td>\r\n                <td>-<\/td>\r\n                <td>2,35%<\/td>\r\n            <\/tr>\r\n            <tr>\r\n                <td>Imobili\u00e1rio<\/td>\r\n                <td>2,23%<\/td>\r\n                <td>3,78%<\/td>\r\n            <\/tr>\r\n            <tr>\r\n                <td>Opera\u00e7\u00f5es com participantes<\/td>\r\n                <td>3,82%<\/td>\r\n                <td>10,80%<\/td>\r\n            <\/tr>\r\n            <tr>\r\n                <td>Exterior<\/td>\r\n                <td>-<\/td>\r\n                <td>5,31%<\/td>\r\n            <\/tr>\r\n        <\/tbody>\r\n    <\/table>\r\n<\/div>\t\t\t\t<\/div>\n\t\t\t\t<\/div>\n\t\t\t\t\t<\/div>\n\t\t\t\t<\/div>\n\t\t\t\t<section data-particle_enable=\"false\" data-particle-mobile-disabled=\"false\" class=\"elementor-section elementor-top-section elementor-element elementor-element-6338b886 elementor-section-boxed elementor-section-height-default elementor-section-height-default\" data-id=\"6338b886\" data-element_type=\"section\" data-e-type=\"section\">\n\t\t\t\t\t\t<div class=\"elementor-container elementor-column-gap-default\">\n\t\t\t\t\t<div class=\"elementor-column elementor-col-100 elementor-top-column elementor-element elementor-element-46d2a168\" data-id=\"46d2a168\" data-element_type=\"column\" data-e-type=\"column\">\n\t\t\t<div class=\"elementor-widget-wrap elementor-element-populated\">\n\t\t\t\t\t\t<div class=\"elementor-element elementor-element-58992396 elementor-widget elementor-widget-text-editor\" data-id=\"58992396\" data-element_type=\"widget\" data-e-type=\"widget\" data-widget_type=\"text-editor.default\">\n\t\t\t\t<div class=\"elementor-widget-container\">\n\t\t\t\t\t\t\t\t\t<div class=\"page\" title=\"Page 5\"><p>A seguir, a composi\u00e7\u00e3o e os resultados dos perfis em dezembro de 2025.<\/p><\/div>\t\t\t\t\t\t\t\t<\/div>\n\t\t\t\t<\/div>\n\t\t\t\t<div class=\"elementor-element elementor-element-deb3ca1 elementor-widget elementor-widget-text-editor\" data-id=\"deb3ca1\" data-element_type=\"widget\" data-e-type=\"widget\" data-widget_type=\"text-editor.default\">\n\t\t\t\t<div class=\"elementor-widget-container\">\n\t\t\t\t\t\t\t\t\t<div class=\"page\" title=\"Page 5\"><p>Em fevereiro de 2025, o Plano Energisa CD passou a oferecer dois perfis de investimento, ampliando a flexibilidade e a personaliza\u00e7\u00e3o das estrat\u00e9gias de aplica\u00e7\u00e3o de recursos pelos participantes. A escolha do perfil \u00e9 realizada por meio da An\u00e1lise do Perfil de Investidor (API), que considera objetivos financeiros, toler\u00e2ncia ao risco, Perfil<\/p><\/div>\t\t\t\t\t\t\t\t<\/div>\n\t\t\t\t<\/div>\n\t\t\t\t<div class=\"elementor-element elementor-element-f361f96 elementor-widget elementor-widget-html\" data-id=\"f361f96\" data-element_type=\"widget\" data-e-type=\"widget\" data-widget_type=\"html.default\">\n\t\t\t\t<div class=\"elementor-widget-container\">\n\t\t\t\t\t<div class=\"overflow-auto table_capsulediv\" style=\"overflow: hidden !important;\">\n    <table class=\"table padrao_table\">\n        <thead>\n            <tr>\n                <th colspan=\"4\">Plano Energisa CD \u2013 CNPB 2017.0006-47<\/th>\n            <\/tr>\n            <tr>\n                <th>Perfil<\/th>\n                <th>Qtde de Participantes<\/th>\n                <th>Ativo Investido<\/th>\n                <th>Rentabilidade<\/th>\n            <\/tr>\n        <\/thead>\n        <tbody>\n            <tr>\n                <td>Energisa Moderado<\/td>\n                <td>14.564<\/td>\n                <td>972.148<\/td>\n                <td>13,54%<\/td>\n            <\/tr>\n            <tr>\n                <td>Energisa Conservador<\/td>\n                <td>1.161<\/td>\n                <td>258.878<\/td>\n                <td>11,93%<\/td>\n            <\/tr>\n            <tr>\n                <td><strong>TOTAL<\/strong><\/td>\n                <td><strong>15.725<\/strong><\/td>\n                <td><strong>1.231.026<\/strong><\/td>\n                <td>-<\/td>\n            <\/tr>\n        <\/tbody>\n    <\/table>\n<\/div>\t\t\t\t<\/div>\n\t\t\t\t<\/div>\n\t\t\t\t\t<\/div>\n\t\t<\/div>\n\t\t\t\t\t<\/div>\n\t\t<\/section>\n\t\t\t\t<section data-particle_enable=\"false\" data-particle-mobile-disabled=\"false\" class=\"elementor-section elementor-top-section elementor-element elementor-element-44090c3 elementor-section-boxed elementor-section-height-default elementor-section-height-default\" data-id=\"44090c3\" data-element_type=\"section\" data-e-type=\"section\">\n\t\t\t\t\t\t<div class=\"elementor-container elementor-column-gap-default\">\n\t\t\t\t\t<div class=\"elementor-column elementor-col-100 elementor-top-column elementor-element elementor-element-bf487b7\" data-id=\"bf487b7\" data-element_type=\"column\" data-e-type=\"column\">\n\t\t\t<div class=\"elementor-widget-wrap elementor-element-populated\">\n\t\t\t\t\t\t<div class=\"elementor-element elementor-element-c9ac35d elementor-widget elementor-widget-text-editor\" data-id=\"c9ac35d\" data-element_type=\"widget\" data-e-type=\"widget\" data-widget_type=\"text-editor.default\">\n\t\t\t\t<div class=\"elementor-widget-container\">\n\t\t\t\t\t\t\t\t\t<div class=\"page\" title=\"Page 5\"><p>A implementa\u00e7\u00e3o dos perfis de investimento refor\u00e7a o compromisso da EnergisaPrev com a evolu\u00e7\u00e3o do plano, proporcionando maior autonomia aos participantes e alinhando as estrat\u00e9gias de investimento aos seus objetivos previdenci\u00e1rio.<\/p><\/div>\t\t\t\t\t\t\t\t<\/div>\n\t\t\t\t<\/div>\n\t\t\t\t\t<\/div>\n\t\t<\/div>\n\t\t\t\t\t<\/div>\n\t\t<\/section>\n\t\t\t\t<\/div>\n\t\t","protected":false},"excerpt":{"rendered":"<p>A EnergisaPrev elabora, anualmente, seu or\u00e7amento, instrumento que orienta e organiza as despesas administrativas necess\u00e1rias \u00e0 gest\u00e3o dos Planos de Benef\u00edcios. Esse planejamento assegura a adequada aloca\u00e7\u00e3o de recursos, com foco em efici\u00eancia e controle. \u00a0 A execu\u00e7\u00e3o or\u00e7ament\u00e1ria \u00e9 acompanhada pelo Conselho Fiscal, conforme normas aprovadas pelo Conselho Deliberativo, garantindo transpar\u00eancia e conformidade. Esse [&hellip;]<\/p>\n","protected":false},"author":1,"featured_media":5788,"parent":63,"menu_order":32,"comment_status":"closed","ping_status":"closed","template":"","meta":{"footnotes":""},"class_list":["post-2739","page","type-page","status-publish","has-post-thumbnail","hentry"],"acf":[],"yoast_head":"<!-- This site is optimized with the Yoast SEO plugin v27.5 - https:\/\/yoast.com\/product\/yoast-seo-wordpress\/ -->\n<title>Gest\u00e3o Administrativa - Relat\u00f3rio Anual<\/title>\n<meta name=\"robots\" content=\"index, follow, max-snippet:-1, max-image-preview:large, max-video-preview:-1\" \/>\n<link rel=\"canonical\" href=\"https:\/\/energisaprev.com.br\/relatorioanual2025\/administrativa-e-financeiro\/gestao-administrativa\/\" \/>\n<meta property=\"og:locale\" content=\"pt_BR\" \/>\n<meta property=\"og:type\" content=\"article\" \/>\n<meta property=\"og:title\" content=\"Gest\u00e3o Administrativa - Relat\u00f3rio Anual\" \/>\n<meta property=\"og:description\" content=\"A EnergisaPrev elabora, anualmente, seu or\u00e7amento, instrumento que orienta e organiza as despesas administrativas necess\u00e1rias \u00e0 gest\u00e3o dos Planos de Benef\u00edcios. Esse planejamento assegura a adequada aloca\u00e7\u00e3o de recursos, com foco em efici\u00eancia e controle. \u00a0 A execu\u00e7\u00e3o or\u00e7ament\u00e1ria \u00e9 acompanhada pelo Conselho Fiscal, conforme normas aprovadas pelo Conselho Deliberativo, garantindo transpar\u00eancia e conformidade. Esse [&hellip;]\" \/>\n<meta property=\"og:url\" content=\"https:\/\/energisaprev.com.br\/relatorioanual2025\/administrativa-e-financeiro\/gestao-administrativa\/\" \/>\n<meta property=\"og:site_name\" content=\"Relat\u00f3rio Anual\" \/>\n<meta property=\"article:modified_time\" content=\"2026-04-30T19:27:09+00:00\" \/>\n<meta property=\"og:image\" content=\"https:\/\/energisaprev.com.br\/relatorioanual2025\/wp-content\/uploads\/2026\/04\/Mask-group-9.jpg\" \/>\n\t<meta property=\"og:image:width\" content=\"860\" \/>\n\t<meta property=\"og:image:height\" content=\"334\" \/>\n\t<meta property=\"og:image:type\" content=\"image\/jpeg\" \/>\n<meta name=\"twitter:card\" content=\"summary_large_image\" \/>\n<meta name=\"twitter:label1\" content=\"Est. tempo de leitura\" \/>\n\t<meta name=\"twitter:data1\" content=\"6 minutos\" \/>\n<script type=\"application\/ld+json\" class=\"yoast-schema-graph\">{\"@context\":\"https:\\\/\\\/schema.org\",\"@graph\":[{\"@type\":\"WebPage\",\"@id\":\"https:\\\/\\\/energisaprev.com.br\\\/relatorioanual2025\\\/administrativa-e-financeiro\\\/gestao-administrativa\\\/\",\"url\":\"https:\\\/\\\/energisaprev.com.br\\\/relatorioanual2025\\\/administrativa-e-financeiro\\\/gestao-administrativa\\\/\",\"name\":\"Gest\u00e3o Administrativa - Relat\u00f3rio Anual\",\"isPartOf\":{\"@id\":\"https:\\\/\\\/energisaprev.com.br\\\/relatorioanual2025\\\/#website\"},\"primaryImageOfPage\":{\"@id\":\"https:\\\/\\\/energisaprev.com.br\\\/relatorioanual2025\\\/administrativa-e-financeiro\\\/gestao-administrativa\\\/#primaryimage\"},\"image\":{\"@id\":\"https:\\\/\\\/energisaprev.com.br\\\/relatorioanual2025\\\/administrativa-e-financeiro\\\/gestao-administrativa\\\/#primaryimage\"},\"thumbnailUrl\":\"https:\\\/\\\/energisaprev.com.br\\\/relatorioanual2025\\\/wp-content\\\/uploads\\\/2026\\\/04\\\/Mask-group-9.jpg\",\"datePublished\":\"2024-04-09T12:53:37+00:00\",\"dateModified\":\"2026-04-30T19:27:09+00:00\",\"breadcrumb\":{\"@id\":\"https:\\\/\\\/energisaprev.com.br\\\/relatorioanual2025\\\/administrativa-e-financeiro\\\/gestao-administrativa\\\/#breadcrumb\"},\"inLanguage\":\"pt-BR\",\"potentialAction\":[{\"@type\":\"ReadAction\",\"target\":[\"https:\\\/\\\/energisaprev.com.br\\\/relatorioanual2025\\\/administrativa-e-financeiro\\\/gestao-administrativa\\\/\"]}]},{\"@type\":\"ImageObject\",\"inLanguage\":\"pt-BR\",\"@id\":\"https:\\\/\\\/energisaprev.com.br\\\/relatorioanual2025\\\/administrativa-e-financeiro\\\/gestao-administrativa\\\/#primaryimage\",\"url\":\"https:\\\/\\\/energisaprev.com.br\\\/relatorioanual2025\\\/wp-content\\\/uploads\\\/2026\\\/04\\\/Mask-group-9.jpg\",\"contentUrl\":\"https:\\\/\\\/energisaprev.com.br\\\/relatorioanual2025\\\/wp-content\\\/uploads\\\/2026\\\/04\\\/Mask-group-9.jpg\",\"width\":860,\"height\":334},{\"@type\":\"BreadcrumbList\",\"@id\":\"https:\\\/\\\/energisaprev.com.br\\\/relatorioanual2025\\\/administrativa-e-financeiro\\\/gestao-administrativa\\\/#breadcrumb\",\"itemListElement\":[{\"@type\":\"ListItem\",\"position\":1,\"name\":\"In\u00edcio\",\"item\":\"https:\\\/\\\/energisaprev.com.br\\\/relatorioanual2025\\\/\"},{\"@type\":\"ListItem\",\"position\":2,\"name\":\"Administrativa e Financeiro\",\"item\":\"https:\\\/\\\/energisaprev.com.br\\\/relatorioanual2025\\\/administrativa-e-financeiro\\\/\"},{\"@type\":\"ListItem\",\"position\":3,\"name\":\"Gest\u00e3o Administrativa\"}]},{\"@type\":\"WebSite\",\"@id\":\"https:\\\/\\\/energisaprev.com.br\\\/relatorioanual2025\\\/#website\",\"url\":\"https:\\\/\\\/energisaprev.com.br\\\/relatorioanual2025\\\/\",\"name\":\"Relat\u00f3rio Anual\",\"description\":\"\",\"potentialAction\":[{\"@type\":\"SearchAction\",\"target\":{\"@type\":\"EntryPoint\",\"urlTemplate\":\"https:\\\/\\\/energisaprev.com.br\\\/relatorioanual2025\\\/?s={search_term_string}\"},\"query-input\":{\"@type\":\"PropertyValueSpecification\",\"valueRequired\":true,\"valueName\":\"search_term_string\"}}],\"inLanguage\":\"pt-BR\"}]}<\/script>\n<!-- \/ Yoast SEO plugin. -->","yoast_head_json":{"title":"Gest\u00e3o Administrativa - Relat\u00f3rio Anual","robots":{"index":"index","follow":"follow","max-snippet":"max-snippet:-1","max-image-preview":"max-image-preview:large","max-video-preview":"max-video-preview:-1"},"canonical":"https:\/\/energisaprev.com.br\/relatorioanual2025\/administrativa-e-financeiro\/gestao-administrativa\/","og_locale":"pt_BR","og_type":"article","og_title":"Gest\u00e3o Administrativa - Relat\u00f3rio Anual","og_description":"A EnergisaPrev elabora, anualmente, seu or\u00e7amento, instrumento que orienta e organiza as despesas administrativas necess\u00e1rias \u00e0 gest\u00e3o dos Planos de Benef\u00edcios. Esse planejamento assegura a adequada aloca\u00e7\u00e3o de recursos, com foco em efici\u00eancia e controle. \u00a0 A execu\u00e7\u00e3o or\u00e7ament\u00e1ria \u00e9 acompanhada pelo Conselho Fiscal, conforme normas aprovadas pelo Conselho Deliberativo, garantindo transpar\u00eancia e conformidade. Esse [&hellip;]","og_url":"https:\/\/energisaprev.com.br\/relatorioanual2025\/administrativa-e-financeiro\/gestao-administrativa\/","og_site_name":"Relat\u00f3rio Anual","article_modified_time":"2026-04-30T19:27:09+00:00","og_image":[{"width":860,"height":334,"url":"https:\/\/energisaprev.com.br\/relatorioanual2025\/wp-content\/uploads\/2026\/04\/Mask-group-9.jpg","type":"image\/jpeg"}],"twitter_card":"summary_large_image","twitter_misc":{"Est. tempo de leitura":"6 minutos"},"schema":{"@context":"https:\/\/schema.org","@graph":[{"@type":"WebPage","@id":"https:\/\/energisaprev.com.br\/relatorioanual2025\/administrativa-e-financeiro\/gestao-administrativa\/","url":"https:\/\/energisaprev.com.br\/relatorioanual2025\/administrativa-e-financeiro\/gestao-administrativa\/","name":"Gest\u00e3o Administrativa - Relat\u00f3rio Anual","isPartOf":{"@id":"https:\/\/energisaprev.com.br\/relatorioanual2025\/#website"},"primaryImageOfPage":{"@id":"https:\/\/energisaprev.com.br\/relatorioanual2025\/administrativa-e-financeiro\/gestao-administrativa\/#primaryimage"},"image":{"@id":"https:\/\/energisaprev.com.br\/relatorioanual2025\/administrativa-e-financeiro\/gestao-administrativa\/#primaryimage"},"thumbnailUrl":"https:\/\/energisaprev.com.br\/relatorioanual2025\/wp-content\/uploads\/2026\/04\/Mask-group-9.jpg","datePublished":"2024-04-09T12:53:37+00:00","dateModified":"2026-04-30T19:27:09+00:00","breadcrumb":{"@id":"https:\/\/energisaprev.com.br\/relatorioanual2025\/administrativa-e-financeiro\/gestao-administrativa\/#breadcrumb"},"inLanguage":"pt-BR","potentialAction":[{"@type":"ReadAction","target":["https:\/\/energisaprev.com.br\/relatorioanual2025\/administrativa-e-financeiro\/gestao-administrativa\/"]}]},{"@type":"ImageObject","inLanguage":"pt-BR","@id":"https:\/\/energisaprev.com.br\/relatorioanual2025\/administrativa-e-financeiro\/gestao-administrativa\/#primaryimage","url":"https:\/\/energisaprev.com.br\/relatorioanual2025\/wp-content\/uploads\/2026\/04\/Mask-group-9.jpg","contentUrl":"https:\/\/energisaprev.com.br\/relatorioanual2025\/wp-content\/uploads\/2026\/04\/Mask-group-9.jpg","width":860,"height":334},{"@type":"BreadcrumbList","@id":"https:\/\/energisaprev.com.br\/relatorioanual2025\/administrativa-e-financeiro\/gestao-administrativa\/#breadcrumb","itemListElement":[{"@type":"ListItem","position":1,"name":"In\u00edcio","item":"https:\/\/energisaprev.com.br\/relatorioanual2025\/"},{"@type":"ListItem","position":2,"name":"Administrativa e Financeiro","item":"https:\/\/energisaprev.com.br\/relatorioanual2025\/administrativa-e-financeiro\/"},{"@type":"ListItem","position":3,"name":"Gest\u00e3o Administrativa"}]},{"@type":"WebSite","@id":"https:\/\/energisaprev.com.br\/relatorioanual2025\/#website","url":"https:\/\/energisaprev.com.br\/relatorioanual2025\/","name":"Relat\u00f3rio Anual","description":"","potentialAction":[{"@type":"SearchAction","target":{"@type":"EntryPoint","urlTemplate":"https:\/\/energisaprev.com.br\/relatorioanual2025\/?s={search_term_string}"},"query-input":{"@type":"PropertyValueSpecification","valueRequired":true,"valueName":"search_term_string"}}],"inLanguage":"pt-BR"}]}},"_links":{"self":[{"href":"https:\/\/energisaprev.com.br\/relatorioanual2025\/wp-json\/wp\/v2\/pages\/2739","targetHints":{"allow":["GET"]}}],"collection":[{"href":"https:\/\/energisaprev.com.br\/relatorioanual2025\/wp-json\/wp\/v2\/pages"}],"about":[{"href":"https:\/\/energisaprev.com.br\/relatorioanual2025\/wp-json\/wp\/v2\/types\/page"}],"author":[{"embeddable":true,"href":"https:\/\/energisaprev.com.br\/relatorioanual2025\/wp-json\/wp\/v2\/users\/1"}],"replies":[{"embeddable":true,"href":"https:\/\/energisaprev.com.br\/relatorioanual2025\/wp-json\/wp\/v2\/comments?post=2739"}],"version-history":[{"count":56,"href":"https:\/\/energisaprev.com.br\/relatorioanual2025\/wp-json\/wp\/v2\/pages\/2739\/revisions"}],"predecessor-version":[{"id":6152,"href":"https:\/\/energisaprev.com.br\/relatorioanual2025\/wp-json\/wp\/v2\/pages\/2739\/revisions\/6152"}],"up":[{"embeddable":true,"href":"https:\/\/energisaprev.com.br\/relatorioanual2025\/wp-json\/wp\/v2\/pages\/63"}],"wp:featuredmedia":[{"embeddable":true,"href":"https:\/\/energisaprev.com.br\/relatorioanual2025\/wp-json\/wp\/v2\/media\/5788"}],"wp:attachment":[{"href":"https:\/\/energisaprev.com.br\/relatorioanual2025\/wp-json\/wp\/v2\/media?parent=2739"}],"curies":[{"name":"wp","href":"https:\/\/api.w.org\/{rel}","templated":true}]}}