{"id":2488,"date":"2024-04-05T14:26:18","date_gmt":"2024-04-05T17:26:18","guid":{"rendered":"https:\/\/crtcomunicacao.com.br\/rai_energisa\/?page_id=2488"},"modified":"2026-04-30T17:01:54","modified_gmt":"2026-04-30T20:01:54","slug":"fatos-relevantes","status":"publish","type":"page","link":"https:\/\/energisaprev.com.br\/relatorioanual2025\/relacionamento-e-comunicacao\/fatos-relevantes\/","title":{"rendered":"Fatos Relevantes"},"content":{"rendered":"\t\t<div data-elementor-type=\"wp-page\" data-elementor-id=\"2488\" class=\"elementor elementor-2488\">\n\t\t\t\t\t\t<section data-particle_enable=\"false\" data-particle-mobile-disabled=\"false\" class=\"elementor-section elementor-top-section elementor-element elementor-element-d25e48b elementor-section-boxed elementor-section-height-default elementor-section-height-default\" data-id=\"d25e48b\" data-element_type=\"section\" data-e-type=\"section\">\n\t\t\t\t\t\t<div class=\"elementor-container elementor-column-gap-default\">\n\t\t\t\t\t<div class=\"elementor-column elementor-col-100 elementor-top-column elementor-element elementor-element-630097a\" data-id=\"630097a\" data-element_type=\"column\" data-e-type=\"column\">\n\t\t\t<div class=\"elementor-widget-wrap elementor-element-populated\">\n\t\t\t\t\t\t<div class=\"elementor-element elementor-element-38955cf elementor-widget elementor-widget-text-editor\" data-id=\"38955cf\" data-element_type=\"widget\" data-e-type=\"widget\" data-widget_type=\"text-editor.default\">\n\t\t\t\t<div class=\"elementor-widget-container\">\n\t\t\t\t\t\t\t\t\t<div class=\"page\" title=\"Page 5\"><p>Em 2025, tivemos avan\u00e7os importantes na atua\u00e7\u00e3o institucional, ampliamos a presen\u00e7a em f\u00f3runs estrat\u00e9gicos do setor e fortalecemos as iniciativas voltadas \u00e0 educa\u00e7\u00e3o e ao bem-estar.<\/p><\/div>\t\t\t\t\t\t\t\t<\/div>\n\t\t\t\t<\/div>\n\t\t\t\t\t<\/div>\n\t\t<\/div>\n\t\t\t\t\t<\/div>\n\t\t<\/section>\n\t\t\t\t<section data-particle_enable=\"false\" data-particle-mobile-disabled=\"false\" class=\"elementor-section elementor-top-section elementor-element elementor-element-d6165b9 elementor-section-boxed elementor-section-height-default elementor-section-height-default\" data-id=\"d6165b9\" data-element_type=\"section\" data-e-type=\"section\">\n\t\t\t\t\t\t<div class=\"elementor-container elementor-column-gap-default\">\n\t\t\t\t\t<div class=\"elementor-column elementor-col-100 elementor-top-column elementor-element elementor-element-44d6bdb\" data-id=\"44d6bdb\" data-element_type=\"column\" data-e-type=\"column\">\n\t\t\t<div class=\"elementor-widget-wrap elementor-element-populated\">\n\t\t\t\t\t\t<div class=\"elementor-element elementor-element-d60b50d elementor-widget elementor-widget-heading\" data-id=\"d60b50d\" data-element_type=\"widget\" data-e-type=\"widget\" data-widget_type=\"heading.default\">\n\t\t\t\t<div class=\"elementor-widget-container\">\n\t\t\t\t\t<h2 class=\"elementor-heading-title elementor-size-default\">Longevidade e planejamento de vida<\/h2>\t\t\t\t<\/div>\n\t\t\t\t<\/div>\n\t\t\t\t<div class=\"elementor-element elementor-element-f0d452c elementor-widget elementor-widget-text-editor\" data-id=\"f0d452c\" data-element_type=\"widget\" data-e-type=\"widget\" data-widget_type=\"text-editor.default\">\n\t\t\t\t<div class=\"elementor-widget-container\">\n\t\t\t\t\t\t\t\t\t<div class=\"page\" title=\"Page 5\"><p>O tema da longevidade foi o eixo central das iniciativas de comunica\u00e7\u00e3o, refor\u00e7ando a previd\u00eancia complementar como uma ferramenta essencial para o planejamento de vida. Foram desenvolvidas campanhas de conscientiza\u00e7\u00e3o e conte\u00fados voltados \u00e0 constru\u00e7\u00e3o de uma vis\u00e3o de longo prazo, conectando aposentadoria, reserva financeira e organiza\u00e7\u00e3o do futuro.<\/p><p><br \/>Como parte dessas a\u00e7\u00f5es, destacam-se epis\u00f3dios do Energisa PrevCast com especialistas em longevidade, qualidade de vida e bem-estar, al\u00e9m da campanha \u201cComer bem, viver melhor: sua jornada para a longevidade\u201d, envio de e-mails tem\u00e1ticos, incentivo \u00e0 pr\u00e1tica de atividades ao ar livre e outras iniciativas que estimularam h\u00e1bitos saud\u00e1veis.<\/p><p><br \/>A EnergisaPrev tamb\u00e9m apoiou a produ\u00e7\u00e3o de materiais institucionais e a realiza\u00e7\u00e3o de eventos e palestras, ampliando o di\u00e1logo com os participantes e fortalecendo seu posicionamento como parceira na constru\u00e7\u00e3o de trajet\u00f3rias mais seguras e sustent\u00e1veis.<\/p><\/div>\t\t\t\t\t\t\t\t<\/div>\n\t\t\t\t<\/div>\n\t\t\t\t\t<\/div>\n\t\t<\/div>\n\t\t\t\t\t<\/div>\n\t\t<\/section>\n\t\t<div data-particle_enable=\"false\" data-particle-mobile-disabled=\"false\" class=\"elementor-element elementor-element-fc87553 e-flex e-con-boxed e-con e-parent\" data-id=\"fc87553\" data-element_type=\"container\" data-e-type=\"container\">\n\t\t\t\t\t<div class=\"e-con-inner\">\n\t\t\t\t<div class=\"elementor-element elementor-element-7ee4348 elementor-widget elementor-widget-image\" data-id=\"7ee4348\" data-element_type=\"widget\" data-e-type=\"widget\" data-widget_type=\"image.default\">\n\t\t\t\t<div class=\"elementor-widget-container\">\n\t\t\t\t\t\t\t\t\t\t\t\t<figure class=\"wp-caption\">\n\t\t\t\t\t\t\t\t\t\t<img fetchpriority=\"high\" decoding=\"async\" width=\"768\" height=\"1024\" src=\"https:\/\/energisaprev.com.br\/relatorioanual2025\/wp-content\/uploads\/2026\/04\/WhatsApp-Image-2026-04-30-at-15.53.02-768x1024.jpeg\" class=\"attachment-large size-large wp-image-6162\" alt=\"\" srcset=\"https:\/\/energisaprev.com.br\/relatorioanual2025\/wp-content\/uploads\/2026\/04\/WhatsApp-Image-2026-04-30-at-15.53.02-768x1024.jpeg 768w, https:\/\/energisaprev.com.br\/relatorioanual2025\/wp-content\/uploads\/2026\/04\/WhatsApp-Image-2026-04-30-at-15.53.02-225x300.jpeg 225w, https:\/\/energisaprev.com.br\/relatorioanual2025\/wp-content\/uploads\/2026\/04\/WhatsApp-Image-2026-04-30-at-15.53.02-1152x1536.jpeg 1152w, https:\/\/energisaprev.com.br\/relatorioanual2025\/wp-content\/uploads\/2026\/04\/WhatsApp-Image-2026-04-30-at-15.53.02.jpeg 1200w\" sizes=\"(max-width: 768px) 100vw, 768px\" \/>\t\t\t\t\t\t\t\t\t\t\t<figcaption class=\"widget-image-caption wp-caption-text\">Longevidade finan\u00e7as e emo\u00e7\u00f5es<\/figcaption>\n\t\t\t\t\t\t\t\t\t\t<\/figure>\n\t\t\t\t\t\t\t\t\t<\/div>\n\t\t\t\t<\/div>\n\t\t\t\t<div class=\"elementor-element elementor-element-05d7eaf elementor-widget elementor-widget-image\" data-id=\"05d7eaf\" data-element_type=\"widget\" data-e-type=\"widget\" data-widget_type=\"image.default\">\n\t\t\t\t<div class=\"elementor-widget-container\">\n\t\t\t\t\t\t\t\t\t\t\t\t<figure class=\"wp-caption\">\n\t\t\t\t\t\t\t\t\t\t<img decoding=\"async\" width=\"768\" height=\"1024\" src=\"https:\/\/energisaprev.com.br\/relatorioanual2025\/wp-content\/uploads\/2026\/04\/WhatsApp-Image-2026-04-30-at-16.43.53-768x1024.jpeg\" class=\"attachment-large size-large wp-image-6164\" alt=\"\" srcset=\"https:\/\/energisaprev.com.br\/relatorioanual2025\/wp-content\/uploads\/2026\/04\/WhatsApp-Image-2026-04-30-at-16.43.53-768x1024.jpeg 768w, https:\/\/energisaprev.com.br\/relatorioanual2025\/wp-content\/uploads\/2026\/04\/WhatsApp-Image-2026-04-30-at-16.43.53-225x300.jpeg 225w, https:\/\/energisaprev.com.br\/relatorioanual2025\/wp-content\/uploads\/2026\/04\/WhatsApp-Image-2026-04-30-at-16.43.53.jpeg 960w\" sizes=\"(max-width: 768px) 100vw, 768px\" \/>\t\t\t\t\t\t\t\t\t\t\t<figcaption class=\"widget-image-caption wp-caption-text\">Longevidade alimenta\u00e7\u00e3o<\/figcaption>\n\t\t\t\t\t\t\t\t\t\t<\/figure>\n\t\t\t\t\t\t\t\t\t<\/div>\n\t\t\t\t<\/div>\n\t\t\t\t<div class=\"elementor-element elementor-element-f8175e9 elementor-widget elementor-widget-image\" data-id=\"f8175e9\" data-element_type=\"widget\" data-e-type=\"widget\" data-widget_type=\"image.default\">\n\t\t\t\t<div class=\"elementor-widget-container\">\n\t\t\t\t\t\t\t\t\t\t\t\t<figure class=\"wp-caption\">\n\t\t\t\t\t\t\t\t\t\t<img decoding=\"async\" width=\"768\" height=\"1024\" src=\"https:\/\/energisaprev.com.br\/relatorioanual2025\/wp-content\/uploads\/2026\/04\/WhatsApp-Image-2026-04-30-at-15.53.01-768x1024.jpeg\" class=\"attachment-large size-large wp-image-6161\" alt=\"\" srcset=\"https:\/\/energisaprev.com.br\/relatorioanual2025\/wp-content\/uploads\/2026\/04\/WhatsApp-Image-2026-04-30-at-15.53.01-768x1024.jpeg 768w, https:\/\/energisaprev.com.br\/relatorioanual2025\/wp-content\/uploads\/2026\/04\/WhatsApp-Image-2026-04-30-at-15.53.01-225x300.jpeg 225w, https:\/\/energisaprev.com.br\/relatorioanual2025\/wp-content\/uploads\/2026\/04\/WhatsApp-Image-2026-04-30-at-15.53.01.jpeg 960w\" sizes=\"(max-width: 768px) 100vw, 768px\" \/>\t\t\t\t\t\t\t\t\t\t\t<figcaption class=\"widget-image-caption wp-caption-text\">Longevidade sa\u00fade mental<\/figcaption>\n\t\t\t\t\t\t\t\t\t\t<\/figure>\n\t\t\t\t\t\t\t\t\t<\/div>\n\t\t\t\t<\/div>\n\t\t\t\t\t<\/div>\n\t\t\t\t<\/div>\n\t\t<div data-particle_enable=\"false\" data-particle-mobile-disabled=\"false\" class=\"elementor-element elementor-element-4eae2ba e-flex e-con-boxed e-con e-parent\" data-id=\"4eae2ba\" data-element_type=\"container\" data-e-type=\"container\">\n\t\t\t\t\t<div class=\"e-con-inner\">\n\t\t\t\t<div class=\"elementor-element elementor-element-9ddd713 elementor-widget elementor-widget-image\" data-id=\"9ddd713\" data-element_type=\"widget\" data-e-type=\"widget\" data-widget_type=\"image.default\">\n\t\t\t\t<div class=\"elementor-widget-container\">\n\t\t\t\t\t\t\t\t\t\t\t\t\t\t\t<img loading=\"lazy\" decoding=\"async\" width=\"784\" height=\"447\" src=\"https:\/\/energisaprev.com.br\/relatorioanual2025\/wp-content\/uploads\/2026\/04\/Fatos-relevantes-Longevidade-Atividade-fi\u0301sica-1.png\" class=\"attachment-large size-large wp-image-5673\" alt=\"\" srcset=\"https:\/\/energisaprev.com.br\/relatorioanual2025\/wp-content\/uploads\/2026\/04\/Fatos-relevantes-Longevidade-Atividade-fi\u0301sica-1.png 784w, https:\/\/energisaprev.com.br\/relatorioanual2025\/wp-content\/uploads\/2026\/04\/Fatos-relevantes-Longevidade-Atividade-fi\u0301sica-1-300x171.png 300w, https:\/\/energisaprev.com.br\/relatorioanual2025\/wp-content\/uploads\/2026\/04\/Fatos-relevantes-Longevidade-Atividade-fi\u0301sica-1-768x438.png 768w\" sizes=\"(max-width: 784px) 100vw, 784px\" \/>\t\t\t\t\t\t\t\t\t\t\t\t\t\t\t<\/div>\n\t\t\t\t<\/div>\n\t\t\t\t\t<\/div>\n\t\t\t\t<\/div>\n\t\t\t\t<section data-particle_enable=\"false\" data-particle-mobile-disabled=\"false\" class=\"elementor-section elementor-top-section elementor-element elementor-element-e74107e elementor-section-boxed elementor-section-height-default elementor-section-height-default\" data-id=\"e74107e\" data-element_type=\"section\" data-e-type=\"section\">\n\t\t\t\t\t\t<div class=\"elementor-container elementor-column-gap-default\">\n\t\t\t\t\t<div class=\"elementor-column elementor-col-100 elementor-top-column elementor-element elementor-element-d4291dc\" data-id=\"d4291dc\" data-element_type=\"column\" data-e-type=\"column\">\n\t\t\t<div class=\"elementor-widget-wrap elementor-element-populated\">\n\t\t\t\t\t\t<div class=\"elementor-element elementor-element-58bca29 elementor-widget elementor-widget-heading\" data-id=\"58bca29\" data-element_type=\"widget\" data-e-type=\"widget\" data-widget_type=\"heading.default\">\n\t\t\t\t<div class=\"elementor-widget-container\">\n\t\t\t\t\t<h2 class=\"elementor-heading-title elementor-size-default\">46\u00ba Congresso Brasileiro de Previd\u00eancia Privada<\/h2>\t\t\t\t<\/div>\n\t\t\t\t<\/div>\n\t\t\t\t<div class=\"elementor-element elementor-element-cf20596 elementor-widget elementor-widget-text-editor\" data-id=\"cf20596\" data-element_type=\"widget\" data-e-type=\"widget\" data-widget_type=\"text-editor.default\">\n\t\t\t\t<div class=\"elementor-widget-container\">\n\t\t\t\t\t\t\t\t\t<div class=\"page\" title=\"Page 5\"><p>Nossa equipe marcou presen\u00e7a no 46\u00ba Congresso Brasileiro de Previd\u00eancia Privada, um dos principais encontros do setor no pa\u00eds, fortalecendo a atua\u00e7\u00e3o institucional e a troca de experi\u00eancias.<\/p><p>Buscamos a atualiza\u00e7\u00e3o constante, o alinhamento \u00e0s melhores pr\u00e1ticas de mercado e o acompanhamento das discuss\u00f5es sobre o futuro da previd\u00eancia complementar.<\/p><\/div>\t\t\t\t\t\t\t\t<\/div>\n\t\t\t\t<\/div>\n\t\t\t\t\t<\/div>\n\t\t<\/div>\n\t\t\t\t\t<\/div>\n\t\t<\/section>\n\t\t<div data-particle_enable=\"false\" data-particle-mobile-disabled=\"false\" class=\"elementor-element elementor-element-24dc192 e-flex e-con-boxed e-con e-parent\" data-id=\"24dc192\" data-element_type=\"container\" data-e-type=\"container\">\n\t\t\t\t\t<div class=\"e-con-inner\">\n\t\t\t\t<div class=\"elementor-element elementor-element-74a94bb elementor-widget elementor-widget-image\" data-id=\"74a94bb\" data-element_type=\"widget\" data-e-type=\"widget\" data-widget_type=\"image.default\">\n\t\t\t\t<div class=\"elementor-widget-container\">\n\t\t\t\t\t\t\t\t\t\t\t\t\t\t\t<img loading=\"lazy\" decoding=\"async\" width=\"783\" height=\"447\" src=\"https:\/\/energisaprev.com.br\/relatorioanual2025\/wp-content\/uploads\/2026\/04\/Fatos-relevantes-46CBPP-3.png\" class=\"attachment-large size-large wp-image-5672\" alt=\"\" srcset=\"https:\/\/energisaprev.com.br\/relatorioanual2025\/wp-content\/uploads\/2026\/04\/Fatos-relevantes-46CBPP-3.png 783w, https:\/\/energisaprev.com.br\/relatorioanual2025\/wp-content\/uploads\/2026\/04\/Fatos-relevantes-46CBPP-3-300x171.png 300w, https:\/\/energisaprev.com.br\/relatorioanual2025\/wp-content\/uploads\/2026\/04\/Fatos-relevantes-46CBPP-3-768x438.png 768w\" sizes=\"(max-width: 783px) 100vw, 783px\" \/>\t\t\t\t\t\t\t\t\t\t\t\t\t\t\t<\/div>\n\t\t\t\t<\/div>\n\t\t\t\t\t<\/div>\n\t\t\t\t<\/div>\n\t\t\t\t<section data-particle_enable=\"false\" data-particle-mobile-disabled=\"false\" class=\"elementor-section elementor-top-section elementor-element elementor-element-9d343e0 elementor-section-boxed elementor-section-height-default elementor-section-height-default\" data-id=\"9d343e0\" data-element_type=\"section\" data-e-type=\"section\">\n\t\t\t\t\t\t<div class=\"elementor-container elementor-column-gap-default\">\n\t\t\t\t\t<div class=\"elementor-column elementor-col-100 elementor-top-column elementor-element elementor-element-b869cae\" data-id=\"b869cae\" data-element_type=\"column\" data-e-type=\"column\">\n\t\t\t<div class=\"elementor-widget-wrap elementor-element-populated\">\n\t\t\t\t\t\t<div class=\"elementor-element elementor-element-1ef2be1 elementor-widget elementor-widget-heading\" data-id=\"1ef2be1\" data-element_type=\"widget\" data-e-type=\"widget\" data-widget_type=\"heading.default\">\n\t\t\t\t<div class=\"elementor-widget-container\">\n\t\t\t\t\t<h2 class=\"elementor-heading-title elementor-size-default\">Reconhecimentos da ABEMD e Abrapp<\/h2>\t\t\t\t<\/div>\n\t\t\t\t<\/div>\n\t\t\t\t<div class=\"elementor-element elementor-element-3e4431d elementor-widget elementor-widget-text-editor\" data-id=\"3e4431d\" data-element_type=\"widget\" data-e-type=\"widget\" data-widget_type=\"text-editor.default\">\n\t\t\t\t<div class=\"elementor-widget-container\">\n\t\t\t\t\t\t\t\t\t<div class=\"page\" title=\"Page 5\"><p>Em parceria com a PluSoft, fomos reconhecidos com o trof\u00e9u prata no 31\u00ba Pr\u00eamio ABEMD, uma das mais relevantes premia\u00e7\u00f5es de marketing e relacionamento do Brasil.<\/p><p>Al\u00e9m disso, pelo quarto ano consecutivo, conquistamos o Selo de Engajamento Abrapp, que reitera a consist\u00eancia da atua\u00e7\u00e3o da entidade e o alinhamento \u00e0s iniciativas promovidas pelo sistema.<\/p><p>Tais reconhecimentos evidenciam a qualidade das nossas a\u00e7\u00f5es, as solu\u00e7\u00f5es inovadoras orientadas \u00e0 experi\u00eancia do participante e o comprometimento com a evolu\u00e7\u00e3o do setor.<\/p><\/div>\t\t\t\t\t\t\t\t<\/div>\n\t\t\t\t<\/div>\n\t\t\t\t\t<\/div>\n\t\t<\/div>\n\t\t\t\t\t<\/div>\n\t\t<\/section>\n\t\t<div data-particle_enable=\"false\" data-particle-mobile-disabled=\"false\" class=\"elementor-element elementor-element-c9307a9 e-flex e-con-boxed e-con e-parent\" data-id=\"c9307a9\" data-element_type=\"container\" data-e-type=\"container\">\n\t\t\t\t\t<div class=\"e-con-inner\">\n\t\t\t\t<div class=\"elementor-element elementor-element-cd6a280 elementor-widget elementor-widget-image\" data-id=\"cd6a280\" data-element_type=\"widget\" data-e-type=\"widget\" data-widget_type=\"image.default\">\n\t\t\t\t<div class=\"elementor-widget-container\">\n\t\t\t\t\t\t\t\t\t\t\t\t\t\t\t<img loading=\"lazy\" decoding=\"async\" width=\"783\" height=\"447\" src=\"https:\/\/energisaprev.com.br\/relatorioanual2025\/wp-content\/uploads\/2026\/04\/Fatos-relevantes-Premio-AMEND-3.png\" class=\"attachment-large size-large wp-image-5671\" alt=\"\" srcset=\"https:\/\/energisaprev.com.br\/relatorioanual2025\/wp-content\/uploads\/2026\/04\/Fatos-relevantes-Premio-AMEND-3.png 783w, https:\/\/energisaprev.com.br\/relatorioanual2025\/wp-content\/uploads\/2026\/04\/Fatos-relevantes-Premio-AMEND-3-300x171.png 300w, https:\/\/energisaprev.com.br\/relatorioanual2025\/wp-content\/uploads\/2026\/04\/Fatos-relevantes-Premio-AMEND-3-768x438.png 768w\" sizes=\"(max-width: 783px) 100vw, 783px\" \/>\t\t\t\t\t\t\t\t\t\t\t\t\t\t\t<\/div>\n\t\t\t\t<\/div>\n\t\t\t\t<div class=\"elementor-element elementor-element-236982a elementor-widget elementor-widget-image\" data-id=\"236982a\" data-element_type=\"widget\" data-e-type=\"widget\" data-widget_type=\"image.default\">\n\t\t\t\t<div class=\"elementor-widget-container\">\n\t\t\t\t\t\t\t\t\t\t\t\t\t\t\t<img loading=\"lazy\" decoding=\"async\" width=\"783\" height=\"447\" src=\"https:\/\/energisaprev.com.br\/relatorioanual2025\/wp-content\/uploads\/2026\/04\/Fatos-relevantes-Premio-AMEND-2-1.png\" class=\"attachment-large size-large wp-image-5670\" alt=\"\" srcset=\"https:\/\/energisaprev.com.br\/relatorioanual2025\/wp-content\/uploads\/2026\/04\/Fatos-relevantes-Premio-AMEND-2-1.png 783w, https:\/\/energisaprev.com.br\/relatorioanual2025\/wp-content\/uploads\/2026\/04\/Fatos-relevantes-Premio-AMEND-2-1-300x171.png 300w, https:\/\/energisaprev.com.br\/relatorioanual2025\/wp-content\/uploads\/2026\/04\/Fatos-relevantes-Premio-AMEND-2-1-768x438.png 768w\" sizes=\"(max-width: 783px) 100vw, 783px\" \/>\t\t\t\t\t\t\t\t\t\t\t\t\t\t\t<\/div>\n\t\t\t\t<\/div>\n\t\t\t\t\t<\/div>\n\t\t\t\t<\/div>\n\t\t\t\t<section data-particle_enable=\"false\" data-particle-mobile-disabled=\"false\" class=\"elementor-section elementor-top-section elementor-element elementor-element-99ecdc2 elementor-section-boxed elementor-section-height-default elementor-section-height-default\" data-id=\"99ecdc2\" data-element_type=\"section\" data-e-type=\"section\">\n\t\t\t\t\t\t<div class=\"elementor-container elementor-column-gap-default\">\n\t\t\t\t\t<div class=\"elementor-column elementor-col-100 elementor-top-column elementor-element elementor-element-89d40c7\" data-id=\"89d40c7\" data-element_type=\"column\" data-e-type=\"column\">\n\t\t\t<div class=\"elementor-widget-wrap elementor-element-populated\">\n\t\t\t\t\t\t<div class=\"elementor-element elementor-element-1c3df75 elementor-widget elementor-widget-heading\" data-id=\"1c3df75\" data-element_type=\"widget\" data-e-type=\"widget\" data-widget_type=\"heading.default\">\n\t\t\t\t<div class=\"elementor-widget-container\">\n\t\t\t\t\t<h2 class=\"elementor-heading-title elementor-size-default\">Representatividade institucional no sistema<\/h2>\t\t\t\t<\/div>\n\t\t\t\t<\/div>\n\t\t\t\t<div class=\"elementor-element elementor-element-0e9748f elementor-widget elementor-widget-text-editor\" data-id=\"0e9748f\" data-element_type=\"widget\" data-e-type=\"widget\" data-widget_type=\"text-editor.default\">\n\t\t\t\t<div class=\"elementor-widget-container\">\n\t\t\t\t\t\t\t\t\t<div class=\"page\" title=\"Page 5\"><p>Fortalecemos a atua\u00e7\u00e3o no sistema de previd\u00eancia complementar com a nomea\u00e7\u00e3o do nosso Diretor-presidente, Lucas N\u00f3brega, como diretor da iniciativa Conecta da Abrapp, al\u00e9m da integra\u00e7\u00e3o ao Conselho Fiscal da Associa\u00e7\u00e3o.<\/p><p>Esse movimento amplia a participa\u00e7\u00e3o da EnergisaPrev em espa\u00e7os estrat\u00e9gicos de governan\u00e7a e colabora\u00e7\u00e3o do setor, contribuindo para o desenvolvimento de solu\u00e7\u00f5es que beneficiam o segmento e a sociedade como um todo.<\/p><\/div>\t\t\t\t\t\t\t\t<\/div>\n\t\t\t\t<\/div>\n\t\t\t\t<div class=\"elementor-element elementor-element-f51aec4 elementor-widget elementor-widget-image\" data-id=\"f51aec4\" data-element_type=\"widget\" data-e-type=\"widget\" data-widget_type=\"image.default\">\n\t\t\t\t<div class=\"elementor-widget-container\">\n\t\t\t\t\t\t\t\t\t\t\t\t\t\t\t<img loading=\"lazy\" decoding=\"async\" width=\"1024\" height=\"768\" src=\"https:\/\/energisaprev.com.br\/relatorioanual2025\/wp-content\/uploads\/2026\/04\/WhatsApp-Image-2026-04-30-at-15.53.03-1024x768.jpeg\" class=\"attachment-large size-large wp-image-6153\" alt=\"\" srcset=\"https:\/\/energisaprev.com.br\/relatorioanual2025\/wp-content\/uploads\/2026\/04\/WhatsApp-Image-2026-04-30-at-15.53.03-1024x768.jpeg 1024w, https:\/\/energisaprev.com.br\/relatorioanual2025\/wp-content\/uploads\/2026\/04\/WhatsApp-Image-2026-04-30-at-15.53.03-300x225.jpeg 300w, https:\/\/energisaprev.com.br\/relatorioanual2025\/wp-content\/uploads\/2026\/04\/WhatsApp-Image-2026-04-30-at-15.53.03-768x576.jpeg 768w, https:\/\/energisaprev.com.br\/relatorioanual2025\/wp-content\/uploads\/2026\/04\/WhatsApp-Image-2026-04-30-at-15.53.03.jpeg 1280w\" sizes=\"(max-width: 1024px) 100vw, 1024px\" \/>\t\t\t\t\t\t\t\t\t\t\t\t\t\t\t<\/div>\n\t\t\t\t<\/div>\n\t\t\t\t\t<\/div>\n\t\t<\/div>\n\t\t\t\t\t<\/div>\n\t\t<\/section>\n\t\t\t\t<section data-particle_enable=\"false\" data-particle-mobile-disabled=\"false\" class=\"elementor-section elementor-top-section elementor-element elementor-element-e32ad39 elementor-section-boxed elementor-section-height-default elementor-section-height-default\" data-id=\"e32ad39\" data-element_type=\"section\" data-e-type=\"section\" data-settings=\"{&quot;background_background&quot;:&quot;classic&quot;}\">\n\t\t\t\t\t\t<div class=\"elementor-container elementor-column-gap-default\">\n\t\t\t\t\t<div class=\"elementor-column elementor-col-100 elementor-top-column elementor-element elementor-element-b2849e0\" data-id=\"b2849e0\" data-element_type=\"column\" data-e-type=\"column\">\n\t\t\t<div class=\"elementor-widget-wrap elementor-element-populated\">\n\t\t\t\t\t\t<div class=\"elementor-element elementor-element-3e38a8d elementor-widget elementor-widget-heading\" data-id=\"3e38a8d\" data-element_type=\"widget\" data-e-type=\"widget\" data-widget_type=\"heading.default\">\n\t\t\t\t<div class=\"elementor-widget-container\">\n\t\t\t\t\t<h2 class=\"elementor-heading-title elementor-size-default\">Processo eleitoral e fortalecimento da governan\u00e7a<\/h2>\t\t\t\t<\/div>\n\t\t\t\t<\/div>\n\t\t\t\t<div class=\"elementor-element elementor-element-7f044f1 elementor-widget elementor-widget-text-editor\" data-id=\"7f044f1\" data-element_type=\"widget\" data-e-type=\"widget\" data-widget_type=\"text-editor.default\">\n\t\t\t\t<div class=\"elementor-widget-container\">\n\t\t\t\t\t\t\t\t\t<div class=\"page\" title=\"Page 5\"><p>Realizamos o processo eleitoral para escolher os representantes dos participantes ativos e aposentados nos Conselhos Deliberativo e Fiscal, refor\u00e7ando a import\u00e2ncia da governan\u00e7a participativa.<\/p><p>Com isso, evidenciamos o compromisso com a transpar\u00eancia, a representatividade e a constru\u00e7\u00e3o coletiva das decis\u00f5es que orientam a gest\u00e3o da entidade.<\/p><\/div>\t\t\t\t\t\t\t\t<\/div>\n\t\t\t\t<\/div>\n\t\t\t\t\t<\/div>\n\t\t<\/div>\n\t\t\t\t\t<\/div>\n\t\t<\/section>\n\t\t\t\t<section data-particle_enable=\"false\" data-particle-mobile-disabled=\"false\" class=\"elementor-section elementor-top-section elementor-element elementor-element-772cfbc elementor-section-boxed elementor-section-height-default elementor-section-height-default\" data-id=\"772cfbc\" data-element_type=\"section\" data-e-type=\"section\">\n\t\t\t\t\t\t<div class=\"elementor-container elementor-column-gap-default\">\n\t\t\t\t\t<div class=\"elementor-column elementor-col-100 elementor-top-column elementor-element elementor-element-907ce9e\" data-id=\"907ce9e\" data-element_type=\"column\" data-e-type=\"column\">\n\t\t\t<div class=\"elementor-widget-wrap elementor-element-populated\">\n\t\t\t\t\t\t<div class=\"elementor-element elementor-element-a5cbbf2 elementor-widget elementor-widget-heading\" data-id=\"a5cbbf2\" data-element_type=\"widget\" data-e-type=\"widget\" data-widget_type=\"heading.default\">\n\t\t\t\t<div class=\"elementor-widget-container\">\n\t\t\t\t\t<h2 class=\"elementor-heading-title elementor-size-default\">Parcerias estrat\u00e9gicas<\/h2>\t\t\t\t<\/div>\n\t\t\t\t<\/div>\n\t\t\t\t<div class=\"elementor-element elementor-element-dab2ae7 elementor-widget elementor-widget-text-editor\" data-id=\"dab2ae7\" data-element_type=\"widget\" data-e-type=\"widget\" data-widget_type=\"text-editor.default\">\n\t\t\t\t<div class=\"elementor-widget-container\">\n\t\t\t\t\t\t\t\t\t<div class=\"page\" title=\"Page 5\"><p>Firmamos uma parceria com a Vila Velha Corretora de Seguros, ampliando o ecossistema de atua\u00e7\u00e3o e oferecendo solu\u00e7\u00f5es alinhadas \u00e0s necessidades dos participantes e suas fam\u00edlias.<\/p><p>Essa iniciativa refor\u00e7a a busca cont\u00ednua por parcerias que agreguem valor e ampliem as possibilidades de atendimento e prote\u00e7\u00e3o, n\u00e3o apenas no momento da aposentadoria.<\/p><\/div>\t\t\t\t\t\t\t\t<\/div>\n\t\t\t\t<\/div>\n\t\t\t\t\t<\/div>\n\t\t<\/div>\n\t\t\t\t\t<\/div>\n\t\t<\/section>\n\t\t\t\t<section data-particle_enable=\"false\" data-particle-mobile-disabled=\"false\" class=\"elementor-section elementor-top-section elementor-element elementor-element-a59a2ca elementor-section-boxed elementor-section-height-default elementor-section-height-default\" data-id=\"a59a2ca\" data-element_type=\"section\" data-e-type=\"section\" data-settings=\"{&quot;background_background&quot;:&quot;classic&quot;}\">\n\t\t\t\t\t\t<div class=\"elementor-container elementor-column-gap-default\">\n\t\t\t\t\t<div class=\"elementor-column elementor-col-100 elementor-top-column elementor-element elementor-element-c4f2c4f\" data-id=\"c4f2c4f\" data-element_type=\"column\" data-e-type=\"column\">\n\t\t\t<div class=\"elementor-widget-wrap elementor-element-populated\">\n\t\t\t\t\t\t<div class=\"elementor-element elementor-element-b1808bd elementor-widget elementor-widget-heading\" data-id=\"b1808bd\" data-element_type=\"widget\" data-e-type=\"widget\" data-widget_type=\"heading.default\">\n\t\t\t\t<div class=\"elementor-widget-container\">\n\t\t\t\t\t<h2 class=\"elementor-heading-title elementor-size-default\">Presen\u00e7a em eventos e fortalecimento de marca<\/h2>\t\t\t\t<\/div>\n\t\t\t\t<\/div>\n\t\t\t\t<div class=\"elementor-element elementor-element-4f453b3 elementor-widget elementor-widget-text-editor\" data-id=\"4f453b3\" data-element_type=\"widget\" data-e-type=\"widget\" data-widget_type=\"text-editor.default\">\n\t\t\t\t<div class=\"elementor-widget-container\">\n\t\t\t\t\t\t\t\t\t<div class=\"page\" title=\"Page 5\"><p>Participamos de importantes eventos institucionais, como o CONARH, dialogando com o mercado e refor\u00e7ando nosso posicionamento junto a p\u00fablicos estrat\u00e9gicos.<\/p><p>Esses espa\u00e7os contribuem para a dissemina\u00e7\u00e3o de conhecimento, o fortalecimento da marca e a consolida\u00e7\u00e3o da entidade como refer\u00eancia em previd\u00eancia complementar e educa\u00e7\u00e3o financeira.<\/p><\/div>\t\t\t\t\t\t\t\t<\/div>\n\t\t\t\t<\/div>\n\t\t\t\t<div class=\"elementor-element elementor-element-e385691 elementor-widget elementor-widget-image\" data-id=\"e385691\" data-element_type=\"widget\" data-e-type=\"widget\" data-widget_type=\"image.default\">\n\t\t\t\t<div class=\"elementor-widget-container\">\n\t\t\t\t\t\t\t\t\t\t\t\t\t\t\t<img loading=\"lazy\" decoding=\"async\" width=\"768\" height=\"1024\" src=\"https:\/\/energisaprev.com.br\/relatorioanual2025\/wp-content\/uploads\/2026\/04\/WhatsApp-Image-2026-04-30-at-12.20.03-768x1024.jpeg\" class=\"attachment-large size-large wp-image-6178\" alt=\"\" srcset=\"https:\/\/energisaprev.com.br\/relatorioanual2025\/wp-content\/uploads\/2026\/04\/WhatsApp-Image-2026-04-30-at-12.20.03-768x1024.jpeg 768w, https:\/\/energisaprev.com.br\/relatorioanual2025\/wp-content\/uploads\/2026\/04\/WhatsApp-Image-2026-04-30-at-12.20.03-225x300.jpeg 225w, https:\/\/energisaprev.com.br\/relatorioanual2025\/wp-content\/uploads\/2026\/04\/WhatsApp-Image-2026-04-30-at-12.20.03-1152x1536.jpeg 1152w, https:\/\/energisaprev.com.br\/relatorioanual2025\/wp-content\/uploads\/2026\/04\/WhatsApp-Image-2026-04-30-at-12.20.03.jpeg 1200w\" sizes=\"(max-width: 768px) 100vw, 768px\" \/>\t\t\t\t\t\t\t\t\t\t\t\t\t\t\t<\/div>\n\t\t\t\t<\/div>\n\t\t\t\t\t<\/div>\n\t\t<\/div>\n\t\t\t\t\t<\/div>\n\t\t<\/section>\n\t\t\t\t<section data-particle_enable=\"false\" data-particle-mobile-disabled=\"false\" class=\"elementor-section elementor-top-section elementor-element elementor-element-2ff8adc elementor-section-boxed elementor-section-height-default elementor-section-height-default\" data-id=\"2ff8adc\" data-element_type=\"section\" data-e-type=\"section\">\n\t\t\t\t\t\t<div class=\"elementor-container elementor-column-gap-default\">\n\t\t\t\t\t<div class=\"elementor-column elementor-col-100 elementor-top-column elementor-element elementor-element-3e1dbe33\" data-id=\"3e1dbe33\" data-element_type=\"column\" data-e-type=\"column\">\n\t\t\t<div class=\"elementor-widget-wrap elementor-element-populated\">\n\t\t\t\t\t\t<div class=\"elementor-element elementor-element-1f189141 elementor-widget elementor-widget-heading\" data-id=\"1f189141\" data-element_type=\"widget\" data-e-type=\"widget\" data-widget_type=\"heading.default\">\n\t\t\t\t<div class=\"elementor-widget-container\">\n\t\t\t\t\t<h2 class=\"elementor-heading-title elementor-size-default\">\u00c1rea Comercial<\/h2>\t\t\t\t<\/div>\n\t\t\t\t<\/div>\n\t\t\t\t<div class=\"elementor-element elementor-element-31f76ad8 elementor-widget elementor-widget-text-editor\" data-id=\"31f76ad8\" data-element_type=\"widget\" data-e-type=\"widget\" data-widget_type=\"text-editor.default\">\n\t\t\t\t<div class=\"elementor-widget-container\">\n\t\t\t\t\t\t\t\t\t<div class=\"page\" title=\"Page 5\"><p>Em 2025, a EnergisaPrev deu passos importantes na constru\u00e7\u00e3o e estrutura\u00e7\u00e3o de sua \u00e1rea comercial, refor\u00e7ando o compromisso com o crescimento sustent\u00e1vel, a amplia\u00e7\u00e3o de sua atua\u00e7\u00e3o e o fortalecimento da Entidade. Ainda em fase de desenvolvimento, a \u00e1rea vem sendo estruturada com foco estrat\u00e9gico, alinhada \u00e0s diretrizes do planejamento institucional e \u00e0s demandas de um ambiente cada vez mais din\u00e2mico no setor de previd\u00eancia complementar.<\/p><p>\u00a0<\/p><p>Nesse contexto, assume um papel central na estrat\u00e9gia da EnergisaPrev, atuando como vetor de expans\u00e3o da base de clientes e patrocinadores, bem como no fortalecimento da sustentabilidade dos planos administrados.<\/p><p>\u00a0<\/p><p>\u00a0A atua\u00e7\u00e3o comercial est\u00e1 diretamente conectada \u00e0 dissemina\u00e7\u00e3o da cultura previdenci\u00e1ria, \u00e0 gera\u00e7\u00e3o de valor para os p\u00fablicos de interesse e ao fortalecimento do posicionamento da EnergisaPrev como refer\u00eancia s\u00f3lida e confi\u00e1vel no segmento.<\/p><p>\u00a0<\/p><p>Ao longo do per\u00edodo, \u00e0 estrutura\u00e7\u00e3o da \u00e1rea, com foco na defini\u00e7\u00e3o de processos, pap\u00e9is e responsabilidades, bem como no estabelecimento de diretrizes de governan\u00e7a que assegurem consist\u00eancia, transpar\u00eancia e alinhamento \u00e0s melhores pr\u00e1ticas de mercado. Esse movimento marca um avan\u00e7o relevante para a consolida\u00e7\u00e3o de uma atua\u00e7\u00e3o comercial integrada e orientada a resultados de longo prazo.<\/p><p>\u00a0<\/p><p>Destaca-se, nesse cen\u00e1rio, o Plano Prosperisa, que se consolida como uma das principais alavancas de crescimento e diversifica\u00e7\u00e3o da atua\u00e7\u00e3o da EnergisaPrev. O plano reflete a capacidade da Entidade de desenvolver solu\u00e7\u00f5es alinhadas \u00e0s necessidades atuais e futuras, ampliando oportunidades e fortalecendo sua proposta de valor junto aos diferentes p\u00fablicos.<\/p><p>\u00a0<\/p><p>Paralelamente, a EnergisaPrev iniciou o fortalecimento de iniciativas relacionadas \u00e0 prospec\u00e7\u00e3o e ao relacionamento, com o objetivo de construir conex\u00f5es mais pr\u00f3ximas, consistentes e duradouras com clientes, patrocinadores e potenciais novos p\u00fablicos. Essa abordagem refor\u00e7a o papel da \u00e1rea comercial como protagonista na gera\u00e7\u00e3o de neg\u00f3cios e no fortalecimento com seus p\u00fablicos.<\/p><p>\u00a0<\/p><p>Como direcionamento para os pr\u00f3ximos ciclos, a funda\u00e7\u00e3o seguir\u00e1 avan\u00e7ando na consolida\u00e7\u00e3o da \u00e1rea comercial, com \u00eanfase na defini\u00e7\u00e3o de uma estrat\u00e9gia estruturada, no aprimoramento cont\u00ednuo dos processos e no fortalecimento das pr\u00e1ticas de prospec\u00e7\u00e3o e relacionamento. A evolu\u00e7\u00e3o da \u00e1rea tamb\u00e9m contempla o desenvolvimento de compet\u00eancias, ferramentas e indicadores que permitam uma atua\u00e7\u00e3o cada vez mais eficiente, orientada por dados e alinhada aos objetivos institucionais.<\/p><p>\u00a0<\/p><p>Dessa forma, a EnergisaPrev reafirma seu compromisso com a constru\u00e7\u00e3o de uma \u00e1rea comercial s\u00f3lida, estrat\u00e9gica e sustent\u00e1vel, capaz de impulsionar o crescimento da Entidade, ampliar sua relev\u00e2ncia no setor e contribuir, de maneira consistente, para a seguran\u00e7a financeira e o futuro de seus participantes.<\/p><\/div>\t\t\t\t\t\t\t\t<\/div>\n\t\t\t\t<\/div>\n\t\t\t\t<div class=\"elementor-element elementor-element-af076c7 elementor-widget elementor-widget-image\" data-id=\"af076c7\" data-element_type=\"widget\" data-e-type=\"widget\" data-widget_type=\"image.default\">\n\t\t\t\t<div class=\"elementor-widget-container\">\n\t\t\t\t\t\t\t\t\t\t\t\t\t\t\t<img loading=\"lazy\" decoding=\"async\" width=\"860\" height=\"334\" src=\"https:\/\/energisaprev.com.br\/relatorioanual2025\/wp-content\/uploads\/2026\/04\/Mask-group-2.jpg\" class=\"attachment-large size-large wp-image-5521\" alt=\"\" srcset=\"https:\/\/energisaprev.com.br\/relatorioanual2025\/wp-content\/uploads\/2026\/04\/Mask-group-2.jpg 860w, https:\/\/energisaprev.com.br\/relatorioanual2025\/wp-content\/uploads\/2026\/04\/Mask-group-2-300x117.jpg 300w, https:\/\/energisaprev.com.br\/relatorioanual2025\/wp-content\/uploads\/2026\/04\/Mask-group-2-768x298.jpg 768w\" sizes=\"(max-width: 860px) 100vw, 860px\" \/>\t\t\t\t\t\t\t\t\t\t\t\t\t\t\t<\/div>\n\t\t\t\t<\/div>\n\t\t\t\t\t<\/div>\n\t\t<\/div>\n\t\t\t\t\t<\/div>\n\t\t<\/section>\n\t\t\t\t<\/div>\n\t\t","protected":false},"excerpt":{"rendered":"<p>Em 2025, tivemos avan\u00e7os importantes na atua\u00e7\u00e3o institucional, ampliamos a presen\u00e7a em f\u00f3runs estrat\u00e9gicos do setor e fortalecemos as iniciativas voltadas \u00e0 educa\u00e7\u00e3o e ao bem-estar. Longevidade e planejamento de vida O tema da longevidade foi o eixo central das iniciativas de comunica\u00e7\u00e3o, refor\u00e7ando a previd\u00eancia complementar como uma ferramenta essencial para o planejamento de [&hellip;]<\/p>\n","protected":false},"author":1,"featured_media":5687,"parent":65,"menu_order":36,"comment_status":"closed","ping_status":"closed","template":"","meta":{"footnotes":""},"class_list":["post-2488","page","type-page","status-publish","has-post-thumbnail","hentry"],"acf":[],"yoast_head":"<!-- This site is optimized with the Yoast SEO plugin v27.5 - https:\/\/yoast.com\/product\/yoast-seo-wordpress\/ -->\n<title>Fatos Relevantes - Relat\u00f3rio Anual<\/title>\n<meta name=\"robots\" content=\"index, follow, max-snippet:-1, max-image-preview:large, max-video-preview:-1\" \/>\n<link rel=\"canonical\" href=\"https:\/\/energisaprev.com.br\/relatorioanual2025\/relacionamento-e-comunicacao\/fatos-relevantes\/\" \/>\n<meta property=\"og:locale\" content=\"pt_BR\" \/>\n<meta property=\"og:type\" content=\"article\" \/>\n<meta property=\"og:title\" content=\"Fatos Relevantes - Relat\u00f3rio Anual\" \/>\n<meta property=\"og:description\" content=\"Em 2025, tivemos avan\u00e7os importantes na atua\u00e7\u00e3o institucional, ampliamos a presen\u00e7a em f\u00f3runs estrat\u00e9gicos do setor e fortalecemos as iniciativas voltadas \u00e0 educa\u00e7\u00e3o e ao bem-estar. Longevidade e planejamento de vida O tema da longevidade foi o eixo central das iniciativas de comunica\u00e7\u00e3o, refor\u00e7ando a previd\u00eancia complementar como uma ferramenta essencial para o planejamento de [&hellip;]\" \/>\n<meta property=\"og:url\" content=\"https:\/\/energisaprev.com.br\/relatorioanual2025\/relacionamento-e-comunicacao\/fatos-relevantes\/\" \/>\n<meta property=\"og:site_name\" content=\"Relat\u00f3rio Anual\" \/>\n<meta property=\"article:modified_time\" content=\"2026-04-30T20:01:54+00:00\" \/>\n<meta property=\"og:image\" content=\"https:\/\/energisaprev.com.br\/relatorioanual2025\/wp-content\/uploads\/2026\/04\/fatos_relevants.jpg\" \/>\n\t<meta property=\"og:image:width\" content=\"860\" \/>\n\t<meta property=\"og:image:height\" content=\"334\" \/>\n\t<meta property=\"og:image:type\" content=\"image\/jpeg\" \/>\n<meta name=\"twitter:card\" content=\"summary_large_image\" \/>\n<meta name=\"twitter:label1\" content=\"Est. tempo de leitura\" \/>\n\t<meta name=\"twitter:data1\" content=\"8 minutos\" \/>\n<script type=\"application\/ld+json\" class=\"yoast-schema-graph\">{\"@context\":\"https:\\\/\\\/schema.org\",\"@graph\":[{\"@type\":\"WebPage\",\"@id\":\"https:\\\/\\\/energisaprev.com.br\\\/relatorioanual2025\\\/relacionamento-e-comunicacao\\\/fatos-relevantes\\\/\",\"url\":\"https:\\\/\\\/energisaprev.com.br\\\/relatorioanual2025\\\/relacionamento-e-comunicacao\\\/fatos-relevantes\\\/\",\"name\":\"Fatos Relevantes - Relat\u00f3rio Anual\",\"isPartOf\":{\"@id\":\"https:\\\/\\\/energisaprev.com.br\\\/relatorioanual2025\\\/#website\"},\"primaryImageOfPage\":{\"@id\":\"https:\\\/\\\/energisaprev.com.br\\\/relatorioanual2025\\\/relacionamento-e-comunicacao\\\/fatos-relevantes\\\/#primaryimage\"},\"image\":{\"@id\":\"https:\\\/\\\/energisaprev.com.br\\\/relatorioanual2025\\\/relacionamento-e-comunicacao\\\/fatos-relevantes\\\/#primaryimage\"},\"thumbnailUrl\":\"https:\\\/\\\/energisaprev.com.br\\\/relatorioanual2025\\\/wp-content\\\/uploads\\\/2026\\\/04\\\/fatos_relevants.jpg\",\"datePublished\":\"2024-04-05T17:26:18+00:00\",\"dateModified\":\"2026-04-30T20:01:54+00:00\",\"breadcrumb\":{\"@id\":\"https:\\\/\\\/energisaprev.com.br\\\/relatorioanual2025\\\/relacionamento-e-comunicacao\\\/fatos-relevantes\\\/#breadcrumb\"},\"inLanguage\":\"pt-BR\",\"potentialAction\":[{\"@type\":\"ReadAction\",\"target\":[\"https:\\\/\\\/energisaprev.com.br\\\/relatorioanual2025\\\/relacionamento-e-comunicacao\\\/fatos-relevantes\\\/\"]}]},{\"@type\":\"ImageObject\",\"inLanguage\":\"pt-BR\",\"@id\":\"https:\\\/\\\/energisaprev.com.br\\\/relatorioanual2025\\\/relacionamento-e-comunicacao\\\/fatos-relevantes\\\/#primaryimage\",\"url\":\"https:\\\/\\\/energisaprev.com.br\\\/relatorioanual2025\\\/wp-content\\\/uploads\\\/2026\\\/04\\\/fatos_relevants.jpg\",\"contentUrl\":\"https:\\\/\\\/energisaprev.com.br\\\/relatorioanual2025\\\/wp-content\\\/uploads\\\/2026\\\/04\\\/fatos_relevants.jpg\",\"width\":860,\"height\":334},{\"@type\":\"BreadcrumbList\",\"@id\":\"https:\\\/\\\/energisaprev.com.br\\\/relatorioanual2025\\\/relacionamento-e-comunicacao\\\/fatos-relevantes\\\/#breadcrumb\",\"itemListElement\":[{\"@type\":\"ListItem\",\"position\":1,\"name\":\"In\u00edcio\",\"item\":\"https:\\\/\\\/energisaprev.com.br\\\/relatorioanual2025\\\/\"},{\"@type\":\"ListItem\",\"position\":2,\"name\":\"Relacionamento e Comunica\u00e7\u00e3o\",\"item\":\"https:\\\/\\\/energisaprev.com.br\\\/relatorioanual2025\\\/relacionamento-e-comunicacao\\\/\"},{\"@type\":\"ListItem\",\"position\":3,\"name\":\"Fatos Relevantes\"}]},{\"@type\":\"WebSite\",\"@id\":\"https:\\\/\\\/energisaprev.com.br\\\/relatorioanual2025\\\/#website\",\"url\":\"https:\\\/\\\/energisaprev.com.br\\\/relatorioanual2025\\\/\",\"name\":\"Relat\u00f3rio Anual\",\"description\":\"\",\"potentialAction\":[{\"@type\":\"SearchAction\",\"target\":{\"@type\":\"EntryPoint\",\"urlTemplate\":\"https:\\\/\\\/energisaprev.com.br\\\/relatorioanual2025\\\/?s={search_term_string}\"},\"query-input\":{\"@type\":\"PropertyValueSpecification\",\"valueRequired\":true,\"valueName\":\"search_term_string\"}}],\"inLanguage\":\"pt-BR\"}]}<\/script>\n<!-- \/ Yoast SEO plugin. -->","yoast_head_json":{"title":"Fatos Relevantes - Relat\u00f3rio Anual","robots":{"index":"index","follow":"follow","max-snippet":"max-snippet:-1","max-image-preview":"max-image-preview:large","max-video-preview":"max-video-preview:-1"},"canonical":"https:\/\/energisaprev.com.br\/relatorioanual2025\/relacionamento-e-comunicacao\/fatos-relevantes\/","og_locale":"pt_BR","og_type":"article","og_title":"Fatos Relevantes - Relat\u00f3rio Anual","og_description":"Em 2025, tivemos avan\u00e7os importantes na atua\u00e7\u00e3o institucional, ampliamos a presen\u00e7a em f\u00f3runs estrat\u00e9gicos do setor e fortalecemos as iniciativas voltadas \u00e0 educa\u00e7\u00e3o e ao bem-estar. Longevidade e planejamento de vida O tema da longevidade foi o eixo central das iniciativas de comunica\u00e7\u00e3o, refor\u00e7ando a previd\u00eancia complementar como uma ferramenta essencial para o planejamento de [&hellip;]","og_url":"https:\/\/energisaprev.com.br\/relatorioanual2025\/relacionamento-e-comunicacao\/fatos-relevantes\/","og_site_name":"Relat\u00f3rio Anual","article_modified_time":"2026-04-30T20:01:54+00:00","og_image":[{"width":860,"height":334,"url":"https:\/\/energisaprev.com.br\/relatorioanual2025\/wp-content\/uploads\/2026\/04\/fatos_relevants.jpg","type":"image\/jpeg"}],"twitter_card":"summary_large_image","twitter_misc":{"Est. tempo de leitura":"8 minutos"},"schema":{"@context":"https:\/\/schema.org","@graph":[{"@type":"WebPage","@id":"https:\/\/energisaprev.com.br\/relatorioanual2025\/relacionamento-e-comunicacao\/fatos-relevantes\/","url":"https:\/\/energisaprev.com.br\/relatorioanual2025\/relacionamento-e-comunicacao\/fatos-relevantes\/","name":"Fatos Relevantes - Relat\u00f3rio Anual","isPartOf":{"@id":"https:\/\/energisaprev.com.br\/relatorioanual2025\/#website"},"primaryImageOfPage":{"@id":"https:\/\/energisaprev.com.br\/relatorioanual2025\/relacionamento-e-comunicacao\/fatos-relevantes\/#primaryimage"},"image":{"@id":"https:\/\/energisaprev.com.br\/relatorioanual2025\/relacionamento-e-comunicacao\/fatos-relevantes\/#primaryimage"},"thumbnailUrl":"https:\/\/energisaprev.com.br\/relatorioanual2025\/wp-content\/uploads\/2026\/04\/fatos_relevants.jpg","datePublished":"2024-04-05T17:26:18+00:00","dateModified":"2026-04-30T20:01:54+00:00","breadcrumb":{"@id":"https:\/\/energisaprev.com.br\/relatorioanual2025\/relacionamento-e-comunicacao\/fatos-relevantes\/#breadcrumb"},"inLanguage":"pt-BR","potentialAction":[{"@type":"ReadAction","target":["https:\/\/energisaprev.com.br\/relatorioanual2025\/relacionamento-e-comunicacao\/fatos-relevantes\/"]}]},{"@type":"ImageObject","inLanguage":"pt-BR","@id":"https:\/\/energisaprev.com.br\/relatorioanual2025\/relacionamento-e-comunicacao\/fatos-relevantes\/#primaryimage","url":"https:\/\/energisaprev.com.br\/relatorioanual2025\/wp-content\/uploads\/2026\/04\/fatos_relevants.jpg","contentUrl":"https:\/\/energisaprev.com.br\/relatorioanual2025\/wp-content\/uploads\/2026\/04\/fatos_relevants.jpg","width":860,"height":334},{"@type":"BreadcrumbList","@id":"https:\/\/energisaprev.com.br\/relatorioanual2025\/relacionamento-e-comunicacao\/fatos-relevantes\/#breadcrumb","itemListElement":[{"@type":"ListItem","position":1,"name":"In\u00edcio","item":"https:\/\/energisaprev.com.br\/relatorioanual2025\/"},{"@type":"ListItem","position":2,"name":"Relacionamento e Comunica\u00e7\u00e3o","item":"https:\/\/energisaprev.com.br\/relatorioanual2025\/relacionamento-e-comunicacao\/"},{"@type":"ListItem","position":3,"name":"Fatos Relevantes"}]},{"@type":"WebSite","@id":"https:\/\/energisaprev.com.br\/relatorioanual2025\/#website","url":"https:\/\/energisaprev.com.br\/relatorioanual2025\/","name":"Relat\u00f3rio Anual","description":"","potentialAction":[{"@type":"SearchAction","target":{"@type":"EntryPoint","urlTemplate":"https:\/\/energisaprev.com.br\/relatorioanual2025\/?s={search_term_string}"},"query-input":{"@type":"PropertyValueSpecification","valueRequired":true,"valueName":"search_term_string"}}],"inLanguage":"pt-BR"}]}},"_links":{"self":[{"href":"https:\/\/energisaprev.com.br\/relatorioanual2025\/wp-json\/wp\/v2\/pages\/2488","targetHints":{"allow":["GET"]}}],"collection":[{"href":"https:\/\/energisaprev.com.br\/relatorioanual2025\/wp-json\/wp\/v2\/pages"}],"about":[{"href":"https:\/\/energisaprev.com.br\/relatorioanual2025\/wp-json\/wp\/v2\/types\/page"}],"author":[{"embeddable":true,"href":"https:\/\/energisaprev.com.br\/relatorioanual2025\/wp-json\/wp\/v2\/users\/1"}],"replies":[{"embeddable":true,"href":"https:\/\/energisaprev.com.br\/relatorioanual2025\/wp-json\/wp\/v2\/comments?post=2488"}],"version-history":[{"count":47,"href":"https:\/\/energisaprev.com.br\/relatorioanual2025\/wp-json\/wp\/v2\/pages\/2488\/revisions"}],"predecessor-version":[{"id":6181,"href":"https:\/\/energisaprev.com.br\/relatorioanual2025\/wp-json\/wp\/v2\/pages\/2488\/revisions\/6181"}],"up":[{"embeddable":true,"href":"https:\/\/energisaprev.com.br\/relatorioanual2025\/wp-json\/wp\/v2\/pages\/65"}],"wp:featuredmedia":[{"embeddable":true,"href":"https:\/\/energisaprev.com.br\/relatorioanual2025\/wp-json\/wp\/v2\/media\/5687"}],"wp:attachment":[{"href":"https:\/\/energisaprev.com.br\/relatorioanual2025\/wp-json\/wp\/v2\/media?parent=2488"}],"curies":[{"name":"wp","href":"https:\/\/api.w.org\/{rel}","templated":true}]}}