{"id":2013,"date":"2024-04-04T11:51:10","date_gmt":"2024-04-04T14:51:10","guid":{"rendered":"https:\/\/crtcomunicacao.com.br\/rai_energisa\/?page_id=2013"},"modified":"2026-04-29T19:26:11","modified_gmt":"2026-04-29T22:26:11","slug":"perfil-dos-participantes","status":"publish","type":"page","link":"https:\/\/energisaprev.com.br\/relatorioanual2025\/previdencia\/perfil-dos-participantes\/","title":{"rendered":"Perfil dos Participantes"},"content":{"rendered":"\t\t<div data-elementor-type=\"wp-page\" data-elementor-id=\"2013\" class=\"elementor elementor-2013\">\n\t\t\t\t\t\t<section data-particle_enable=\"false\" data-particle-mobile-disabled=\"false\" class=\"elementor-section elementor-top-section elementor-element elementor-element-5f7c01b elementor-section-boxed elementor-section-height-default elementor-section-height-default\" data-id=\"5f7c01b\" data-element_type=\"section\" data-e-type=\"section\">\n\t\t\t\t\t\t<div class=\"elementor-container elementor-column-gap-default\">\n\t\t\t\t\t<div class=\"elementor-column elementor-col-100 elementor-top-column elementor-element elementor-element-ae579ba\" data-id=\"ae579ba\" data-element_type=\"column\" data-e-type=\"column\">\n\t\t\t<div class=\"elementor-widget-wrap elementor-element-populated\">\n\t\t\t\t\t\t<div class=\"elementor-element elementor-element-8923213 elementor-widget elementor-widget-text-editor\" data-id=\"8923213\" data-element_type=\"widget\" data-e-type=\"widget\" data-widget_type=\"text-editor.default\">\n\t\t\t\t<div class=\"elementor-widget-container\">\n\t\t\t\t\t\t\t\t\t<div title=\"Page 8\"><p>Por meio da gest\u00e3o dos nossos planos de previd\u00eancia, seguimos honrando nosso compromisso di\u00e1rio com mais de 17 mil participantes, entre ativos, assistidos e pensionistas.<\/p><p>\u00a0<\/p><p>Ao analisarmos a tabela de 2025, observamos uma estrutura ainda mais robusta e diversificada. O total de participantes alcan\u00e7a 17.316, sendo 13.758 ativos, al\u00e9m de 1.968 assistidos e 1.081 pensionistas, evidenciando a relev\u00e2ncia e a maturidade dos planos administrados.<\/p><p>\u00a0<\/p><p>O plano Energisa CD continua sendo o principal destaque, concentrando a maior parte dos participantes (15.840 no total) e apresentando forte predomin\u00e2ncia de ativos (13.475), o que refor\u00e7a seu car\u00e1ter mais jovem e de acumula\u00e7\u00e3o. Dentro dele, os perfis Moderado e Conservador mostram a segmenta\u00e7\u00e3o dos investimentos conforme o perfil dos participantes.<\/p><p>\u00a0<\/p><p>J\u00e1 os planos da modalidade BD (Benef\u00edcio Definido), como Funasa BD e Sergipe Saldado BD, apresentam uma caracter\u00edstica distinta, com maior concentra\u00e7\u00e3o de assistidos e pensionistas, refletindo planos mais maduros, em fase de pagamento de benef\u00edcios.<\/p><p>\u00a0<\/p><p>Os planos CV (Contribui\u00e7\u00e3o Vari\u00e1vel), como Sudeste, Plano II, Cemat e El\u00e9tricas OP, mant\u00eam participa\u00e7\u00e3o menor no total, mas contribuem para a diversidade da carteira, atendendo p\u00fablicos espec\u00edficos.<\/p><p>\u00a0<\/p><p>Outro ponto relevante \u00e9 a presen\u00e7a de 463 participantes em BPD e 46 autopatrocinados, indicando alternativas utilizadas por participantes que j\u00e1 n\u00e3o contribuem regularmente, mas mant\u00eam v\u00ednculo com os planos.<\/p><p>\u00a0<\/p><p>Esse cen\u00e1rio refor\u00e7a a heterogeneidade da base administrada, com planos em diferentes est\u00e1gios de maturidade e perfis variados de participantes, o que exige uma gest\u00e3o estrat\u00e9gica, segmentada e cada vez mais orientada \u00e0 sustentabilidade e ao atendimento das necessidades espec\u00edficas de cada grupo.<\/p><\/div>\t\t\t\t\t\t\t\t<\/div>\n\t\t\t\t<\/div>\n\t\t\t\t<div class=\"elementor-element elementor-element-10f0d4a elementor-widget elementor-widget-heading\" data-id=\"10f0d4a\" data-element_type=\"widget\" data-e-type=\"widget\" data-widget_type=\"heading.default\">\n\t\t\t\t<div class=\"elementor-widget-container\">\n\t\t\t\t\t<h2 class=\"elementor-heading-title elementor-size-default\">Total de participantes em cada plano<\/h2>\t\t\t\t<\/div>\n\t\t\t\t<\/div>\n\t\t\t\t<div class=\"elementor-element elementor-element-ef6abb2 td-min-width elementor-widget elementor-widget-html\" data-id=\"ef6abb2\" data-element_type=\"widget\" data-e-type=\"widget\" data-widget_type=\"html.default\">\n\t\t\t\t<div class=\"elementor-widget-container\">\n\t\t\t\t\t<div class=\"overflow-auto table_capsulediv\">\r\n    <table class=\"table padrao_table\">\r\n        <thead>\r\n            <tr>\r\n                <th>Planos<\/th>\r\n                <th>Total<\/th>\r\n                <th>%<\/th>\r\n                <th>Ativos<\/th>\r\n                <th>Autopa-<br>trocinados<\/th>\r\n                <th>BPD<\/th>\r\n                <th>Total de<br> Ativos<\/th>\r\n                <th>Assistidos<\/th>\r\n                <th>Pensionistas<\/th>\r\n                <th>Total de<br> Assistidos<\/th>\r\n            <\/tr>\r\n        <\/thead>\r\n        <tbody>\r\n            <tr>\r\n                <td>Energisa - CD<\/td>\r\n                <td>15.840<\/td>\r\n                <td>91%<\/td>\r\n                <td>13.475<\/td>\r\n                <td>44<\/td>\r\n                <td>421<\/td>\r\n                <td>13.940<\/td>\r\n                <td>1.236<\/td>\r\n                <td>664<\/td>\r\n                <td>1.900<\/td>\r\n            <\/tr>\r\n            <tr>\r\n                <td>Moderado<\/td>\r\n                <td>14.679<\/td>\r\n                <td>85%<\/td>\r\n                <td>12.656<\/td>\r\n                <td>36<\/td>\r\n                <td>399<\/td>\r\n                <td>13.091<\/td>\r\n                <td>973<\/td>\r\n                <td>615<\/td>\r\n                <td>1.588<\/td>\r\n            <\/tr>\r\n            <tr>\r\n                <td>Conservador<\/td>\r\n                <td>1.161<\/td>\r\n                <td>7%<\/td>\r\n                <td>819<\/td>\r\n                <td>8<\/td>\r\n                <td>22<\/td>\r\n                <td>849<\/td>\r\n                <td>263<\/td>\r\n                <td>49<\/td>\r\n                <td>312<\/td>\r\n            <\/tr>\r\n            <tr>\r\n                <td>Sergipe - CD<\/td>\r\n                <td>41<\/td>\r\n                <td>0%<\/td>\r\n                <td>-<\/td>\r\n                <td>-<\/td>\r\n                <td>1<\/td>\r\n                <td>1<\/td>\r\n                <td>22<\/td>\r\n                <td>18<\/td>\r\n                <td>40<\/td>\r\n            <\/tr>\r\n            <tr>\r\n                <td>Funasa - CD<\/td>\r\n                <td>20<\/td>\r\n                <td>0%<\/td>\r\n                <td>4<\/td>\r\n                <td>1<\/td>\r\n                <td>5<\/td>\r\n                <td>10<\/td>\r\n                <td>9<\/td>\r\n                <td>1<\/td>\r\n                <td>10<\/td>\r\n            <\/tr>\r\n            <tr>\r\n                <td>Sudeste - CV<\/td>\r\n                <td>154<\/td>\r\n                <td>1%<\/td>\r\n                <td>104<\/td>\r\n                <td>1<\/td>\r\n                <td>14<\/td>\r\n                <td>119<\/td>\r\n                <td>29<\/td>\r\n                <td>6<\/td>\r\n                <td>35<\/td>\r\n            <\/tr>\r\n            <tr>\r\n                <td>Plano II - CV<\/td>\r\n                <td>58<\/td>\r\n                <td>0%<\/td>\r\n                <td>7<\/td>\r\n                <td>-<\/td>\r\n                <td>4<\/td>\r\n                <td>11<\/td>\r\n                <td>34<\/td>\r\n                <td>13<\/td>\r\n                <td>47<\/td>\r\n            <\/tr>\r\n            <tr>\r\n                <td>Cemat OP - CV<\/td>\r\n                <td>112<\/td>\r\n                <td>1%<\/td>\r\n                <td>31<\/td>\r\n                <td>-<\/td>\r\n                <td>7<\/td>\r\n                <td>38<\/td>\r\n                <td>51<\/td>\r\n                <td>23<\/td>\r\n                <td>74<\/td>\r\n            <\/tr>\r\n            <tr>\r\n                <td>El\u00e9tricas OP - CV<\/td>\r\n                <td>103<\/td>\r\n                <td>1%<\/td>\r\n                <td>75<\/td>\r\n                <td>-<\/td>\r\n                <td>9<\/td>\r\n                <td>84<\/td>\r\n                <td>15<\/td>\r\n                <td>4<\/td>\r\n                <td>19<\/td>\r\n            <\/tr>\r\n            <tr>\r\n                <td>Funasa - BD<\/td>\r\n                <td>400<\/td>\r\n                <td>2%<\/td>\r\n                <td>3<\/td>\r\n                <td>-<\/td>\r\n                <td>2<\/td>\r\n                <td>5<\/td>\r\n                <td>226<\/td>\r\n                <td>169<\/td>\r\n                <td>395<\/td>\r\n            <\/tr>\r\n            <tr>\r\n                <td>Sergipe Saldado - BD<\/td>\r\n                <td>106<\/td>\r\n                <td>1%<\/td>\r\n                <td>18<\/td>\r\n                <td>-<\/td>\r\n                <td>-<\/td>\r\n                <td>18<\/td>\r\n                <td>78<\/td>\r\n                <td>10<\/td>\r\n                <td>88<\/td>\r\n            <\/tr>\r\n            <tr>\r\n                <td>Plano I - BD<\/td>\r\n                <td>118<\/td>\r\n                <td>1%<\/td>\r\n                <td>-<\/td>\r\n                <td>-<\/td>\r\n                <td>-<\/td>\r\n                <td>0<\/td>\r\n                <td>57<\/td>\r\n                <td>61<\/td>\r\n                <td>118<\/td>\r\n            <\/tr>\r\n            <tr>\r\n                <td>Funasa Saldado - BD<\/td>\r\n                <td>169<\/td>\r\n                <td>1%<\/td>\r\n                <td>36<\/td>\r\n                <td>-<\/td>\r\n                <td>-<\/td>\r\n                <td>36<\/td>\r\n                <td>126<\/td>\r\n                <td>7<\/td>\r\n                <td>133<\/td>\r\n            <\/tr>\r\n            <tr>\r\n                <td>El\u00e9tricas BDI - BD<\/td>\r\n                <td>133<\/td>\r\n                <td>1%<\/td>\r\n                <td>-<\/td>\r\n                <td>-<\/td>\r\n                <td>-<\/td>\r\n                <td>-<\/td>\r\n                <td>67<\/td>\r\n                <td>66<\/td>\r\n                <td>133<\/td>\r\n            <\/tr>\r\n            <tr>\r\n                <td>Risco - BD<\/td>\r\n                <td>43<\/td>\r\n                <td>0%<\/td>\r\n                <td>2<\/td>\r\n                <td>-<\/td>\r\n                <td>-<\/td>\r\n                <td>2<\/td>\r\n                <td>13<\/td>\r\n                <td>28<\/td>\r\n                <td>41<\/td>\r\n            <\/tr>\r\n            <tr>\r\n                <td>Cemat BDI - BD<\/td>\r\n                <td>16<\/td>\r\n                <td>0%<\/td>\r\n                <td>-<\/td>\r\n                <td>-<\/td>\r\n                <td>-<\/td>\r\n                <td>-<\/td>\r\n                <td>5<\/td>\r\n                <td>11<\/td>\r\n                <td>16<\/td>\r\n            <\/tr>\r\n            <tr>\r\n                <td>Prosperisa<\/td>\r\n                <td>3<\/td>\r\n                <td>0%<\/td>\r\n                <td>3<\/td>\r\n                <td>-<\/td>\r\n                <td>-<\/td>\r\n                <td>3<\/td>\r\n                <td>-<\/td>\r\n                <td>-<\/td>\r\n                <td>-<\/td>\r\n            <\/tr>\r\n            <tr>\r\n                <td>Total <\/td>\r\n                <td>17.316<\/td>\r\n                <td>100%<\/td>\r\n                <td>13.758<\/td>\r\n                <td>46<\/td>\r\n                <td>463<\/td>\r\n                <td>14.267<\/td>\r\n                <td>1.968<\/td>\r\n                <td>1.081<\/td>\r\n                <td>3.049<\/td>\r\n            <\/tr>\r\n        <\/tbody>\r\n    <\/table>\r\n<\/div>\t\t\t\t<\/div>\n\t\t\t\t<\/div>\n\t\t\t\t<div class=\"elementor-element elementor-element-410ec2e td-min-width elementor-hidden-desktop elementor-hidden-tablet elementor-hidden-mobile elementor-widget elementor-widget-html\" data-id=\"410ec2e\" data-element_type=\"widget\" data-e-type=\"widget\" data-widget_type=\"html.default\">\n\t\t\t\t<div class=\"elementor-widget-container\">\n\t\t\t\t\t<div class=\"overflow-auto table_capsulediv\">\r\n    <table class=\"table padrao_table\">\r\n        <thead>\r\n            <tr>\r\n                <th>Planos<\/th>\r\n                <th>Total (Risco)<\/th>\r\n                <th>Ativos<\/th>\r\n                <th>Autopatrocinados<\/th>\r\n                <th>BPD<\/th>\r\n                <th>Total de Ativos<\/th>\r\n                <th>Assistidos<\/th>\r\n                <th>Pensionistas<\/th>\r\n                <th>Total de Assistidos<\/th>\r\n            <\/tr>\r\n        <\/thead>\r\n        <tbody>\r\n            <tr>\r\n                <td>Cemat OP - CV<\/td>\r\n                <td>40<\/td>\r\n                <td>40<\/td>\r\n                <td>-<\/td>\r\n                <td>10<\/td>\r\n                <td>40<\/td>\r\n                <td>53<\/td>\r\n                <td>21<\/td>\r\n                <td>74<\/td>\r\n            <\/tr>\r\n            <tr>\r\n                <td>El\u00e9tricas OP - CV<\/td>\r\n                <td>94<\/td>\r\n                <td>94<\/td>\r\n                <td>-<\/td>\r\n                <td>10<\/td>\r\n                <td>94<\/td>\r\n                <td>16<\/td>\r\n                <td>3<\/td>\r\n                <td>19<\/td>\r\n            <\/tr>\r\n            <tr>\r\n                <td>Risco - BD<\/td>\r\n                <td>39<\/td>\r\n                <td>2<\/td>\r\n                <td>-<\/td>\r\n                <td>-<\/td>\r\n                <td>2<\/td>\r\n                <td>11<\/td>\r\n                <td>26<\/td>\r\n                <td>37<\/td>\r\n            <\/tr>\r\n            <tr>\r\n                <td>Total (Risco)<\/td>\r\n                <td>284<\/td>\r\n                <td>136<\/td>\r\n                <td>-<\/td>\r\n                <td>-<\/td>\r\n                <td>136<\/td>\r\n                <td>11<\/td>\r\n                <td>26<\/td>\r\n                <td>148<\/td>\r\n            <\/tr>\r\n        <\/tbody>\r\n    <\/table>\r\n<\/div>\t\t\t\t<\/div>\n\t\t\t\t<\/div>\n\t\t\t\t\t<\/div>\n\t\t<\/div>\n\t\t\t\t\t<\/div>\n\t\t<\/section>\n\t\t\t\t<section data-particle_enable=\"false\" data-particle-mobile-disabled=\"false\" class=\"elementor-section elementor-top-section elementor-element elementor-element-afd385c elementor-section-boxed elementor-section-height-default elementor-section-height-default\" data-id=\"afd385c\" data-element_type=\"section\" data-e-type=\"section\">\n\t\t\t\t\t\t<div class=\"elementor-container elementor-column-gap-default\">\n\t\t\t\t\t<div class=\"elementor-column elementor-col-100 elementor-top-column elementor-element elementor-element-31eff67\" data-id=\"31eff67\" data-element_type=\"column\" data-e-type=\"column\">\n\t\t\t<div class=\"elementor-widget-wrap elementor-element-populated\">\n\t\t\t\t\t\t<div class=\"elementor-element elementor-element-4394661 elementor-widget elementor-widget-heading\" data-id=\"4394661\" data-element_type=\"widget\" data-e-type=\"widget\" data-widget_type=\"heading.default\">\n\t\t\t\t<div class=\"elementor-widget-container\">\n\t\t\t\t\t<h2 class=\"elementor-heading-title elementor-size-default\">Evolu\u00e7\u00e3o no n\u00famero de participantes<\/h2>\t\t\t\t<\/div>\n\t\t\t\t<\/div>\n\t\t\t\t<div class=\"elementor-element elementor-element-8276d1f elementor-widget elementor-widget-text-editor\" data-id=\"8276d1f\" data-element_type=\"widget\" data-e-type=\"widget\" data-widget_type=\"text-editor.default\">\n\t\t\t\t<div class=\"elementor-widget-container\">\n\t\t\t\t\t\t\t\t\t<div title=\"Page 8\"><p>Entre 2023 e 2025, a Entidade ampliou e diversificou sua base de participantes, passando de 14.609 para 17.316, o que representa crescimento de cerca de 19%, impulsionado principalmente pelo aumento de participantes ativos.<\/p><p>\u00a0<\/p><p>Esse avan\u00e7o tamb\u00e9m refletiu na evolu\u00e7\u00e3o do porte da Entidade. Nesse contexto, conforme a Resolu\u00e7\u00e3o Previc n\u00ba 23\/2023, a EnergisaPrev passou a ser classificada no segmento S2, de acordo com seu porte e complexidade, o que indica um n\u00edvel intermedi\u00e1rio e a ado\u00e7\u00e3o de exig\u00eancias proporcionais de governan\u00e7a, gest\u00e3o de riscos e controles. Essa classifica\u00e7\u00e3o entrou em vigor em 1\u00ba de janeiro de 2025.<\/p><p>\u00a0<\/p><p>A tabela a seguir evidencia a diversidade dos planos administrados, com diferentes perfis de participantes, como ativos, autopatrocinados, BPD, aposentados e pensionistas. O plano Energisa CD concentra o maior n\u00famero de participantes ativos, enquanto o plano Funasa BD apresenta maior volume de assistidos e pensionistas, refletindo distintos est\u00e1gios de maturidade.<\/p><p>\u00a0<\/p><p>Essa composi\u00e7\u00e3o refor\u00e7a a necessidade de uma gest\u00e3o segmentada, contribuindo para o equil\u00edbrio e a sustentabilidade dos planos.<\/p><\/div>\t\t\t\t\t\t\t\t<\/div>\n\t\t\t\t<\/div>\n\t\t\t\t\t<\/div>\n\t\t<\/div>\n\t\t\t\t\t<\/div>\n\t\t<\/section>\n\t\t<div data-particle_enable=\"false\" data-particle-mobile-disabled=\"false\" class=\"elementor-element elementor-element-d89cd07 e-flex e-con-boxed e-con e-parent\" data-id=\"d89cd07\" data-element_type=\"container\" data-e-type=\"container\">\n\t\t\t\t\t<div class=\"e-con-inner\">\n\t\t\t\t<div class=\"elementor-element elementor-element-e522b1b elementor-widget__width-inherit elementor-widget elementor-widget-eael-fancy-chart\" data-id=\"e522b1b\" data-element_type=\"widget\" data-e-type=\"widget\" data-widget_type=\"eael-fancy-chart.default\">\n\t\t\t\t<div class=\"elementor-widget-container\">\n\t\t\t\t\t\t\t<div data-options=\"{&quot;chart&quot;:{&quot;toolbar&quot;:{&quot;show&quot;:&quot;true&quot;},&quot;type&quot;:&quot;bar&quot;,&quot;background&quot;:&quot;&quot;,&quot;height&quot;:&quot;450px&quot;,&quot;width&quot;:&quot;100%&quot;,&quot;animations&quot;:{&quot;enabled&quot;:&quot;true&quot;,&quot;easing&quot;:&quot;easeinout&quot;,&quot;speed&quot;:1100,&quot;animateGradually&quot;:{&quot;delay&quot;:250}},&quot;offsetX&quot;:0,&quot;offsetY&quot;:0,&quot;stacked&quot;:false},&quot;series&quot;:[{&quot;name&quot;:&quot;2023&quot;,&quot;data&quot;:[&quot;11541&quot;,&quot;2035&quot;,&quot;1033&quot;,&quot;14609&quot;]},{&quot;name&quot;:&quot;2024&quot;,&quot;data&quot;:[&quot;13782&quot;,&quot;2013&quot;,&quot;1091&quot;,&quot;16886&quot;]},{&quot;name&quot;:&quot;2025&quot;,&quot;data&quot;:[&quot;14267&quot;,&quot;1968&quot;,&quot;1081&quot;,&quot;17316&quot;]}],&quot;xaxis&quot;:{&quot;categories&quot;:[&quot;Ativos&quot;,&quot;Aposentados&quot;,&quot;Pensionistas&quot;,&quot;Total&quot;],&quot;position&quot;:&quot;bottom&quot;,&quot;labels&quot;:{&quot;show&quot;:&quot;yes&quot;,&quot;style&quot;:{&quot;cssClass&quot;:&quot;eael_fancy_cahrt_xaxis&quot;,&quot;colors&quot;:&quot;&quot;}}},&quot;yaxis&quot;:{&quot;show&quot;:true,&quot;opposite&quot;:&quot;&quot;,&quot;labels&quot;:{&quot;show&quot;:&quot;yes&quot;,&quot;style&quot;:{&quot;cssClass&quot;:&quot;eael_fancy_cahrt_yaxis&quot;,&quot;colors&quot;:&quot;#1F1F1F&quot;}}},&quot;legend&quot;:{&quot;show&quot;:&quot;true&quot;,&quot;position&quot;:&quot;bottom&quot;,&quot;labels&quot;:{&quot;colors&quot;:&quot;#333&quot;},&quot;fontSize&quot;:&quot;14px&quot;,&quot;horizontalAlign&quot;:&quot;center&quot;,&quot;markers&quot;:{&quot;width&quot;:12,&quot;height&quot;:12,&quot;strokeWidth&quot;:&quot;0&quot;,&quot;strokeColor&quot;:&quot;#fff&quot;,&quot;radius&quot;:2,&quot;offsetX&quot;:&quot;&quot;,&quot;offsetY&quot;:&quot;&quot;}},&quot;tooltip&quot;:{&quot;enabled&quot;:&quot;yes&quot;,&quot;y&quot;:{&quot;prefix&quot;:&quot;&quot;,&quot;suffix&quot;:&quot;&quot;}},&quot;grid&quot;:{&quot;show&quot;:&quot;true&quot;,&quot;borderColor&quot;:&quot;#ddd&quot;,&quot;strokeDashArray&quot;:0,&quot;xaxis&quot;:{&quot;lines&quot;:{&quot;show&quot;:&quot;false&quot;}},&quot;yaxis&quot;:{&quot;lines&quot;:{&quot;show&quot;:&quot;&quot;}}},&quot;plotOptions&quot;:{&quot;bar&quot;:{&quot;borderRadius&quot;:&quot;&quot;,&quot;dataLabels&quot;:{&quot;position&quot;:&quot;top&quot;},&quot;horizontal&quot;:true,&quot;columnWidth&quot;:17,&quot;barHeight&quot;:17}},&quot;stroke&quot;:{&quot;show&quot;:&quot;&quot;,&quot;lineCap&quot;:&quot;butt&quot;,&quot;colors&quot;:[&quot;#000000&quot;],&quot;width&quot;:2,&quot;dashArray&quot;:0},&quot;dataLabels&quot;:{&quot;enabled&quot;:true,&quot;style&quot;:{&quot;colors&quot;:[&quot;#000000&quot;],&quot;fontSize&quot;:&quot;12px&quot;}},&quot;colors&quot;:[&quot;#75C5B1&quot;,&quot;#00868D&quot;,&quot;&quot;],&quot;fill&quot;:{&quot;colors&quot;:[&quot;#75C5B1&quot;,&quot;#00868D&quot;,&quot;&quot;],&quot;opacity&quot;:0.90000000000000002220446049250313080847263336181640625,&quot;type&quot;:&quot;solid&quot;}}\" class=\"eael_fanct_chart_wrapper\">\n\t\t\t<div class=\"eael_fancy_chart_header\">\n\t\t\t\t\t\t<\/div>\n\t\t<div class=\"eael_fancy_chart\" id=\"eael_fancy_chart-e522b1b\"><\/div>\n\t\t<\/div>\n\t\t\t\t\t\t<\/div>\n\t\t\t\t<\/div>\n\t\t\t\t\t<\/div>\n\t\t\t\t<\/div>\n\t\t\t\t<section data-particle_enable=\"false\" data-particle-mobile-disabled=\"false\" class=\"elementor-section elementor-top-section elementor-element elementor-element-8255482 elementor-section-boxed elementor-section-height-default elementor-section-height-default\" data-id=\"8255482\" data-element_type=\"section\" data-e-type=\"section\">\n\t\t\t\t\t\t<div class=\"elementor-container elementor-column-gap-default\">\n\t\t\t\t\t<div class=\"elementor-column elementor-col-100 elementor-top-column elementor-element elementor-element-8ad84cf\" data-id=\"8ad84cf\" data-element_type=\"column\" data-e-type=\"column\">\n\t\t\t<div class=\"elementor-widget-wrap elementor-element-populated\">\n\t\t\t\t\t\t<div class=\"elementor-element elementor-element-d8f9382 elementor-widget elementor-widget-heading\" data-id=\"d8f9382\" data-element_type=\"widget\" data-e-type=\"widget\" data-widget_type=\"heading.default\">\n\t\t\t\t<div class=\"elementor-widget-container\">\n\t\t\t\t\t<h2 class=\"elementor-heading-title elementor-size-default\">Perfil et\u00e1rio e composi\u00e7\u00e3o demogr\u00e1fica dos participantes<\/h2>\t\t\t\t<\/div>\n\t\t\t\t<\/div>\n\t\t\t\t<div class=\"elementor-element elementor-element-905d497 elementor-widget elementor-widget-text-editor\" data-id=\"905d497\" data-element_type=\"widget\" data-e-type=\"widget\" data-widget_type=\"text-editor.default\">\n\t\t\t\t<div class=\"elementor-widget-container\">\n\t\t\t\t\t\t\t\t\t<div title=\"Page 8\"><p>A an\u00e1lise das idades dos participantes mostra que a maior parte est\u00e1 nas faixas intermedi\u00e1rias, principalmente entre 29 e 38 anos. Tamb\u00e9m h\u00e1 uma boa quantidade de participantes entre 39 e 48 anos e entre 0 e 28 anos, o que indica que a Entidade possui uma base ainda em fase de crescimento, com pessoas que est\u00e3o contribuindo e acumulando recursos para o futuro.<\/p><p>\u00a0<\/p><p>Quando olhamos para o g\u00eanero, percebemos que h\u00e1 mais participantes do sexo masculino na maioria das faixas et\u00e1rias, especialmente entre aqueles que est\u00e3o em idade de trabalho. Ainda assim, o p\u00fablico feminino est\u00e1 presente em todas as idades, com maior concentra\u00e7\u00e3o tamb\u00e9m nas faixas intermedi\u00e1rias.<\/p><p>\u00a0<\/p><p>Nas idades mais avan\u00e7adas, o n\u00famero de participantes \u00e9 menor, o que \u00e9 esperado, j\u00e1 que muitos j\u00e1 se aposentaram e passaram a receber seus benef\u00edcios. Nessas faixas, a quantidade de homens e mulheres tende a ser mais equilibrada.<\/p><p>\u00a0<\/p><p>De forma geral, os dados mostram que a Entidade tem uma base composta principalmente por pessoas em idade ativa, o que \u00e9 positivo, pois contribui para a sa\u00fade financeira dos planos e ajuda a garantir o pagamento dos benef\u00edcios no futuro.<\/p><\/div>\t\t\t\t\t\t\t\t<\/div>\n\t\t\t\t<\/div>\n\t\t\t\t\t<\/div>\n\t\t<\/div>\n\t\t\t\t\t<\/div>\n\t\t<\/section>\n\t\t<div data-particle_enable=\"false\" data-particle-mobile-disabled=\"false\" class=\"elementor-element elementor-element-7145370 e-flex e-con-boxed e-con e-parent\" data-id=\"7145370\" data-element_type=\"container\" data-e-type=\"container\">\n\t\t\t\t\t<div class=\"e-con-inner\">\n\t\t\t\t<div class=\"elementor-element elementor-element-8865058 elementor-widget__width-inherit elementor-widget elementor-widget-eael-fancy-chart\" data-id=\"8865058\" data-element_type=\"widget\" data-e-type=\"widget\" data-widget_type=\"eael-fancy-chart.default\">\n\t\t\t\t<div class=\"elementor-widget-container\">\n\t\t\t\t\t\t\t<div data-options=\"{&quot;chart&quot;:{&quot;toolbar&quot;:{&quot;show&quot;:&quot;true&quot;},&quot;type&quot;:&quot;bar&quot;,&quot;background&quot;:&quot;&quot;,&quot;height&quot;:&quot;450px&quot;,&quot;width&quot;:&quot;100%&quot;,&quot;animations&quot;:{&quot;enabled&quot;:&quot;true&quot;,&quot;easing&quot;:&quot;easeinout&quot;,&quot;speed&quot;:1100,&quot;animateGradually&quot;:{&quot;delay&quot;:250}},&quot;offsetX&quot;:0,&quot;offsetY&quot;:0,&quot;stacked&quot;:false},&quot;series&quot;:[{&quot;name&quot;:&quot;Masculino&quot;,&quot;data&quot;:[&quot;526&quot;,&quot; 1169&quot;,&quot; 708&quot;,&quot; 292&quot;,&quot; 369&quot;,&quot; 393&quot;,&quot; 368&quot;,&quot; 105&quot;]},{&quot;name&quot;:&quot;Feminino&quot;,&quot;data&quot;:[&quot;1816&quot;,&quot;4954&quot;,&quot;3820&quot;,&quot;1136&quot;,&quot;716&quot;,&quot;529&quot;,&quot;371&quot;,&quot;41&quot;]}],&quot;xaxis&quot;:{&quot;categories&quot;:[&quot;0 - 28 anos&quot;,&quot;29 - 38 anos&quot;,&quot;39 - 48 anos &quot;,&quot;49 - 58 anos &quot;,&quot;59 - 68 anos &quot;,&quot;69 - 78 anos &quot;,&quot;79 - 88 anos &quot;,&quot;Mais de 89 anos &quot;],&quot;position&quot;:&quot;bottom&quot;,&quot;labels&quot;:{&quot;show&quot;:&quot;yes&quot;,&quot;style&quot;:{&quot;cssClass&quot;:&quot;eael_fancy_cahrt_xaxis&quot;,&quot;colors&quot;:&quot;&quot;}}},&quot;yaxis&quot;:{&quot;show&quot;:true,&quot;opposite&quot;:&quot;&quot;,&quot;labels&quot;:{&quot;show&quot;:&quot;yes&quot;,&quot;style&quot;:{&quot;cssClass&quot;:&quot;eael_fancy_cahrt_yaxis&quot;,&quot;colors&quot;:&quot;#1F1F1F&quot;}}},&quot;legend&quot;:{&quot;show&quot;:&quot;true&quot;,&quot;position&quot;:&quot;bottom&quot;,&quot;labels&quot;:{&quot;colors&quot;:&quot;#333&quot;},&quot;fontSize&quot;:&quot;14px&quot;,&quot;horizontalAlign&quot;:&quot;center&quot;,&quot;markers&quot;:{&quot;width&quot;:12,&quot;height&quot;:12,&quot;strokeWidth&quot;:&quot;0&quot;,&quot;strokeColor&quot;:&quot;#fff&quot;,&quot;radius&quot;:2,&quot;offsetX&quot;:&quot;&quot;,&quot;offsetY&quot;:&quot;&quot;}},&quot;tooltip&quot;:{&quot;enabled&quot;:&quot;yes&quot;,&quot;y&quot;:{&quot;prefix&quot;:&quot;&quot;,&quot;suffix&quot;:&quot;&quot;}},&quot;grid&quot;:{&quot;show&quot;:&quot;true&quot;,&quot;borderColor&quot;:&quot;#ddd&quot;,&quot;strokeDashArray&quot;:0,&quot;xaxis&quot;:{&quot;lines&quot;:{&quot;show&quot;:&quot;false&quot;}},&quot;yaxis&quot;:{&quot;lines&quot;:{&quot;show&quot;:&quot;&quot;}}},&quot;plotOptions&quot;:{&quot;bar&quot;:{&quot;borderRadius&quot;:&quot;&quot;,&quot;dataLabels&quot;:{&quot;position&quot;:&quot;center&quot;},&quot;horizontal&quot;:true,&quot;columnWidth&quot;:17,&quot;barHeight&quot;:17}},&quot;stroke&quot;:{&quot;show&quot;:&quot;&quot;,&quot;lineCap&quot;:&quot;butt&quot;,&quot;colors&quot;:[&quot;#000000&quot;],&quot;width&quot;:2,&quot;dashArray&quot;:0},&quot;dataLabels&quot;:{&quot;enabled&quot;:true,&quot;style&quot;:{&quot;colors&quot;:[&quot;#000000&quot;],&quot;fontSize&quot;:&quot;12px&quot;}},&quot;colors&quot;:[&quot;#75C5B1&quot;,&quot;#00868D&quot;],&quot;fill&quot;:{&quot;colors&quot;:[&quot;#75C5B1&quot;,&quot;#00868D&quot;],&quot;opacity&quot;:0.90000000000000002220446049250313080847263336181640625,&quot;type&quot;:&quot;solid&quot;}}\" class=\"eael_fanct_chart_wrapper\">\n\t\t\t<div class=\"eael_fancy_chart_header\">\n\t\t\t\t\t\t<\/div>\n\t\t<div class=\"eael_fancy_chart\" id=\"eael_fancy_chart-8865058\"><\/div>\n\t\t<\/div>\n\t\t\t\t\t\t<\/div>\n\t\t\t\t<\/div>\n\t\t\t\t\t<\/div>\n\t\t\t\t<\/div>\n\t\t\t\t<\/div>\n\t\t","protected":false},"excerpt":{"rendered":"<p>Por meio da gest\u00e3o dos nossos planos de previd\u00eancia, seguimos honrando nosso compromisso di\u00e1rio com mais de 17 mil participantes, entre ativos, assistidos e pensionistas. \u00a0 Ao analisarmos a tabela de 2025, observamos uma estrutura ainda mais robusta e diversificada. O total de participantes alcan\u00e7a 17.316, sendo 13.758 ativos, al\u00e9m de 1.968 assistidos e 1.081 [&hellip;]<\/p>\n","protected":false},"author":1,"featured_media":5783,"parent":61,"menu_order":15,"comment_status":"closed","ping_status":"closed","template":"","meta":{"footnotes":""},"class_list":["post-2013","page","type-page","status-publish","has-post-thumbnail","hentry"],"acf":[],"yoast_head":"<!-- This site is optimized with the Yoast SEO plugin v27.5 - https:\/\/yoast.com\/product\/yoast-seo-wordpress\/ -->\n<title>Perfil dos Participantes - Relat\u00f3rio Anual<\/title>\n<meta name=\"robots\" content=\"index, follow, max-snippet:-1, max-image-preview:large, max-video-preview:-1\" \/>\n<link rel=\"canonical\" href=\"https:\/\/energisaprev.com.br\/relatorioanual2025\/previdencia\/perfil-dos-participantes\/\" \/>\n<meta property=\"og:locale\" content=\"pt_BR\" \/>\n<meta property=\"og:type\" content=\"article\" \/>\n<meta property=\"og:title\" content=\"Perfil dos Participantes - Relat\u00f3rio Anual\" \/>\n<meta property=\"og:description\" content=\"Por meio da gest\u00e3o dos nossos planos de previd\u00eancia, seguimos honrando nosso compromisso di\u00e1rio com mais de 17 mil participantes, entre ativos, assistidos e pensionistas. \u00a0 Ao analisarmos a tabela de 2025, observamos uma estrutura ainda mais robusta e diversificada. O total de participantes alcan\u00e7a 17.316, sendo 13.758 ativos, al\u00e9m de 1.968 assistidos e 1.081 [&hellip;]\" \/>\n<meta property=\"og:url\" content=\"https:\/\/energisaprev.com.br\/relatorioanual2025\/previdencia\/perfil-dos-participantes\/\" \/>\n<meta property=\"og:site_name\" content=\"Relat\u00f3rio Anual\" \/>\n<meta property=\"article:modified_time\" content=\"2026-04-29T22:26:11+00:00\" \/>\n<meta property=\"og:image\" content=\"https:\/\/energisaprev.com.br\/relatorioanual2025\/wp-content\/uploads\/2026\/04\/Mask-group-4.jpg\" \/>\n\t<meta property=\"og:image:width\" content=\"860\" \/>\n\t<meta property=\"og:image:height\" content=\"334\" \/>\n\t<meta property=\"og:image:type\" content=\"image\/jpeg\" \/>\n<meta name=\"twitter:card\" content=\"summary_large_image\" \/>\n<meta name=\"twitter:label1\" content=\"Est. tempo de leitura\" \/>\n\t<meta name=\"twitter:data1\" content=\"6 minutos\" \/>\n<script type=\"application\/ld+json\" class=\"yoast-schema-graph\">{\"@context\":\"https:\\\/\\\/schema.org\",\"@graph\":[{\"@type\":\"WebPage\",\"@id\":\"https:\\\/\\\/energisaprev.com.br\\\/relatorioanual2025\\\/previdencia\\\/perfil-dos-participantes\\\/\",\"url\":\"https:\\\/\\\/energisaprev.com.br\\\/relatorioanual2025\\\/previdencia\\\/perfil-dos-participantes\\\/\",\"name\":\"Perfil dos Participantes - Relat\u00f3rio Anual\",\"isPartOf\":{\"@id\":\"https:\\\/\\\/energisaprev.com.br\\\/relatorioanual2025\\\/#website\"},\"primaryImageOfPage\":{\"@id\":\"https:\\\/\\\/energisaprev.com.br\\\/relatorioanual2025\\\/previdencia\\\/perfil-dos-participantes\\\/#primaryimage\"},\"image\":{\"@id\":\"https:\\\/\\\/energisaprev.com.br\\\/relatorioanual2025\\\/previdencia\\\/perfil-dos-participantes\\\/#primaryimage\"},\"thumbnailUrl\":\"https:\\\/\\\/energisaprev.com.br\\\/relatorioanual2025\\\/wp-content\\\/uploads\\\/2026\\\/04\\\/Mask-group-4.jpg\",\"datePublished\":\"2024-04-04T14:51:10+00:00\",\"dateModified\":\"2026-04-29T22:26:11+00:00\",\"breadcrumb\":{\"@id\":\"https:\\\/\\\/energisaprev.com.br\\\/relatorioanual2025\\\/previdencia\\\/perfil-dos-participantes\\\/#breadcrumb\"},\"inLanguage\":\"pt-BR\",\"potentialAction\":[{\"@type\":\"ReadAction\",\"target\":[\"https:\\\/\\\/energisaprev.com.br\\\/relatorioanual2025\\\/previdencia\\\/perfil-dos-participantes\\\/\"]}]},{\"@type\":\"ImageObject\",\"inLanguage\":\"pt-BR\",\"@id\":\"https:\\\/\\\/energisaprev.com.br\\\/relatorioanual2025\\\/previdencia\\\/perfil-dos-participantes\\\/#primaryimage\",\"url\":\"https:\\\/\\\/energisaprev.com.br\\\/relatorioanual2025\\\/wp-content\\\/uploads\\\/2026\\\/04\\\/Mask-group-4.jpg\",\"contentUrl\":\"https:\\\/\\\/energisaprev.com.br\\\/relatorioanual2025\\\/wp-content\\\/uploads\\\/2026\\\/04\\\/Mask-group-4.jpg\",\"width\":860,\"height\":334},{\"@type\":\"BreadcrumbList\",\"@id\":\"https:\\\/\\\/energisaprev.com.br\\\/relatorioanual2025\\\/previdencia\\\/perfil-dos-participantes\\\/#breadcrumb\",\"itemListElement\":[{\"@type\":\"ListItem\",\"position\":1,\"name\":\"In\u00edcio\",\"item\":\"https:\\\/\\\/energisaprev.com.br\\\/relatorioanual2025\\\/\"},{\"@type\":\"ListItem\",\"position\":2,\"name\":\"Previd\u00eancia\",\"item\":\"https:\\\/\\\/energisaprev.com.br\\\/relatorioanual2025\\\/previdencia\\\/\"},{\"@type\":\"ListItem\",\"position\":3,\"name\":\"Perfil dos Participantes\"}]},{\"@type\":\"WebSite\",\"@id\":\"https:\\\/\\\/energisaprev.com.br\\\/relatorioanual2025\\\/#website\",\"url\":\"https:\\\/\\\/energisaprev.com.br\\\/relatorioanual2025\\\/\",\"name\":\"Relat\u00f3rio Anual\",\"description\":\"\",\"potentialAction\":[{\"@type\":\"SearchAction\",\"target\":{\"@type\":\"EntryPoint\",\"urlTemplate\":\"https:\\\/\\\/energisaprev.com.br\\\/relatorioanual2025\\\/?s={search_term_string}\"},\"query-input\":{\"@type\":\"PropertyValueSpecification\",\"valueRequired\":true,\"valueName\":\"search_term_string\"}}],\"inLanguage\":\"pt-BR\"}]}<\/script>\n<!-- \/ Yoast SEO plugin. -->","yoast_head_json":{"title":"Perfil dos Participantes - Relat\u00f3rio Anual","robots":{"index":"index","follow":"follow","max-snippet":"max-snippet:-1","max-image-preview":"max-image-preview:large","max-video-preview":"max-video-preview:-1"},"canonical":"https:\/\/energisaprev.com.br\/relatorioanual2025\/previdencia\/perfil-dos-participantes\/","og_locale":"pt_BR","og_type":"article","og_title":"Perfil dos Participantes - Relat\u00f3rio Anual","og_description":"Por meio da gest\u00e3o dos nossos planos de previd\u00eancia, seguimos honrando nosso compromisso di\u00e1rio com mais de 17 mil participantes, entre ativos, assistidos e pensionistas. \u00a0 Ao analisarmos a tabela de 2025, observamos uma estrutura ainda mais robusta e diversificada. O total de participantes alcan\u00e7a 17.316, sendo 13.758 ativos, al\u00e9m de 1.968 assistidos e 1.081 [&hellip;]","og_url":"https:\/\/energisaprev.com.br\/relatorioanual2025\/previdencia\/perfil-dos-participantes\/","og_site_name":"Relat\u00f3rio Anual","article_modified_time":"2026-04-29T22:26:11+00:00","og_image":[{"width":860,"height":334,"url":"https:\/\/energisaprev.com.br\/relatorioanual2025\/wp-content\/uploads\/2026\/04\/Mask-group-4.jpg","type":"image\/jpeg"}],"twitter_card":"summary_large_image","twitter_misc":{"Est. tempo de leitura":"6 minutos"},"schema":{"@context":"https:\/\/schema.org","@graph":[{"@type":"WebPage","@id":"https:\/\/energisaprev.com.br\/relatorioanual2025\/previdencia\/perfil-dos-participantes\/","url":"https:\/\/energisaprev.com.br\/relatorioanual2025\/previdencia\/perfil-dos-participantes\/","name":"Perfil dos Participantes - Relat\u00f3rio Anual","isPartOf":{"@id":"https:\/\/energisaprev.com.br\/relatorioanual2025\/#website"},"primaryImageOfPage":{"@id":"https:\/\/energisaprev.com.br\/relatorioanual2025\/previdencia\/perfil-dos-participantes\/#primaryimage"},"image":{"@id":"https:\/\/energisaprev.com.br\/relatorioanual2025\/previdencia\/perfil-dos-participantes\/#primaryimage"},"thumbnailUrl":"https:\/\/energisaprev.com.br\/relatorioanual2025\/wp-content\/uploads\/2026\/04\/Mask-group-4.jpg","datePublished":"2024-04-04T14:51:10+00:00","dateModified":"2026-04-29T22:26:11+00:00","breadcrumb":{"@id":"https:\/\/energisaprev.com.br\/relatorioanual2025\/previdencia\/perfil-dos-participantes\/#breadcrumb"},"inLanguage":"pt-BR","potentialAction":[{"@type":"ReadAction","target":["https:\/\/energisaprev.com.br\/relatorioanual2025\/previdencia\/perfil-dos-participantes\/"]}]},{"@type":"ImageObject","inLanguage":"pt-BR","@id":"https:\/\/energisaprev.com.br\/relatorioanual2025\/previdencia\/perfil-dos-participantes\/#primaryimage","url":"https:\/\/energisaprev.com.br\/relatorioanual2025\/wp-content\/uploads\/2026\/04\/Mask-group-4.jpg","contentUrl":"https:\/\/energisaprev.com.br\/relatorioanual2025\/wp-content\/uploads\/2026\/04\/Mask-group-4.jpg","width":860,"height":334},{"@type":"BreadcrumbList","@id":"https:\/\/energisaprev.com.br\/relatorioanual2025\/previdencia\/perfil-dos-participantes\/#breadcrumb","itemListElement":[{"@type":"ListItem","position":1,"name":"In\u00edcio","item":"https:\/\/energisaprev.com.br\/relatorioanual2025\/"},{"@type":"ListItem","position":2,"name":"Previd\u00eancia","item":"https:\/\/energisaprev.com.br\/relatorioanual2025\/previdencia\/"},{"@type":"ListItem","position":3,"name":"Perfil dos Participantes"}]},{"@type":"WebSite","@id":"https:\/\/energisaprev.com.br\/relatorioanual2025\/#website","url":"https:\/\/energisaprev.com.br\/relatorioanual2025\/","name":"Relat\u00f3rio Anual","description":"","potentialAction":[{"@type":"SearchAction","target":{"@type":"EntryPoint","urlTemplate":"https:\/\/energisaprev.com.br\/relatorioanual2025\/?s={search_term_string}"},"query-input":{"@type":"PropertyValueSpecification","valueRequired":true,"valueName":"search_term_string"}}],"inLanguage":"pt-BR"}]}},"_links":{"self":[{"href":"https:\/\/energisaprev.com.br\/relatorioanual2025\/wp-json\/wp\/v2\/pages\/2013","targetHints":{"allow":["GET"]}}],"collection":[{"href":"https:\/\/energisaprev.com.br\/relatorioanual2025\/wp-json\/wp\/v2\/pages"}],"about":[{"href":"https:\/\/energisaprev.com.br\/relatorioanual2025\/wp-json\/wp\/v2\/types\/page"}],"author":[{"embeddable":true,"href":"https:\/\/energisaprev.com.br\/relatorioanual2025\/wp-json\/wp\/v2\/users\/1"}],"replies":[{"embeddable":true,"href":"https:\/\/energisaprev.com.br\/relatorioanual2025\/wp-json\/wp\/v2\/comments?post=2013"}],"version-history":[{"count":62,"href":"https:\/\/energisaprev.com.br\/relatorioanual2025\/wp-json\/wp\/v2\/pages\/2013\/revisions"}],"predecessor-version":[{"id":5996,"href":"https:\/\/energisaprev.com.br\/relatorioanual2025\/wp-json\/wp\/v2\/pages\/2013\/revisions\/5996"}],"up":[{"embeddable":true,"href":"https:\/\/energisaprev.com.br\/relatorioanual2025\/wp-json\/wp\/v2\/pages\/61"}],"wp:featuredmedia":[{"embeddable":true,"href":"https:\/\/energisaprev.com.br\/relatorioanual2025\/wp-json\/wp\/v2\/media\/5783"}],"wp:attachment":[{"href":"https:\/\/energisaprev.com.br\/relatorioanual2025\/wp-json\/wp\/v2\/media?parent=2013"}],"curies":[{"name":"wp","href":"https:\/\/api.w.org\/{rel}","templated":true}]}}