{"id":1765,"date":"2024-04-03T12:38:49","date_gmt":"2024-04-03T15:38:49","guid":{"rendered":"https:\/\/crtcomunicacao.com.br\/rai_energisa\/?page_id=1765"},"modified":"2026-04-30T17:26:19","modified_gmt":"2026-04-30T20:26:19","slug":"quem-somos","status":"publish","type":"page","link":"https:\/\/energisaprev.com.br\/relatorioanual2025\/institucional\/quem-somos\/","title":{"rendered":"Quem Somos"},"content":{"rendered":"\t\t<div data-elementor-type=\"wp-page\" data-elementor-id=\"1765\" class=\"elementor elementor-1765\">\n\t\t\t\t\t\t<section data-particle_enable=\"false\" data-particle-mobile-disabled=\"false\" class=\"elementor-section elementor-top-section elementor-element elementor-element-d065c5f elementor-section-boxed elementor-section-height-default elementor-section-height-default\" data-id=\"d065c5f\" data-element_type=\"section\" data-e-type=\"section\">\n\t\t\t\t\t\t<div class=\"elementor-container elementor-column-gap-default\">\n\t\t\t\t\t<div class=\"elementor-column elementor-col-100 elementor-top-column elementor-element elementor-element-6ecf7ceb\" data-id=\"6ecf7ceb\" data-element_type=\"column\" data-e-type=\"column\">\n\t\t\t<div class=\"elementor-widget-wrap elementor-element-populated\">\n\t\t\t\t\t\t<div class=\"elementor-element elementor-element-2c375519 elementor-widget elementor-widget-text-editor\" data-id=\"2c375519\" data-element_type=\"widget\" data-e-type=\"widget\" data-widget_type=\"text-editor.default\">\n\t\t\t\t<div class=\"elementor-widget-container\">\n\t\t\t\t\t\t\t\t\t<div class=\"page\" title=\"Page 5\"><p>Cuidar do futuro de milhares de pessoas \u00e9 o que nos move todos os dias. Nesse prop\u00f3sito, gerimos planos de previd\u00eancia complementar para as empresas do Grupo Energisa, com o compromisso de transformar planejamento em seguran\u00e7a e garantir tranquilidade na aposentadoria de cada cliente participante.<\/p><p>Nossa miss\u00e3o \u00e9 transformar sonhos em realidade por meio do planejamento para o amanh\u00e3, sempre ao lado dos nossos clientes e de suas fam\u00edlias. Atuamos com responsabilidade, transpar\u00eancia e proximidade, sustentados por uma governan\u00e7a s\u00f3lida e por decis\u00f5es t\u00e9cnicas que asseguram a perenidade dos planos.<\/p><p>Com uma estrutura robusta e em constante evolu\u00e7\u00e3o, conduzimos 15 planos de previd\u00eancia e mais de R$ 2 bilh\u00f5es em ativos, refletindo a confian\u00e7a de mais de 17 mil pessoas em todo o Brasil. E assim, seguimos avan\u00e7ando com foco em efici\u00eancia, inova\u00e7\u00e3o e na constru\u00e7\u00e3o de uma experi\u00eancia cada vez mais segura e humanizada \u2014 h\u00e1 45 anos construindo confian\u00e7a.<\/p><\/div>\t\t\t\t\t\t\t\t<\/div>\n\t\t\t\t<\/div>\n\t\t\t\t\t<\/div>\n\t\t<\/div>\n\t\t\t\t\t<\/div>\n\t\t<\/section>\n\t\t\t\t<section data-particle_enable=\"false\" data-particle-mobile-disabled=\"false\" class=\"elementor-section elementor-top-section elementor-element elementor-element-796755b elementor-section-boxed elementor-section-height-default elementor-section-height-default\" data-id=\"796755b\" data-element_type=\"section\" data-e-type=\"section\">\n\t\t\t\t\t\t<div class=\"elementor-container elementor-column-gap-default\">\n\t\t\t\t\t<div class=\"elementor-column elementor-col-100 elementor-top-column elementor-element elementor-element-6482d27\" data-id=\"6482d27\" data-element_type=\"column\" data-e-type=\"column\">\n\t\t\t<div class=\"elementor-widget-wrap elementor-element-populated\">\n\t\t\t\t\t\t<div class=\"elementor-element elementor-element-104bfc2 elementor-widget elementor-widget-heading\" data-id=\"104bfc2\" data-element_type=\"widget\" data-e-type=\"widget\" data-widget_type=\"heading.default\">\n\t\t\t\t<div class=\"elementor-widget-container\">\n\t\t\t\t\t<h2 class=\"elementor-heading-title elementor-size-default\">Nossa trajet\u00f3ria<\/h2>\t\t\t\t<\/div>\n\t\t\t\t<\/div>\n\t\t\t\t\t<\/div>\n\t\t<\/div>\n\t\t\t\t\t<\/div>\n\t\t<\/section>\n\t\t\t\t<section data-particle_enable=\"false\" data-particle-mobile-disabled=\"false\" class=\"elementor-section elementor-top-section elementor-element elementor-element-ec0f49a elementor-section-boxed elementor-section-height-default elementor-section-height-default\" data-id=\"ec0f49a\" data-element_type=\"section\" data-e-type=\"section\">\n\t\t\t\t\t\t<div class=\"elementor-container elementor-column-gap-default\">\n\t\t\t\t\t<div class=\"elementor-column elementor-col-100 elementor-top-column elementor-element elementor-element-4fa9668\" data-id=\"4fa9668\" data-element_type=\"column\" data-e-type=\"column\">\n\t\t\t<div class=\"elementor-widget-wrap elementor-element-populated\">\n\t\t\t\t\t\t<div class=\"elementor-element elementor-element-23d75e7 elementor-widget elementor-widget-html\" data-id=\"23d75e7\" data-element_type=\"widget\" data-e-type=\"widget\" data-widget_type=\"html.default\">\n\t\t\t\t<div class=\"elementor-widget-container\">\n\t\t\t\t\t<style>\n  \/* ===== GRID DE N\u00daMEROS ===== *\/\n  #numeros-energisaprev {\n    width: 100%;\n    max-width: 1100px;\n    display: grid;\n    grid-template-columns: repeat(6, 1fr);\n    grid-auto-rows: minmax(220px, auto);\n    gap: 8px;\n    box-sizing: border-box;\n  }\n \n  \/* --- Card base --- *\/\n  #numeros-energisaprev .numeros-energisaprev__card {\n    border-radius: 8px;\n    padding: 28px 30px;\n    box-sizing: border-box;\n    display: flex;\n    flex-direction: column;\n    justify-content: flex-start;\n    overflow: hidden;\n    position: relative;\n  }\n \n  \/* --- Variante clara --- *\/\n  #numeros-energisaprev .numeros-energisaprev__card--light {\n    background: linear-gradient(180deg, #ffffff 0%, #eaf6ff 100%);\n    border: 1px solid #d6e4ec;\n    color: #1f3a4d !important;\n  }\n \n  \/* --- Variante escura --- *\/\n  #numeros-energisaprev .numeros-energisaprev__card--dark {\n    background: linear-gradient(135deg, #1f5560 0%, #2d6e7a 100%);\n    color: #ffffff  !important;\n  }\n \n  \/* Brilho sutil no card grande \"22 anos\" *\/\n  #numeros-energisaprev .numeros-energisaprev__card--highlight {\n    background:\n      radial-gradient(circle at 85% 15%, rgba(173, 216, 230, 0.4) 0%, transparent 45%),\n      linear-gradient(135deg, #1f5560 0%, #2d6e7a 100%);\n  }\n \n  \/* --- Posicionamento (grid areas) --- *\/\n  #numeros-energisaprev .numeros-energisaprev__card--45anos     { grid-column: span 2; grid-row: span 1; }\n  #numeros-energisaprev .numeros-energisaprev__card--22anos     { grid-column: span 4; grid-row: span 1; }\n  #numeros-energisaprev .numeros-energisaprev__card--participantes { grid-column: span 2; grid-row: span 1; }\n  #numeros-energisaprev .numeros-energisaprev__card--gestao     { grid-column: span 2; grid-row: span 1; }\n  #numeros-energisaprev .numeros-energisaprev__card--planos     { grid-column: span 2; grid-row: span 1; }\n  #numeros-energisaprev .numeros-energisaprev__card--patrocinadoras { grid-column: span 2; grid-row: span 1; }\n  #numeros-energisaprev .numeros-energisaprev__card--estados    { grid-column: span 2; grid-row: span 1; }\n  #numeros-energisaprev .numeros-energisaprev__card--colaboradores { grid-column: span 2; grid-row: span 1; }\n \n  \/* --- Tipografia do destaque (n\u00famero + sufixo) --- *\/\n  #numeros-energisaprev .numeros-energisaprev__highlight {\n    display: flex;\n    align-items: baseline;\n    gap: 6px;\n    margin-bottom: 4px;\n    line-height: 1;\n  }\n \n  #numeros-energisaprev .numeros-energisaprev__prefix {\n    font-size: 28px;\n    font-weight: 400;\n    color: inherit  !important;\n    opacity: 0.95;\n  }\n \n  #numeros-energisaprev .numeros-energisaprev__number {\n    font-size: 64px;\n    font-weight: 600;\n    letter-spacing: -2px;\n    line-height: 1;\n  }\n \n  #numeros-energisaprev .numeros-energisaprev__suffix {\n    font-size: 22px;\n    font-weight: 400;\n    color: inherit  !important;\n    opacity: 0.95;\n  }\n \n  \/* Cor verde do n\u00famero nos cards claros *\/\n  #numeros-energisaprev .numeros-energisaprev__card--light .numeros-energisaprev__number {\n    color: #7cb342  !important;\n  }\n  #numeros-energisaprev .numeros-energisaprev__card--light .numeros-energisaprev__suffix {\n    color: #9ccc65;\n  }\n \n  \/* Cor verde do n\u00famero apenas no card \"+de 17 mil\" (escuro com n\u00famero verde) *\/\n  #numeros-energisaprev .numeros-energisaprev__card--participantes .numeros-energisaprev__number {\n    color: #9ccc65  !important;\n  }\n  #numeros-energisaprev .numeros-energisaprev__card--participantes .numeros-energisaprev__suffix {\n    color: #7cb342  !important;\n  }\n  #numeros-energisaprev .numeros-energisaprev__card--gestao .numeros-energisaprev__number {\n    color: #7cb342  !important;\n  }\n  #numeros-energisaprev .numeros-energisaprev__card--gestao .numeros-energisaprev__suffix {\n    color: #9ccc65  !important;\n  }\n \n  \/* --- Subt\u00edtulo (linha logo abaixo do n\u00famero) --- *\/\n  #numeros-energisaprev .numeros-energisaprev__subtitle {\n    margin: 0 0 20px 0;\n    font-size: 16px;\n    font-weight: 400;\n    line-height: 1.35;\n    color: inherit  !important;\n    opacity: 0.95;\n  }\n \n  \/* --- Descri\u00e7\u00e3o (par\u00e1grafo final) --- *\/\n  #numeros-energisaprev .numeros-energisaprev__description {\n    margin: 0;\n    font-size: 14px;\n    line-height: 1.55;\n    color: inherit !important;\n    opacity: 0.85;\n    max-width: 320px;\n  }\n \n  \/* ===== RESPONSIVO ===== *\/\n  @media (max-width: 900px) {\n    #numeros-energisaprev {\n      grid-template-columns: repeat(4, 1fr);\n    }\n    #numeros-energisaprev .numeros-energisaprev__card--45anos,\n    #numeros-energisaprev .numeros-energisaprev__card--participantes,\n    #numeros-energisaprev .numeros-energisaprev__card--gestao,\n    #numeros-energisaprev .numeros-energisaprev__card--planos,\n    #numeros-energisaprev .numeros-energisaprev__card--patrocinadoras,\n    #numeros-energisaprev .numeros-energisaprev__card--estados,\n    #numeros-energisaprev .numeros-energisaprev__card--colaboradores {\n      grid-column: span 2;\n    }\n    #numeros-energisaprev .numeros-energisaprev__card--22anos {\n      grid-column: span 4;\n    }\n    #numeros-energisaprev .numeros-energisaprev__number {\n      font-size: 56px;\n    }\n  }\n \n  @media (max-width: 600px) {\n    #numeros-energisaprev {\n      grid-template-columns: 1fr;\n      grid-auto-rows: auto;\n      gap: 12px;\n    }\n    #numeros-energisaprev .numeros-energisaprev__card--45anos,\n    #numeros-energisaprev .numeros-energisaprev__card--22anos,\n    #numeros-energisaprev .numeros-energisaprev__card--participantes,\n    #numeros-energisaprev .numeros-energisaprev__card--gestao,\n    #numeros-energisaprev .numeros-energisaprev__card--planos,\n    #numeros-energisaprev .numeros-energisaprev__card--patrocinadoras,\n    #numeros-energisaprev .numeros-energisaprev__card--estados,\n    #numeros-energisaprev .numeros-energisaprev__card--colaboradores {\n      grid-column: span 1;\n    }\n    #numeros-energisaprev .numeros-energisaprev__card {\n      padding: 24px 22px;\n    }\n    #numeros-energisaprev .numeros-energisaprev__number {\n      font-size: 52px;\n    }\n    #numeros-energisaprev .numeros-energisaprev__prefix {\n      font-size: 24px;\n    }\n    #numeros-energisaprev .numeros-energisaprev__suffix {\n      font-size: 18px;\n    }\n    #numeros-energisaprev .numeros-energisaprev__subtitle {\n      font-size: 15px;\n      margin-bottom: 16px;\n    }\n    #numeros-energisaprev .numeros-energisaprev__description {\n      font-size: 13.5px;\n    }\n  }\n<\/style>\n\n \n<section id=\"numeros-energisaprev\">\n \n  <!-- 45 anos -->\n  <article class=\"numeros-energisaprev__card numeros-energisaprev__card--light numeros-energisaprev__card--45anos\">\n    <div class=\"numeros-energisaprev__highlight\">\n      <span class=\"numeros-energisaprev__number\">45<\/span>\n      <span class=\"numeros-energisaprev__suffix\">anos<\/span>\n    <\/div>\n    <p class=\"numeros-energisaprev__subtitle\">dedicados \u00e0 previd\u00eancia complementar<\/p>\n    <p class=\"numeros-energisaprev__description\">\n      Construindo, com responsabilidade, o futuro previdenci\u00e1rio de milhares de pessoas.\n    <\/p>\n  <\/article>\n \n  <!-- 22 anos de EnergisaPrev (card grande destacado) -->\n  <article class=\"numeros-energisaprev__card numeros-energisaprev__card--dark numeros-energisaprev__card--highlight numeros-energisaprev__card--22anos\">\n    <div class=\"numeros-energisaprev__highlight\" style=\"margin-left:auto; max-width:280px;\">\n      <span class=\"numeros-energisaprev__number\">22<\/span>\n      <span class=\"numeros-energisaprev__suffix\">anos<\/span>\n    <\/div>\n    <p class=\"numeros-energisaprev__subtitle\" style=\"margin-left:auto; max-width:280px;\">de EnergisaPrev<\/p>\n    <p class=\"numeros-energisaprev__description\" style=\"margin-left:auto;\">\n      Evolu\u00e7\u00e3o com governan\u00e7a, efici\u00eancia e seguran\u00e7a.\n    <\/p>\n  <\/article>\n \n  <!-- +de 17 mil Participantes -->\n  <article class=\"numeros-energisaprev__card numeros-energisaprev__card--dark numeros-energisaprev__card--participantes\">\n    <div class=\"numeros-energisaprev__highlight\">\n      <span class=\"numeros-energisaprev__prefix\">+de<\/span>\n      <span class=\"numeros-energisaprev__number\">17<\/span>\n      <span class=\"numeros-energisaprev__suffix\">mil<\/span>\n    <\/div>\n    <p class=\"numeros-energisaprev__subtitle\">Participantes<\/p>\n    <p class=\"numeros-energisaprev__description\">\n      Marca alcan\u00e7ada, refletindo confian\u00e7a e crescimento cont\u00ednuo.\n    <\/p>\n  <\/article>\n \n  <!-- R$ 2,0 bi Sob gest\u00e3o -->\n  <article class=\"numeros-energisaprev__card numeros-energisaprev__card--light numeros-energisaprev__card--gestao\">\n    <div class=\"numeros-energisaprev__highlight\">\n      <span class=\"numeros-energisaprev__prefix\">R$<\/span>\n      <span class=\"numeros-energisaprev__number\">2,0<\/span>\n      <span class=\"numeros-energisaprev__suffix\">bi<\/span>\n    <\/div>\n    <p class=\"numeros-energisaprev__subtitle\">Sob gest\u00e3o<\/p>\n    <p class=\"numeros-energisaprev__description\">\n      Solidez e responsabilidade na administra\u00e7\u00e3o dos recursos.\n    <\/p>\n  <\/article>\n \n  <!-- 15 planos -->\n  <article class=\"numeros-energisaprev__card numeros-energisaprev__card--light numeros-energisaprev__card--planos\">\n    <div class=\"numeros-energisaprev__highlight\">\n      <span class=\"numeros-energisaprev__number\">15<\/span>\n      <span class=\"numeros-energisaprev__suffix\">planos de<br>previd\u00eancia<br>administrados<\/span>\n    <\/div>\n    <p class=\"numeros-energisaprev__description\" style=\"margin-top:18px;\">\n      Solu\u00e7\u00f5es que atendem diferentes perfis e momentos de vida.\n    <\/p>\n  <\/article>\n \n  <!-- +de 37 patrocinadoras -->\n  <article class=\"numeros-energisaprev__card numeros-energisaprev__card--light numeros-energisaprev__card--patrocinadoras\">\n    <div class=\"numeros-energisaprev__highlight\">\n      <span class=\"numeros-energisaprev__prefix\">+de<\/span>\n      <span class=\"numeros-energisaprev__number\">37<\/span>\n    <\/div>\n    <p class=\"numeros-energisaprev__subtitle\">patrocinadoras<\/p>\n    <p class=\"numeros-energisaprev__description\">\n      Atua\u00e7\u00e3o consolidada como entidade multipatrocinada.\n    <\/p>\n  <\/article>\n \n  <!-- 7 estados presentes -->\n  <article class=\"numeros-energisaprev__card numeros-energisaprev__card--light numeros-energisaprev__card--estados\">\n    <div class=\"numeros-energisaprev__highlight\">\n      <span class=\"numeros-energisaprev__number\">7<\/span>\n    <\/div>\n    <p class=\"numeros-energisaprev__subtitle\">estados presentes<\/p>\n    <p class=\"numeros-energisaprev__description\">\n      Capilaridade e proximidade com participantes em todo o pa\u00eds.\n    <\/p>\n  <\/article>\n \n  <!-- 27 colaboradores -->\n  <article class=\"numeros-energisaprev__card numeros-energisaprev__card--dark numeros-energisaprev__card--colaboradores\">\n    <div class=\"numeros-energisaprev__highlight\">\n      <span class=\"numeros-energisaprev__number\">27<\/span>\n    <\/div>\n    <p class=\"numeros-energisaprev__subtitle\">colaboradores<\/p>\n    <p class=\"numeros-energisaprev__description\">\n      altamente qualificados e comprometidos.\n    <\/p>\n  <\/article>\n \n<\/section>\t\t\t\t<\/div>\n\t\t\t\t<\/div>\n\t\t\t\t\t<\/div>\n\t\t<\/div>\n\t\t\t\t\t<\/div>\n\t\t<\/section>\n\t\t\t\t<section data-particle_enable=\"false\" data-particle-mobile-disabled=\"false\" class=\"elementor-section elementor-top-section elementor-element elementor-element-8788ca0 elementor-section-boxed elementor-section-height-default elementor-section-height-default\" data-id=\"8788ca0\" data-element_type=\"section\" data-e-type=\"section\">\n\t\t\t\t\t\t<div class=\"elementor-container elementor-column-gap-default\">\n\t\t\t\t\t<div class=\"elementor-column elementor-col-100 elementor-top-column elementor-element elementor-element-06621c0\" data-id=\"06621c0\" data-element_type=\"column\" data-e-type=\"column\" data-settings=\"{&quot;background_background&quot;:&quot;classic&quot;}\">\n\t\t\t<div class=\"elementor-widget-wrap elementor-element-populated\">\n\t\t\t\t\t\t<div class=\"elementor-element elementor-element-44b0e8a elementor-position-inline-start elementor-view-default elementor-mobile-position-block-start elementor-widget elementor-widget-icon-box\" data-id=\"44b0e8a\" data-element_type=\"widget\" data-e-type=\"widget\" data-widget_type=\"icon-box.default\">\n\t\t\t\t<div class=\"elementor-widget-container\">\n\t\t\t\t\t\t\t<div class=\"elementor-icon-box-wrapper\">\n\n\t\t\t\t\t\t<div class=\"elementor-icon-box-icon\">\n\t\t\t\t<span  class=\"elementor-icon\">\n\t\t\t\t<svg xmlns=\"http:\/\/www.w3.org\/2000\/svg\" width=\"28\" height=\"28\" viewBox=\"0 0 28 28\" fill=\"none\"><path d=\"M13.7503 21.3332C15.7616 21.3332 17.6904 20.5342 19.1126 19.1121C20.5347 17.6899 21.3337 15.7611 21.3337 13.7498C21.3337 11.7386 20.5347 9.80976 19.1126 8.38761C17.6904 6.96546 15.7616 6.1665 13.7503 6.1665C11.7391 6.1665 9.81025 6.96546 8.3881 8.38761C6.96595 9.80976 6.16699 11.7386 6.16699 13.7498C6.16699 15.7611 6.96595 17.6899 8.3881 19.1121C9.81025 20.5342 11.7391 21.3332 13.7503 21.3332Z\" stroke=\"#6CB158\" stroke-width=\"1.5\" stroke-linecap=\"round\" stroke-linejoin=\"round\"><\/path><path d=\"M13.7497 15.9168C14.3243 15.9168 14.8754 15.6886 15.2817 15.2822C15.6881 14.8759 15.9163 14.3248 15.9163 13.7502C15.9163 13.1755 15.6881 12.6244 15.2817 12.2181C14.8754 11.8118 14.3243 11.5835 13.7497 11.5835C13.175 11.5835 12.6239 11.8118 12.2176 12.2181C11.8113 12.6244 11.583 13.1755 11.583 13.7502C11.583 14.3248 11.8113 14.8759 12.2176 15.2822C12.6239 15.6886 13.175 15.9168 13.7497 15.9168Z\" stroke=\"#6CB158\" stroke-width=\"1.5\" stroke-linecap=\"round\" stroke-linejoin=\"round\"><\/path><path d=\"M26.75 13.75C26.75 15.4572 26.4137 17.1477 25.7604 18.7249C25.1071 20.3021 24.1495 21.7352 22.9424 22.9424C21.7352 24.1495 20.3021 25.1071 18.7249 25.7604C17.1477 26.4137 15.4572 26.75 13.75 26.75C12.0428 26.75 10.3523 26.4137 8.77512 25.7604C7.19788 25.1071 5.76477 24.1495 4.55761 22.9424C3.35045 21.7352 2.39288 20.3021 1.73957 18.7249C1.08625 17.1477 0.75 15.4572 0.75 13.75C0.75 10.3022 2.11964 6.99558 4.55761 4.55761C6.99558 2.11964 10.3022 0.75 13.75 0.75C17.1978 0.75 20.5044 2.11964 22.9424 4.55761C25.3804 6.99558 26.75 10.3022 26.75 13.75Z\" stroke=\"#6CB158\" stroke-width=\"1.5\" stroke-linecap=\"round\" stroke-linejoin=\"round\"><\/path><\/svg>\t\t\t\t<\/span>\n\t\t\t<\/div>\n\t\t\t\n\t\t\t\t\t\t<div class=\"elementor-icon-box-content\">\n\n\t\t\t\t\t\t\t\t\t<h3 class=\"elementor-icon-box-title\">\n\t\t\t\t\t\t<span  >\n\t\t\t\t\t\t\tMiss\u00e3o e prop\u00f3sito\u200b\t\t\t\t\t\t<\/span>\n\t\t\t\t\t<\/h3>\n\t\t\t\t\n\t\t\t\t\n\t\t\t<\/div>\n\t\t\t\n\t\t<\/div>\n\t\t\t\t\t\t<\/div>\n\t\t\t\t<\/div>\n\t\t\t\t<div class=\"elementor-element elementor-element-42fbe4e elementor-widget elementor-widget-text-editor\" data-id=\"42fbe4e\" data-element_type=\"widget\" data-e-type=\"widget\" data-widget_type=\"text-editor.default\">\n\t\t\t\t<div class=\"elementor-widget-container\">\n\t\t\t\t\t\t\t\t\t<div class=\"page\" title=\"Page 5\"><p>Transformar sonhos em realidade por meio do planejamento do futuro, atuando ao lado dos participantes e seus familiares com seguran\u00e7a e responsabilidade.<\/p><\/div>\t\t\t\t\t\t\t\t<\/div>\n\t\t\t\t<\/div>\n\t\t\t\t<div class=\"elementor-element elementor-element-ee7cadf elementor-widget elementor-widget-html\" data-id=\"ee7cadf\" data-element_type=\"widget\" data-e-type=\"widget\" data-widget_type=\"html.default\">\n\t\t\t\t<div class=\"elementor-widget-container\">\n\t\t\t\t\t<section id=\"trajetoria-timeline\">\n\n  <ol class=\"trajetoria-timeline__list\">\n \n    <li class=\"trajetoria-timeline__item\">\n      <div class=\"trajetoria-timeline__icon\" aria-hidden=\"true\" style=\"background: #6CB158;\">\n        <svg width=\"25\" height=\"35\" viewBox=\"0 0 25 35\" fill=\"none\" xmlns=\"http:\/\/www.w3.org\/2000\/svg\"> <path d=\"M0 9.84265C0 9.84265 0.356089 17.4796 8.23103 17.3027C8.23103 17.3043 7.9641 9.53491 0 9.84265Z\" fill=\"white\"\/> <path d=\"M7.33083 0C7.33083 0 1.82421 8.4755 10.2779 14.5234C10.2779 14.5234 16.3972 6.44521 7.33083 0Z\" fill=\"white\"\/> <path d=\"M10.9189 20.291C10.9189 20.291 11.1659 27.4573 18.8198 27.3319C18.8198 27.3319 18.5961 19.9533 10.9189 20.291Z\" fill=\"white\"\/> <path d=\"M24.9607 6.18039C24.9607 6.18039 14.0604 4.37046 12.1006 15.0531C12.1027 15.0531 22.6027 16.9955 24.9607 6.18039Z\" fill=\"white\"\/> <path d=\"M19.2639 17.6576C19.2639 17.6576 15.4815 14.5234 12.1006 18.5845C12.1011 18.5845 15.883 21.5863 19.2639 17.6576Z\" fill=\"white\"\/> <path d=\"M10.0548 17.5691C10.0548 17.5691 -2.42714 26.0596 4.90422 34.594C4.89396 34.6085 19.8874 34.594 19.8874 34.594C19.8874 34.594 3.11407 29.1793 10.0548 17.5691Z\" fill=\"white\"\/> <\/svg>\n      <\/div>\n      <h3 class=\"trajetoria-timeline__year\">Anos 80<\/h3>\n      <p class=\"trajetoria-timeline__subtitle\">Primeiras estruturas previdenci\u00e1rias<\/p>\n      <p class=\"trajetoria-timeline__description\">\n        Surgem os primeiros fundos de pens\u00e3o do Grupo Energisa, marcando o in\u00edcio da previd\u00eancia complementar com foco em longo prazo e prote\u00e7\u00e3o dos colaboradores. <br>\n        Em 1981, teve in\u00edcio o Plano Sudeste, consolidando esse movimento de estrutura\u00e7\u00e3o previdenci\u00e1ria.\n      <\/p>\n    <\/li>\n \n    <li class=\"trajetoria-timeline__item\">\n      <div class=\"trajetoria-timeline__icon\" aria-hidden=\"true\" style=\"background: #2A6267;\">\n        <svg width=\"25\" height=\"35\" viewBox=\"0 0 25 35\" fill=\"none\" xmlns=\"http:\/\/www.w3.org\/2000\/svg\"> <path d=\"M0 9.84265C0 9.84265 0.356089 17.4796 8.23103 17.3027C8.23103 17.3043 7.9641 9.53491 0 9.84265Z\" fill=\"white\"\/> <path d=\"M7.33083 0C7.33083 0 1.82421 8.4755 10.2779 14.5234C10.2779 14.5234 16.3972 6.44521 7.33083 0Z\" fill=\"white\"\/> <path d=\"M10.9189 20.291C10.9189 20.291 11.1659 27.4573 18.8198 27.3319C18.8198 27.3319 18.5961 19.9533 10.9189 20.291Z\" fill=\"white\"\/> <path d=\"M24.9607 6.18039C24.9607 6.18039 14.0604 4.37046 12.1006 15.0531C12.1027 15.0531 22.6027 16.9955 24.9607 6.18039Z\" fill=\"white\"\/> <path d=\"M19.2639 17.6576C19.2639 17.6576 15.4815 14.5234 12.1006 18.5845C12.1011 18.5845 15.883 21.5863 19.2639 17.6576Z\" fill=\"white\"\/> <path d=\"M10.0548 17.5691C10.0548 17.5691 -2.42714 26.0596 4.90422 34.594C4.89396 34.6085 19.8874 34.594 19.8874 34.594C19.8874 34.594 3.11407 29.1793 10.0548 17.5691Z\" fill=\"white\"\/> <\/svg>\n      <\/div>\n      <h3 class=\"trajetoria-timeline__year\">1990<\/h3>\n      <p class=\"trajetoria-timeline__subtitle\">Consolida\u00e7\u00e3o do modelo<\/p>\n      <p class=\"trajetoria-timeline__description\">\n        S\u00e3o implantados os planos de Contribui\u00e7\u00e3o Definida (CD), com contrapartida das patrocinadoras, estabelecendo um modelo sustent\u00e1vel e em linha com as melhores pr\u00e1ticas de mercado.\n      <\/p>\n    <\/li>\n \n    <li class=\"trajetoria-timeline__item\">\n      <div class=\"trajetoria-timeline__icon\" aria-hidden=\"true\" style=\"background: #00B5B4;\">\n        <svg width=\"25\" height=\"35\" viewBox=\"0 0 25 35\" fill=\"none\" xmlns=\"http:\/\/www.w3.org\/2000\/svg\"> <path d=\"M0 9.84265C0 9.84265 0.356089 17.4796 8.23103 17.3027C8.23103 17.3043 7.9641 9.53491 0 9.84265Z\" fill=\"white\"\/> <path d=\"M7.33083 0C7.33083 0 1.82421 8.4755 10.2779 14.5234C10.2779 14.5234 16.3972 6.44521 7.33083 0Z\" fill=\"white\"\/> <path d=\"M10.9189 20.291C10.9189 20.291 11.1659 27.4573 18.8198 27.3319C18.8198 27.3319 18.5961 19.9533 10.9189 20.291Z\" fill=\"white\"\/> <path d=\"M24.9607 6.18039C24.9607 6.18039 14.0604 4.37046 12.1006 15.0531C12.1027 15.0531 22.6027 16.9955 24.9607 6.18039Z\" fill=\"white\"\/> <path d=\"M19.2639 17.6576C19.2639 17.6576 15.4815 14.5234 12.1006 18.5845C12.1011 18.5845 15.883 21.5863 19.2639 17.6576Z\" fill=\"white\"\/> <path d=\"M10.0548 17.5691C10.0548 17.5691 -2.42714 26.0596 4.90422 34.594C4.89396 34.6085 19.8874 34.594 19.8874 34.594C19.8874 34.594 3.11407 29.1793 10.0548 17.5691Z\" fill=\"white\"\/> <\/svg>\n      <\/div>\n      <h3 class=\"trajetoria-timeline__year\">2004<\/h3>\n      <p class=\"trajetoria-timeline__subtitle\">Estrutura\u00e7\u00e3o da gest\u00e3o<\/p>\n      <p class=\"trajetoria-timeline__description\">\n        \u00c9 criada a RedePrev \u2013 Funda\u00e7\u00e3o Rede de Previd\u00eancia, centralizando a gest\u00e3o dos planos do Grupo Energisa e fortalecendo a governan\u00e7a, a padroniza\u00e7\u00e3o e a efici\u00eancia como entidade multipatrocinada e sem fins lucrativos.\n      <\/p>\n    <\/li>\n \n    <li class=\"trajetoria-timeline__item\">\n      <div class=\"trajetoria-timeline__icon\" aria-hidden=\"true\" style=\"background: #39DB77;\">\n        <svg width=\"25\" height=\"35\" viewBox=\"0 0 25 35\" fill=\"none\" xmlns=\"http:\/\/www.w3.org\/2000\/svg\">\n<path d=\"M0 9.84265C0 9.84265 0.356089 17.4796 8.23103 17.3027C8.23103 17.3043 7.9641 9.53491 0 9.84265Z\" fill=\"white\"\/>\n<path d=\"M7.33083 0C7.33083 0 1.82421 8.4755 10.2779 14.5234C10.2779 14.5234 16.3972 6.44521 7.33083 0Z\" fill=\"white\"\/>\n<path d=\"M10.9189 20.291C10.9189 20.291 11.1659 27.4573 18.8198 27.3319C18.8198 27.3319 18.5961 19.9533 10.9189 20.291Z\" fill=\"white\"\/>\n<path d=\"M24.9607 6.18039C24.9607 6.18039 14.0604 4.37046 12.1006 15.0531C12.1027 15.0531 22.6027 16.9955 24.9607 6.18039Z\" fill=\"white\"\/>\n<path d=\"M19.2639 17.6576C19.2639 17.6576 15.4815 14.5234 12.1006 18.5845C12.1011 18.5845 15.883 21.5863 19.2639 17.6576Z\" fill=\"white\"\/>\n<path d=\"M10.0548 17.5691C10.0548 17.5691 -2.42714 26.0596 4.90422 34.594C4.89396 34.6085 19.8874 34.594 19.8874 34.594C19.8874 34.594 3.11407 29.1793 10.0548 17.5691Z\" fill=\"white\"\/>\n<\/svg>\n\n      <\/div>\n      <h3 class=\"trajetoria-timeline__year\">2005 a 2015<\/h3>\n      <p class=\"trajetoria-timeline__subtitle\">Expans\u00e3o e fortalecimento<\/p>\n      <p class=\"trajetoria-timeline__description\">\n        Incorpora\u00e7\u00f5es e integra\u00e7\u00f5es ampliam a escala de atua\u00e7\u00e3o e fortalecem a base t\u00e9cnica e atuarial, garantindo mais solidez e consist\u00eancia aos planos.\n      <\/p>\n    <\/li>\n \n <li class=\"trajetoria-timeline__item\">\n      <div class=\"trajetoria-timeline__icon\" aria-hidden=\"true\">\n        <svg width=\"25\" height=\"35\" viewBox=\"0 0 25 35\" fill=\"none\" xmlns=\"http:\/\/www.w3.org\/2000\/svg\">\n<path d=\"M0 9.84265C0 9.84265 0.356089 17.4796 8.23103 17.3027C8.23103 17.3043 7.9641 9.53491 0 9.84265Z\" fill=\"white\"\/>\n<path d=\"M7.33083 0C7.33083 0 1.82421 8.4755 10.2779 14.5234C10.2779 14.5234 16.3972 6.44521 7.33083 0Z\" fill=\"white\"\/>\n<path d=\"M10.9189 20.291C10.9189 20.291 11.1659 27.4573 18.8198 27.3319C18.8198 27.3319 18.5961 19.9533 10.9189 20.291Z\" fill=\"white\"\/>\n<path d=\"M24.9607 6.18039C24.9607 6.18039 14.0604 4.37046 12.1006 15.0531C12.1027 15.0531 22.6027 16.9955 24.9607 6.18039Z\" fill=\"white\"\/>\n<path d=\"M19.2639 17.6576C19.2639 17.6576 15.4815 14.5234 12.1006 18.5845C12.1011 18.5845 15.883 21.5863 19.2639 17.6576Z\" fill=\"white\"\/>\n<path d=\"M10.0548 17.5691C10.0548 17.5691 -2.42714 26.0596 4.90422 34.594C4.89396 34.6085 19.8874 34.594 19.8874 34.594C19.8874 34.594 3.11407 29.1793 10.0548 17.5691Z\" fill=\"white\"\/>\n<\/svg>\n\n      <\/div>\n      <h3 class=\"trajetoria-timeline__year\">2016<\/h3>\n      <p class=\"trajetoria-timeline__subtitle\">EnergisaPrev: nova fase<\/p>\n      <p class=\"trajetoria-timeline__description\">\n        Com a fus\u00e3o de tr\u00eas funda\u00e7\u00f5es, a Rede Prev passa a se chamar EnergisaPrev \u2013 Funda\u00e7\u00e3o Energisa de Previd\u00eancia, marcando um novo momento de fortalecimento institucional e evolu\u00e7\u00e3o na gest\u00e3o.\n        \n        A entidade inicia essa fase com ainda mais robustez, refor\u00e7ando seu compromisso com uma administra\u00e7\u00e3o segura, transparente e humanizada.\n      <\/p>\n    <\/li>\n    \n    \n    <li class=\"trajetoria-timeline__item\">\n      <div class=\"trajetoria-timeline__icon\" aria-hidden=\"true\" style=\"background: #2A6267;\">\n        <svg width=\"25\" height=\"35\" viewBox=\"0 0 25 35\" fill=\"none\" xmlns=\"http:\/\/www.w3.org\/2000\/svg\">\n<path d=\"M0 9.84265C0 9.84265 0.356089 17.4796 8.23103 17.3027C8.23103 17.3043 7.9641 9.53491 0 9.84265Z\" fill=\"white\"\/>\n<path d=\"M7.33083 0C7.33083 0 1.82421 8.4755 10.2779 14.5234C10.2779 14.5234 16.3972 6.44521 7.33083 0Z\" fill=\"white\"\/>\n<path d=\"M10.9189 20.291C10.9189 20.291 11.1659 27.4573 18.8198 27.3319C18.8198 27.3319 18.5961 19.9533 10.9189 20.291Z\" fill=\"white\"\/>\n<path d=\"M24.9607 6.18039C24.9607 6.18039 14.0604 4.37046 12.1006 15.0531C12.1027 15.0531 22.6027 16.9955 24.9607 6.18039Z\" fill=\"white\"\/>\n<path d=\"M19.2639 17.6576C19.2639 17.6576 15.4815 14.5234 12.1006 18.5845C12.1011 18.5845 15.883 21.5863 19.2639 17.6576Z\" fill=\"white\"\/>\n<path d=\"M10.0548 17.5691C10.0548 17.5691 -2.42714 26.0596 4.90422 34.594C4.89396 34.6085 19.8874 34.594 19.8874 34.594C19.8874 34.594 3.11407 29.1793 10.0548 17.5691Z\" fill=\"white\"\/>\n<\/svg>\n\n      <\/div>\n      <h3 class=\"trajetoria-timeline__year\">2021<\/h3>\n      <p class=\"trajetoria-timeline__subtitle\">Migra\u00e7\u00e3o de planos<\/p>\n      <p class=\"trajetoria-timeline__description\">\n        A migra\u00e7\u00e3o \u00e9 conduzida com organiza\u00e7\u00e3o e transpar\u00eancia, assegurando estabilidade e continuidade para participantes e patrocinadoras.\n      <\/p>\n    <\/li>\n    \n    <li class=\"trajetoria-timeline__item\">\n      <div class=\"trajetoria-timeline__icon\" aria-hidden=\"true\" style=\"background: #00B5B4;\">\n        <svg width=\"25\" height=\"35\" viewBox=\"0 0 25 35\" fill=\"none\" xmlns=\"http:\/\/www.w3.org\/2000\/svg\">\n            <path d=\"M0 9.84265C0 9.84265 0.356089 17.4796 8.23103 17.3027C8.23103 17.3043 7.9641 9.53491 0 9.84265Z\" fill=\"white\"\/>\n            <path d=\"M7.33083 0C7.33083 0 1.82421 8.4755 10.2779 14.5234C10.2779 14.5234 16.3972 6.44521 7.33083 0Z\" fill=\"white\"\/>\n            <path d=\"M10.9189 20.291C10.9189 20.291 11.1659 27.4573 18.8198 27.3319C18.8198 27.3319 18.5961 19.9533 10.9189 20.291Z\" fill=\"white\"\/>\n            <path d=\"M24.9607 6.18039C24.9607 6.18039 14.0604 4.37046 12.1006 15.0531C12.1027 15.0531 22.6027 16.9955 24.9607 6.18039Z\" fill=\"white\"\/>\n            <path d=\"M19.2639 17.6576C19.2639 17.6576 15.4815 14.5234 12.1006 18.5845C12.1011 18.5845 15.883 21.5863 19.2639 17.6576Z\" fill=\"white\"\/>\n            <path d=\"M10.0548 17.5691C10.0548 17.5691 -2.42714 26.0596 4.90422 34.594C4.89396 34.6085 19.8874 34.594 19.8874 34.594C19.8874 34.594 3.11407 29.1793 10.0548 17.5691Z\" fill=\"white\"\/>\n        <\/svg>\n\n      <\/div>\n      <h3 class=\"trajetoria-timeline__year\">2024<\/h3>\n      <p class=\"trajetoria-timeline__subtitle\">Expans\u00e3o da base de participantes<\/p>\n      <p class=\"trajetoria-timeline__description\">\n       Ultrapassamos a marca de 16 mil participantes (entre ativos, aposentados e pensionistas), consolidando sua atua\u00e7\u00e3o na gest\u00e3o de planos de previd\u00eancia.\n      <\/p>\n    <\/li>\n \n  <li class=\"trajetoria-timeline__item\">\n      <div class=\"trajetoria-timeline__icon\" aria-hidden=\"true\" style=\"background: #39DB77;\">\n        <svg width=\"25\" height=\"35\" viewBox=\"0 0 25 35\" fill=\"none\" xmlns=\"http:\/\/www.w3.org\/2000\/svg\">\n<path d=\"M0 9.84265C0 9.84265 0.356089 17.4796 8.23103 17.3027C8.23103 17.3043 7.9641 9.53491 0 9.84265Z\" fill=\"white\"\/>\n<path d=\"M7.33083 0C7.33083 0 1.82421 8.4755 10.2779 14.5234C10.2779 14.5234 16.3972 6.44521 7.33083 0Z\" fill=\"white\"\/>\n<path d=\"M10.9189 20.291C10.9189 20.291 11.1659 27.4573 18.8198 27.3319C18.8198 27.3319 18.5961 19.9533 10.9189 20.291Z\" fill=\"white\"\/>\n<path d=\"M24.9607 6.18039C24.9607 6.18039 14.0604 4.37046 12.1006 15.0531C12.1027 15.0531 22.6027 16.9955 24.9607 6.18039Z\" fill=\"white\"\/>\n<path d=\"M19.2639 17.6576C19.2639 17.6576 15.4815 14.5234 12.1006 18.5845C12.1011 18.5845 15.883 21.5863 19.2639 17.6576Z\" fill=\"white\"\/>\n<path d=\"M10.0548 17.5691C10.0548 17.5691 -2.42714 26.0596 4.90422 34.594C4.89396 34.6085 19.8874 34.594 19.8874 34.594C19.8874 34.594 3.11407 29.1793 10.0548 17.5691Z\" fill=\"white\"\/>\n<\/svg>\n\n      <\/div>\n      <h3 class=\"trajetoria-timeline__year\">2026<\/h3>\n      <p class=\"trajetoria-timeline__subtitle\">Novo ciclo de evolu\u00e7\u00e3o<\/p>\n      <p class=\"trajetoria-timeline__description\">\n       Avan\u00e7amos em nosso modelo multipatrocinado, ampliando nossa atua\u00e7\u00e3o com consist\u00eancia e foco na sustentabilidade dos planos.\n      <\/p>\n    <\/li>\n \n \n  <\/ol>\n<\/section>\n \n\n\n<style>\/* ===== TIMELINE ===== *\/\n  #trajetoria-timeline {\n    width: 100%;\n    max-width: 720px;\n \n  }\n \n  #trajetoria-timeline .trajetoria-timeline__title {\n    margin: 0 0 32px 0;\n    color: #1f3a4d;\n    font-size: 28px;\n    font-weight: 600;\n    letter-spacing: -0.5px;\n  }\n \n  #trajetoria-timeline .trajetoria-timeline__list {\n    list-style: none;\n    margin: 0;\n    padding: 0;\n    position: relative;\n  }\n \n  \/* Linha vertical que conecta os marcos *\/\n  #trajetoria-timeline .trajetoria-timeline__list::before {\n    content: \"\";\n    position: absolute;\n    top: 24px;\n    bottom: 24px;\n    left: 23px;\n    width: 2px;\n    background: #1f3a4d;\n  }\n \n  #trajetoria-timeline .trajetoria-timeline__item {\n    position: relative;\n    padding-left: 80px;\n    padding-bottom: 48px;\n  }\n \n  #trajetoria-timeline .trajetoria-timeline__item:last-child {\n    padding-bottom: 0;\n  }\n \n  \/* \u00cdcone (bolinha verde com folha) *\/\n#trajetoria-timeline .trajetoria-timeline__icon {\n    position: absolute;\n    left: 0;\n    top: 0;\n    width: 48px;\n    height: 48px;\n    border-radius: 50%;\n    background: #6cb157;\n    display: flex;\n    align-items: center;\n    justify-content: center;\n    z-index: 1;\n    border: 2px solid #56f726;\n}\n \n  #trajetoria-timeline .trajetoria-timeline__icon svg {\n    width: 24px;\n    height: 24px;\n    fill: #ffffff;\n  }\n \n  #trajetoria-timeline .trajetoria-timeline__year {\n    margin: 0 0 4px 0;\n    color: #7cb342;\n    font-size: 26px;\n    font-weight: 700;\n    line-height: 1.1;\n  }\n \n#trajetoria-timeline .trajetoria-timeline__subtitle {\n    margin: 0 0 16px 0;\n    color: #7cb342 !important;\n    font-size: 19px;\n    font-weight: 500;\n    line-height: 1.3;\n}\n \n  #trajetoria-timeline .trajetoria-timeline__description {\n    margin: 0;\n    color: #1f3a4d;\n    font-size: 15px;\n    line-height: 1.6;\n    max-width: 560px;\n  }\n \n  \/* ===== RESPONSIVO ===== *\/\n  @media (max-width: 600px) {\n    #trajetoria-timeline {\n      padding: 28px 20px 32px;\n      border-radius: 18px;\n    }\n \n    #trajetoria-timeline .trajetoria-timeline__title {\n      font-size: 22px;\n      margin-bottom: 24px;\n    }\n \n    #trajetoria-timeline .trajetoria-timeline__list::before {\n      left: 19px;\n    }\n \n    #trajetoria-timeline .trajetoria-timeline__item {\n      padding-left: 60px;\n      padding-bottom: 36px;\n    }\n \n    #trajetoria-timeline .trajetoria-timeline__icon {\n      width: 40px;\n      height: 40px;\n    }\n \n    #trajetoria-timeline .trajetoria-timeline__icon svg {\n      width: 20px;\n      height: 20px;\n    }\n \n    #trajetoria-timeline .trajetoria-timeline__year {\n      font-size: 22px;\n    }\n \n    #trajetoria-timeline .trajetoria-timeline__subtitle {\n      font-size: 16px;\n      margin-bottom: 12px;\n    }\n \n    #trajetoria-timeline .trajetoria-timeline__description {\n      font-size: 14px;\n    }\n  }\n  <\/style>\n  \n  \n  \t\t\t\t<\/div>\n\t\t\t\t<\/div>\n\t\t\t\t\t<\/div>\n\t\t<\/div>\n\t\t\t\t\t<\/div>\n\t\t<\/section>\n\t\t\t\t<section data-particle_enable=\"false\" data-particle-mobile-disabled=\"false\" class=\"elementor-section elementor-top-section elementor-element elementor-element-0966640 elementor-section-boxed elementor-section-height-default elementor-section-height-default\" data-id=\"0966640\" data-element_type=\"section\" data-e-type=\"section\">\n\t\t\t\t\t\t<div class=\"elementor-container elementor-column-gap-default\">\n\t\t\t\t\t<div class=\"elementor-column elementor-col-100 elementor-top-column elementor-element elementor-element-62a376c\" data-id=\"62a376c\" data-element_type=\"column\" data-e-type=\"column\">\n\t\t\t<div class=\"elementor-widget-wrap elementor-element-populated\">\n\t\t\t\t\t\t<div class=\"elementor-element elementor-element-d899a30 elementor-position-inline-start elementor-view-default elementor-mobile-position-block-start elementor-widget elementor-widget-icon-box\" data-id=\"d899a30\" data-element_type=\"widget\" data-e-type=\"widget\" data-widget_type=\"icon-box.default\">\n\t\t\t\t<div class=\"elementor-widget-container\">\n\t\t\t\t\t\t\t<div class=\"elementor-icon-box-wrapper\">\n\n\t\t\t\t\t\t<div class=\"elementor-icon-box-icon\">\n\t\t\t\t<span  class=\"elementor-icon\">\n\t\t\t\t<svg xmlns=\"http:\/\/www.w3.org\/2000\/svg\" width=\"25\" height=\"16\" viewBox=\"0 0 25 16\" fill=\"none\"><path fill-rule=\"evenodd\" clip-rule=\"evenodd\" d=\"M12.5 14.6286C17.0841 14.6286 21.2341 12.0571 23.4636 8C21.2341 3.94286 17.0841 1.37143 12.5 1.37143C7.91591 1.37143 3.76591 3.94286 1.53636 8C3.76591 12.0571 7.91591 14.6286 12.5 14.6286ZM12.5 0C17.9636 0 22.6955 3.25486 25 8C22.6955 12.7451 17.9636 16 12.5 16C7.03636 16 2.30455 12.7451 0 8C2.30455 3.25486 7.03636 0 12.5 0ZM12.5 11.2C13.3439 11.2 14.1532 10.8629 14.7499 10.2627C15.3466 9.66263 15.6818 8.84869 15.6818 8C15.6818 7.15131 15.3466 6.33737 14.7499 5.73726C14.1532 5.13714 13.3439 4.8 12.5 4.8C11.6561 4.8 10.8468 5.13714 10.2501 5.73726C9.65341 6.33737 9.31818 7.15131 9.31818 8C9.31818 8.84869 9.65341 9.66263 10.2501 10.2627C10.8468 10.8629 11.6561 11.2 12.5 11.2ZM12.5 12.5714C11.2945 12.5714 10.1383 12.0898 9.28588 11.2325C8.43344 10.3752 7.95455 9.21242 7.95455 8C7.95455 6.78758 8.43344 5.62482 9.28588 4.76751C10.1383 3.9102 11.2945 3.42857 12.5 3.42857C13.7055 3.42857 14.8617 3.9102 15.7141 4.76751C16.5666 5.62482 17.0455 6.78758 17.0455 8C17.0455 9.21242 16.5666 10.3752 15.7141 11.2325C14.8617 12.0898 13.7055 12.5714 12.5 12.5714Z\" fill=\"#6CB158\"><\/path><\/svg>\t\t\t\t<\/span>\n\t\t\t<\/div>\n\t\t\t\n\t\t\t\t\t\t<div class=\"elementor-icon-box-content\">\n\n\t\t\t\t\t\t\t\t\t<h3 class=\"elementor-icon-box-title\">\n\t\t\t\t\t\t<span  >\n\t\t\t\t\t\t\tVis\u00e3o\t\t\t\t\t\t<\/span>\n\t\t\t\t\t<\/h3>\n\t\t\t\t\n\t\t\t\t\n\t\t\t<\/div>\n\t\t\t\n\t\t<\/div>\n\t\t\t\t\t\t<\/div>\n\t\t\t\t<\/div>\n\t\t\t\t<div class=\"elementor-element elementor-element-fb76171 elementor-widget elementor-widget-text-editor\" data-id=\"fb76171\" data-element_type=\"widget\" data-e-type=\"widget\" data-widget_type=\"text-editor.default\">\n\t\t\t\t<div class=\"elementor-widget-container\">\n\t\t\t\t\t\t\t\t\t<div class=\"page\" title=\"Page 5\"><p>Maximizar a experi\u00eancia do cliente.<\/p><\/div>\t\t\t\t\t\t\t\t<\/div>\n\t\t\t\t<\/div>\n\t\t\t\t\t<\/div>\n\t\t<\/div>\n\t\t\t\t\t<\/div>\n\t\t<\/section>\n\t\t\t\t<section data-particle_enable=\"false\" data-particle-mobile-disabled=\"false\" class=\"elementor-section elementor-top-section elementor-element elementor-element-440f508 elementor-section-boxed elementor-section-height-default elementor-section-height-default\" data-id=\"440f508\" data-element_type=\"section\" data-e-type=\"section\">\n\t\t\t\t\t\t<div class=\"elementor-container elementor-column-gap-default\">\n\t\t\t\t\t<div class=\"elementor-column elementor-col-100 elementor-top-column elementor-element elementor-element-ff05007\" data-id=\"ff05007\" data-element_type=\"column\" data-e-type=\"column\">\n\t\t\t<div class=\"elementor-widget-wrap elementor-element-populated\">\n\t\t\t\t\t\t<div class=\"elementor-element elementor-element-f1b0598 elementor-position-inline-start elementor-view-default elementor-mobile-position-block-start elementor-widget elementor-widget-icon-box\" data-id=\"f1b0598\" data-element_type=\"widget\" data-e-type=\"widget\" data-widget_type=\"icon-box.default\">\n\t\t\t\t<div class=\"elementor-widget-container\">\n\t\t\t\t\t\t\t<div class=\"elementor-icon-box-wrapper\">\n\n\t\t\t\t\t\t<div class=\"elementor-icon-box-icon\">\n\t\t\t\t<span  class=\"elementor-icon\">\n\t\t\t\t<svg xmlns=\"http:\/\/www.w3.org\/2000\/svg\" width=\"23\" height=\"24\" viewBox=\"0 0 23 24\" fill=\"none\"><path d=\"M9.96797 23.3637L1.86329 15.4162C1.44461 14.9975 1.22098 14.5018 1.19239 13.9291C1.16381 13.3564 1.3358 12.8464 1.70836 12.3991L5.83332 7.41484C6.03344 7.14462 6.28382 6.94081 6.58445 6.8034C6.88508 6.66598 7.20785 6.59727 7.55275 6.59727H15.4845C15.8285 6.59727 16.1508 6.66644 16.4514 6.80478C16.7521 6.94311 17.0025 7.14601 17.2026 7.41346L21.3261 12.4005C21.6987 12.8469 21.8707 13.3564 21.8421 13.9291C21.8135 14.5018 21.5904 14.9975 21.1726 15.4162L13.0956 23.365C12.6714 23.7883 12.1503 24 11.5325 24C10.9146 24 10.3931 23.7879 9.96797 23.3637ZM0.228242 2.69065C0.362882 2.55601 0.521499 2.48868 0.704093 2.48868C0.886687 2.48868 1.05453 2.55601 1.20761 2.69065L2.9547 4.40464C3.10779 4.53929 3.18433 4.6993 3.18433 4.88467C3.18433 5.07004 3.10779 5.23881 2.9547 5.39098C2.82006 5.52563 2.66006 5.59295 2.4747 5.59295C2.28934 5.59295 2.12058 5.52563 1.96842 5.39098L0.228242 3.66869C0.0760808 3.53404 0 3.37542 0 3.19281C0 3.01021 0.0760808 2.84236 0.228242 2.68927M12.0249 0.199214C12.1568 0.331095 12.2227 0.495254 12.2227 0.691692V3.14025C12.2227 3.33668 12.1568 3.50084 12.0249 3.63272C11.893 3.7646 11.7284 3.83055 11.5311 3.83055C11.3337 3.83055 11.1696 3.7646 11.0386 3.63272C10.9077 3.50084 10.8413 3.33622 10.8394 3.13886V0.691692C10.8394 0.495254 10.9054 0.330633 11.0373 0.19783C11.1691 0.0650275 11.3342 -0.000912702 11.5325 9.54047e-06C11.7307 0.000931783 11.8954 0.066872 12.0263 0.19783M22.7745 2.68927C22.9275 2.84236 23.0027 3.0056 22.9999 3.17898C22.9972 3.35328 22.9197 3.51652 22.7675 3.66869L21.0274 5.3896C20.8927 5.52424 20.7295 5.59618 20.5377 5.6054C20.3459 5.61462 20.1826 5.54269 20.048 5.3896C19.9134 5.25495 19.8506 5.09079 19.8599 4.89712C19.8682 4.70253 19.9396 4.53791 20.0743 4.40326L21.7882 2.68927C21.9228 2.55462 22.087 2.4873 22.2806 2.4873C22.4752 2.4873 22.6398 2.55462 22.7745 2.68927ZM2.96577 14.5807L10.9473 22.3856C11.106 22.5452 11.3005 22.6249 11.5311 22.6249C11.7616 22.6249 11.9567 22.5452 12.1162 22.3856L20.0701 14.5793L2.96577 14.5807ZM2.82467 13.1973H20.2126L16.1485 8.30019C16.059 8.21166 15.9567 8.1365 15.8414 8.07471C15.7261 8.01292 15.6067 7.98156 15.4831 7.98064H7.55137C7.42779 7.98064 7.30791 8.01153 7.19171 8.07332C7.07552 8.13511 6.97454 8.21074 6.88877 8.30019L2.82467 13.1973Z\" fill=\"#7DBB6D\"><\/path><\/svg>\t\t\t\t<\/span>\n\t\t\t<\/div>\n\t\t\t\n\t\t\t\t\t\t<div class=\"elementor-icon-box-content\">\n\n\t\t\t\t\t\t\t\t\t<h3 class=\"elementor-icon-box-title\">\n\t\t\t\t\t\t<span  >\n\t\t\t\t\t\t\tValores\t\t\t\t\t\t<\/span>\n\t\t\t\t\t<\/h3>\n\t\t\t\t\n\t\t\t\t\n\t\t\t<\/div>\n\t\t\t\n\t\t<\/div>\n\t\t\t\t\t\t<\/div>\n\t\t\t\t<\/div>\n\t\t\t\t<div class=\"elementor-element elementor-element-b140aa7 elementor-widget elementor-widget-text-editor\" data-id=\"b140aa7\" data-element_type=\"widget\" data-e-type=\"widget\" data-widget_type=\"text-editor.default\">\n\t\t\t\t<div class=\"elementor-widget-container\">\n\t\t\t\t\t\t\t\t\t<div class=\"page\" title=\"Page 5\"><p><b>Clientes:<\/b>\u00a0Atender com clareza de forma humanizada e personalizada.<\/p><p><b>\u00c9tica e Responsabilidade:\u00a0<\/b>Proceder de forma \u00e9tica e respons\u00e1vel s\u00e3o princ\u00edpios inegoci\u00e1veis.<\/p><p><b>Resultado e Compromisso:\u00a0<\/b>Agir com transpar\u00eancia e foco no cliente.<\/p><p><b>Pessoas e Diversidade:<\/b>\u00a0Valorizar a nossa diversidade e impulsionar os nossos talentos.<\/p><p><b>Inova\u00e7\u00e3o:<\/b>\u00a0Inovar com coragem e agilidade, investindo em novas tecnologias e conhecimento.<\/p><\/div>\t\t\t\t\t\t\t\t<\/div>\n\t\t\t\t<\/div>\n\t\t\t\t\t<\/div>\n\t\t<\/div>\n\t\t\t\t\t<\/div>\n\t\t<\/section>\n\t\t\t\t<section data-particle_enable=\"false\" data-particle-mobile-disabled=\"false\" class=\"elementor-section elementor-top-section elementor-element elementor-element-a4ac3f4 elementor-section-boxed elementor-section-height-default elementor-section-height-default\" data-id=\"a4ac3f4\" data-element_type=\"section\" data-e-type=\"section\">\n\t\t\t\t\t\t<div class=\"elementor-container elementor-column-gap-default\">\n\t\t\t\t\t<div class=\"elementor-column elementor-col-100 elementor-top-column elementor-element elementor-element-e9b5bb6\" data-id=\"e9b5bb6\" data-element_type=\"column\" data-e-type=\"column\">\n\t\t\t<div class=\"elementor-widget-wrap elementor-element-populated\">\n\t\t\t\t\t\t<div class=\"elementor-element elementor-element-f4a62f5 elementor-widget elementor-widget-heading\" data-id=\"f4a62f5\" data-element_type=\"widget\" data-e-type=\"widget\" data-widget_type=\"heading.default\">\n\t\t\t\t<div class=\"elementor-widget-container\">\n\t\t\t\t\t<h2 class=\"elementor-heading-title elementor-size-default\">Estrutura Organizacional<\/h2>\t\t\t\t<\/div>\n\t\t\t\t<\/div>\n\t\t\t\t<div class=\"elementor-element elementor-element-7de3bb1 elementor-widget elementor-widget-text-editor\" data-id=\"7de3bb1\" data-element_type=\"widget\" data-e-type=\"widget\" data-widget_type=\"text-editor.default\">\n\t\t\t\t<div class=\"elementor-widget-container\">\n\t\t\t\t\t\t\t\t\t<p>Nossa estrutura \u00e9 orientada pela efici\u00eancia, com clara defini\u00e7\u00e3o de responsabilidades e adequada segrega\u00e7\u00e3o de fun\u00e7\u00f5es.<\/p><p>O Conselho Deliberativo define as diretrizes estrat\u00e9gicas; a Diretoria Executiva executa as decis\u00f5es; e o Conselho Fiscal realiza a fiscaliza\u00e7\u00e3o e o acompanhamento da gest\u00e3o.<\/p><p>Esse modelo garante controle, transpar\u00eancia e seguran\u00e7a nas atividades da Funda\u00e7\u00e3o.<\/p>\t\t\t\t\t\t\t\t<\/div>\n\t\t\t\t<\/div>\n\t\t\t\t<div class=\"elementor-element elementor-element-d92b6c9 elementor-widget elementor-widget-html\" data-id=\"d92b6c9\" data-element_type=\"widget\" data-e-type=\"widget\" data-widget_type=\"html.default\">\n\t\t\t\t<div class=\"elementor-widget-container\">\n\t\t\t\t\t<svg xmlns=\"http:\/\/www.w3.org\/2000\/svg\" xmlns:xlink=\"http:\/\/www.w3.org\/1999\/xlink\" id=\"Layer_1\" version=\"1.1\" viewBox=\"0 0 1225.1 697.4\">\n  \n  <defs>\n    <style>\n      .st0 {\n        fill: url(#linear-gradient9);\n      }\n\n      .st1 {\n        fill: url(#linear-gradient6);\n      }\n\n      .st2 {\n        fill: url(#linear-gradient8);\n      }\n\n      .st3 {\n        font-size: 25.4px;\n      }\n\n      .st3, .st4, .st5 {\n        fill: #fff;\n      }\n\n      .st4 {\n        font-size: 19px;\n      }\n\n      .st6 {\n        fill: url(#linear-gradient);\n      }\n\n      .st7 {\n        stroke: url(#linear-gradient2);\n      }\n\n      .st7, .st8, .st9, .st10, .st11, .st12, .st13, .st14 {\n        fill: none;\n        stroke-miterlimit: 10;\n      }\n\n      .st8 {\n        stroke: url(#linear-gradient1);\n      }\n\n      .st9 {\n        stroke: url(#linear-gradient7);\n      }\n\n      .st10 {\n        stroke: url(#linear-gradient3);\n      }\n\n      .st11 {\n        stroke: url(#linear-gradient4);\n      }\n\n      .st12 {\n        stroke: url(#linear-gradient5);\n      }\n\n      .st15 {\n        font-size: 16px;\n      }\n\n      .st15, .st16, .st17 {\n        font-family: Ubuntu-Bold, Ubuntu;\n        font-weight: 700;\n      }\n\n      .st15, .st17 {\n        fill: #306d71;\n      }\n\n      .st13 {\n        stroke: #28bec6;\n        stroke-width: 2px;\n      }\n\n      .st17 {\n        font-size: 16.5px;\n      }\n\n      .st14 {\n        stroke: #60d08c;\n      }\n\n      .st18 {\n        font-family: Ubuntu, Ubuntu;\n      }\n    <\/style>\n    <linearGradient id=\"linear-gradient\" x1=\"436.6\" y1=\"357.1\" x2=\"766.2\" y2=\"357.1\" gradientUnits=\"userSpaceOnUse\">\n      <stop offset=\"0\" stop-color=\"#035\"\/>\n      <stop offset=\"1\" stop-color=\"#008da9\"\/>\n    <\/linearGradient>\n    <linearGradient id=\"linear-gradient1\" x1=\"34.1\" y1=\"630.8\" x2=\"221.7\" y2=\"630.8\" gradientUnits=\"userSpaceOnUse\">\n      <stop offset=\"0\" stop-color=\"#327174\"\/>\n      <stop offset=\"1\" stop-color=\"#008da9\"\/>\n    <\/linearGradient>\n    <linearGradient id=\"linear-gradient2\" x1=\"245.8\" y1=\"631.1\" x2=\"433.4\" y2=\"631.1\" xlink:href=\"#linear-gradient1\"\/>\n    <linearGradient id=\"linear-gradient3\" x1=\"568.1\" y1=\"629.7\" x2=\"745.8\" y2=\"629.7\" xlink:href=\"#linear-gradient1\"\/>\n    <linearGradient id=\"linear-gradient4\" x1=\"758.6\" y1=\"629.6\" x2=\"936.3\" y2=\"629.6\" xlink:href=\"#linear-gradient1\"\/>\n    <linearGradient id=\"linear-gradient5\" x1=\"950.4\" y1=\"629.6\" x2=\"1128.1\" y2=\"629.6\" xlink:href=\"#linear-gradient1\"\/>\n    <linearGradient id=\"linear-gradient6\" x1=\"741.2\" y1=\"457.6\" x2=\"956.2\" y2=\"457.6\" xlink:href=\"#linear-gradient\"\/>\n    <linearGradient id=\"linear-gradient7\" x1=\"996.5\" y1=\"457.6\" x2=\"1193.8\" y2=\"457.6\" xlink:href=\"#linear-gradient1\"\/>\n    <linearGradient id=\"linear-gradient8\" x1=\"405.4\" y1=\"85.4\" x2=\"641.5\" y2=\"85.4\" gradientUnits=\"userSpaceOnUse\">\n      <stop offset=\"0\" stop-color=\"#008da9\"\/>\n      <stop offset=\"1\" stop-color=\"#75c1c2\"\/>\n    <\/linearGradient>\n    <linearGradient id=\"linear-gradient9\" x1=\"741.2\" y1=\"216.5\" x2=\"977.2\" y2=\"216.5\" gradientUnits=\"userSpaceOnUse\">\n      <stop offset=\"0\" stop-color=\"#008da9\"\/>\n      <stop offset=\"1\" stop-color=\"#75c1c2\"\/>\n    <\/linearGradient>\n  <\/defs>\n  <path class=\"st13\" d=\"M599.6,85.4v324.5c0,27.9,22.6,50.5,50.5,50.5h112.6\"\/>\n  <line class=\"st13\" x1=\"859.2\" y1=\"219.3\" x2=\"599.6\" y2=\"219.3\"\/>\n  <path class=\"st13\" d=\"M650.1,460.4H183.7c-30.8,0-55.8,22.6-55.8,50.5v74.5\"\/>\n  <line class=\"st13\" x1=\"338.9\" y1=\"586.6\" x2=\"338.9\" y2=\"460.4\"\/>\n  <line class=\"st14\" x1=\"955.8\" y1=\"456.1\" x2=\"997.8\" y2=\"456.1\"\/>\n  <path class=\"st13\" d=\"M655.2,585.3v-11.5c0-14.8,15.2-26.8,33.9-26.8h325.2c15.9,0,28.8,10.2,28.8,22.8v14.6\"\/>\n  <line class=\"st13\" x1=\"844.3\" y1=\"584.5\" x2=\"844.3\" y2=\"500.6\"\/>\n  <rect class=\"st6\" x=\"436.6\" y=\"301.4\" width=\"329.7\" height=\"111.4\" rx=\"55.7\" ry=\"55.7\"\/>\n  <rect class=\"st8\" x=\"34.6\" y=\"586.1\" width=\"186.6\" height=\"89.5\" rx=\"44.8\" ry=\"44.8\"\/>\n  <rect class=\"st7\" x=\"246.3\" y=\"586.4\" width=\"186.6\" height=\"89.5\" rx=\"44.8\" ry=\"44.8\"\/>\n  <rect class=\"st10\" x=\"568.6\" y=\"585\" width=\"176.7\" height=\"89.5\" rx=\"44.8\" ry=\"44.8\"\/>\n  <rect class=\"st11\" x=\"759.1\" y=\"584.8\" width=\"176.7\" height=\"89.5\" rx=\"44.8\" ry=\"44.8\"\/>\n  <rect class=\"st12\" x=\"950.9\" y=\"584.8\" width=\"176.7\" height=\"89.5\" rx=\"44.8\" ry=\"44.8\"\/>\n  <rect class=\"st1\" x=\"741.2\" y=\"412.8\" width=\"215.1\" height=\"89.5\" rx=\"44.8\" ry=\"44.8\"\/>\n  <rect class=\"st9\" x=\"997\" y=\"412.8\" width=\"196.3\" height=\"89.5\" rx=\"44.8\" ry=\"44.8\"\/>\n  <rect class=\"st2\" x=\"481.6\" y=\"29.7\" width=\"236.1\" height=\"111.4\" rx=\"55.7\" ry=\"55.7\"\/>\n  <rect class=\"st0\" x=\"741.2\" y=\"160.8\" width=\"236.1\" height=\"111.4\" rx=\"55.7\" ry=\"55.7\"\/>\n  <g>\n    <path class=\"st5\" d=\"M553,76.9c-1.2,0-2.4-.2-3.4-.6-1-.4-1.9-1-2.6-1.8-.7-.8-1.3-1.7-1.7-2.9s-.6-2.5-.6-3.9.2-2.8.7-3.9,1.1-2.1,1.8-2.9c.8-.8,1.7-1.4,2.7-1.8,1-.4,2.1-.6,3.3-.6s1.4,0,2,.2c.6.1,1.1.2,1.5.4.4.1.8.3,1.1.4.3.1.5.2.6.3l-.7,2c-.2-.1-.4-.2-.7-.3-.3-.1-.6-.2-1-.4-.4-.1-.8-.2-1.2-.3-.4,0-.9-.1-1.3-.1-.9,0-1.8.2-2.5.5-.7.3-1.4.8-1.9,1.4-.5.6-.9,1.4-1.2,2.2-.3.9-.4,1.9-.4,2.9s.1,2,.4,2.9.6,1.6,1.1,2.2c.5.6,1.1,1.1,1.8,1.4s1.6.5,2.6.5,2.1-.1,2.8-.4c.7-.2,1.3-.4,1.7-.6l.6,2c-.1,0-.3.2-.6.3-.3.1-.7.2-1.1.4-.5.1-1,.2-1.6.3-.6,0-1.3.1-2,.1Z\"\/>\n    <path class=\"st5\" d=\"M572.3,70c0,1-.2,2-.5,2.8-.3.8-.7,1.6-1.3,2.2-.6.6-1.2,1.1-2,1.4-.8.3-1.6.5-2.5.5s-1.7-.2-2.5-.5-1.4-.8-2-1.4c-.6-.6-1-1.3-1.3-2.2-.3-.8-.5-1.8-.5-2.8s.2-2,.5-2.8c.3-.9.7-1.6,1.3-2.2.6-.6,1.2-1.1,2-1.4.8-.3,1.6-.5,2.5-.5s1.7.2,2.5.5c.8.3,1.4.8,2,1.4.5.6,1,1.3,1.3,2.2.3.9.5,1.8.5,2.8ZM569.8,70c0-1.5-.3-2.7-1-3.5-.7-.9-1.6-1.3-2.7-1.3s-2.1.4-2.7,1.3c-.7.9-1,2.1-1,3.5s.3,2.7,1,3.5c.7.9,1.6,1.3,2.7,1.3s2.1-.4,2.7-1.3c.7-.9,1-2.1,1-3.5Z\"\/>\n    <path class=\"st5\" d=\"M575.6,63.7c.5-.1,1.3-.3,2.2-.4.9-.2,1.9-.2,3.1-.2s1.9.1,2.6.4c.7.3,1.2.7,1.7,1.2.4.5.7,1.2.9,1.9.2.7.3,1.6.3,2.5v7.4h-2.4v-6.9c0-.8,0-1.5-.2-2.1-.1-.6-.3-1-.5-1.4-.3-.4-.6-.6-1-.8-.4-.2-.9-.2-1.6-.2s-.5,0-.8,0c-.3,0-.5,0-.8,0s-.5,0-.7,0c-.2,0-.3,0-.4,0v11.2h-2.4v-12.8Z\"\/>\n    <path class=\"st5\" d=\"M593.3,74.9c1,0,1.7-.1,2.1-.4s.7-.7.7-1.2-.2-1-.7-1.4c-.5-.3-1.2-.7-2.3-1.1-.5-.2-1-.4-1.5-.6s-.9-.5-1.2-.7c-.3-.3-.6-.6-.8-1-.2-.4-.3-.9-.3-1.5,0-1.2.4-2.1,1.3-2.8.9-.7,2-1,3.5-1s.7,0,1.1,0c.4,0,.7,0,1,.2.3,0,.6.1.9.2.2,0,.4.1.6.2l-.4,2c-.3-.1-.7-.3-1.2-.4-.5-.1-1.2-.2-2-.2s-1.2.1-1.7.4c-.5.3-.7.7-.7,1.2s0,.5.2.8c.1.2.3.4.5.6s.5.3.9.5c.3.2.7.3,1.2.5.6.2,1.2.5,1.7.7.5.2.9.5,1.3.8.3.3.6.7.8,1.1.2.4.3,1,.3,1.6,0,1.2-.5,2.1-1.4,2.8-.9.6-2.2.9-3.9.9s-2.1,0-2.7-.3c-.7-.2-1.1-.3-1.3-.4l.4-2c.3.1.7.3,1.3.5.6.2,1.4.3,2.4.3Z\"\/>\n    <path class=\"st5\" d=\"M600.8,70c0-1.2.2-2.2.5-3.1.3-.9.8-1.6,1.3-2.2.6-.6,1.2-1,1.9-1.3.7-.3,1.5-.4,2.2-.4,1.8,0,3.1.6,4.1,1.7.9,1.1,1.4,2.8,1.4,5.1v.4c0,.2,0,.3,0,.4h-9c.1,1.4.5,2.4,1.2,3.1.7.7,1.8,1.1,3.3,1.1s1.5,0,2.1-.2c.6-.1,1-.3,1.3-.4l.3,2c-.3.2-.8.3-1.5.5s-1.5.3-2.5.3-2.1-.2-3-.5c-.8-.3-1.5-.8-2.1-1.4-.5-.6-.9-1.3-1.2-2.2-.3-.8-.4-1.8-.4-2.8ZM609.9,68.7c0-1.1-.2-1.9-.8-2.6-.6-.7-1.3-1-2.3-1s-1,.1-1.4.3c-.4.2-.8.5-1.1.8-.3.3-.5.7-.7,1.2-.2.4-.3.9-.3,1.3h6.6Z\"\/>\n    <path class=\"st5\" d=\"M619.7,76.8c-1.5,0-2.5-.3-3.1-.9-.6-.6-.9-1.5-.9-2.8v-15.9l2.4-.4v15.9c0,.4,0,.7.1,1s.2.5.3.6c.2.2.4.3.6.3s.6.1.9.2l-.3,2Z\"\/>\n    <path class=\"st5\" d=\"M622.7,76.6v-19.3l2.4-.4v6.8c.4-.2.9-.3,1.4-.4.5,0,1-.1,1.5-.1,1,0,1.9.1,2.6.4.7.3,1.2.7,1.7,1.2.4.5.7,1.2.9,1.9.2.7.3,1.6.3,2.5v7.4h-2.4v-6.9c0-.8,0-1.5-.2-2.1-.1-.6-.3-1-.5-1.4-.3-.4-.6-.6-1-.8-.4-.2-.9-.2-1.6-.2s-.5,0-.8,0c-.3,0-.5,0-.8.1-.2,0-.5,0-.7.1-.2,0-.3,0-.4.1v11h-2.4Z\"\/>\n    <path class=\"st5\" d=\"M648.8,70c0,1-.2,2-.5,2.8-.3.8-.7,1.6-1.3,2.2-.6.6-1.2,1.1-2,1.4-.8.3-1.6.5-2.5.5s-1.7-.2-2.5-.5-1.4-.8-2-1.4c-.6-.6-1-1.3-1.3-2.2-.3-.8-.5-1.8-.5-2.8s.2-2,.5-2.8c.3-.9.7-1.6,1.3-2.2.6-.6,1.2-1.1,2-1.4.8-.3,1.6-.5,2.5-.5s1.7.2,2.5.5c.8.3,1.4.8,2,1.4.5.6,1,1.3,1.3,2.2.3.9.5,1.8.5,2.8ZM646.4,70c0-1.5-.3-2.7-1-3.5-.7-.9-1.6-1.3-2.7-1.3s-2.1.4-2.7,1.3c-.7.9-1,2.1-1,3.5s.3,2.7,1,3.5c.7.9,1.6,1.3,2.7,1.3s2.1-.4,2.7-1.3c.7-.9,1-2.1,1-3.5Z\"\/>\n    <path class=\"st5\" d=\"M545.3,100.1c0,1.5-.2,2.8-.7,4-.5,1.1-1.1,2.1-2,2.8-.9.7-1.9,1.3-3.1,1.7s-2.5.5-4,.5-1.5,0-2.4,0c-.9,0-1.6-.2-2.3-.3v-17.1c.7-.2,1.5-.3,2.3-.3.9,0,1.6,0,2.4,0,1.4,0,2.8.2,4,.5,1.2.4,2.2.9,3.1,1.7.9.7,1.5,1.7,2,2.8s.7,2.5.7,4ZM535.7,106.9c2.3,0,4.1-.6,5.2-1.8,1.2-1.2,1.7-2.9,1.7-5s-.6-3.8-1.7-5c-1.2-1.2-2.9-1.8-5.2-1.8s-1.2,0-1.6,0c-.4,0-.6,0-.8,0v13.5c.2,0,.4,0,.8,0,.4,0,.9,0,1.6,0Z\"\/>\n    <path class=\"st5\" d=\"M548.1,102.3c0-1.2.2-2.2.5-3.1.3-.9.8-1.6,1.3-2.2.6-.6,1.2-1,1.9-1.3.7-.3,1.5-.4,2.2-.4,1.8,0,3.1.6,4.1,1.7.9,1.1,1.4,2.8,1.4,5.1v.4c0,.2,0,.3,0,.4h-9c.1,1.4.5,2.4,1.2,3.1.7.7,1.8,1.1,3.3,1.1s1.5,0,2.1-.2c.6-.1,1-.3,1.3-.4l.3,2c-.3.2-.8.3-1.5.5s-1.5.3-2.5.3-2.1-.2-3-.5c-.8-.3-1.5-.8-2.1-1.4-.5-.6-.9-1.3-1.2-2.2-.3-.8-.4-1.8-.4-2.8ZM557.1,101c0-1.1-.2-1.9-.8-2.6-.6-.7-1.3-1-2.3-1s-1,.1-1.4.3c-.4.2-.8.5-1.1.8-.3.3-.5.7-.7,1.2-.2.4-.3.9-.3,1.3h6.6Z\"\/>\n    <path class=\"st5\" d=\"M567,109.1c-1.5,0-2.5-.3-3.1-.9-.6-.6-.9-1.5-.9-2.8v-15.9l2.4-.4v15.9c0,.4,0,.7.1,1s.2.5.3.6c.2.2.4.3.6.3s.6.1.9.2l-.3,2Z\"\/>\n    <path class=\"st5\" d=\"M571.1,93.3c-.4,0-.8-.1-1.1-.4-.3-.3-.4-.7-.4-1.1s.1-.9.4-1.1c.3-.3.7-.4,1.1-.4s.8.1,1.1.4c.3.3.4.7.4,1.1s-.1.9-.4,1.1c-.3.3-.7.4-1.1.4ZM572.3,108.9h-2.4v-13.2h2.4v13.2Z\"\/>\n    <path class=\"st5\" d=\"M578.7,96.3c.3-.2.7-.4,1.3-.6.6-.2,1.3-.3,2-.3s1.8.2,2.5.5c.7.3,1.4.8,1.9,1.4.5.6.9,1.3,1.2,2.2.3.8.4,1.8.4,2.8s-.2,2-.5,2.9c-.3.9-.8,1.6-1.3,2.2-.6.6-1.3,1.1-2.1,1.4-.8.3-1.7.5-2.7.5s-2.1,0-2.9-.2c-.8-.2-1.5-.3-2.1-.5v-18.9l2.4-.4v7.1ZM578.7,106.8c.2,0,.6.1,1,.2.4,0,1,0,1.6,0,1.3,0,2.3-.4,3-1.3.8-.8,1.1-2,1.1-3.6s0-1.3-.2-1.9c-.1-.6-.4-1.1-.7-1.5-.3-.4-.7-.8-1.2-1-.5-.2-1.1-.4-1.7-.4s-1.2.1-1.8.3c-.5.2-1,.4-1.2.7v8.4Z\"\/>\n    <path class=\"st5\" d=\"M590.6,102.3c0-1.2.2-2.2.5-3.1.3-.9.8-1.6,1.3-2.2.6-.6,1.2-1,1.9-1.3.7-.3,1.5-.4,2.2-.4,1.8,0,3.1.6,4.1,1.7.9,1.1,1.4,2.8,1.4,5.1v.4c0,.2,0,.3,0,.4h-9c.1,1.4.5,2.4,1.2,3.1.7.7,1.8,1.1,3.3,1.1s1.5,0,2.1-.2c.6-.1,1-.3,1.3-.4l.3,2c-.3.2-.8.3-1.5.5s-1.5.3-2.5.3-2.1-.2-3-.5c-.8-.3-1.5-.8-2.1-1.4-.5-.6-.9-1.3-1.2-2.2-.3-.8-.4-1.8-.4-2.8ZM599.7,101c0-1.1-.2-1.9-.8-2.6-.6-.7-1.3-1-2.3-1s-1,.1-1.4.3c-.4.2-.8.5-1.1.8-.3.3-.5.7-.7,1.2-.2.4-.3.9-.3,1.3h6.6Z\"\/>\n    <path class=\"st5\" d=\"M610.4,95.4c.2,0,.4,0,.7,0s.5,0,.8.1c.3,0,.5,0,.7.1.2,0,.4,0,.5.1l-.4,2.1c-.2,0-.5-.1-.9-.2-.4,0-1-.1-1.7-.1s-.9,0-1.3.1c-.4,0-.7.2-.9.2v11.1h-2.4v-12.7c.6-.2,1.3-.4,2.1-.6.8-.2,1.8-.3,2.8-.3Z\"\/>\n    <path class=\"st5\" d=\"M619.6,95.4c.9,0,1.7.1,2.4.4.7.2,1.2.6,1.6,1,.4.4.7,1,.9,1.6.2.6.3,1.3.3,2v8.3c-.2,0-.5,0-.9.1-.4,0-.8.1-1.2.2s-1,0-1.5.1c-.5,0-1.1,0-1.6,0-.7,0-1.4,0-2.1-.2-.6-.2-1.2-.4-1.6-.7-.5-.3-.8-.8-1.1-1.3-.3-.5-.4-1.2-.4-2s.1-1.4.4-1.9c.3-.5.7-.9,1.2-1.3.5-.3,1.1-.6,1.8-.7.7-.2,1.4-.2,2.1-.2s.5,0,.7,0,.5,0,.7.1c.2,0,.4,0,.6.1.2,0,.3,0,.4,0v-.7c0-.4,0-.8-.1-1.2,0-.4-.2-.7-.5-1s-.5-.5-.9-.7c-.4-.2-.9-.3-1.5-.3s-1.5,0-2,.2c-.6.1-1,.2-1.3.3l-.3-2c.3-.1.8-.3,1.5-.4s1.5-.2,2.3-.2ZM619.8,107.2c.6,0,1.1,0,1.5,0,.4,0,.8,0,1.1-.1v-3.9c-.2,0-.4-.2-.8-.2-.4,0-.8,0-1.4,0s-.7,0-1.1,0c-.4,0-.8.2-1.1.3-.3.2-.6.4-.8.7-.2.3-.3.6-.3,1.1,0,.8.3,1.4.8,1.8s1.3.5,2.2.5Z\"\/>\n    <path class=\"st5\" d=\"M630.8,95.7h5v2h-5v6.1c0,.7,0,1.2.2,1.6.1.4.3.8.5,1s.5.4.8.5c.3.1.7.2,1.1.2.7,0,1.3,0,1.7-.2.4-.2.7-.3.9-.3l.5,2c-.2.1-.7.3-1.2.4s-1.3.3-2,.3-1.6-.1-2.2-.3c-.6-.2-1.1-.6-1.4-1-.4-.5-.6-1-.7-1.7-.1-.7-.2-1.4-.2-2.3v-11.8l2.4-.4v4.1Z\"\/>\n    <path class=\"st5\" d=\"M640,93.3c-.4,0-.8-.1-1.1-.4-.3-.3-.4-.7-.4-1.1s.1-.9.4-1.1c.3-.3.7-.4,1.1-.4s.8.1,1.1.4c.3.3.4.7.4,1.1s-.1.9-.4,1.1c-.3.3-.7.4-1.1.4ZM641.2,108.9h-2.4v-13.2h2.4v13.2Z\"\/>\n    <path class=\"st5\" d=\"M655.6,95.7c-.7,2.5-1.4,4.8-2.3,7.1-.9,2.3-1.7,4.3-2.6,6.1h-2.1c-.8-1.8-1.7-3.8-2.6-6.1-.9-2.3-1.7-4.6-2.3-7.1h2.5c.2.8.4,1.7.7,2.7.3.9.6,1.9.9,2.8.3.9.6,1.8,1,2.7s.6,1.6.9,2.3c.3-.7.6-1.4.9-2.3s.6-1.8,1-2.7c.3-.9.6-1.9.9-2.8s.5-1.8.7-2.7h2.4Z\"\/>\n    <path class=\"st5\" d=\"M669.3,102.3c0,1-.2,2-.5,2.8-.3.8-.7,1.6-1.3,2.2-.6.6-1.2,1.1-2,1.4-.8.3-1.6.5-2.5.5s-1.7-.2-2.5-.5-1.4-.8-2-1.4c-.6-.6-1-1.3-1.3-2.2-.3-.8-.5-1.8-.5-2.8s.2-2,.5-2.8c.3-.9.7-1.6,1.3-2.2.6-.6,1.2-1.1,2-1.4.8-.3,1.6-.5,2.5-.5s1.7.2,2.5.5c.8.3,1.4.8,2,1.4.5.6,1,1.3,1.3,2.2.3.9.5,1.8.5,2.8ZM666.8,102.3c0-1.5-.3-2.7-1-3.5-.7-.9-1.6-1.3-2.7-1.3s-2.1.4-2.7,1.3c-.7.9-1,2.1-1,3.5s.3,2.7,1,3.5c.7.9,1.6,1.3,2.7,1.3s2.1-.4,2.7-1.3c.7-.9,1-2.1,1-3.5Z\"\/>\n  <\/g>\n  <g>\n    <path class=\"st5\" d=\"M812.6,208.8c-1.2,0-2.4-.2-3.4-.6-1-.4-1.9-1-2.6-1.8-.7-.8-1.3-1.7-1.7-2.9s-.6-2.5-.6-3.9.2-2.8.7-3.9,1.1-2.1,1.8-2.9c.8-.8,1.7-1.4,2.7-1.8,1-.4,2.1-.6,3.3-.6s1.4,0,2,.2c.6.1,1.1.2,1.5.4.4.1.8.3,1.1.4.3.1.5.2.6.3l-.7,2c-.2-.1-.4-.2-.7-.3-.3-.1-.6-.2-1-.4-.4-.1-.8-.2-1.2-.3-.4,0-.9-.1-1.3-.1-.9,0-1.8.2-2.5.5-.7.3-1.4.8-1.9,1.4-.5.6-.9,1.4-1.2,2.2-.3.9-.4,1.9-.4,2.9s.1,2,.4,2.9.6,1.6,1.1,2.2c.5.6,1.1,1.1,1.8,1.4s1.6.5,2.6.5,2.1-.1,2.8-.4c.7-.2,1.3-.4,1.7-.6l.6,2c-.1,0-.3.2-.6.3-.3.1-.7.2-1.1.4-.5.1-1,.2-1.6.3-.6,0-1.3.1-2,.1Z\"\/>\n    <path class=\"st5\" d=\"M831.9,201.8c0,1-.2,2-.5,2.8-.3.8-.7,1.6-1.3,2.2-.6.6-1.2,1.1-2,1.4-.8.3-1.6.5-2.5.5s-1.7-.2-2.5-.5-1.4-.8-2-1.4c-.6-.6-1-1.3-1.3-2.2-.3-.8-.5-1.8-.5-2.8s.2-2,.5-2.8c.3-.9.7-1.6,1.3-2.2.6-.6,1.2-1.1,2-1.4.8-.3,1.6-.5,2.5-.5s1.7.2,2.5.5c.8.3,1.4.8,2,1.4.5.6,1,1.3,1.3,2.2.3.9.5,1.8.5,2.8ZM829.4,201.8c0-1.5-.3-2.7-1-3.5-.7-.9-1.6-1.3-2.7-1.3s-2.1.4-2.7,1.3c-.7.9-1,2.1-1,3.5s.3,2.7,1,3.5c.7.9,1.6,1.3,2.7,1.3s2.1-.4,2.7-1.3c.7-.9,1-2.1,1-3.5Z\"\/>\n    <path class=\"st5\" d=\"M835.2,195.6c.5-.1,1.3-.3,2.2-.4.9-.2,1.9-.2,3.1-.2s1.9.1,2.6.4c.7.3,1.2.7,1.7,1.2.4.5.7,1.2.9,1.9.2.7.3,1.6.3,2.5v7.4h-2.4v-6.9c0-.8,0-1.5-.2-2.1-.1-.6-.3-1-.5-1.4-.3-.4-.6-.6-1-.8-.4-.2-.9-.2-1.6-.2s-.5,0-.8,0c-.3,0-.5,0-.8,0s-.5,0-.7,0c-.2,0-.3,0-.4,0v11.2h-2.4v-12.8Z\"\/>\n    <path class=\"st5\" d=\"M852.9,206.7c1,0,1.7-.1,2.1-.4s.7-.7.7-1.2-.2-1-.7-1.4c-.5-.3-1.2-.7-2.3-1.1-.5-.2-1-.4-1.5-.6s-.9-.5-1.2-.7c-.3-.3-.6-.6-.8-1s-.3-.9-.3-1.5c0-1.2.4-2.1,1.3-2.8.9-.7,2-1,3.5-1s.7,0,1.1,0c.4,0,.7,0,1,.2.3,0,.6.1.9.2.2,0,.4.1.6.2l-.4,2c-.3-.1-.7-.3-1.2-.4-.5-.1-1.2-.2-2-.2s-1.2.1-1.7.4c-.5.3-.7.7-.7,1.2s0,.5.2.8c.1.2.3.4.5.6s.5.3.9.5c.3.2.7.3,1.2.5.6.2,1.2.5,1.7.7.5.2.9.5,1.3.8s.6.7.8,1.1c.2.4.3,1,.3,1.6,0,1.2-.5,2.1-1.4,2.8-.9.6-2.2.9-3.9.9s-2.1,0-2.7-.3c-.7-.2-1.1-.3-1.3-.4l.4-2c.3.1.7.3,1.3.5s1.4.3,2.4.3Z\"\/>\n    <path class=\"st5\" d=\"M860.4,201.8c0-1.2.2-2.2.5-3.1.3-.9.8-1.6,1.3-2.2.6-.6,1.2-1,1.9-1.3.7-.3,1.5-.4,2.2-.4,1.8,0,3.1.6,4.1,1.7.9,1.1,1.4,2.8,1.4,5.1v.4c0,.2,0,.3,0,.4h-9c.1,1.4.5,2.4,1.2,3.1.7.7,1.8,1.1,3.3,1.1s1.5,0,2.1-.2c.6-.1,1-.3,1.3-.4l.3,2c-.3.2-.8.3-1.5.5s-1.5.3-2.5.3-2.1-.2-3-.5c-.8-.3-1.5-.8-2.1-1.4-.5-.6-.9-1.3-1.2-2.2s-.4-1.8-.4-2.8ZM869.4,200.5c0-1.1-.2-1.9-.8-2.6-.5-.7-1.3-1-2.3-1s-1,.1-1.4.3c-.4.2-.8.5-1.1.8-.3.3-.5.7-.7,1.2-.2.4-.3.9-.3,1.3h6.6Z\"\/>\n    <path class=\"st5\" d=\"M879.3,208.6c-1.5,0-2.5-.3-3.1-.9-.6-.6-.9-1.5-.9-2.8v-15.9l2.4-.4v15.9c0,.4,0,.7.1,1,0,.3.2.5.3.6s.4.3.6.3.6.1.9.2l-.3,2Z\"\/>\n    <path class=\"st5\" d=\"M882.3,208.4v-19.3l2.4-.4v6.8c.4-.2.9-.3,1.4-.4.5,0,1-.1,1.5-.1,1,0,1.9.1,2.6.4.7.3,1.2.7,1.7,1.2.4.5.7,1.2.9,1.9.2.7.3,1.6.3,2.5v7.4h-2.4v-6.9c0-.8,0-1.5-.2-2.1-.1-.6-.3-1-.5-1.4-.3-.4-.6-.6-1-.8-.4-.2-.9-.2-1.6-.2s-.5,0-.8,0c-.3,0-.5,0-.8.1-.2,0-.5,0-.7.1-.2,0-.3,0-.4.1v11h-2.4Z\"\/>\n    <path class=\"st5\" d=\"M908.4,201.8c0,1-.2,2-.5,2.8-.3.8-.7,1.6-1.3,2.2-.6.6-1.2,1.1-2,1.4s-1.6.5-2.5.5-1.7-.2-2.5-.5-1.4-.8-2-1.4c-.6-.6-1-1.3-1.3-2.2-.3-.8-.5-1.8-.5-2.8s.2-2,.5-2.8c.3-.9.7-1.6,1.3-2.2.6-.6,1.2-1.1,2-1.4.8-.3,1.6-.5,2.5-.5s1.7.2,2.5.5c.8.3,1.4.8,2,1.4.6.6,1,1.3,1.3,2.2.3.9.5,1.8.5,2.8ZM906,201.8c0-1.5-.3-2.7-1-3.5-.7-.9-1.6-1.3-2.7-1.3s-2.1.4-2.7,1.3c-.7.9-1,2.1-1,3.5s.3,2.7,1,3.5c.7.9,1.6,1.3,2.7,1.3s2.1-.4,2.7-1.3c.7-.9,1-2.1,1-3.5Z\"\/>\n    <path class=\"st5\" d=\"M829.7,240.7v-17.6h10.6v2.1h-8.2v5.3h7.2v2.1h-7.2v8.1h-2.5Z\"\/>\n    <path class=\"st5\" d=\"M844.3,225.1c-.4,0-.8-.1-1.1-.4s-.4-.7-.4-1.1.1-.9.4-1.1.7-.4,1.1-.4.8.1,1.1.4.4.7.4,1.1-.1.9-.4,1.1-.7.4-1.1.4ZM845.5,240.7h-2.4v-13.2h2.4v13.2Z\"\/>\n    <path class=\"st5\" d=\"M852.7,239c1,0,1.7-.1,2.1-.4s.7-.7.7-1.2-.2-1-.7-1.4c-.5-.3-1.2-.7-2.3-1.1-.5-.2-1-.4-1.5-.6s-.9-.5-1.2-.8c-.3-.3-.6-.6-.8-1s-.3-.9-.3-1.5c0-1.2.4-2.1,1.3-2.8.9-.7,2-1,3.5-1s.7,0,1.1,0c.4,0,.7,0,1,.2.3,0,.6.1.9.2.2,0,.4.1.6.2l-.4,2c-.3-.1-.7-.3-1.2-.4-.5-.1-1.2-.2-2-.2s-1.2.1-1.7.4c-.5.3-.7.7-.7,1.2s0,.5.2.8c.1.2.3.4.5.6s.5.3.9.5c.3.2.7.3,1.2.5.6.2,1.2.5,1.7.7.5.2.9.5,1.3.8s.6.7.8,1.1c.2.4.3,1,.3,1.6,0,1.2-.5,2.1-1.4,2.8-.9.6-2.2.9-3.9.9s-2.1,0-2.7-.3c-.7-.2-1.1-.3-1.3-.4l.4-2c.3.1.7.3,1.3.5s1.4.3,2.4.3Z\"\/>\n    <path class=\"st5\" d=\"M866.7,241c-1.1,0-2-.2-2.8-.5-.8-.3-1.5-.8-2-1.4-.6-.6-1-1.3-1.2-2.2-.3-.8-.4-1.8-.4-2.8s.1-1.9.4-2.8c.3-.8.7-1.6,1.3-2.2.5-.6,1.2-1.1,2-1.4.8-.3,1.7-.5,2.6-.5s1.2,0,1.8.2c.6.1,1.2.3,1.7.5l-.5,2c-.4-.2-.8-.3-1.2-.4-.5-.1-1-.2-1.5-.2-1.3,0-2.3.4-3,1.2s-1.1,2-1.1,3.6,0,1.4.2,2c.2.6.4,1.1.8,1.5.3.4.8.8,1.3,1s1.2.3,2,.3,1.2,0,1.7-.2.9-.2,1.2-.4l.3,2c-.1,0-.3.2-.6.2s-.5.1-.9.2c-.3,0-.7.1-1,.2-.4,0-.7,0-1.1,0Z\"\/>\n    <path class=\"st5\" d=\"M877,227.2c.9,0,1.7.1,2.4.4.7.2,1.2.6,1.6,1,.4.4.7,1,.9,1.6.2.6.3,1.3.3,2v8.3c-.2,0-.5,0-.9.1s-.8.1-1.2.2-1,0-1.5.1c-.5,0-1.1,0-1.6,0-.7,0-1.4,0-2.1-.2-.6-.2-1.2-.4-1.6-.7-.5-.3-.8-.8-1.1-1.3s-.4-1.2-.4-2,.1-1.4.4-1.9c.3-.5.7-.9,1.2-1.3.5-.3,1.1-.6,1.8-.7s1.4-.2,2.1-.2.5,0,.7,0,.5,0,.7.1.4,0,.6.1.3,0,.4,0v-.7c0-.4,0-.8-.1-1.2,0-.4-.2-.7-.5-1-.2-.3-.5-.5-.9-.7s-.9-.3-1.5-.3-1.5,0-2,.2c-.6.1-1,.2-1.3.3l-.3-2c.3-.1.8-.3,1.5-.4s1.5-.2,2.3-.2ZM877.2,239c.6,0,1.1,0,1.5,0s.8,0,1.1-.1v-3.9c-.2,0-.4-.2-.8-.2s-.8,0-1.4,0-.7,0-1.1,0c-.4,0-.8.2-1.1.3s-.6.4-.8.7-.3.6-.3,1.1c0,.8.3,1.4.8,1.8s1.3.5,2.2.5Z\"\/>\n    <path class=\"st5\" d=\"M890,241c-1.5,0-2.5-.3-3.1-.9-.6-.6-.9-1.5-.9-2.8v-15.9l2.4-.4v15.9c0,.4,0,.7.1,1s.2.5.3.6c.2.2.4.3.6.3s.6.1.9.2l-.3,2Z\"\/>\n  <\/g>\n  <text class=\"st17\" transform=\"translate(1055.3 451.3)\"><tspan x=\"0\" y=\"0\">Comit\u00ea de<\/tspan><tspan x=\"-16.2\" y=\"20\">Investimentos<\/tspan><\/text>\n  <text class=\"st15\" transform=\"translate(603.9 634.6)\"><tspan x=\"0\" y=\"0\">T.I &amp; Inova\u00e7\u00e3o<\/tspan><\/text>\n  <text class=\"st15\" transform=\"translate(804.3 635)\"><tspan x=\"0\" y=\"0\">Opera\u00e7\u00f5es<\/tspan><\/text>\n  <text class=\"st15\" transform=\"translate(1018.8 626)\"><tspan x=\"0\" y=\"0\">SAC e<\/tspan><tspan x=\"-28.2\" y=\"20\">Comunica\u00e7\u00e3o<\/tspan><\/text>\n  <text class=\"st15\" transform=\"translate(90.2 634.7) rotate(.6)\"><tspan x=\"0\" y=\"0\">Comercial<\/tspan><\/text>\n  <text class=\"st15\" transform=\"translate(284.5 617.8)\"><tspan x=\"0\" y=\"0\">Administra\u00e7\u00e3o<\/tspan><tspan x=\"9.8\" y=\"20\">Corporativa<\/tspan><tspan x=\"3.6\" y=\"40\">e Governan\u00e7a<\/tspan><\/text>\n  <text class=\"st3\" transform=\"translate(492.2 349.7)\"><tspan class=\"st18\"><tspan x=\"0\" y=\"0\">Diretor Presidente<\/tspan><\/tspan><tspan class=\"st16\"><tspan x=\"17.8\" y=\"32.3\">Lucas N\u00f3brega<\/tspan><\/tspan><\/text>\n  <text class=\"st4\" transform=\"translate(769.5 450.9)\"><tspan class=\"st18\"><tspan x=\"0\" y=\"0\">Diretor Financeiro<\/tspan><\/tspan><tspan class=\"st16\"><tspan x=\"7.6\" y=\"23\">Welynton Pinto<\/tspan><\/tspan><\/text>\n<\/svg>\t\t\t\t<\/div>\n\t\t\t\t<\/div>\n\t\t\t\t\t<\/div>\n\t\t<\/div>\n\t\t\t\t\t<\/div>\n\t\t<\/section>\n\t\t\t\t<section data-particle_enable=\"false\" data-particle-mobile-disabled=\"false\" class=\"elementor-section elementor-top-section elementor-element elementor-element-82d9358 elementor-section-boxed elementor-section-height-default elementor-section-height-default\" data-id=\"82d9358\" data-element_type=\"section\" data-e-type=\"section\">\n\t\t\t\t\t\t<div class=\"elementor-container elementor-column-gap-default\">\n\t\t\t\t\t<div class=\"elementor-column elementor-col-100 elementor-top-column elementor-element elementor-element-dd454bf\" data-id=\"dd454bf\" data-element_type=\"column\" data-e-type=\"column\">\n\t\t\t<div class=\"elementor-widget-wrap elementor-element-populated\">\n\t\t\t\t\t\t<div class=\"elementor-element elementor-element-225ede6 elementor-widget elementor-widget-heading\" data-id=\"225ede6\" data-element_type=\"widget\" data-e-type=\"widget\" data-widget_type=\"heading.default\">\n\t\t\t\t<div class=\"elementor-widget-container\">\n\t\t\t\t\t<h2 class=\"elementor-heading-title elementor-size-default\">Conselho Deliberativo<\/h2>\t\t\t\t<\/div>\n\t\t\t\t<\/div>\n\t\t\t\t<div class=\"elementor-element elementor-element-0c87db9 elementor-widget elementor-widget-text-editor\" data-id=\"0c87db9\" data-element_type=\"widget\" data-e-type=\"widget\" data-widget_type=\"text-editor.default\">\n\t\t\t\t<div class=\"elementor-widget-container\">\n\t\t\t\t\t\t\t\t\t<p>O Conselho Deliberativo \u00e9 o \u00f3rg\u00e3o m\u00e1ximo de delibera\u00e7\u00e3o e orienta\u00e7\u00e3o da EnergisaPrev, respons\u00e1vel por definir diretrizes estrat\u00e9gicas, objetivos e normas gerais para a organiza\u00e7\u00e3o, opera\u00e7\u00e3o e administra\u00e7\u00e3o da Funda\u00e7\u00e3o.<\/p><p>\u00a0<\/p><p>\u00c9 composto por membros efetivos e suplentes, assegurando a representatividade de participantes ativos e aposentados, com no m\u00ednimo 1\/3 das vagas, fortalecendo a transpar\u00eancia e a participa\u00e7\u00e3o nos processos decis\u00f3rios.<\/p>\t\t\t\t\t\t\t\t<\/div>\n\t\t\t\t<\/div>\n\t\t\t\t\t<\/div>\n\t\t<\/div>\n\t\t\t\t\t<\/div>\n\t\t<\/section>\n\t\t\t\t<section data-particle_enable=\"false\" data-particle-mobile-disabled=\"false\" class=\"elementor-section elementor-top-section elementor-element elementor-element-d60c2e6 elementor-section-boxed elementor-section-height-default elementor-section-height-default\" data-id=\"d60c2e6\" data-element_type=\"section\" data-e-type=\"section\">\n\t\t\t\t\t\t<div class=\"elementor-container elementor-column-gap-default\">\n\t\t\t\t\t<div class=\"elementor-column elementor-col-100 elementor-top-column elementor-element elementor-element-123eee6\" data-id=\"123eee6\" data-element_type=\"column\" data-e-type=\"column\">\n\t\t\t<div class=\"elementor-widget-wrap elementor-element-populated\">\n\t\t\t\t\t\t<div class=\"elementor-element elementor-element-ef1b948 elementor-widget elementor-widget-heading\" data-id=\"ef1b948\" data-element_type=\"widget\" data-e-type=\"widget\" data-widget_type=\"heading.default\">\n\t\t\t\t<div class=\"elementor-widget-container\">\n\t\t\t\t\t<h2 class=\"elementor-heading-title elementor-size-default\">Integrantes<\/h2>\t\t\t\t<\/div>\n\t\t\t\t<\/div>\n\t\t\t\t<div class=\"elementor-element elementor-element-d6eb0b8 elementor-widget elementor-widget-html\" data-id=\"d6eb0b8\" data-element_type=\"widget\" data-e-type=\"widget\" data-widget_type=\"html.default\">\n\t\t\t\t<div class=\"elementor-widget-container\">\n\t\t\t\t\t<style>\n  .energisa-card {\n    background: linear-gradient(120deg, #FFFFFF, #D1FFFF);\n    border: 1px solid #e6e8ec;\n    border-radius: 14px;\n    padding: 24px;\n    margin-bottom: 20px;\n    display: grid;\n    grid-template-columns: 200px 1fr;\n    gap: 28px;\n    align-items: start;\n    box-shadow: 0 2px 10px rgba(0,0,0,0.04);\n    font-family: 'Segoe UI', 'Helvetica Neue', Arial, sans-serif;\n    line-height: 1.55;\n    color: #1f2937;\n    box-sizing: border-box;\n    width: 49%;\n    grid-template-columns: 1fr;\n  }\n  .energisa-card * { box-sizing: border-box; }\n \n  .energisa-card-photo {\n    \/*width: 200px;*\/\n    width: 100%;\n    height: 100%;\n    border-radius: 20px;\n    background: #EAF4E2;\n    display: flex;\n    align-items: center;\n    justify-content: center;\n    color: #6CB158;\n    font-size: 13px;\n    font-weight: 600;\n    text-align: center;\n\n    overflow: hidden;\n  }\n  .energisa-card-photo img {\n    width: 100%;\n    height: 100%;\n    object-fit: cover;\n    border-radius: 12px;\n  }\n \n  .energisa-card-name {\n    font-size: 24px;\n    color: #6CB158;\n    margin: 0 0 0px 0;\n    font-weight: 500;\n  }\n  .energisa-card-role {\n    color: #6CB158;\n    font-size: 16px;\n    margin: 0;\n  }\n  .energisa-card-indicacao {\n    color: #6CB158;\n    font-size: 16px;\n    margin: 0 0 14px 0;\n    font-weight: 500;\n  }\n  .energisa-card-label {\n    font-weight: 700;\n    color: #2A6267;\n    margin: 10px 0 6px 0;\n    font-size: 15px;\n  }\n  .energisa-card-item {\n    font-size: 14.5px;\n    color: #2A6267;\n    margin: 0 0 10px 0;\n    padding-left: 14px;\n    position: relative;\n  }\n  .energisa-card-item::before {\n    content: \"\u2022\";\n    color: #6CB158;\n    position: absolute;\n    left: 0;\n    font-weight: 700;\n  }\n \n  @media (max-width: 700px) {\n    .energisa-card { grid-template-columns: 1fr; }\n    .energisa-card-photo { width: 100%; height: 220px; }\n  }\n<\/style>\n\n<div class=\"flex flex-wrap justify-between\">\n\n<!-- Fabricio Ferreira Neves -->\n<div class=\"energisa-card\">\n  <div class=\"energisa-card-photo\">\n      <img decoding=\"async\" src=\"https:\/\/energisaprev.com.br\/relatorioanual2025\/wp-content\/uploads\/2026\/04\/Fabricio-CD-2.jpg\">\n  <\/div>\n  <div>\n    <div class=\"energisa-card-name\">Fabricio Ferreira Neves<\/div>\n    <div class=\"energisa-card-role\">Presidente (Membro efetivo)<\/div>\n    <div class=\"energisa-card-indicacao\">Indicado pela patrocinadora<\/div>\n    <div class=\"energisa-card-label\">Forma\u00e7\u00e3o:<\/div>\n    <div class=\"energisa-card-item\">Direito \u2013 UFRJ<\/div>\n    <div class=\"energisa-card-item\">Presidente do Conselho Deliberativo da EnergisaPrev desde 2019 e Gerente Jur\u00eddico Regulat\u00f3rio e de Privacidade do Grupo Energisa. Possui s\u00f3lida trajet\u00f3ria em governan\u00e7a, regula\u00e7\u00e3o e M&amp;A, com atua\u00e7\u00e3o estrat\u00e9gica em projetos relevantes do setor el\u00e9trico, previd\u00eancia complementar e processos de reestrutura\u00e7\u00e3o e integra\u00e7\u00e3o empresarial.<\/div>\n  <\/div>\n<\/div>\n \n<!-- Jader Mota de Magalh\u00e3es -->\n<div class=\"energisa-card\">\n  <div class=\"energisa-card-photo\">\n      <img decoding=\"async\" src=\"https:\/\/energisaprev.com.br\/relatorioanual2025\/wp-content\/uploads\/2026\/04\/Jader_Magalha\u0303es-CD-2.jpg\">\n  <\/div>\n  <div>\n    <div class=\"energisa-card-name\">Jader Mota de Magalh\u00e3es<\/div>\n    <div class=\"energisa-card-role\">Vice-presidente (Membro efetivo)<\/div>\n    <div class=\"energisa-card-indicacao\">Indicado pela patrocinadora<\/div>\n    <div class=\"energisa-card-label\">Forma\u00e7\u00e3o:<\/div>\n    <div class=\"energisa-card-item\">Administra\u00e7\u00e3o \u2013 Faculdade Machado Sobrinho<\/div>\n    <div class=\"energisa-card-item\">Vice-presidente do Conselho Deliberativo da EnergisaPrev desde 2019, com s\u00f3lida trajet\u00f3ria em gest\u00e3o corporativa no Grupo Energisa. Possui ampla experi\u00eancia em remunera\u00e7\u00e3o, benef\u00edcios e or\u00e7amento, com atua\u00e7\u00e3o estrat\u00e9gica no planejamento, gest\u00e3o de pessoas e suporte \u00e0 alta administra\u00e7\u00e3o.<\/div>\n  <\/div>\n<\/div>\n \n<!-- Arilson de Moraes Ferreira -->\n<div class=\"energisa-card\">\n  <div class=\"energisa-card-photo\">\n      <img decoding=\"async\" src=\"https:\/\/energisaprev.com.br\/relatorioanual2025\/wp-content\/uploads\/2026\/04\/Arilson_-Conselho-Deliberativo-2.jpg\">\n  <\/div>\n  <div>\n    <div class=\"energisa-card-name\">Arilson de Moraes Ferreira<\/div>\n    <div class=\"energisa-card-role\">Membro efetivo<\/div>\n    <div class=\"energisa-card-indicacao\">Indicado pela patrocinadora<\/div>\n    <div class=\"energisa-card-label\">Forma\u00e7\u00e3o:<\/div>\n    <div class=\"energisa-card-item\">Administra\u00e7\u00e3o \u2013 Funda\u00e7\u00e3o de Ensino Superior de S\u00e3o Jo\u00e3o del-Rei<\/div>\n    <div class=\"energisa-card-item\">Integrante do Conselho Deliberativo da EnergisaPrev desde 2022 e Gerente de Gest\u00e3o de Ativos no Grupo Energisa. Possui s\u00f3lida experi\u00eancia em gest\u00e3o de ativos regulat\u00f3rios, conformidade e relacionamento com \u00f3rg\u00e3os reguladores, com atua\u00e7\u00e3o estrat\u00e9gica na gest\u00e3o patrimonial e de investimentos do grupo.<\/div>\n  <\/div>\n<\/div>\n \n<!-- Adilson Carvalho Panizza -->\n<div class=\"energisa-card\">\n  <div class=\"energisa-card-photo\">\n      <img decoding=\"async\" src=\"https:\/\/energisaprev.com.br\/relatorioanual2025\/wp-content\/uploads\/2026\/04\/Adilson-Conselho-Deliberativo-2.jpg\">\n  <\/div>\n  <div>\n    <div class=\"energisa-card-name\">Adilson Carvalho Panizza<\/div>\n    <div class=\"energisa-card-role\">Membro suplente<\/div>\n    <div class=\"energisa-card-indicacao\">Indicado pela patrocinadora<\/div>\n    <div class=\"energisa-card-label\">Forma\u00e7\u00e3o:<\/div>\n    <div class=\"energisa-card-item\">Engenharia El\u00e9trica \u2013 UNESP<\/div>\n    <div class=\"energisa-card-item\">Ex-Presidente do Conselho Deliberativo da Funda\u00e7\u00e3o Enersul, com s\u00f3lida experi\u00eancia em governan\u00e7a e gest\u00e3o de entidades de previd\u00eancia complementar. Possui trajet\u00f3ria marcada pela atua\u00e7\u00e3o estrat\u00e9gica em decis\u00f5es institucionais e no fortalecimento das pr\u00e1ticas de gest\u00e3o e controle.<\/div>\n  <\/div>\n<\/div>\n \n<!-- Dalessandro Luis Mafei -->\n<div class=\"energisa-card\">\n  <div class=\"energisa-card-photo\">\n      <img decoding=\"async\" src=\"https:\/\/energisaprev.com.br\/relatorioanual2025\/wp-content\/uploads\/2026\/04\/Dalessandro-CD-2.jpg\">\n  <\/div>\n  <div>\n    <div class=\"energisa-card-name\">Dalessandro Luis Mafei<\/div>\n    <div class=\"energisa-card-role\">Membro efetivo<\/div>\n    <div class=\"energisa-card-indicacao\">Representante dos participantes<\/div>\n    <div class=\"energisa-card-label\">Forma\u00e7\u00e3o:<\/div>\n    <div class=\"energisa-card-item\">Engenharia El\u00e9trica \u2013 Faculdade de Engenharia de Barretos<\/div>\n    <div class=\"energisa-card-item\">Membro do Conselho Deliberativo da EnergisaPrev desde 2022 e Gerente de Gest\u00e3o de Projetos, com atua\u00e7\u00e3o em planejamento estrat\u00e9gico, or\u00e7amento e gest\u00e3o da qualidade. Possui experi\u00eancia em riscos corporativos, auditorias e melhoria cont\u00ednua, com foco em efici\u00eancia operacional e governan\u00e7a.<\/div>\n  <\/div>\n<\/div>\n \n<!-- M\u00e1rcio Pinheiro Pimentel -->\n<div class=\"energisa-card\">\n  <div class=\"energisa-card-photo\">\n    <img decoding=\"async\" src=\"https:\/\/energisaprev.com.br\/relatorioanual2025\/wp-content\/uploads\/2026\/04\/Ma\u0301rcio-Pinheiro-CD-2.jpg\">      \n<\/div>\n  <div>\n    <div class=\"energisa-card-name\">M\u00e1rcio Pinheiro Pimentel<\/div>\n    <div class=\"energisa-card-role\">Membro suplente<\/div>\n    <div class=\"energisa-card-indicacao\">Representante dos participantes<\/div>\n    <div class=\"energisa-card-label\">Forma\u00e7\u00e3o:<\/div>\n    <div class=\"energisa-card-item\">Tecnologia em Desenvolvimento de Sistemas \u2013 Unicarioca<\/div>\n    <div class=\"energisa-card-item\">Gerente de Suprimentos, com s\u00f3lida experi\u00eancia em gest\u00e3o estrat\u00e9gica de compras, contratos e fornecedores. Possui trajet\u00f3ria em lideran\u00e7a de equipes e otimiza\u00e7\u00e3o de processos, com foco em efici\u00eancia operacional, redu\u00e7\u00e3o de custos e fortalecimento das pr\u00e1ticas de governan\u00e7a.<\/div>\n  <\/div>\n<\/div>\n \n<!-- S\u00e9rgio Mardine Fraulob -->\n<div class=\"energisa-card\">\n  <div class=\"energisa-card-photo\">\n      <img decoding=\"async\" src=\"https:\/\/energisaprev.com.br\/relatorioanual2025\/wp-content\/uploads\/2026\/04\/Sergio-Fraulob-Conselho-2.jpg\">      \n  <\/div>\n  <div>\n    <div class=\"energisa-card-name\">S\u00e9rgio Mardine Fraulob<\/div>\n    <div class=\"energisa-card-role\">Membro efetivo<\/div>\n    <div class=\"energisa-card-indicacao\">Representante dos aposentados<\/div>\n    <div class=\"energisa-card-label\">Forma\u00e7\u00e3o:<\/div>\n    <div class=\"energisa-card-item\">Engenharia El\u00e9trica \u2013 UFPR<\/div>\n    <div class=\"energisa-card-item\">Membro do Conselho Deliberativo e ex-membro do Conselho Fiscal da EnergisaPrev, com experi\u00eancia em fiscaliza\u00e7\u00e3o e an\u00e1lise econ\u00f4mico-financeira. Possui s\u00f3lida trajet\u00f3ria t\u00e9cnica como gestor nas \u00e1reas de automa\u00e7\u00e3o e telecomunica\u00e7\u00f5es, com atua\u00e7\u00e3o em projetos estrat\u00e9gicos no setor el\u00e9trico.<\/div>\n  <\/div>\n<\/div>\n \n<!-- Mois\u00e9s Carlos Tozze -->\n<div class=\"energisa-card\">\n  <div class=\"energisa-card-photo\">\n      <img decoding=\"async\" src=\"https:\/\/energisaprev.com.br\/relatorioanual2025\/wp-content\/uploads\/2026\/04\/Moises-CD-2.jpg\">\n  <\/div>\n  <div>\n    <div class=\"energisa-card-name\">Mois\u00e9s Carlos Tozze<\/div>\n    <div class=\"energisa-card-role\">Membro suplente<\/div>\n    <div class=\"energisa-card-indicacao\">Representante dos aposentados<\/div>\n    <div class=\"energisa-card-label\">Forma\u00e7\u00e3o:<\/div>\n    <div class=\"energisa-card-item\">Engenharia El\u00e9trica \u2013 Faculdade de Engenharia de Barretos<\/div>\n    <div class=\"energisa-card-item\">Executivo com experi\u00eancia em posi\u00e7\u00f5es de lideran\u00e7a no setor el\u00e9trico, tendo atuado como Diretor Comercial e Diretor de Opera\u00e7\u00f5es. Possui s\u00f3lida trajet\u00f3ria na gest\u00e3o de equipes, opera\u00e7\u00f5es e relacionamento com clientes, com foco em efici\u00eancia operacional e gest\u00e3o de servi\u00e7os.<\/div>\n  <\/div>\n<\/div>\n\n<\/div> \n \n<style>\n    .energisa-card-details {\n  display: none;\n}\n\n.energisa-card.is-open .energisa-card-details {\n  display: block;\n}\n\n.energisa-card-toggle {\n  margin-top: 14px;\n  padding: 8px 14px;\n  border: 1px solid #6CB158;\n  border-radius: 999px;\n  background: transparent;\n  color: #2A6267;\n  font-size: 14px;\n  font-weight: 600;\n  cursor: pointer;\n}\n\n.energisa-card-toggle:hover {\n  background: #6CB158;\n  color: #fff;\n}\n<\/style>\n\n<script>\ndocument.addEventListener('DOMContentLoaded', function () {\n  const cards = document.querySelectorAll('.energisa-card');\n\n  cards.forEach(function (card) {\n    const contentWrapper = card.children[1];\n\n    if (!contentWrapper) return;\n\n    const label = contentWrapper.querySelector('.energisa-card-label');\n    const items = contentWrapper.querySelectorAll('.energisa-card-item');\n\n    if (!label || !items.length) return;\n\n    const details = document.createElement('div');\n    details.className = 'energisa-card-details';\n\n    details.appendChild(label);\n\n    items.forEach(function (item) {\n      details.appendChild(item);\n    });\n\n    const button = document.createElement('button');\n    button.type = 'button';\n    button.className = 'energisa-card-toggle';\n    button.textContent = 'Ver detalhes';\n\n    contentWrapper.appendChild(button);\n    contentWrapper.appendChild(details);\n\n    button.addEventListener('click', function () {\n      const isOpen = card.classList.toggle('is-open');\n\n      button.textContent = isOpen ? 'Ocultar detalhes' : 'Ver detalhes';\n    });\n  });\n});\n<\/script>\n\n\t\t\t\t<\/div>\n\t\t\t\t<\/div>\n\t\t\t\t\t<\/div>\n\t\t<\/div>\n\t\t\t\t\t<\/div>\n\t\t<\/section>\n\t\t\t\t<section data-particle_enable=\"false\" data-particle-mobile-disabled=\"false\" class=\"elementor-section elementor-top-section elementor-element elementor-element-ba06518 elementor-section-boxed elementor-section-height-default elementor-section-height-default\" data-id=\"ba06518\" data-element_type=\"section\" data-e-type=\"section\">\n\t\t\t\t\t\t<div class=\"elementor-container elementor-column-gap-default\">\n\t\t\t\t\t<div class=\"elementor-column elementor-col-100 elementor-top-column elementor-element elementor-element-425f5ff\" data-id=\"425f5ff\" data-element_type=\"column\" data-e-type=\"column\">\n\t\t\t<div class=\"elementor-widget-wrap elementor-element-populated\">\n\t\t\t\t\t\t<div class=\"elementor-element elementor-element-bc7a229 elementor-widget elementor-widget-heading\" data-id=\"bc7a229\" data-element_type=\"widget\" data-e-type=\"widget\" data-widget_type=\"heading.default\">\n\t\t\t\t<div class=\"elementor-widget-container\">\n\t\t\t\t\t<h2 class=\"elementor-heading-title elementor-size-default\">Conselho Fiscal<\/h2>\t\t\t\t<\/div>\n\t\t\t\t<\/div>\n\t\t\t\t<div class=\"elementor-element elementor-element-4305a16 elementor-widget elementor-widget-text-editor\" data-id=\"4305a16\" data-element_type=\"widget\" data-e-type=\"widget\" data-widget_type=\"text-editor.default\">\n\t\t\t\t<div class=\"elementor-widget-container\">\n\t\t\t\t\t\t\t\t\t<p>O Conselho Fiscal \u00e9 o \u00f3rg\u00e3o respons\u00e1vel pela fiscaliza\u00e7\u00e3o da EnergisaPrev, com a atribui\u00e7\u00e3o de zelar pela gest\u00e3o econ\u00f4mico-financeira da Entidade, assegurando a conformidade dos atos administrativos e a transpar\u00eancia das informa\u00e7\u00f5es.<\/p><p>\u00a0<\/p><p>Composto por 3 membros efetivos e 2 suplentes, o colegiado garante a representatividade dos participantes, com no m\u00ednimo 1\/3 das vagas, fortalecendo o controle e a participa\u00e7\u00e3o nos processos de acompanhamento da Funda\u00e7\u00e3o.<\/p>\t\t\t\t\t\t\t\t<\/div>\n\t\t\t\t<\/div>\n\t\t\t\t\t<\/div>\n\t\t<\/div>\n\t\t\t\t\t<\/div>\n\t\t<\/section>\n\t\t\t\t<section data-particle_enable=\"false\" data-particle-mobile-disabled=\"false\" class=\"elementor-section elementor-top-section elementor-element elementor-element-21385e4 elementor-section-boxed elementor-section-height-default elementor-section-height-default\" data-id=\"21385e4\" data-element_type=\"section\" data-e-type=\"section\">\n\t\t\t\t\t\t<div class=\"elementor-container elementor-column-gap-default\">\n\t\t\t\t\t<div class=\"elementor-column elementor-col-100 elementor-top-column elementor-element elementor-element-ab1d621\" data-id=\"ab1d621\" data-element_type=\"column\" data-e-type=\"column\">\n\t\t\t<div class=\"elementor-widget-wrap elementor-element-populated\">\n\t\t\t\t\t\t<div class=\"elementor-element elementor-element-c3cd917 elementor-widget elementor-widget-heading\" data-id=\"c3cd917\" data-element_type=\"widget\" data-e-type=\"widget\" data-widget_type=\"heading.default\">\n\t\t\t\t<div class=\"elementor-widget-container\">\n\t\t\t\t\t<h2 class=\"elementor-heading-title elementor-size-default\">Integrantes<\/h2>\t\t\t\t<\/div>\n\t\t\t\t<\/div>\n\t\t\t\t<div class=\"elementor-element elementor-element-b874c4b elementor-widget elementor-widget-html\" data-id=\"b874c4b\" data-element_type=\"widget\" data-e-type=\"widget\" data-widget_type=\"html.default\">\n\t\t\t\t<div class=\"elementor-widget-container\">\n\t\t\t\t\t<!-- Jorge Luiz de Souza Cerqueira -->\n<div class=\"flex flex-wrap justify-between\">\n    <div class=\"energisa-card\">\n      <div class=\"energisa-card-photo\">\n        <img decoding=\"async\" src=\"https:\/\/energisaprev.com.br\/relatorioanual2025\/wp-content\/uploads\/2026\/04\/Jorge-Cerqueira-Conselho-Fiscal-2.jpg\">\n      <\/div>\n      <div>\n        <div class=\"energisa-card-name\">Jorge Luiz de Souza Cerqueira<\/div>\n        <div class=\"energisa-card-role\">Presidente (Membro efetivo)<\/div>\n        <div class=\"energisa-card-indicacao\">Indicado pela patrocinadora<\/div>\n        <div class=\"energisa-card-label\">Forma\u00e7\u00e3o:<\/div>\n        <div class=\"energisa-card-item\">Ci\u00eancias Cont\u00e1beis \u2013 Faculdade de Ci\u00eancias Econ\u00f4micas, Cont\u00e1beis e Administrativas de Visconde do Rio Branco<\/div>\n        <div class=\"energisa-card-item\">Presidente do Conselho Fiscal da EnergisaPrev desde 2016 e Gerente Corporativo Tribut\u00e1rio do Grupo Energisa. Possui s\u00f3lida experi\u00eancia em contabilidade, planejamento tribut\u00e1rio e demonstra\u00e7\u00f5es financeiras, com atua\u00e7\u00e3o estrat\u00e9gica na gest\u00e3o de riscos fiscais e no suporte \u00e0 governan\u00e7a.<\/div>\n      <\/div>\n    <\/div>\n     \n    <!-- Rodolfo da Paix\u00e3o Lima -->\n    <div class=\"energisa-card\">\n      <div class=\"energisa-card-photo\">\n          <img decoding=\"async\" src=\"https:\/\/energisaprev.com.br\/relatorioanual2025\/wp-content\/uploads\/2026\/04\/Rodolfo-CF-2.jpg\">\n      <\/div>\n      <div>\n        <div class=\"energisa-card-name\">Rodolfo da Paix\u00e3o Lima<\/div>\n        <div class=\"energisa-card-role\">Membro efetivo<\/div>\n        <div class=\"energisa-card-indicacao\">Indicado pela patrocinadora<\/div>\n        <div class=\"energisa-card-label\">Forma\u00e7\u00e3o:<\/div>\n        <div class=\"energisa-card-item\">Ci\u00eancias Cont\u00e1beis \u2013 UFRJ<\/div>\n        <div class=\"energisa-card-item\">Diretor Cont\u00e1bil, Tributos e Patrim\u00f4nio do Grupo Energisa, com ampla experi\u00eancia em auditoria e normas IFRS. Possui trajet\u00f3ria consolidada em gest\u00e3o de demonstra\u00e7\u00f5es financeiras, controles internos e relacionamento com \u00f3rg\u00e3os reguladores, atuando de forma estrat\u00e9gica no suporte \u00e0 alta administra\u00e7\u00e3o.<\/div>\n      <\/div>\n    <\/div>\n     \n    <!-- Thiago dos Santos Queiroz -->\n    <div class=\"energisa-card\">\n      <div class=\"energisa-card-photo\"><img decoding=\"async\" src=\"https:\/\/energisaprev.com.br\/relatorioanual2025\/wp-content\/uploads\/2026\/04\/Thiago-Conselho-Fiscal-2.jpg\"><\/div>\n      <div>\n        <div class=\"energisa-card-name\">Thiago dos Santos Queiroz<\/div>\n        <div class=\"energisa-card-role\">Membro suplente<\/div>\n        <div class=\"energisa-card-indicacao\">Indicado pela patrocinadora<\/div>\n        <div class=\"energisa-card-label\">Forma\u00e7\u00e3o:<\/div>\n        <div class=\"energisa-card-item\">Ci\u00eancias Cont\u00e1beis \u2013 Universidade Veiga de Almeida<\/div>\n        <div class=\"energisa-card-item\">Membro suplente do Conselho Fiscal da EnergisaPrev e Especialista Cont\u00e1bil, com experi\u00eancia em demonstra\u00e7\u00f5es financeiras, apura\u00e7\u00e3o de tributos e conformidade regulat\u00f3ria. Possui atua\u00e7\u00e3o consistente na elabora\u00e7\u00e3o e an\u00e1lise de informa\u00e7\u00f5es cont\u00e1beis e no atendimento \u00e0s exig\u00eancias de \u00f3rg\u00e3os reguladores.<\/div>\n      <\/div>\n    <\/div>\n     \n    <!-- Valter Alves Delgado -->\n    <div class=\"energisa-card\">\n      <div class=\"energisa-card-photo\">\n          <img decoding=\"async\" src=\"https:\/\/energisaprev.com.br\/relatorioanual2025\/wp-content\/uploads\/2026\/04\/Valter-CF-2.jpg\">\n      <\/div>\n      <div>\n        <div class=\"energisa-card-name\">Valter Alves Delgado<\/div>\n        <div class=\"energisa-card-role\">Membro efetivo<\/div>\n        <div class=\"energisa-card-indicacao\">Representante dos ativos<\/div>\n        <div class=\"energisa-card-label\">Forma\u00e7\u00e3o:<\/div>\n        <div class=\"energisa-card-item\">Ci\u00eancias Cont\u00e1beis \u2013 Centro Universit\u00e1rio Anhanguera de Campo Grande<\/div>\n        <div class=\"energisa-card-item\">Membro do Conselho Fiscal da EnergisaPrev e ex-integrante do Conselho Fiscal da Funda\u00e7\u00e3o Enersul. Possui experi\u00eancia na \u00e1rea administrativa e atua\u00e7\u00e3o em fiscaliza\u00e7\u00e3o, contribuindo com vis\u00e3o pr\u00e1tica no acompanhamento e controle da gest\u00e3o.<\/div>\n      <\/div>\n    <\/div>\n     \n    <!-- Jos\u00e9 Willams de Freitas Gouveia -->\n    <div class=\"energisa-card\">\n      <div class=\"energisa-card-photo\"><img decoding=\"async\" src=\"https:\/\/energisaprev.com.br\/relatorioanual2025\/wp-content\/uploads\/2026\/04\/Jose-Willans-CF-2.jpg\"><\/div>\n      <div>\n        <div class=\"energisa-card-name\">Jos\u00e9 Willams de Freitas Gouveia<\/div>\n        <div class=\"energisa-card-role\">Membro suplente<\/div>\n        <div class=\"energisa-card-indicacao\">Representante dos ativos<\/div>\n        <div class=\"energisa-card-label\">Forma\u00e7\u00e3o:<\/div>\n        <div class=\"energisa-card-item\">Engenharia Civil \u2013 Universidade Federal da Para\u00edba<\/div>\n        <div class=\"energisa-card-item\">Profissional com trajet\u00f3ria em posi\u00e7\u00f5es de lideran\u00e7a no setor p\u00fablico e em infraestrutura, com atua\u00e7\u00e3o como diretor e coordenador de projetos. Possui experi\u00eancia em gest\u00e3o de opera\u00e7\u00f5es, desenvolvimento regional e administra\u00e7\u00e3o de recursos, com foco em efici\u00eancia e execu\u00e7\u00e3o de projetos.<\/div>\n      <\/div>\n    <\/div>\n<\/div>\n\t\t\t\t<\/div>\n\t\t\t\t<\/div>\n\t\t\t\t\t<\/div>\n\t\t<\/div>\n\t\t\t\t\t<\/div>\n\t\t<\/section>\n\t\t\t\t<section data-particle_enable=\"false\" data-particle-mobile-disabled=\"false\" class=\"elementor-section elementor-top-section elementor-element elementor-element-5c3f372 elementor-section-boxed elementor-section-height-default elementor-section-height-default\" data-id=\"5c3f372\" data-element_type=\"section\" data-e-type=\"section\">\n\t\t\t\t\t\t<div class=\"elementor-container elementor-column-gap-default\">\n\t\t\t\t\t<div class=\"elementor-column elementor-col-100 elementor-top-column elementor-element elementor-element-f53b2f7\" data-id=\"f53b2f7\" data-element_type=\"column\" data-e-type=\"column\">\n\t\t\t<div class=\"elementor-widget-wrap elementor-element-populated\">\n\t\t\t\t\t\t<div class=\"elementor-element elementor-element-d0f9b3b elementor-widget elementor-widget-heading\" data-id=\"d0f9b3b\" data-element_type=\"widget\" data-e-type=\"widget\" data-widget_type=\"heading.default\">\n\t\t\t\t<div class=\"elementor-widget-container\">\n\t\t\t\t\t<h2 class=\"elementor-heading-title elementor-size-default\">Diretoria Executiva<\/h2>\t\t\t\t<\/div>\n\t\t\t\t<\/div>\n\t\t\t\t<div class=\"elementor-element elementor-element-0c64806 elementor-widget elementor-widget-text-editor\" data-id=\"0c64806\" data-element_type=\"widget\" data-e-type=\"widget\" data-widget_type=\"text-editor.default\">\n\t\t\t\t<div class=\"elementor-widget-container\">\n\t\t\t\t\t\t\t\t\t<p>A Diretoria Executiva \u00e9 respons\u00e1vel pela gest\u00e3o operacional da EnergisaPrev, atuando na execu\u00e7\u00e3o das estrat\u00e9gias definidas pelos Conselhos e na condu\u00e7\u00e3o das atividades administrativas, financeiras e operacionais da Funda\u00e7\u00e3o.<\/p><p>Entre suas principais atribui\u00e7\u00f5es, destacam-se a implementa\u00e7\u00e3o das diretrizes estrat\u00e9gicas, a gest\u00e3o eficiente dos recursos e a garantia da continuidade, qualidade e solidez das opera\u00e7\u00f5es, sempre alinhadas \u00e0s melhores pr\u00e1ticas de governan\u00e7a.<\/p>\t\t\t\t\t\t\t\t<\/div>\n\t\t\t\t<\/div>\n\t\t\t\t\t<\/div>\n\t\t<\/div>\n\t\t\t\t\t<\/div>\n\t\t<\/section>\n\t\t\t\t<section data-particle_enable=\"false\" data-particle-mobile-disabled=\"false\" class=\"elementor-section elementor-top-section elementor-element elementor-element-3798186 elementor-section-boxed elementor-section-height-default elementor-section-height-default\" data-id=\"3798186\" data-element_type=\"section\" data-e-type=\"section\">\n\t\t\t\t\t\t<div class=\"elementor-container elementor-column-gap-default\">\n\t\t\t\t\t<div class=\"elementor-column elementor-col-100 elementor-top-column elementor-element elementor-element-a498d1d\" data-id=\"a498d1d\" data-element_type=\"column\" data-e-type=\"column\">\n\t\t\t<div class=\"elementor-widget-wrap elementor-element-populated\">\n\t\t\t\t\t\t<div class=\"elementor-element elementor-element-b280db6 elementor-widget elementor-widget-heading\" data-id=\"b280db6\" data-element_type=\"widget\" data-e-type=\"widget\" data-widget_type=\"heading.default\">\n\t\t\t\t<div class=\"elementor-widget-container\">\n\t\t\t\t\t<h2 class=\"elementor-heading-title elementor-size-default\">Integrantes<\/h2>\t\t\t\t<\/div>\n\t\t\t\t<\/div>\n\t\t\t\t<div class=\"elementor-element elementor-element-8962e6c elementor-widget elementor-widget-html\" data-id=\"8962e6c\" data-element_type=\"widget\" data-e-type=\"widget\" data-widget_type=\"html.default\">\n\t\t\t\t<div class=\"elementor-widget-container\">\n\t\t\t\t\t<div class=\"flex flex-wrap justify-between\">\n    <!-- Lucas N\u00f3brega -->\n    <div class=\"energisa-card\">\n      <div class=\"energisa-card-photo\">\n          <img decoding=\"async\" src=\"https:\/\/energisaprev.com.br\/relatorioanual2025\/wp-content\/uploads\/2026\/04\/Lucas-Nobrega-1-2.jpg\">\n      <\/div>\n      <div>\n        <div class=\"energisa-card-name\">Lucas N\u00f3brega<\/div>\n        <div class=\"energisa-card-role\">Diretor-Presidente<\/div>\n        <div class=\"energisa-card-indicacao\">Respons\u00e1vel pela Gest\u00e3o de Riscos (ARGR) e Administrador Respons\u00e1vel pelo Plano de Benef\u00edcios (ARPB)<\/div>\n        <div class=\"energisa-card-label\">Forma\u00e7\u00e3o:<\/div>\n        <div class=\"energisa-card-item\">MBA Executivo Internacional pela FIA\/USP (em parceria com a Vanderbilt University), forma\u00e7\u00e3o de Conselheiro pela Funda\u00e7\u00e3o Dom Cabral e certifica\u00e7\u00f5es pelo ICSS e pela ANBIMA.<\/div>\n        <div class=\"energisa-card-item\">Diretor-Presidente da EnergisaPrev, atua no setor de previd\u00eancia complementar desde 2007, com experi\u00eancia em fundos de pens\u00e3o, investimentos e governan\u00e7a. Foi Diretor-Presidente da Funda\u00e7\u00e3o Libertas e Diretor-Superintendente da Previbayer, com destaque em governan\u00e7a e transforma\u00e7\u00e3o organizacional. Tamb\u00e9m atuou como Diretor e Conselheiro da Abrapp e \u00e9 palestrante em eventos nacionais e internacionais.<\/div>\n      <\/div>\n    <\/div>\n     \n    <!-- Welyton de Sousa Pinto -->\n    <div class=\"energisa-card\">\n      <div class=\"energisa-card-photo\">\n        <img decoding=\"async\" src=\"https:\/\/energisaprev.com.br\/relatorioanual2025\/wp-content\/uploads\/2026\/04\/Welyton-Pinto_-1-2.jpg\">\n      <\/div>\n      <div>\n        <div class=\"energisa-card-name\">Welyton de Sousa Pinto<\/div>\n        <div class=\"energisa-card-role\">Diretor Administrativo-Financeiro<\/div>\n        <div class=\"energisa-card-indicacao\">Administrador Estatut\u00e1rio Tecnicamente Qualificado (AETQ)<\/div>\n        <div class=\"energisa-card-label\">Forma\u00e7\u00e3o:<\/div>\n        <div class=\"energisa-card-item\">Administra\u00e7\u00e3o (UNIEURO), MBA em Finan\u00e7as (Ibmec), p\u00f3s-gradua\u00e7\u00e3o em Direito Previdenci\u00e1rio e certifica\u00e7\u00f5es ANBIMA (CPA-20) e ICSS.<\/div>\n        <div class=\"energisa-card-item\">Com mais de 20 anos de experi\u00eancia em investimentos, previd\u00eancia complementar e gest\u00e3o administrativa em fundos de pens\u00e3o, \u00e9 respons\u00e1vel pelas \u00e1reas de investimentos, contabilidade, TI, administra\u00e7\u00e3o e tesouraria, com atua\u00e7\u00e3o em gest\u00e3o de ativos e passivos, an\u00e1lise de riscos e aloca\u00e7\u00e3o estrat\u00e9gica (ALM). Atuou na Funda\u00e7\u00e3o Libertas e no Cibrius, com destaque na gest\u00e3o de investimentos e apoio ao Comit\u00ea de Investimentos, contribuindo para o fortalecimento das entidades previdenci\u00e1rias.<\/div>\n      <\/div>\n    <\/div>\n<\/div>\n \t\t\t\t<\/div>\n\t\t\t\t<\/div>\n\t\t\t\t\t<\/div>\n\t\t<\/div>\n\t\t\t\t\t<\/div>\n\t\t<\/section>\n\t\t\t\t<section data-particle_enable=\"false\" data-particle-mobile-disabled=\"false\" class=\"elementor-section elementor-top-section elementor-element elementor-element-9adda8d elementor-section-boxed elementor-section-height-default elementor-section-height-default\" data-id=\"9adda8d\" data-element_type=\"section\" data-e-type=\"section\" data-settings=\"{&quot;background_background&quot;:&quot;classic&quot;}\">\n\t\t\t\t\t\t<div class=\"elementor-container elementor-column-gap-default\">\n\t\t\t\t\t<div class=\"elementor-column elementor-col-100 elementor-top-column elementor-element elementor-element-bdec67d\" data-id=\"bdec67d\" data-element_type=\"column\" data-e-type=\"column\">\n\t\t\t<div class=\"elementor-widget-wrap elementor-element-populated\">\n\t\t\t\t\t\t<div class=\"elementor-element elementor-element-515566a elementor-widget elementor-widget-heading\" data-id=\"515566a\" data-element_type=\"widget\" data-e-type=\"widget\" data-widget_type=\"heading.default\">\n\t\t\t\t<div class=\"elementor-widget-container\">\n\t\t\t\t\t<h2 class=\"elementor-heading-title elementor-size-default\">Reuni\u00f5es dos Conselhos<\/h2>\t\t\t\t<\/div>\n\t\t\t\t<\/div>\n\t\t\t\t<div class=\"elementor-element elementor-element-164cf7b elementor-widget elementor-widget-text-editor\" data-id=\"164cf7b\" data-element_type=\"widget\" data-e-type=\"widget\" data-widget_type=\"text-editor.default\">\n\t\t\t\t<div class=\"elementor-widget-container\">\n\t\t\t\t\t\t\t\t\t<p>Em 2025, os Conselhos Deliberativo e Fiscal da EnergisaPrev mantiveram uma agenda estruturada de reuni\u00f5es, assegurando o acompanhamento cont\u00ednuo da gest\u00e3o e o fortalecimento das pr\u00e1ticas de governan\u00e7a, transpar\u00eancia e controle.<\/p>\t\t\t\t\t\t\t\t<\/div>\n\t\t\t\t<\/div>\n\t\t\t\t<div class=\"elementor-element elementor-element-38ae78b elementor-widget elementor-widget-text-editor\" data-id=\"38ae78b\" data-element_type=\"widget\" data-e-type=\"widget\" data-widget_type=\"text-editor.default\">\n\t\t\t\t<div class=\"elementor-widget-container\">\n\t\t\t\t\t\t\t\t\t<p><strong>Reuni\u00f5es do Conselho Deliberativo<\/strong><\/p>\t\t\t\t\t\t\t\t<\/div>\n\t\t\t\t<\/div>\n\t\t\t\t<div class=\"elementor-element elementor-element-ab110af elementor-widget elementor-widget-text-editor\" data-id=\"ab110af\" data-element_type=\"widget\" data-e-type=\"widget\" data-widget_type=\"text-editor.default\">\n\t\t\t\t<div class=\"elementor-widget-container\">\n\t\t\t\t\t\t\t\t\t<p>O Conselho Deliberativo atuou de forma ativa na defini\u00e7\u00e3o de diretrizes e no acompanhamento das decis\u00f5es estrat\u00e9gicas da EnergisaPrev.<\/p>\t\t\t\t\t\t\t\t<\/div>\n\t\t\t\t<\/div>\n\t\t\t\t<div class=\"elementor-element elementor-element-0d1e6c7 elementor-widget elementor-widget-heading\" data-id=\"0d1e6c7\" data-element_type=\"widget\" data-e-type=\"widget\" data-widget_type=\"heading.default\">\n\t\t\t\t<div class=\"elementor-widget-container\">\n\t\t\t\t\t<h2 class=\"elementor-heading-title elementor-size-default\">Ao longo de 2025, foram realizadas 18 reuni\u00f5es, sendo 16 extraordin\u00e1rias e 2 ordin\u00e1rias.<\/h2>\t\t\t\t<\/div>\n\t\t\t\t<\/div>\n\t\t\t\t<div class=\"elementor-element elementor-element-992b2de elementor-widget elementor-widget-text-editor\" data-id=\"992b2de\" data-element_type=\"widget\" data-e-type=\"widget\" data-widget_type=\"text-editor.default\">\n\t\t\t\t<div class=\"elementor-widget-container\">\n\t\t\t\t\t\t\t\t\t<p>Entre os principais temas tratados, destacam-se a defini\u00e7\u00e3o e revis\u00e3o das Pol\u00edticas de Investimentos, a atualiza\u00e7\u00e3o de normativos internos, a condu\u00e7\u00e3o do processo eleitoral, o estabelecimento das metas para 2025 e a celebra\u00e7\u00e3o de conv\u00eanios de ades\u00e3o.<\/p><p>Essa atua\u00e7\u00e3o contribui para decis\u00f5es estrat\u00e9gicas consistentes, alinhadas \u00e0s melhores pr\u00e1ticas de governan\u00e7a e \u00e0 sustentabilidade dos planos administrados.<\/p>\t\t\t\t\t\t\t\t<\/div>\n\t\t\t\t<\/div>\n\t\t\t\t<div class=\"elementor-element elementor-element-3c11c70 elementor-widget elementor-widget-heading\" data-id=\"3c11c70\" data-element_type=\"widget\" data-e-type=\"widget\" data-widget_type=\"heading.default\">\n\t\t\t\t<div class=\"elementor-widget-container\">\n\t\t\t\t\t<h2 class=\"elementor-heading-title elementor-size-default\">Reuni\u00f5es dos Conselho Fiscal<\/h2>\t\t\t\t<\/div>\n\t\t\t\t<\/div>\n\t\t\t\t<div class=\"elementor-element elementor-element-2c4a394 elementor-widget elementor-widget-text-editor\" data-id=\"2c4a394\" data-element_type=\"widget\" data-e-type=\"widget\" data-widget_type=\"text-editor.default\">\n\t\t\t\t<div class=\"elementor-widget-container\">\n\t\t\t\t\t\t\t\t\t<p>O Conselho Fiscal exerceu seu papel de fiscaliza\u00e7\u00e3o de forma cont\u00ednua, acompanhando a gest\u00e3o econ\u00f4mico-financeira da Funda\u00e7\u00e3o.<\/p>\t\t\t\t\t\t\t\t<\/div>\n\t\t\t\t<\/div>\n\t\t\t\t<div class=\"elementor-element elementor-element-66a8dc1 elementor-widget elementor-widget-heading\" data-id=\"66a8dc1\" data-element_type=\"widget\" data-e-type=\"widget\" data-widget_type=\"heading.default\">\n\t\t\t\t<div class=\"elementor-widget-container\">\n\t\t\t\t\t<h2 class=\"elementor-heading-title elementor-size-default\">No per\u00edodo, foram realizadas:<br>\n&nbsp; &nbsp; &nbsp; \u2022 5 reuni\u00f5es, sendo 1 extraordin\u00e1ria e 4 ordin\u00e1rias.\n<\/h2>\t\t\t\t<\/div>\n\t\t\t\t<\/div>\n\t\t\t\t<div class=\"elementor-element elementor-element-7efe340 elementor-widget elementor-widget-text-editor\" data-id=\"7efe340\" data-element_type=\"widget\" data-e-type=\"widget\" data-widget_type=\"text-editor.default\">\n\t\t\t\t<div class=\"elementor-widget-container\">\n\t\t\t\t\t\t\t\t\t<p>As reuni\u00f5es tiveram como foco o exame dos balancetes, a an\u00e1lise de relat\u00f3rios de riscos e a emiss\u00e3o de manifesta\u00e7\u00f5es e pareceres sobre os atos da Diretoria Executiva.<\/p><p>Essa atua\u00e7\u00e3o refor\u00e7a os mecanismos de controle e contribui para a transpar\u00eancia e a confiabilidade da gest\u00e3o da EnergisaPrev.<\/p>\t\t\t\t\t\t\t\t<\/div>\n\t\t\t\t<\/div>\n\t\t\t\t\t<\/div>\n\t\t<\/div>\n\t\t\t\t\t<\/div>\n\t\t<\/section>\n\t\t\t\t<section data-particle_enable=\"false\" data-particle-mobile-disabled=\"false\" class=\"elementor-section elementor-top-section elementor-element elementor-element-f73fd71 elementor-section-boxed elementor-section-height-default elementor-section-height-default\" data-id=\"f73fd71\" data-element_type=\"section\" data-e-type=\"section\">\n\t\t\t\t\t\t<div class=\"elementor-container elementor-column-gap-default\">\n\t\t\t\t\t<div class=\"elementor-column elementor-col-100 elementor-top-column elementor-element elementor-element-944858a\" data-id=\"944858a\" data-element_type=\"column\" data-e-type=\"column\">\n\t\t\t<div class=\"elementor-widget-wrap elementor-element-populated\">\n\t\t\t\t\t\t<div class=\"elementor-element elementor-element-2407e8f elementor-widget elementor-widget-heading\" data-id=\"2407e8f\" data-element_type=\"widget\" data-e-type=\"widget\" data-widget_type=\"heading.default\">\n\t\t\t\t<div class=\"elementor-widget-container\">\n\t\t\t\t\t<h2 class=\"elementor-heading-title elementor-size-default\">Processo Eleitoral<\/h2>\t\t\t\t<\/div>\n\t\t\t\t<\/div>\n\t\t\t\t<div class=\"elementor-element elementor-element-a935483 elementor-widget elementor-widget-text-editor\" data-id=\"a935483\" data-element_type=\"widget\" data-e-type=\"widget\" data-widget_type=\"text-editor.default\">\n\t\t\t\t<div class=\"elementor-widget-container\">\n\t\t\t\t\t\t\t\t\t<p>O processo eleitoral da EnergisaPrev \u00e9 conduzido de forma transparente, estruturada e em conformidade com o Regimento Eleitoral e a legisla\u00e7\u00e3o vigente, assegurando a representatividade dos clientes participantes ativos e aposentados na governan\u00e7a da Funda\u00e7\u00e3o.<\/p>\t\t\t\t\t\t\t\t<\/div>\n\t\t\t\t<\/div>\n\t\t\t\t\t<\/div>\n\t\t<\/div>\n\t\t\t\t\t<\/div>\n\t\t<\/section>\n\t\t\t\t<section data-particle_enable=\"false\" data-particle-mobile-disabled=\"false\" class=\"elementor-section elementor-top-section elementor-element elementor-element-f3379de elementor-section-boxed elementor-section-height-default elementor-section-height-default\" data-id=\"f3379de\" data-element_type=\"section\" data-e-type=\"section\">\n\t\t\t\t\t\t<div class=\"elementor-container elementor-column-gap-default\">\n\t\t\t\t\t<div class=\"elementor-column elementor-col-100 elementor-top-column elementor-element elementor-element-8b1388d\" data-id=\"8b1388d\" data-element_type=\"column\" data-e-type=\"column\">\n\t\t\t<div class=\"elementor-widget-wrap elementor-element-populated\">\n\t\t\t\t\t\t<div class=\"elementor-element elementor-element-9ce9daf elementor-widget elementor-widget-text-editor\" data-id=\"9ce9daf\" data-element_type=\"widget\" data-e-type=\"widget\" data-widget_type=\"text-editor.default\">\n\t\t\t\t<div class=\"elementor-widget-container\">\n\t\t\t\t\t\t\t\t\t<p><strong>O processo ocorre em duas fases:<\/strong><\/p>\t\t\t\t\t\t\t\t<\/div>\n\t\t\t\t<\/div>\n\t\t\t\t<div class=\"elementor-element elementor-element-a17f7cf elementor-widget elementor-widget-eael-feature-list\" data-id=\"a17f7cf\" data-element_type=\"widget\" data-e-type=\"widget\" data-widget_type=\"eael-feature-list.default\">\n\t\t\t\t<div class=\"elementor-widget-container\">\n\t\t\t\t\t\t\t<div class=\"-icon-position-left -tablet-icon-position-left -mobile-icon-position-left\">\n\t\t\t<ul id=\"eael-feature-list-a17f7cf\" class=\"eael-feature-list-items circle stacked  eael-feature-list-vertical\" data-layout-tablet=\"vertical\" data-layout-mobile=\"vertical\">\n\t\t\t                <li class=\"eael-feature-list-item elementor-repeater-item-d2a74ea\">\n                    \n\t\t\t\t\t\t<div class=\"eael-feature-list-icon-box\">\n\t\t\t\t\t\t\t<div class=\"eael-feature-list-icon-inner\">\n\n\t\t\t\t\t\t\t\t<span class=\"eael-feature-list-icon fl-icon-0\">\n\n\t\t<svg xmlns=\"http:\/\/www.w3.org\/2000\/svg\" width=\"391\" height=\"391\" viewBox=\"0 0 391 391\" fill=\"none\"><circle cx=\"195.501\" cy=\"195.5\" r=\"194.5\" transform=\"rotate(30 195.501 195.5)\" fill=\"url(#paint0_linear_145_53)\"><\/circle><defs><linearGradient id=\"paint0_linear_145_53\" x1=\"195.501\" y1=\"1.00005\" x2=\"195.501\" y2=\"390\" gradientUnits=\"userSpaceOnUse\"><stop stop-color=\"#56E274\"><\/stop><stop offset=\"1\" stop-color=\"#00B6B2\"><\/stop><\/linearGradient><\/defs><\/svg>\t\t\t\t\t\t\t\t<\/span>\n\t\t\t\t\t\t\t<\/div>\n\t\t\t\t\t\t<\/div>\n\t\t\t\t\t\t<div class=\"eael-feature-list-content-box\">\n                            <h2 class=\"eael-feature-list-title\">1\u00aa fase \u2013 Constitui\u00e7\u00e3o da Comiss\u00e3o Eleitoral<\/h2>\t\t\t\t\t\t<p class=\"eael-feature-list-content\">Inicialmente, \u00e9 publicado o edital conforme previsto no Regimento Eleitoral. Em seguida, \u00e9 aberto o per\u00edodo de candidatura para composi\u00e7\u00e3o da Comiss\u00e3o, realizado de forma online, em paralelo \u00e0 indica\u00e7\u00e3o de cinco membros pela patrocinadora.\n<br><Br>\nAp\u00f3s a vota\u00e7\u00e3o, s\u00e3o preenchidas as vagas destinadas aos eleitos, sendo ent\u00e3o divulgada a composi\u00e7\u00e3o da Comiss\u00e3o Eleitoral, com abertura de prazo para eventuais impugna\u00e7\u00f5es. Encerrada essa etapa, os membros indicados e eleitos tomam posse.<\/p>\n\t\t\t\t\t\t<\/div>\n\n\t\t\t\t\t<\/li>\n\t\t\t\t                <li class=\"eael-feature-list-item elementor-repeater-item-d0d91ac\">\n                    \n\t\t\t\t\t\t<div class=\"eael-feature-list-icon-box\">\n\t\t\t\t\t\t\t<div class=\"eael-feature-list-icon-inner\">\n\n\t\t\t\t\t\t\t\t<span class=\"eael-feature-list-icon fl-icon-1\">\n\n\t\t<svg xmlns=\"http:\/\/www.w3.org\/2000\/svg\" width=\"391\" height=\"391\" viewBox=\"0 0 391 391\" fill=\"none\"><circle cx=\"195.501\" cy=\"195.5\" r=\"194.5\" transform=\"rotate(30 195.501 195.5)\" fill=\"url(#paint0_linear_145_53)\"><\/circle><defs><linearGradient id=\"paint0_linear_145_53\" x1=\"195.501\" y1=\"1.00005\" x2=\"195.501\" y2=\"390\" gradientUnits=\"userSpaceOnUse\"><stop stop-color=\"#56E274\"><\/stop><stop offset=\"1\" stop-color=\"#00B6B2\"><\/stop><\/linearGradient><\/defs><\/svg>\t\t\t\t\t\t\t\t<\/span>\n\t\t\t\t\t\t\t<\/div>\n\t\t\t\t\t\t<\/div>\n\t\t\t\t\t\t<div class=\"eael-feature-list-content-box\">\n                            <h2 class=\"eael-feature-list-title\">2\u00aa fase \u2013 Constitui\u00e7\u00e3o dos Conselhos<\/h2>\t\t\t\t\t\t<p class=\"eael-feature-list-content\">Na sequ\u00eancia, s\u00e3o abertas as candidaturas para composi\u00e7\u00e3o dos Conselhos, respeitando o quantitativo previsto no <a href=\"https:\/\/energisaprev.com.br\/wp-content\/uploads\/2023\/07\/ENERGISA-ESTATUTO-SOCIAL-v4.pdf\" target=\"_blank\">Estatuto<\/a> e no <a href=\"https:\/\/energisaprev.com.br\/wp-content\/uploads\/2025\/10\/Regimento-Interno-do-Processo-Seletivo-lgpd-2020_.pdf\" target=\"_blank\">Regimento<\/a>. As candidaturas passam por an\u00e1lise de elegibilidade e, ap\u00f3s valida\u00e7\u00e3o, \u00e9 realizada a divulga\u00e7\u00e3o dos candidatos.<\/p>\n\t\t\t\t\t\t<\/div>\n\n\t\t\t\t\t<\/li>\n\t\t\t\t\t\t\t<\/ul>\n\t\t<\/div>\n\t\t\t\t\t\t<\/div>\n\t\t\t\t<\/div>\n\t\t\t\t<div class=\"elementor-element elementor-element-8059505 elementor-widget elementor-widget-text-editor\" data-id=\"8059505\" data-element_type=\"widget\" data-e-type=\"widget\" data-widget_type=\"text-editor.default\">\n\t\t\t\t<div class=\"elementor-widget-container\">\n\t\t\t\t\t\t\t\t\t<p>A elei\u00e7\u00e3o \u00e9 conduzida pela Comiss\u00e3o Eleitoral e, ap\u00f3s a apura\u00e7\u00e3o, os resultados s\u00e3o publicados, com abertura de prazo para impugna\u00e7\u00f5es e posterior posse dos eleitos e indicados.<\/p>\t\t\t\t\t\t\t\t<\/div>\n\t\t\t\t<\/div>\n\t\t\t\t<div class=\"elementor-element elementor-element-39a15d5 elementor-widget elementor-widget-text-editor\" data-id=\"39a15d5\" data-element_type=\"widget\" data-e-type=\"widget\" data-widget_type=\"text-editor.default\">\n\t\t\t\t<div class=\"elementor-widget-container\">\n\t\t\t\t\t\t\t\t\t<p><strong>Crit\u00e9rios de elegibilidade<\/strong><\/p>\t\t\t\t\t\t\t\t<\/div>\n\t\t\t\t<\/div>\n\t\t\t\t<div class=\"elementor-element elementor-element-df0a19f elementor-widget elementor-widget-text-editor\" data-id=\"df0a19f\" data-element_type=\"widget\" data-e-type=\"widget\" data-widget_type=\"text-editor.default\">\n\t\t\t\t<div class=\"elementor-widget-container\">\n\t\t\t\t\t\t\t\t\t<p>Os crit\u00e9rios de elegibilidade seguem o Regimento Eleitoral e a legisla\u00e7\u00e3o aplic\u00e1vel, contemplando:<\/p>\t\t\t\t\t\t\t\t<\/div>\n\t\t\t\t<\/div>\n\t\t\t\t<div class=\"elementor-element elementor-element-0c3d471 elementor-icon-list--layout-traditional elementor-list-item-link-full_width elementor-widget elementor-widget-icon-list\" data-id=\"0c3d471\" data-element_type=\"widget\" data-e-type=\"widget\" data-widget_type=\"icon-list.default\">\n\t\t\t\t<div class=\"elementor-widget-container\">\n\t\t\t\t\t\t\t<ul class=\"elementor-icon-list-items\">\n\t\t\t\t\t\t\t<li class=\"elementor-icon-list-item\">\n\t\t\t\t\t\t\t\t\t\t\t<span class=\"elementor-icon-list-icon\">\n\t\t\t\t\t\t\t<svg xmlns=\"http:\/\/www.w3.org\/2000\/svg\" width=\"391\" height=\"391\" viewBox=\"0 0 391 391\" fill=\"none\"><circle cx=\"195.501\" cy=\"195.5\" r=\"194.5\" transform=\"rotate(30 195.501 195.5)\" fill=\"url(#paint0_linear_145_53)\"><\/circle><defs><linearGradient id=\"paint0_linear_145_53\" x1=\"195.501\" y1=\"1.00005\" x2=\"195.501\" y2=\"390\" gradientUnits=\"userSpaceOnUse\"><stop stop-color=\"#56E274\"><\/stop><stop offset=\"1\" stop-color=\"#00B6B2\"><\/stop><\/linearGradient><\/defs><\/svg>\t\t\t\t\t\t<\/span>\n\t\t\t\t\t\t\t\t\t\t<span class=\"elementor-icon-list-text\">forma\u00e7\u00e3o de n\u00edvel superior e experi\u00eancia em \u00e1reas como financeira, administrativa, cont\u00e1bil, jur\u00eddica, fiscaliza\u00e7\u00e3o ou auditoria; <\/span>\n\t\t\t\t\t\t\t\t\t<\/li>\n\t\t\t\t\t\t\t\t<li class=\"elementor-icon-list-item\">\n\t\t\t\t\t\t\t\t\t\t\t<span class=\"elementor-icon-list-icon\">\n\t\t\t\t\t\t\t<svg xmlns=\"http:\/\/www.w3.org\/2000\/svg\" width=\"391\" height=\"391\" viewBox=\"0 0 391 391\" fill=\"none\"><circle cx=\"195.501\" cy=\"195.5\" r=\"194.5\" transform=\"rotate(30 195.501 195.5)\" fill=\"url(#paint0_linear_145_53)\"><\/circle><defs><linearGradient id=\"paint0_linear_145_53\" x1=\"195.501\" y1=\"1.00005\" x2=\"195.501\" y2=\"390\" gradientUnits=\"userSpaceOnUse\"><stop stop-color=\"#56E274\"><\/stop><stop offset=\"1\" stop-color=\"#00B6B2\"><\/stop><\/linearGradient><\/defs><\/svg>\t\t\t\t\t\t<\/span>\n\t\t\t\t\t\t\t\t\t\t<span class=\"elementor-icon-list-text\">aus\u00eancia de condena\u00e7\u00e3o criminal transitada em julgado; <\/span>\n\t\t\t\t\t\t\t\t\t<\/li>\n\t\t\t\t\t\t\t\t<li class=\"elementor-icon-list-item\">\n\t\t\t\t\t\t\t\t\t\t\t<span class=\"elementor-icon-list-icon\">\n\t\t\t\t\t\t\t<svg xmlns=\"http:\/\/www.w3.org\/2000\/svg\" width=\"391\" height=\"391\" viewBox=\"0 0 391 391\" fill=\"none\"><circle cx=\"195.501\" cy=\"195.5\" r=\"194.5\" transform=\"rotate(30 195.501 195.5)\" fill=\"url(#paint0_linear_145_53)\"><\/circle><defs><linearGradient id=\"paint0_linear_145_53\" x1=\"195.501\" y1=\"1.00005\" x2=\"195.501\" y2=\"390\" gradientUnits=\"userSpaceOnUse\"><stop stop-color=\"#56E274\"><\/stop><stop offset=\"1\" stop-color=\"#00B6B2\"><\/stop><\/linearGradient><\/defs><\/svg>\t\t\t\t\t\t<\/span>\n\t\t\t\t\t\t\t\t\t\t<span class=\"elementor-icon-list-text\">aus\u00eancia de condena\u00e7\u00e3o administrativa relacionada \u00e0 seguridade social ou ao servi\u00e7o p\u00fablico; <\/span>\n\t\t\t\t\t\t\t\t\t<\/li>\n\t\t\t\t\t\t\t\t<li class=\"elementor-icon-list-item\">\n\t\t\t\t\t\t\t\t\t\t\t<span class=\"elementor-icon-list-icon\">\n\t\t\t\t\t\t\t<svg xmlns=\"http:\/\/www.w3.org\/2000\/svg\" width=\"391\" height=\"391\" viewBox=\"0 0 391 391\" fill=\"none\"><circle cx=\"195.501\" cy=\"195.5\" r=\"194.5\" transform=\"rotate(30 195.501 195.5)\" fill=\"url(#paint0_linear_145_53)\"><\/circle><defs><linearGradient id=\"paint0_linear_145_53\" x1=\"195.501\" y1=\"1.00005\" x2=\"195.501\" y2=\"390\" gradientUnits=\"userSpaceOnUse\"><stop stop-color=\"#56E274\"><\/stop><stop offset=\"1\" stop-color=\"#00B6B2\"><\/stop><\/linearGradient><\/defs><\/svg>\t\t\t\t\t\t<\/span>\n\t\t\t\t\t\t\t\t\t\t<span class=\"elementor-icon-list-text\">n\u00e3o estar afastado do patrocinador para exerc\u00edcio de mandato sindical. <\/span>\n\t\t\t\t\t\t\t\t\t<\/li>\n\t\t\t\t\t\t<\/ul>\n\t\t\t\t\t\t<\/div>\n\t\t\t\t<\/div>\n\t\t\t\t<div class=\"elementor-element elementor-element-8f14a5c elementor-widget elementor-widget-text-editor\" data-id=\"8f14a5c\" data-element_type=\"widget\" data-e-type=\"widget\" data-widget_type=\"text-editor.default\">\n\t\t\t\t<div class=\"elementor-widget-container\">\n\t\t\t\t\t\t\t\t\t<p>Ao final do processo, a EnergisaPrev agradece a todos que participaram e contribu\u00edram para o fortalecimento da governan\u00e7a da Funda\u00e7\u00e3o, em especial aos eleitos Alane Fernandes Maciel \u2013 Efetivo, representante dos participantes ativos e assistidos no Conselho Fiscal, e Jair Alberto Doniak \u2013 Efetivo, representante dos participantes assistidos no Conselho Deliberativo.<\/p>\t\t\t\t\t\t\t\t<\/div>\n\t\t\t\t<\/div>\n\t\t\t\t\t<\/div>\n\t\t<\/div>\n\t\t\t\t\t<\/div>\n\t\t<\/section>\n\t\t\t\t<section data-particle_enable=\"false\" data-particle-mobile-disabled=\"false\" class=\"elementor-section elementor-top-section elementor-element elementor-element-5dacba2 elementor-section-boxed elementor-section-height-default elementor-section-height-default\" data-id=\"5dacba2\" data-element_type=\"section\" data-e-type=\"section\" data-settings=\"{&quot;background_background&quot;:&quot;classic&quot;}\">\n\t\t\t\t\t\t<div class=\"elementor-container elementor-column-gap-default\">\n\t\t\t\t\t<div class=\"elementor-column elementor-col-100 elementor-top-column elementor-element elementor-element-009927f\" data-id=\"009927f\" data-element_type=\"column\" data-e-type=\"column\">\n\t\t\t<div class=\"elementor-widget-wrap elementor-element-populated\">\n\t\t\t\t\t\t<div class=\"elementor-element elementor-element-d568739 elementor-widget elementor-widget-heading\" data-id=\"d568739\" data-element_type=\"widget\" data-e-type=\"widget\" data-widget_type=\"heading.default\">\n\t\t\t\t<div class=\"elementor-widget-container\">\n\t\t\t\t\t<h2 class=\"elementor-heading-title elementor-size-default\">Comit\u00eas de apoio \u00e0 governan\u00e7a<\/h2>\t\t\t\t<\/div>\n\t\t\t\t<\/div>\n\t\t\t\t<div class=\"elementor-element elementor-element-c323c6d elementor-widget elementor-widget-text-editor\" data-id=\"c323c6d\" data-element_type=\"widget\" data-e-type=\"widget\" data-widget_type=\"text-editor.default\">\n\t\t\t\t<div class=\"elementor-widget-container\">\n\t\t\t\t\t\t\t\t\t<p>Os Comit\u00eas s\u00e3o grupos de apoio \u00e0 administra\u00e7\u00e3o, respons\u00e1veis por fortalecer a governan\u00e7a, apoiar a tomada de decis\u00e3o e contribuir para o acompanhamento das atividades e da gest\u00e3o da Funda\u00e7\u00e3o.<\/p>\t\t\t\t\t\t\t\t<\/div>\n\t\t\t\t<\/div>\n\t\t\t\t<div class=\"elementor-element elementor-element-f4e6b85 elementor-widget elementor-widget-eael-feature-list\" data-id=\"f4e6b85\" data-element_type=\"widget\" data-e-type=\"widget\" data-widget_type=\"eael-feature-list.default\">\n\t\t\t\t<div class=\"elementor-widget-container\">\n\t\t\t\t\t\t\t<div class=\"-icon-position-left -tablet-icon-position-left -mobile-icon-position-left\">\n\t\t\t<ul id=\"eael-feature-list-f4e6b85\" class=\"eael-feature-list-items circle stacked  eael-feature-list-vertical\" data-layout-tablet=\"vertical\" data-layout-mobile=\"vertical\">\n\t\t\t                <li class=\"eael-feature-list-item elementor-repeater-item-d2a74ea\">\n                    \n\t\t\t\t\t\t<div class=\"eael-feature-list-icon-box\">\n\t\t\t\t\t\t\t<div class=\"eael-feature-list-icon-inner\">\n\n\t\t\t\t\t\t\t\t<span class=\"eael-feature-list-icon fl-icon-0\">\n\n\t\t<svg xmlns=\"http:\/\/www.w3.org\/2000\/svg\" width=\"391\" height=\"391\" viewBox=\"0 0 391 391\" fill=\"none\"><circle cx=\"195.501\" cy=\"195.5\" r=\"194.5\" transform=\"rotate(30 195.501 195.5)\" fill=\"url(#paint0_linear_145_53)\"><\/circle><defs><linearGradient id=\"paint0_linear_145_53\" x1=\"195.501\" y1=\"1.00005\" x2=\"195.501\" y2=\"390\" gradientUnits=\"userSpaceOnUse\"><stop stop-color=\"#56E274\"><\/stop><stop offset=\"1\" stop-color=\"#00B6B2\"><\/stop><\/linearGradient><\/defs><\/svg>\t\t\t\t\t\t\t\t<\/span>\n\t\t\t\t\t\t\t<\/div>\n\t\t\t\t\t\t<\/div>\n\t\t\t\t\t\t<div class=\"eael-feature-list-content-box\">\n                            <h2 class=\"eael-feature-list-title\">Comit\u00ea de Investimentos<\/h2>\t\t\t\t\t\t<p class=\"eael-feature-list-content\">Formado por especialistas que atuam no processo de an\u00e1lise, decis\u00e3o e acompanhamento dos investimentos, contribuindo para a defini\u00e7\u00e3o de estrat\u00e9gias alinhadas \u00e0s Pol\u00edticas de Investimentos e aos objetivos de longo prazo da Funda\u00e7\u00e3o.<\/p>\n\t\t\t\t\t\t<\/div>\n\n\t\t\t\t\t<\/li>\n\t\t\t\t                <li class=\"eael-feature-list-item elementor-repeater-item-d0d91ac\">\n                    \n\t\t\t\t\t\t<div class=\"eael-feature-list-icon-box\">\n\t\t\t\t\t\t\t<div class=\"eael-feature-list-icon-inner\">\n\n\t\t\t\t\t\t\t\t<span class=\"eael-feature-list-icon fl-icon-1\">\n\n\t\t<svg xmlns=\"http:\/\/www.w3.org\/2000\/svg\" width=\"391\" height=\"391\" viewBox=\"0 0 391 391\" fill=\"none\"><circle cx=\"195.501\" cy=\"195.5\" r=\"194.5\" transform=\"rotate(30 195.501 195.5)\" fill=\"url(#paint0_linear_145_53)\"><\/circle><defs><linearGradient id=\"paint0_linear_145_53\" x1=\"195.501\" y1=\"1.00005\" x2=\"195.501\" y2=\"390\" gradientUnits=\"userSpaceOnUse\"><stop stop-color=\"#56E274\"><\/stop><stop offset=\"1\" stop-color=\"#00B6B2\"><\/stop><\/linearGradient><\/defs><\/svg>\t\t\t\t\t\t\t\t<\/span>\n\t\t\t\t\t\t\t<\/div>\n\t\t\t\t\t\t<\/div>\n\t\t\t\t\t\t<div class=\"eael-feature-list-content-box\">\n                            <h2 class=\"eael-feature-list-title\">Comit\u00ea de \u00c9tica<\/h2>\t\t\t\t\t\t<p class=\"eael-feature-list-content\">Respons\u00e1vel por analisar situa\u00e7\u00f5es relacionadas ao C\u00f3digo de \u00c9tica, al\u00e9m de propor orienta\u00e7\u00f5es e solu\u00e7\u00f5es pr\u00e1ticas, promovendo a integridade, a transpar\u00eancia e a conduta \u00e9tica na Funda\u00e7\u00e3o.\nIntegrantes.<\/p>\n\t\t\t\t\t\t<\/div>\n\n\t\t\t\t\t<\/li>\n\t\t\t\t\t\t\t<\/ul>\n\t\t<\/div>\n\t\t\t\t\t\t<\/div>\n\t\t\t\t<\/div>\n\t\t\t\t<div class=\"elementor-element elementor-element-34730c9 elementor-widget elementor-widget-text-editor\" data-id=\"34730c9\" data-element_type=\"widget\" data-e-type=\"widget\" data-widget_type=\"text-editor.default\">\n\t\t\t\t<div class=\"elementor-widget-container\">\n\t\t\t\t\t\t\t\t\t<p><strong>Ao longo de 2025, foram discutidos temas relevantes como:<\/strong><\/p>\t\t\t\t\t\t\t\t<\/div>\n\t\t\t\t<\/div>\n\t\t\t\t<div class=\"elementor-element elementor-element-b256201 elementor-icon-list--layout-traditional elementor-list-item-link-full_width elementor-widget elementor-widget-icon-list\" data-id=\"b256201\" data-element_type=\"widget\" data-e-type=\"widget\" data-widget_type=\"icon-list.default\">\n\t\t\t\t<div class=\"elementor-widget-container\">\n\t\t\t\t\t\t\t<ul class=\"elementor-icon-list-items\">\n\t\t\t\t\t\t\t<li class=\"elementor-icon-list-item\">\n\t\t\t\t\t\t\t\t\t\t\t<span class=\"elementor-icon-list-icon\">\n\t\t\t\t\t\t\t<svg xmlns=\"http:\/\/www.w3.org\/2000\/svg\" width=\"391\" height=\"391\" viewBox=\"0 0 391 391\" fill=\"none\"><circle cx=\"195.501\" cy=\"195.5\" r=\"194.5\" transform=\"rotate(30 195.501 195.5)\" fill=\"url(#paint0_linear_145_53)\"><\/circle><defs><linearGradient id=\"paint0_linear_145_53\" x1=\"195.501\" y1=\"1.00005\" x2=\"195.501\" y2=\"390\" gradientUnits=\"userSpaceOnUse\"><stop stop-color=\"#56E274\"><\/stop><stop offset=\"1\" stop-color=\"#00B6B2\"><\/stop><\/linearGradient><\/defs><\/svg>\t\t\t\t\t\t<\/span>\n\t\t\t\t\t\t\t\t\t\t<span class=\"elementor-icon-list-text\">acompanhamento do desempenho das carteiras de investimentos; <\/span>\n\t\t\t\t\t\t\t\t\t<\/li>\n\t\t\t\t\t\t\t\t<li class=\"elementor-icon-list-item\">\n\t\t\t\t\t\t\t\t\t\t\t<span class=\"elementor-icon-list-icon\">\n\t\t\t\t\t\t\t<svg xmlns=\"http:\/\/www.w3.org\/2000\/svg\" width=\"391\" height=\"391\" viewBox=\"0 0 391 391\" fill=\"none\"><circle cx=\"195.501\" cy=\"195.5\" r=\"194.5\" transform=\"rotate(30 195.501 195.5)\" fill=\"url(#paint0_linear_145_53)\"><\/circle><defs><linearGradient id=\"paint0_linear_145_53\" x1=\"195.501\" y1=\"1.00005\" x2=\"195.501\" y2=\"390\" gradientUnits=\"userSpaceOnUse\"><stop stop-color=\"#56E274\"><\/stop><stop offset=\"1\" stop-color=\"#00B6B2\"><\/stop><\/linearGradient><\/defs><\/svg>\t\t\t\t\t\t<\/span>\n\t\t\t\t\t\t\t\t\t\t<span class=\"elementor-icon-list-text\">an\u00e1lise de cen\u00e1rios macroecon\u00f4micos e de mercado; <\/span>\n\t\t\t\t\t\t\t\t\t<\/li>\n\t\t\t\t\t\t\t\t<li class=\"elementor-icon-list-item\">\n\t\t\t\t\t\t\t\t\t\t\t<span class=\"elementor-icon-list-icon\">\n\t\t\t\t\t\t\t<svg xmlns=\"http:\/\/www.w3.org\/2000\/svg\" width=\"391\" height=\"391\" viewBox=\"0 0 391 391\" fill=\"none\"><circle cx=\"195.501\" cy=\"195.5\" r=\"194.5\" transform=\"rotate(30 195.501 195.5)\" fill=\"url(#paint0_linear_145_53)\"><\/circle><defs><linearGradient id=\"paint0_linear_145_53\" x1=\"195.501\" y1=\"1.00005\" x2=\"195.501\" y2=\"390\" gradientUnits=\"userSpaceOnUse\"><stop stop-color=\"#56E274\"><\/stop><stop offset=\"1\" stop-color=\"#00B6B2\"><\/stop><\/linearGradient><\/defs><\/svg>\t\t\t\t\t\t<\/span>\n\t\t\t\t\t\t\t\t\t\t<span class=\"elementor-icon-list-text\">avalia\u00e7\u00e3o e sele\u00e7\u00e3o de ativos; <\/span>\n\t\t\t\t\t\t\t\t\t<\/li>\n\t\t\t\t\t\t\t\t<li class=\"elementor-icon-list-item\">\n\t\t\t\t\t\t\t\t\t\t\t<span class=\"elementor-icon-list-icon\">\n\t\t\t\t\t\t\t<svg xmlns=\"http:\/\/www.w3.org\/2000\/svg\" width=\"391\" height=\"391\" viewBox=\"0 0 391 391\" fill=\"none\"><circle cx=\"195.501\" cy=\"195.5\" r=\"194.5\" transform=\"rotate(30 195.501 195.5)\" fill=\"url(#paint0_linear_145_53)\"><\/circle><defs><linearGradient id=\"paint0_linear_145_53\" x1=\"195.501\" y1=\"1.00005\" x2=\"195.501\" y2=\"390\" gradientUnits=\"userSpaceOnUse\"><stop stop-color=\"#56E274\"><\/stop><stop offset=\"1\" stop-color=\"#00B6B2\"><\/stop><\/linearGradient><\/defs><\/svg>\t\t\t\t\t\t<\/span>\n\t\t\t\t\t\t\t\t\t\t<span class=\"elementor-icon-list-text\">estudos de aloca\u00e7\u00e3o estrat\u00e9gica (ALM); <\/span>\n\t\t\t\t\t\t\t\t\t<\/li>\n\t\t\t\t\t\t\t\t<li class=\"elementor-icon-list-item\">\n\t\t\t\t\t\t\t\t\t\t\t<span class=\"elementor-icon-list-icon\">\n\t\t\t\t\t\t\t<svg xmlns=\"http:\/\/www.w3.org\/2000\/svg\" width=\"391\" height=\"391\" viewBox=\"0 0 391 391\" fill=\"none\"><circle cx=\"195.501\" cy=\"195.5\" r=\"194.5\" transform=\"rotate(30 195.501 195.5)\" fill=\"url(#paint0_linear_145_53)\"><\/circle><defs><linearGradient id=\"paint0_linear_145_53\" x1=\"195.501\" y1=\"1.00005\" x2=\"195.501\" y2=\"390\" gradientUnits=\"userSpaceOnUse\"><stop stop-color=\"#56E274\"><\/stop><stop offset=\"1\" stop-color=\"#00B6B2\"><\/stop><\/linearGradient><\/defs><\/svg>\t\t\t\t\t\t<\/span>\n\t\t\t\t\t\t\t\t\t\t<span class=\"elementor-icon-list-text\">monitoramento de riscos dos investimentos; <\/span>\n\t\t\t\t\t\t\t\t\t<\/li>\n\t\t\t\t\t\t\t\t<li class=\"elementor-icon-list-item\">\n\t\t\t\t\t\t\t\t\t\t\t<span class=\"elementor-icon-list-icon\">\n\t\t\t\t\t\t\t<svg xmlns=\"http:\/\/www.w3.org\/2000\/svg\" width=\"391\" height=\"391\" viewBox=\"0 0 391 391\" fill=\"none\"><circle cx=\"195.501\" cy=\"195.5\" r=\"194.5\" transform=\"rotate(30 195.501 195.5)\" fill=\"url(#paint0_linear_145_53)\"><\/circle><defs><linearGradient id=\"paint0_linear_145_53\" x1=\"195.501\" y1=\"1.00005\" x2=\"195.501\" y2=\"390\" gradientUnits=\"userSpaceOnUse\"><stop stop-color=\"#56E274\"><\/stop><stop offset=\"1\" stop-color=\"#00B6B2\"><\/stop><\/linearGradient><\/defs><\/svg>\t\t\t\t\t\t<\/span>\n\t\t\t\t\t\t\t\t\t\t<span class=\"elementor-icon-list-text\">acompanhamento e revis\u00e3o das Pol\u00edticas de Investimentos. <\/span>\n\t\t\t\t\t\t\t\t\t<\/li>\n\t\t\t\t\t\t<\/ul>\n\t\t\t\t\t\t<\/div>\n\t\t\t\t<\/div>\n\t\t\t\t<div class=\"elementor-element elementor-element-ac9fde3 elementor-widget elementor-widget-text-editor\" data-id=\"ac9fde3\" data-element_type=\"widget\" data-e-type=\"widget\" data-widget_type=\"text-editor.default\">\n\t\t\t\t<div class=\"elementor-widget-container\">\n\t\t\t\t\t\t\t\t\t<p>Essa atua\u00e7\u00e3o refor\u00e7a a seguran\u00e7a, a rentabilidade e a ader\u00eancia dos investimentos aos objetivos de longo prazo da Funda\u00e7\u00e3o.<\/p>\t\t\t\t\t\t\t\t<\/div>\n\t\t\t\t<\/div>\n\t\t\t\t\t<\/div>\n\t\t<\/div>\n\t\t\t\t\t<\/div>\n\t\t<\/section>\n\t\t\t\t<section data-particle_enable=\"false\" data-particle-mobile-disabled=\"false\" class=\"elementor-section elementor-top-section elementor-element elementor-element-330a7b31 elementor-section-boxed elementor-section-height-default elementor-section-height-default\" data-id=\"330a7b31\" data-element_type=\"section\" data-e-type=\"section\">\n\t\t\t\t\t\t<div class=\"elementor-container elementor-column-gap-default\">\n\t\t\t\t\t<div class=\"elementor-column elementor-col-100 elementor-top-column elementor-element elementor-element-1dcb0627\" data-id=\"1dcb0627\" data-element_type=\"column\" data-e-type=\"column\">\n\t\t\t<div class=\"elementor-widget-wrap elementor-element-populated\">\n\t\t\t\t\t\t<div class=\"elementor-element elementor-element-7234561e elementor-widget elementor-widget-heading\" data-id=\"7234561e\" data-element_type=\"widget\" data-e-type=\"widget\" data-widget_type=\"heading.default\">\n\t\t\t\t<div class=\"elementor-widget-container\">\n\t\t\t\t\t<h2 class=\"elementor-heading-title elementor-size-default\">Ger\u00eancias<\/h2>\t\t\t\t<\/div>\n\t\t\t\t<\/div>\n\t\t\t\t<div class=\"elementor-element elementor-element-383ffe00 elementor-widget elementor-widget-text-editor\" data-id=\"383ffe00\" data-element_type=\"widget\" data-e-type=\"widget\" data-widget_type=\"text-editor.default\">\n\t\t\t\t<div class=\"elementor-widget-container\">\n\t\t\t\t\t\t\t\t\t<div class=\"page\" title=\"Page 5\"><p>A EnergisaPrev conta com uma estrutura de gest\u00e3o composta por profissionais qualificados e comprometidos com a excel\u00eancia, a transpar\u00eancia e a seguran\u00e7a na administra\u00e7\u00e3o dos planos de benef\u00edcios. As ger\u00eancias atuam de forma integrada, fortalecendo a governan\u00e7a, a efici\u00eancia operacional e a melhoria cont\u00ednua dos processos, sempre com foco nas necessidades dos participantes e na sustentabilidade dos planos.<\/p><p>Cada \u00e1rea desempenha papel estrat\u00e9gico na condu\u00e7\u00e3o das atividades da entidade, apoiando a tomada de decis\u00f5es e garantindo a execu\u00e7\u00e3o das diretrizes institucionais com responsabilidade e alinhamento \u00e0s melhores pr\u00e1ticas do setor. A seguir, apresentamos os mini curr\u00edculos dos gestores, que evidenciam sua experi\u00eancia, forma\u00e7\u00e3o e contribui\u00e7\u00e3o para a miss\u00e3o da EnergisaPrev.<\/p><\/div>\t\t\t\t\t\t\t\t<\/div>\n\t\t\t\t<\/div>\n\t\t\t\t\t<\/div>\n\t\t<\/div>\n\t\t\t\t\t<\/div>\n\t\t<\/section>\n\t\t\t\t<section data-particle_enable=\"false\" data-particle-mobile-disabled=\"false\" class=\"elementor-section elementor-top-section elementor-element elementor-element-f8ff6c9 elementor-section-boxed elementor-section-height-default elementor-section-height-default\" data-id=\"f8ff6c9\" data-element_type=\"section\" data-e-type=\"section\">\n\t\t\t\t\t\t<div class=\"elementor-container elementor-column-gap-default\">\n\t\t\t\t\t<div class=\"elementor-column elementor-col-100 elementor-top-column elementor-element elementor-element-aeb564d\" data-id=\"aeb564d\" data-element_type=\"column\" data-e-type=\"column\">\n\t\t\t<div class=\"elementor-widget-wrap elementor-element-populated\">\n\t\t\t\t\t\t<div class=\"elementor-element elementor-element-ea941e5 elementor-widget elementor-widget-heading\" data-id=\"ea941e5\" data-element_type=\"widget\" data-e-type=\"widget\" data-widget_type=\"heading.default\">\n\t\t\t\t<div class=\"elementor-widget-container\">\n\t\t\t\t\t<h2 class=\"elementor-heading-title elementor-size-default\">Integrantes<\/h2>\t\t\t\t<\/div>\n\t\t\t\t<\/div>\n\t\t\t\t<div class=\"elementor-element elementor-element-38db09f elementor-widget elementor-widget-html\" data-id=\"38db09f\" data-element_type=\"widget\" data-e-type=\"widget\" data-widget_type=\"html.default\">\n\t\t\t\t<div class=\"elementor-widget-container\">\n\t\t\t\t\t<div class=\"flex flex-wrap justify-between\">\n    <!-- Lucas N\u00f3brega -->\n    <div class=\"energisa-card\">\n      <div class=\"energisa-card-photo\">\n          <img decoding=\"async\" src=\"https:\/\/energisaprev.com.br\/relatorioanual2025\/wp-content\/uploads\/2026\/04\/Vanessa_Rodrigues_-1-2.jpg\">\n      <\/div>\n      <div>\n        <div class=\"energisa-card-name\">Vanessa Rodrigues<\/div>\n        <div class=\"energisa-card-role\">Gerente de Gest\u00e3o de Pessoas e Governan\u00e7a<\/div>\n        <div class=\"energisa-card-label\">Forma\u00e7\u00e3o:<\/div>\n        <div class=\"energisa-card-item\">Gradua\u00e7\u00e3o em Gest\u00e3o Financeira; MBA em Gest\u00e3o Financeira e Controladoria; certifica\u00e7\u00e3o profissional pelo ICSS.<\/div>\n        <div class=\"energisa-card-item\">Atua nas \u00e1reas de previd\u00eancia complementar, finan\u00e7as e governan\u00e7a corporativa, com experi\u00eancia em lideran\u00e7a de equipes, estrutura\u00e7\u00e3o e controle de despesas e condu\u00e7\u00e3o de processos voltados \u00e0 efici\u00eancia operacional e ao fortalecimento das pr\u00e1ticas de gest\u00e3o e compliance. Integra o Comit\u00ea de Gest\u00e3o de Pessoas da Associa\u00e7\u00e3o Brasileira das Entidades Fechadas de Previd\u00eancia Complementar (Abrapp), contribuindo para o desenvolvimento organizacional e a evolu\u00e7\u00e3o das pr\u00e1ticas do setor.<\/div>\n      <\/div>\n    <\/div>\n     \n     \n    <!-- Lucas N\u00f3brega -->\n    <div class=\"energisa-card\">\n      <div class=\"energisa-card-photo\">\n          <img decoding=\"async\" src=\"https:\/\/energisaprev.com.br\/relatorioanual2025\/wp-content\/uploads\/2026\/04\/Joao-Bosco-1-2.jpg\">\n      <\/div>\n      <div>\n        <div class=\"energisa-card-name\">Jo\u00e3o Bosco <\/div>\n        <div class=\"energisa-card-role\">Gerente de Controladoria<\/div>\n        <div class=\"energisa-card-label\">Forma\u00e7\u00e3o:<\/div>\n        <div class=\"energisa-card-item\">Gradua\u00e7\u00e3o em Contabilidade e Finan\u00e7as pela Universidade Federal de Mato Grosso; MBA em Auditoria Cont\u00e1bil.<\/div>\n        <div class=\"energisa-card-item\">Com mais de 20 anos de atua\u00e7\u00e3o na Entidade, possui s\u00f3lida experi\u00eancia nas \u00e1reas cont\u00e1bil, financeira e de controles internos em previd\u00eancia complementar. Ao longo de sua trajet\u00f3ria, tem contribu\u00eddo para o fortalecimento da governan\u00e7a, da conformidade regulat\u00f3ria e da efici\u00eancia dos processos cont\u00e1beis, apoiando a transpar\u00eancia e a sustentabilidade na gest\u00e3o dos recursos previdenci\u00e1rios.<\/div>\n      <\/div>\n    <\/div>\n     \n     \n     \n     \n     <!-- Lucas N\u00f3brega -->\n    <div class=\"energisa-card\">\n      <div class=\"energisa-card-photo\">\n          <img decoding=\"async\" src=\"https:\/\/energisaprev.com.br\/relatorioanual2025\/wp-content\/uploads\/2026\/04\/Willian_zanchetta_-1-2.jpg\">\n      <\/div>\n      <div>\n        <div class=\"energisa-card-name\">Willian Zanchetta<\/div>\n        <div class=\"energisa-card-role\">Gerente Comercial<\/div>\n        <div class=\"energisa-card-label\">Forma\u00e7\u00e3o:<\/div>\n        <div class=\"energisa-card-item\">Gradua\u00e7\u00e3o em Ci\u00eancias Atuariais; especializa\u00e7\u00f5es em Big Data e Intelig\u00eancia de Marketing; MBA em Vendas, Negocia\u00e7\u00e3o e Resultados de Alta Performance<\/div>\n        <div class=\"energisa-card-item\">Gerente Comercial da EnergisaPrev, com experi\u00eancia em previd\u00eancia complementar, relacionamento com participantes e gest\u00e3o de benef\u00edcios. Ao longo de sua trajet\u00f3ria, atuou em entidades de previd\u00eancia e consultorias, com foco na melhoria da experi\u00eancia do cliente, efici\u00eancia operacional e desenvolvimento de solu\u00e7\u00f5es orientadas por dados. Destaca-se pela lideran\u00e7a de equipes, gest\u00e3o de projetos e implementa\u00e7\u00e3o de estrat\u00e9gias voltadas \u00e0 performance e \u00e0 sustentabilidade dos planos.<\/div>\n      <\/div>\n    <\/div>\n     \n     \n     <!-- Lucas N\u00f3brega -->\n    <div class=\"energisa-card\">\n      <div class=\"energisa-card-photo\">\n          <img decoding=\"async\" src=\"https:\/\/energisaprev.com.br\/relatorioanual2025\/wp-content\/uploads\/2026\/04\/Marilza-2.jpg\">\n      <\/div>\n      <div>\n        <div class=\"energisa-card-name\">Marilza Lima<\/div>\n        <div class=\"energisa-card-role\">Relacionamento e Comunica\u00e7\u00e3o<\/div>\n        <div class=\"energisa-card-label\">Forma\u00e7\u00e3o:<\/div>\n        <div class=\"energisa-card-item\">Gradua\u00e7\u00e3o em Matem\u00e1tica (Licenciatura e Bacharelado); especializa\u00e7\u00e3o em Marketing e M\u00eddias Digitais; certifica\u00e7\u00f5es em ICSS, Ger\u00eancia de Projetos (PMBOK\/PMI), Metodologias \u00c1geis (Lean e Scrum), Mapeamento de Processos (ARIS IDS) e Lideran\u00e7a e Intelig\u00eancia Emocional.<\/div>\n        <div class=\"energisa-card-item\">Executiva com mais de 20 anos de experi\u00eancia nos setores de previd\u00eancia, financeiro, varejo, tecnologia e BPO, com s\u00f3lida atua\u00e7\u00e3o em relacionamento, opera\u00e7\u00f5es e Experi\u00eancia do Cliente. Atualmente lidera as \u00e1reas de Relacionamento e Comunica\u00e7\u00e3o na EnergisaPrev, com foco em inova\u00e7\u00e3o, melhoria cont\u00ednua e redesenho de processos. Destaca-se pela lideran\u00e7a de equipes multidisciplinares, implanta\u00e7\u00e3o de projetos estrat\u00e9gicos, gest\u00e3o de indicadores de performance e atua\u00e7\u00e3o orientada \u00e0 excel\u00eancia na experi\u00eancia do cliente e gera\u00e7\u00e3o de resultados sustent\u00e1veis.<\/div>\n      <\/div>\n    <\/div>\n     \n     <!-- Lucas N\u00f3brega -->\n    <div class=\"energisa-card\">\n      <div class=\"energisa-card-photo\">\n          <img decoding=\"async\" src=\"https:\/\/energisaprev.com.br\/relatorioanual2025\/wp-content\/uploads\/2026\/04\/Robson-2.jpg\">\n      <\/div>\n      <div>\n        <div class=\"energisa-card-name\">Robson de Souza<\/div>\n        <div class=\"energisa-card-role\">Tecnologia<\/div>\n        <div class=\"energisa-card-label\">Forma\u00e7\u00e3o:<\/div>\n        <div class=\"energisa-card-item\">Gradua\u00e7\u00e3o em Gest\u00e3o da Tecnologia da Informa\u00e7\u00e3o pela Fatec.<\/div>\n        <div class=\"energisa-card-item\">Profissional de Tecnologia da Informa\u00e7\u00e3o com experi\u00eancia em gest\u00e3o de infraestrutura, seguran\u00e7a da informa\u00e7\u00e3o e transforma\u00e7\u00e3o digital. Ao longo de sua trajet\u00f3ria, atuou na lideran\u00e7a de equipes t\u00e9cnicas e na condu\u00e7\u00e3o de projetos voltados \u00e0 moderniza\u00e7\u00e3o de ambientes corporativos, com foco em efici\u00eancia operacional, seguran\u00e7a e escalabilidade. Possui experi\u00eancia na gest\u00e3o de ambientes h\u00edbridos e em nuvem, administra\u00e7\u00e3o de servidores e governan\u00e7a de TI, com atua\u00e7\u00e3o alinhada \u00e0 estrat\u00e9gia do neg\u00f3cio e \u00e0 gera\u00e7\u00e3o de resultados sustent\u00e1veis. <\/div>\n      <\/div>\n    <\/div>\n<\/div>\t\t\t\t<\/div>\n\t\t\t\t<\/div>\n\t\t\t\t\t<\/div>\n\t\t<\/div>\n\t\t\t\t\t<\/div>\n\t\t<\/section>\n\t\t\t\t<\/div>\n\t\t","protected":false},"excerpt":{"rendered":"<p>Cuidar do futuro de milhares de pessoas \u00e9 o que nos move todos os dias. Nesse prop\u00f3sito, gerimos planos de previd\u00eancia complementar para as empresas do Grupo Energisa, com o compromisso de transformar planejamento em seguran\u00e7a e garantir tranquilidade na aposentadoria de cada cliente participante. Nossa miss\u00e3o \u00e9 transformar sonhos em realidade por meio do [&hellip;]<\/p>\n","protected":false},"author":1,"featured_media":6035,"parent":184,"menu_order":25,"comment_status":"closed","ping_status":"closed","template":"","meta":{"footnotes":""},"class_list":["post-1765","page","type-page","status-publish","has-post-thumbnail","hentry"],"acf":[],"yoast_head":"<!-- This site is optimized with the Yoast SEO plugin v27.5 - https:\/\/yoast.com\/product\/yoast-seo-wordpress\/ -->\n<title>Quem Somos - Relat\u00f3rio Anual<\/title>\n<meta name=\"robots\" content=\"index, follow, max-snippet:-1, max-image-preview:large, max-video-preview:-1\" \/>\n<link rel=\"canonical\" href=\"https:\/\/energisaprev.com.br\/relatorioanual2025\/institucional\/quem-somos\/\" \/>\n<meta property=\"og:locale\" content=\"pt_BR\" \/>\n<meta property=\"og:type\" content=\"article\" \/>\n<meta property=\"og:title\" content=\"Quem Somos - Relat\u00f3rio Anual\" \/>\n<meta property=\"og:description\" content=\"Cuidar do futuro de milhares de pessoas \u00e9 o que nos move todos os dias. Nesse prop\u00f3sito, gerimos planos de previd\u00eancia complementar para as empresas do Grupo Energisa, com o compromisso de transformar planejamento em seguran\u00e7a e garantir tranquilidade na aposentadoria de cada cliente participante. Nossa miss\u00e3o \u00e9 transformar sonhos em realidade por meio do [&hellip;]\" \/>\n<meta property=\"og:url\" content=\"https:\/\/energisaprev.com.br\/relatorioanual2025\/institucional\/quem-somos\/\" \/>\n<meta property=\"og:site_name\" content=\"Relat\u00f3rio Anual\" \/>\n<meta property=\"article:modified_time\" content=\"2026-04-30T20:26:19+00:00\" \/>\n<meta property=\"og:image\" content=\"https:\/\/energisaprev.com.br\/relatorioanual2025\/wp-content\/uploads\/2026\/04\/1-7-1-1-scaled.jpg\" \/>\n\t<meta property=\"og:image:width\" content=\"2560\" \/>\n\t<meta property=\"og:image:height\" content=\"995\" \/>\n\t<meta property=\"og:image:type\" content=\"image\/jpeg\" \/>\n<meta name=\"twitter:card\" content=\"summary_large_image\" \/>\n<meta name=\"twitter:label1\" content=\"Est. tempo de leitura\" \/>\n\t<meta name=\"twitter:data1\" content=\"22 minutos\" \/>\n<script type=\"application\/ld+json\" class=\"yoast-schema-graph\">{\"@context\":\"https:\\\/\\\/schema.org\",\"@graph\":[{\"@type\":\"WebPage\",\"@id\":\"https:\\\/\\\/energisaprev.com.br\\\/relatorioanual2025\\\/institucional\\\/quem-somos\\\/\",\"url\":\"https:\\\/\\\/energisaprev.com.br\\\/relatorioanual2025\\\/institucional\\\/quem-somos\\\/\",\"name\":\"Quem Somos - Relat\u00f3rio Anual\",\"isPartOf\":{\"@id\":\"https:\\\/\\\/energisaprev.com.br\\\/relatorioanual2025\\\/#website\"},\"primaryImageOfPage\":{\"@id\":\"https:\\\/\\\/energisaprev.com.br\\\/relatorioanual2025\\\/institucional\\\/quem-somos\\\/#primaryimage\"},\"image\":{\"@id\":\"https:\\\/\\\/energisaprev.com.br\\\/relatorioanual2025\\\/institucional\\\/quem-somos\\\/#primaryimage\"},\"thumbnailUrl\":\"https:\\\/\\\/energisaprev.com.br\\\/relatorioanual2025\\\/wp-content\\\/uploads\\\/2026\\\/04\\\/1-7-1-1-scaled.jpg\",\"datePublished\":\"2024-04-03T15:38:49+00:00\",\"dateModified\":\"2026-04-30T20:26:19+00:00\",\"breadcrumb\":{\"@id\":\"https:\\\/\\\/energisaprev.com.br\\\/relatorioanual2025\\\/institucional\\\/quem-somos\\\/#breadcrumb\"},\"inLanguage\":\"pt-BR\",\"potentialAction\":[{\"@type\":\"ReadAction\",\"target\":[\"https:\\\/\\\/energisaprev.com.br\\\/relatorioanual2025\\\/institucional\\\/quem-somos\\\/\"]}]},{\"@type\":\"ImageObject\",\"inLanguage\":\"pt-BR\",\"@id\":\"https:\\\/\\\/energisaprev.com.br\\\/relatorioanual2025\\\/institucional\\\/quem-somos\\\/#primaryimage\",\"url\":\"https:\\\/\\\/energisaprev.com.br\\\/relatorioanual2025\\\/wp-content\\\/uploads\\\/2026\\\/04\\\/1-7-1-1-scaled.jpg\",\"contentUrl\":\"https:\\\/\\\/energisaprev.com.br\\\/relatorioanual2025\\\/wp-content\\\/uploads\\\/2026\\\/04\\\/1-7-1-1-scaled.jpg\",\"width\":2560,\"height\":995},{\"@type\":\"BreadcrumbList\",\"@id\":\"https:\\\/\\\/energisaprev.com.br\\\/relatorioanual2025\\\/institucional\\\/quem-somos\\\/#breadcrumb\",\"itemListElement\":[{\"@type\":\"ListItem\",\"position\":1,\"name\":\"In\u00edcio\",\"item\":\"https:\\\/\\\/energisaprev.com.br\\\/relatorioanual2025\\\/\"},{\"@type\":\"ListItem\",\"position\":2,\"name\":\"Institucional\",\"item\":\"https:\\\/\\\/energisaprev.com.br\\\/relatorioanual2025\\\/institucional\\\/\"},{\"@type\":\"ListItem\",\"position\":3,\"name\":\"Quem Somos\"}]},{\"@type\":\"WebSite\",\"@id\":\"https:\\\/\\\/energisaprev.com.br\\\/relatorioanual2025\\\/#website\",\"url\":\"https:\\\/\\\/energisaprev.com.br\\\/relatorioanual2025\\\/\",\"name\":\"Relat\u00f3rio Anual\",\"description\":\"\",\"potentialAction\":[{\"@type\":\"SearchAction\",\"target\":{\"@type\":\"EntryPoint\",\"urlTemplate\":\"https:\\\/\\\/energisaprev.com.br\\\/relatorioanual2025\\\/?s={search_term_string}\"},\"query-input\":{\"@type\":\"PropertyValueSpecification\",\"valueRequired\":true,\"valueName\":\"search_term_string\"}}],\"inLanguage\":\"pt-BR\"}]}<\/script>\n<!-- \/ Yoast SEO plugin. -->","yoast_head_json":{"title":"Quem Somos - Relat\u00f3rio Anual","robots":{"index":"index","follow":"follow","max-snippet":"max-snippet:-1","max-image-preview":"max-image-preview:large","max-video-preview":"max-video-preview:-1"},"canonical":"https:\/\/energisaprev.com.br\/relatorioanual2025\/institucional\/quem-somos\/","og_locale":"pt_BR","og_type":"article","og_title":"Quem Somos - Relat\u00f3rio Anual","og_description":"Cuidar do futuro de milhares de pessoas \u00e9 o que nos move todos os dias. Nesse prop\u00f3sito, gerimos planos de previd\u00eancia complementar para as empresas do Grupo Energisa, com o compromisso de transformar planejamento em seguran\u00e7a e garantir tranquilidade na aposentadoria de cada cliente participante. Nossa miss\u00e3o \u00e9 transformar sonhos em realidade por meio do [&hellip;]","og_url":"https:\/\/energisaprev.com.br\/relatorioanual2025\/institucional\/quem-somos\/","og_site_name":"Relat\u00f3rio Anual","article_modified_time":"2026-04-30T20:26:19+00:00","og_image":[{"width":2560,"height":995,"url":"https:\/\/energisaprev.com.br\/relatorioanual2025\/wp-content\/uploads\/2026\/04\/1-7-1-1-scaled.jpg","type":"image\/jpeg"}],"twitter_card":"summary_large_image","twitter_misc":{"Est. tempo de leitura":"22 minutos"},"schema":{"@context":"https:\/\/schema.org","@graph":[{"@type":"WebPage","@id":"https:\/\/energisaprev.com.br\/relatorioanual2025\/institucional\/quem-somos\/","url":"https:\/\/energisaprev.com.br\/relatorioanual2025\/institucional\/quem-somos\/","name":"Quem Somos - Relat\u00f3rio Anual","isPartOf":{"@id":"https:\/\/energisaprev.com.br\/relatorioanual2025\/#website"},"primaryImageOfPage":{"@id":"https:\/\/energisaprev.com.br\/relatorioanual2025\/institucional\/quem-somos\/#primaryimage"},"image":{"@id":"https:\/\/energisaprev.com.br\/relatorioanual2025\/institucional\/quem-somos\/#primaryimage"},"thumbnailUrl":"https:\/\/energisaprev.com.br\/relatorioanual2025\/wp-content\/uploads\/2026\/04\/1-7-1-1-scaled.jpg","datePublished":"2024-04-03T15:38:49+00:00","dateModified":"2026-04-30T20:26:19+00:00","breadcrumb":{"@id":"https:\/\/energisaprev.com.br\/relatorioanual2025\/institucional\/quem-somos\/#breadcrumb"},"inLanguage":"pt-BR","potentialAction":[{"@type":"ReadAction","target":["https:\/\/energisaprev.com.br\/relatorioanual2025\/institucional\/quem-somos\/"]}]},{"@type":"ImageObject","inLanguage":"pt-BR","@id":"https:\/\/energisaprev.com.br\/relatorioanual2025\/institucional\/quem-somos\/#primaryimage","url":"https:\/\/energisaprev.com.br\/relatorioanual2025\/wp-content\/uploads\/2026\/04\/1-7-1-1-scaled.jpg","contentUrl":"https:\/\/energisaprev.com.br\/relatorioanual2025\/wp-content\/uploads\/2026\/04\/1-7-1-1-scaled.jpg","width":2560,"height":995},{"@type":"BreadcrumbList","@id":"https:\/\/energisaprev.com.br\/relatorioanual2025\/institucional\/quem-somos\/#breadcrumb","itemListElement":[{"@type":"ListItem","position":1,"name":"In\u00edcio","item":"https:\/\/energisaprev.com.br\/relatorioanual2025\/"},{"@type":"ListItem","position":2,"name":"Institucional","item":"https:\/\/energisaprev.com.br\/relatorioanual2025\/institucional\/"},{"@type":"ListItem","position":3,"name":"Quem Somos"}]},{"@type":"WebSite","@id":"https:\/\/energisaprev.com.br\/relatorioanual2025\/#website","url":"https:\/\/energisaprev.com.br\/relatorioanual2025\/","name":"Relat\u00f3rio Anual","description":"","potentialAction":[{"@type":"SearchAction","target":{"@type":"EntryPoint","urlTemplate":"https:\/\/energisaprev.com.br\/relatorioanual2025\/?s={search_term_string}"},"query-input":{"@type":"PropertyValueSpecification","valueRequired":true,"valueName":"search_term_string"}}],"inLanguage":"pt-BR"}]}},"_links":{"self":[{"href":"https:\/\/energisaprev.com.br\/relatorioanual2025\/wp-json\/wp\/v2\/pages\/1765","targetHints":{"allow":["GET"]}}],"collection":[{"href":"https:\/\/energisaprev.com.br\/relatorioanual2025\/wp-json\/wp\/v2\/pages"}],"about":[{"href":"https:\/\/energisaprev.com.br\/relatorioanual2025\/wp-json\/wp\/v2\/types\/page"}],"author":[{"embeddable":true,"href":"https:\/\/energisaprev.com.br\/relatorioanual2025\/wp-json\/wp\/v2\/users\/1"}],"replies":[{"embeddable":true,"href":"https:\/\/energisaprev.com.br\/relatorioanual2025\/wp-json\/wp\/v2\/comments?post=1765"}],"version-history":[{"count":141,"href":"https:\/\/energisaprev.com.br\/relatorioanual2025\/wp-json\/wp\/v2\/pages\/1765\/revisions"}],"predecessor-version":[{"id":6198,"href":"https:\/\/energisaprev.com.br\/relatorioanual2025\/wp-json\/wp\/v2\/pages\/1765\/revisions\/6198"}],"up":[{"embeddable":true,"href":"https:\/\/energisaprev.com.br\/relatorioanual2025\/wp-json\/wp\/v2\/pages\/184"}],"wp:featuredmedia":[{"embeddable":true,"href":"https:\/\/energisaprev.com.br\/relatorioanual2025\/wp-json\/wp\/v2\/media\/6035"}],"wp:attachment":[{"href":"https:\/\/energisaprev.com.br\/relatorioanual2025\/wp-json\/wp\/v2\/media?parent=1765"}],"curies":[{"name":"wp","href":"https:\/\/api.w.org\/{rel}","templated":true}]}}