{"id":1747,"date":"2024-04-03T12:08:16","date_gmt":"2024-04-03T15:08:16","guid":{"rendered":"https:\/\/crtcomunicacao.com.br\/rai_energisa\/?page_id=1747"},"modified":"2026-04-29T22:12:51","modified_gmt":"2026-04-30T01:12:51","slug":"governanca-corporativa","status":"publish","type":"page","link":"https:\/\/energisaprev.com.br\/relatorioanual2025\/institucional\/governanca-corporativa\/","title":{"rendered":"Governan\u00e7a Corporativa"},"content":{"rendered":"\t\t<div data-elementor-type=\"wp-page\" data-elementor-id=\"1747\" class=\"elementor elementor-1747\">\n\t\t\t\t\t\t<section data-particle_enable=\"false\" data-particle-mobile-disabled=\"false\" class=\"elementor-section elementor-top-section elementor-element elementor-element-7318ad02 elementor-section-boxed elementor-section-height-default elementor-section-height-default\" data-id=\"7318ad02\" data-element_type=\"section\" data-e-type=\"section\" data-settings=\"{&quot;background_background&quot;:&quot;classic&quot;}\">\n\t\t\t\t\t\t<div class=\"elementor-container elementor-column-gap-default\">\n\t\t\t\t\t<div class=\"elementor-column elementor-col-100 elementor-top-column elementor-element elementor-element-63098cad\" data-id=\"63098cad\" data-element_type=\"column\" data-e-type=\"column\">\n\t\t\t<div class=\"elementor-widget-wrap elementor-element-populated\">\n\t\t\t\t\t\t<div class=\"elementor-element elementor-element-1b76d1ae elementor-widget elementor-widget-text-editor\" data-id=\"1b76d1ae\" data-element_type=\"widget\" data-e-type=\"widget\" data-widget_type=\"text-editor.default\">\n\t\t\t\t<div class=\"elementor-widget-container\">\n\t\t\t\t\t\t\t\t\t<div class=\"page\" title=\"Page 5\"><p>A governan\u00e7a da nossa entidade \u00e9 estruturada com base em princ\u00edpios de transpar\u00eancia, equidade, presta\u00e7\u00e3o de contas e responsabilidade corporativa, assegurando que a gest\u00e3o seja conduzida de forma \u00e9tica e alinhada aos interesses de participantes, aposentados e patrocinadoras.<\/p><p>\u00a0<\/p><p>Nosso modelo de governan\u00e7a segue as normas e orienta\u00e7\u00f5es dos \u00f3rg\u00e3os reguladores e principais entidades de classe, incluindo Previc e Abrapp, assim como as melhores pr\u00e1ticas nacionais e internacionais.<\/p><p>\u00a0<\/p><p>J\u00e1 a estrutura estatut\u00e1ria \u00e9 composta por tr\u00eas \u00f3rg\u00e3os: o Conselho Deliberativo, que define pol\u00edticas e toma decis\u00f5es estrat\u00e9gicas; o Conselho Fiscal, que fiscaliza e acompanha a gest\u00e3o econ\u00f4mico-financeira e atuarial; e a Diretoria Executiva, que conduz a opera\u00e7\u00e3o e executa as estrat\u00e9gias aprovadas pelos Conselhos.<\/p><p>\u00a0<\/p><p>Essa estrutura \u00e9 apoiada por comit\u00eas especializados que contribuem para a an\u00e1lise t\u00e9cnica e o aprimoramento dos processos decis\u00f3rios, propiciando a qualidade das decis\u00f5es estrat\u00e9gicas.<\/p><p>\u00a0<\/p><p>Por exemplo, o Comit\u00ea de Investimentos atua no processo de an\u00e1lise, decis\u00e3o e acompanhamento dos investimentos, bem como o Comit\u00ea de \u00c9tica analisa as situa\u00e7\u00f5es que envolvem o C\u00f3digo de \u00c9tica, al\u00e9m de propor solu\u00e7\u00f5es pr\u00e1ticas.<\/p><p>\u00a0<\/p><p>Com uma estrutura organizacional enxuta e voltada para a efici\u00eancia, mantivemos a segrega\u00e7\u00e3o adequada de fun\u00e7\u00f5es e mecanismos de controle que asseguram a integridade dos processos e a sustentabilidade da gest\u00e3o.<\/p><\/div>\t\t\t\t\t\t\t\t<\/div>\n\t\t\t\t<\/div>\n\t\t\t\t\t<\/div>\n\t\t<\/div>\n\t\t\t\t\t<\/div>\n\t\t<\/section>\n\t\t\t\t<section data-particle_enable=\"false\" data-particle-mobile-disabled=\"false\" class=\"elementor-section elementor-top-section elementor-element elementor-element-770f406d elementor-section-boxed elementor-section-height-default elementor-section-height-default\" data-id=\"770f406d\" data-element_type=\"section\" data-e-type=\"section\">\n\t\t\t\t\t\t<div class=\"elementor-container elementor-column-gap-default\">\n\t\t\t\t\t<div class=\"elementor-column elementor-col-100 elementor-top-column elementor-element elementor-element-1e3b57dc\" data-id=\"1e3b57dc\" data-element_type=\"column\" data-e-type=\"column\">\n\t\t\t<div class=\"elementor-widget-wrap elementor-element-populated\">\n\t\t\t\t\t\t<div class=\"elementor-element elementor-element-2297f07e elementor-widget elementor-widget-heading\" data-id=\"2297f07e\" data-element_type=\"widget\" data-e-type=\"widget\" data-widget_type=\"heading.default\">\n\t\t\t\t<div class=\"elementor-widget-container\">\n\t\t\t\t\t<h2 class=\"elementor-heading-title elementor-size-default\">Normas, Pol\u00edticas e Regulamentos<\/h2>\t\t\t\t<\/div>\n\t\t\t\t<\/div>\n\t\t\t\t<div class=\"elementor-element elementor-element-3e408032 elementor-widget elementor-widget-text-editor\" data-id=\"3e408032\" data-element_type=\"widget\" data-e-type=\"widget\" data-widget_type=\"text-editor.default\">\n\t\t\t\t<div class=\"elementor-widget-container\">\n\t\t\t\t\t\t\t\t\t<div class=\"page\" title=\"Page 5\"><p>A EnergisaPrev mant\u00e9m um conjunto estruturado de normas, pol\u00edticas e regulamentos que orientam suas atividades e fortalecem as pr\u00e1ticas de governan\u00e7a, gest\u00e3o e conformidade.<\/p><p>\u00a0<\/p><p>Parte dessas pol\u00edticas foi aprovada ao longo do exerc\u00edcio e encontra-se em fase de formaliza\u00e7\u00e3o e publica\u00e7\u00e3o.<\/p><p>\u00a0<\/p><p>As atualiza\u00e7\u00f5es tiveram como principal motiva\u00e7\u00e3o o fortalecimento das pr\u00e1ticas de governan\u00e7a, com destaque para a adequa\u00e7\u00e3o da Funda\u00e7\u00e3o aos requisitos do C\u00f3digo de Autorregula\u00e7\u00e3o em Governan\u00e7a Corporativa da Abrapp, al\u00e9m da evolu\u00e7\u00e3o dos processos internos e do aprimoramento da gest\u00e3o de riscos.<\/p><p>\u00a0<\/p><p>O C\u00f3digo estabelece par\u00e2metros e um referencial de boas pr\u00e1ticas, promovendo o aperfei\u00e7oamento da governan\u00e7a nas EFPC e contribuindo para o desenvolvimento sustent\u00e1vel do setor. Sua aplica\u00e7\u00e3o considera a natureza, a estrutura e o porte de cada entidade, com base em princ\u00edpios e diretrizes que orientam a governan\u00e7a e a atua\u00e7\u00e3o de seus agentes.<\/p><p>\u00a0<\/p><p>A ades\u00e3o \u00e9 volunt\u00e1ria e, ap\u00f3s formaliza\u00e7\u00e3o, as entidades t\u00eam at\u00e9 um ano para se submeter \u00e0 auditoria para obten\u00e7\u00e3o do selo.<\/p><p>\u00a0<\/p><p>Em 2025, foram revisadas, atualizadas ou elaboradas diversas normas e pol\u00edticas institucionais, com destaque para:<\/p><\/div>\t\t\t\t\t\t\t\t<\/div>\n\t\t\t\t<\/div>\n\t\t\t\t\t<\/div>\n\t\t<\/div>\n\t\t\t\t\t<\/div>\n\t\t<\/section>\n\t\t<div data-particle_enable=\"false\" data-particle-mobile-disabled=\"false\" class=\"elementor-element elementor-element-bb8795c e-flex e-con-boxed e-con e-parent\" data-id=\"bb8795c\" data-element_type=\"container\" data-e-type=\"container\">\n\t\t\t\t\t<div class=\"e-con-inner\">\n\t\t\t\t<div class=\"elementor-element elementor-element-6067764 elementor-widget elementor-widget-button\" data-id=\"6067764\" data-element_type=\"widget\" data-e-type=\"widget\" data-widget_type=\"button.default\">\n\t\t\t\t<div class=\"elementor-widget-container\">\n\t\t\t\t\t\t\t\t\t<div class=\"elementor-button-wrapper\">\n\t\t\t\t\t<a class=\"elementor-button elementor-button-link elementor-size-sm\" href=\"https:\/\/energisaprev.com.br\/wp-content\/uploads\/2026\/01\/POL-000031-Politica-de-Comunicacao.pdf\" target=\"_blank\">\n\t\t\t\t\t\t<span class=\"elementor-button-content-wrapper\">\n\t\t\t\t\t\t\t\t\t<span class=\"elementor-button-text\">Pol\u00edtica de Comunica\u00e7\u00e3o <\/span>\n\t\t\t\t\t<\/span>\n\t\t\t\t\t<\/a>\n\t\t\t\t<\/div>\n\t\t\t\t\t\t\t\t<\/div>\n\t\t\t\t<\/div>\n\t\t\t\t<div class=\"elementor-element elementor-element-4c1e57a elementor-widget elementor-widget-button\" data-id=\"4c1e57a\" data-element_type=\"widget\" data-e-type=\"widget\" data-widget_type=\"button.default\">\n\t\t\t\t<div class=\"elementor-widget-container\">\n\t\t\t\t\t\t\t\t\t<div class=\"elementor-button-wrapper\">\n\t\t\t\t\t<a class=\"elementor-button elementor-button-link elementor-size-sm\" href=\"https:\/\/energisaprev.com.br\/wp-content\/uploads\/2026\/01\/POL-000027-Politica-de-Privacidade.pdf\" target=\"_blank\">\n\t\t\t\t\t\t<span class=\"elementor-button-content-wrapper\">\n\t\t\t\t\t\t\t\t\t<span class=\"elementor-button-text\">Pol\u00edtica de Privacidade<\/span>\n\t\t\t\t\t<\/span>\n\t\t\t\t\t<\/a>\n\t\t\t\t<\/div>\n\t\t\t\t\t\t\t\t<\/div>\n\t\t\t\t<\/div>\n\t\t\t\t<div class=\"elementor-element elementor-element-453369a elementor-widget elementor-widget-button\" data-id=\"453369a\" data-element_type=\"widget\" data-e-type=\"widget\" data-widget_type=\"button.default\">\n\t\t\t\t<div class=\"elementor-widget-container\">\n\t\t\t\t\t\t\t\t\t<div class=\"elementor-button-wrapper\">\n\t\t\t\t\t<a class=\"elementor-button elementor-button-link elementor-size-sm\" href=\"https:\/\/energisaprev.com.br\/wp-content\/uploads\/2022\/04\/POL-000005-Politica-de-Protecao-de-Dados-Pessoais.pdf\" target=\"_blank\">\n\t\t\t\t\t\t<span class=\"elementor-button-content-wrapper\">\n\t\t\t\t\t\t\t\t\t<span class=\"elementor-button-text\">Pol\u00edtica de Prote\u00e7\u00e3o de Dados<\/span>\n\t\t\t\t\t<\/span>\n\t\t\t\t\t<\/a>\n\t\t\t\t<\/div>\n\t\t\t\t\t\t\t\t<\/div>\n\t\t\t\t<\/div>\n\t\t\t\t<div class=\"elementor-element elementor-element-618d467 elementor-widget elementor-widget-button\" data-id=\"618d467\" data-element_type=\"widget\" data-e-type=\"widget\" data-widget_type=\"button.default\">\n\t\t\t\t<div class=\"elementor-widget-container\">\n\t\t\t\t\t\t\t\t\t<div class=\"elementor-button-wrapper\">\n\t\t\t\t\t<a class=\"elementor-button elementor-button-link elementor-size-sm\" href=\"https:\/\/energisaprev.com.br\/documentos\/\" target=\"_blank\">\n\t\t\t\t\t\t<span class=\"elementor-button-content-wrapper\">\n\t\t\t\t\t\t\t\t\t<span class=\"elementor-button-text\">Pol\u00edticas de Investimentos 2026 a 2030<\/span>\n\t\t\t\t\t<\/span>\n\t\t\t\t\t<\/a>\n\t\t\t\t<\/div>\n\t\t\t\t\t\t\t\t<\/div>\n\t\t\t\t<\/div>\n\t\t\t\t\t<\/div>\n\t\t\t\t<\/div>\n\t\t\t\t<section data-particle_enable=\"false\" data-particle-mobile-disabled=\"false\" class=\"elementor-section elementor-top-section elementor-element elementor-element-643bf38 elementor-section-boxed elementor-section-height-default elementor-section-height-default\" data-id=\"643bf38\" data-element_type=\"section\" data-e-type=\"section\" data-settings=\"{&quot;background_background&quot;:&quot;classic&quot;}\">\n\t\t\t\t\t\t<div class=\"elementor-container elementor-column-gap-default\">\n\t\t\t\t\t<div class=\"elementor-column elementor-col-100 elementor-top-column elementor-element elementor-element-2fa3ef6\" data-id=\"2fa3ef6\" data-element_type=\"column\" data-e-type=\"column\">\n\t\t\t<div class=\"elementor-widget-wrap elementor-element-populated\">\n\t\t\t\t\t\t<div class=\"elementor-element elementor-element-4ae2228 elementor-widget elementor-widget-heading\" data-id=\"4ae2228\" data-element_type=\"widget\" data-e-type=\"widget\" data-widget_type=\"heading.default\">\n\t\t\t\t<div class=\"elementor-widget-container\">\n\t\t\t\t\t<h2 class=\"elementor-heading-title elementor-size-default\">Normas Internas<\/h2>\t\t\t\t<\/div>\n\t\t\t\t<\/div>\n\t\t\t\t<div class=\"elementor-element elementor-element-8172633 elementor-widget elementor-widget-text-editor\" data-id=\"8172633\" data-element_type=\"widget\" data-e-type=\"widget\" data-widget_type=\"text-editor.default\">\n\t\t\t\t<div class=\"elementor-widget-container\">\n\t\t\t\t\t\t\t\t\t<div class=\"page\" title=\"Page 5\"><p>A EnergisaPrev tamb\u00e9m possui normas internas que foram atualizadas em 2025 e s\u00e3o rigorosamente seguidas por seus membros. Esses normativos estabelecem diretrizes e procedimentos que orientam a atua\u00e7\u00e3o da entidade, contribuindo para a padroniza\u00e7\u00e3o dos processos, o fortalecimento da governan\u00e7a e a conformidade com as boas pr\u00e1ticas do setor.<\/p><\/div>\t\t\t\t\t\t\t\t<\/div>\n\t\t\t\t<\/div>\n\t\t\t\t<div class=\"elementor-element elementor-element-abfb749 elementor-icon-list--layout-traditional elementor-list-item-link-full_width elementor-widget elementor-widget-icon-list\" data-id=\"abfb749\" data-element_type=\"widget\" data-e-type=\"widget\" data-widget_type=\"icon-list.default\">\n\t\t\t\t<div class=\"elementor-widget-container\">\n\t\t\t\t\t\t\t<ul class=\"elementor-icon-list-items\">\n\t\t\t\t\t\t\t<li class=\"elementor-icon-list-item\">\n\t\t\t\t\t\t\t\t\t\t\t<span class=\"elementor-icon-list-icon\">\n\t\t\t\t\t\t\t<svg xmlns=\"http:\/\/www.w3.org\/2000\/svg\" width=\"391\" height=\"391\" viewBox=\"0 0 391 391\" fill=\"none\"><circle cx=\"195.501\" cy=\"195.5\" r=\"194.5\" transform=\"rotate(30 195.501 195.5)\" fill=\"url(#paint0_linear_145_53)\"><\/circle><defs><linearGradient id=\"paint0_linear_145_53\" x1=\"195.501\" y1=\"1.00005\" x2=\"195.501\" y2=\"390\" gradientUnits=\"userSpaceOnUse\"><stop stop-color=\"#56E274\"><\/stop><stop offset=\"1\" stop-color=\"#00B6B2\"><\/stop><\/linearGradient><\/defs><\/svg>\t\t\t\t\t\t<\/span>\n\t\t\t\t\t\t\t\t\t\t<span class=\"elementor-icon-list-text\">Norma de F\u00e9rias <\/span>\n\t\t\t\t\t\t\t\t\t<\/li>\n\t\t\t\t\t\t\t\t<li class=\"elementor-icon-list-item\">\n\t\t\t\t\t\t\t\t\t\t\t<span class=\"elementor-icon-list-icon\">\n\t\t\t\t\t\t\t<svg xmlns=\"http:\/\/www.w3.org\/2000\/svg\" width=\"391\" height=\"391\" viewBox=\"0 0 391 391\" fill=\"none\"><circle cx=\"195.501\" cy=\"195.5\" r=\"194.5\" transform=\"rotate(30 195.501 195.5)\" fill=\"url(#paint0_linear_145_53)\"><\/circle><defs><linearGradient id=\"paint0_linear_145_53\" x1=\"195.501\" y1=\"1.00005\" x2=\"195.501\" y2=\"390\" gradientUnits=\"userSpaceOnUse\"><stop stop-color=\"#56E274\"><\/stop><stop offset=\"1\" stop-color=\"#00B6B2\"><\/stop><\/linearGradient><\/defs><\/svg>\t\t\t\t\t\t<\/span>\n\t\t\t\t\t\t\t\t\t\t<span class=\"elementor-icon-list-text\">Pol\u00edtica de Capacita\u00e7\u00e3o (Recursos Humanos) <\/span>\n\t\t\t\t\t\t\t\t\t<\/li>\n\t\t\t\t\t\t\t\t<li class=\"elementor-icon-list-item\">\n\t\t\t\t\t\t\t\t\t\t\t<span class=\"elementor-icon-list-icon\">\n\t\t\t\t\t\t\t<svg xmlns=\"http:\/\/www.w3.org\/2000\/svg\" width=\"391\" height=\"391\" viewBox=\"0 0 391 391\" fill=\"none\"><circle cx=\"195.501\" cy=\"195.5\" r=\"194.5\" transform=\"rotate(30 195.501 195.5)\" fill=\"url(#paint0_linear_145_53)\"><\/circle><defs><linearGradient id=\"paint0_linear_145_53\" x1=\"195.501\" y1=\"1.00005\" x2=\"195.501\" y2=\"390\" gradientUnits=\"userSpaceOnUse\"><stop stop-color=\"#56E274\"><\/stop><stop offset=\"1\" stop-color=\"#00B6B2\"><\/stop><\/linearGradient><\/defs><\/svg>\t\t\t\t\t\t<\/span>\n\t\t\t\t\t\t\t\t\t\t<span class=\"elementor-icon-list-text\">Norma de Afastamento <\/span>\n\t\t\t\t\t\t\t\t\t<\/li>\n\t\t\t\t\t\t\t\t<li class=\"elementor-icon-list-item\">\n\t\t\t\t\t\t\t\t\t\t\t<span class=\"elementor-icon-list-icon\">\n\t\t\t\t\t\t\t<svg xmlns=\"http:\/\/www.w3.org\/2000\/svg\" width=\"391\" height=\"391\" viewBox=\"0 0 391 391\" fill=\"none\"><circle cx=\"195.501\" cy=\"195.5\" r=\"194.5\" transform=\"rotate(30 195.501 195.5)\" fill=\"url(#paint0_linear_145_53)\"><\/circle><defs><linearGradient id=\"paint0_linear_145_53\" x1=\"195.501\" y1=\"1.00005\" x2=\"195.501\" y2=\"390\" gradientUnits=\"userSpaceOnUse\"><stop stop-color=\"#56E274\"><\/stop><stop offset=\"1\" stop-color=\"#00B6B2\"><\/stop><\/linearGradient><\/defs><\/svg>\t\t\t\t\t\t<\/span>\n\t\t\t\t\t\t\t\t\t\t<span class=\"elementor-icon-list-text\">Norma de Contrata\u00e7\u00e3o de Fornecedores <\/span>\n\t\t\t\t\t\t\t\t\t<\/li>\n\t\t\t\t\t\t\t\t<li class=\"elementor-icon-list-item\">\n\t\t\t\t\t\t\t\t\t\t\t<span class=\"elementor-icon-list-icon\">\n\t\t\t\t\t\t\t<svg xmlns=\"http:\/\/www.w3.org\/2000\/svg\" width=\"391\" height=\"391\" viewBox=\"0 0 391 391\" fill=\"none\"><circle cx=\"195.501\" cy=\"195.5\" r=\"194.5\" transform=\"rotate(30 195.501 195.5)\" fill=\"url(#paint0_linear_145_53)\"><\/circle><defs><linearGradient id=\"paint0_linear_145_53\" x1=\"195.501\" y1=\"1.00005\" x2=\"195.501\" y2=\"390\" gradientUnits=\"userSpaceOnUse\"><stop stop-color=\"#56E274\"><\/stop><stop offset=\"1\" stop-color=\"#00B6B2\"><\/stop><\/linearGradient><\/defs><\/svg>\t\t\t\t\t\t<\/span>\n\t\t\t\t\t\t\t\t\t\t<span class=\"elementor-icon-list-text\">Norma de Al\u00e7adas e Compet\u00eancias <\/span>\n\t\t\t\t\t\t\t\t\t<\/li>\n\t\t\t\t\t\t\t\t<li class=\"elementor-icon-list-item\">\n\t\t\t\t\t\t\t\t\t\t\t<span class=\"elementor-icon-list-icon\">\n\t\t\t\t\t\t\t<svg xmlns=\"http:\/\/www.w3.org\/2000\/svg\" width=\"391\" height=\"391\" viewBox=\"0 0 391 391\" fill=\"none\"><circle cx=\"195.501\" cy=\"195.5\" r=\"194.5\" transform=\"rotate(30 195.501 195.5)\" fill=\"url(#paint0_linear_145_53)\"><\/circle><defs><linearGradient id=\"paint0_linear_145_53\" x1=\"195.501\" y1=\"1.00005\" x2=\"195.501\" y2=\"390\" gradientUnits=\"userSpaceOnUse\"><stop stop-color=\"#56E274\"><\/stop><stop offset=\"1\" stop-color=\"#00B6B2\"><\/stop><\/linearGradient><\/defs><\/svg>\t\t\t\t\t\t<\/span>\n\t\t\t\t\t\t\t\t\t\t<span class=\"elementor-icon-list-text\">Pol\u00edtica de Seguran\u00e7a da Informa\u00e7\u00e3o <\/span>\n\t\t\t\t\t\t\t\t\t<\/li>\n\t\t\t\t\t\t\t\t<li class=\"elementor-icon-list-item\">\n\t\t\t\t\t\t\t\t\t\t\t<span class=\"elementor-icon-list-icon\">\n\t\t\t\t\t\t\t<svg xmlns=\"http:\/\/www.w3.org\/2000\/svg\" width=\"391\" height=\"391\" viewBox=\"0 0 391 391\" fill=\"none\"><circle cx=\"195.501\" cy=\"195.5\" r=\"194.5\" transform=\"rotate(30 195.501 195.5)\" fill=\"url(#paint0_linear_145_53)\"><\/circle><defs><linearGradient id=\"paint0_linear_145_53\" x1=\"195.501\" y1=\"1.00005\" x2=\"195.501\" y2=\"390\" gradientUnits=\"userSpaceOnUse\"><stop stop-color=\"#56E274\"><\/stop><stop offset=\"1\" stop-color=\"#00B6B2\"><\/stop><\/linearGradient><\/defs><\/svg>\t\t\t\t\t\t<\/span>\n\t\t\t\t\t\t\t\t\t\t<span class=\"elementor-icon-list-text\">Pol\u00edtica de Compliance <\/span>\n\t\t\t\t\t\t\t\t\t<\/li>\n\t\t\t\t\t\t\t\t<li class=\"elementor-icon-list-item\">\n\t\t\t\t\t\t\t\t\t\t\t<span class=\"elementor-icon-list-icon\">\n\t\t\t\t\t\t\t<svg xmlns=\"http:\/\/www.w3.org\/2000\/svg\" width=\"391\" height=\"391\" viewBox=\"0 0 391 391\" fill=\"none\"><circle cx=\"195.501\" cy=\"195.5\" r=\"194.5\" transform=\"rotate(30 195.501 195.5)\" fill=\"url(#paint0_linear_145_53)\"><\/circle><defs><linearGradient id=\"paint0_linear_145_53\" x1=\"195.501\" y1=\"1.00005\" x2=\"195.501\" y2=\"390\" gradientUnits=\"userSpaceOnUse\"><stop stop-color=\"#56E274\"><\/stop><stop offset=\"1\" stop-color=\"#00B6B2\"><\/stop><\/linearGradient><\/defs><\/svg>\t\t\t\t\t\t<\/span>\n\t\t\t\t\t\t\t\t\t\t<span class=\"elementor-icon-list-text\">Pol\u00edtica de Integridade <\/span>\n\t\t\t\t\t\t\t\t\t<\/li>\n\t\t\t\t\t\t\t\t<li class=\"elementor-icon-list-item\">\n\t\t\t\t\t\t\t\t\t\t\t<span class=\"elementor-icon-list-icon\">\n\t\t\t\t\t\t\t<svg xmlns=\"http:\/\/www.w3.org\/2000\/svg\" width=\"391\" height=\"391\" viewBox=\"0 0 391 391\" fill=\"none\"><circle cx=\"195.501\" cy=\"195.5\" r=\"194.5\" transform=\"rotate(30 195.501 195.5)\" fill=\"url(#paint0_linear_145_53)\"><\/circle><defs><linearGradient id=\"paint0_linear_145_53\" x1=\"195.501\" y1=\"1.00005\" x2=\"195.501\" y2=\"390\" gradientUnits=\"userSpaceOnUse\"><stop stop-color=\"#56E274\"><\/stop><stop offset=\"1\" stop-color=\"#00B6B2\"><\/stop><\/linearGradient><\/defs><\/svg>\t\t\t\t\t\t<\/span>\n\t\t\t\t\t\t\t\t\t\t<span class=\"elementor-icon-list-text\">Plano de Continuidade de Neg\u00f3cio \u2013 TI <\/span>\n\t\t\t\t\t\t\t\t\t<\/li>\n\t\t\t\t\t\t\t\t<li class=\"elementor-icon-list-item\">\n\t\t\t\t\t\t\t\t\t\t\t<span class=\"elementor-icon-list-icon\">\n\t\t\t\t\t\t\t<svg xmlns=\"http:\/\/www.w3.org\/2000\/svg\" width=\"391\" height=\"391\" viewBox=\"0 0 391 391\" fill=\"none\"><circle cx=\"195.501\" cy=\"195.5\" r=\"194.5\" transform=\"rotate(30 195.501 195.5)\" fill=\"url(#paint0_linear_145_53)\"><\/circle><defs><linearGradient id=\"paint0_linear_145_53\" x1=\"195.501\" y1=\"1.00005\" x2=\"195.501\" y2=\"390\" gradientUnits=\"userSpaceOnUse\"><stop stop-color=\"#56E274\"><\/stop><stop offset=\"1\" stop-color=\"#00B6B2\"><\/stop><\/linearGradient><\/defs><\/svg>\t\t\t\t\t\t<\/span>\n\t\t\t\t\t\t\t\t\t\t<span class=\"elementor-icon-list-text\">Norma de Normatiza\u00e7\u00e3o <\/span>\n\t\t\t\t\t\t\t\t\t<\/li>\n\t\t\t\t\t\t<\/ul>\n\t\t\t\t\t\t<\/div>\n\t\t\t\t<\/div>\n\t\t\t\t\t<\/div>\n\t\t<\/div>\n\t\t\t\t\t<\/div>\n\t\t<\/section>\n\t\t\t\t<\/div>\n\t\t","protected":false},"excerpt":{"rendered":"<p>A governan\u00e7a da nossa entidade \u00e9 estruturada com base em princ\u00edpios de transpar\u00eancia, equidade, presta\u00e7\u00e3o de contas e responsabilidade corporativa, assegurando que a gest\u00e3o seja conduzida de forma \u00e9tica e alinhada aos interesses de participantes, aposentados e patrocinadoras. \u00a0 Nosso modelo de governan\u00e7a segue as normas e orienta\u00e7\u00f5es dos \u00f3rg\u00e3os reguladores e principais entidades de [&hellip;]<\/p>\n","protected":false},"author":1,"featured_media":5578,"parent":184,"menu_order":26,"comment_status":"closed","ping_status":"closed","template":"","meta":{"footnotes":""},"class_list":["post-1747","page","type-page","status-publish","has-post-thumbnail","hentry"],"acf":[],"yoast_head":"<!-- This site is optimized with the Yoast SEO plugin v27.5 - https:\/\/yoast.com\/product\/yoast-seo-wordpress\/ -->\n<title>Governan\u00e7a Corporativa - Relat\u00f3rio Anual<\/title>\n<meta name=\"robots\" content=\"index, follow, max-snippet:-1, max-image-preview:large, max-video-preview:-1\" \/>\n<link rel=\"canonical\" href=\"https:\/\/energisaprev.com.br\/relatorioanual2025\/institucional\/governanca-corporativa\/\" \/>\n<meta property=\"og:locale\" content=\"pt_BR\" \/>\n<meta property=\"og:type\" content=\"article\" \/>\n<meta property=\"og:title\" content=\"Governan\u00e7a Corporativa - Relat\u00f3rio Anual\" \/>\n<meta property=\"og:description\" content=\"A governan\u00e7a da nossa entidade \u00e9 estruturada com base em princ\u00edpios de transpar\u00eancia, equidade, presta\u00e7\u00e3o de contas e responsabilidade corporativa, assegurando que a gest\u00e3o seja conduzida de forma \u00e9tica e alinhada aos interesses de participantes, aposentados e patrocinadoras. \u00a0 Nosso modelo de governan\u00e7a segue as normas e orienta\u00e7\u00f5es dos \u00f3rg\u00e3os reguladores e principais entidades de [&hellip;]\" \/>\n<meta property=\"og:url\" content=\"https:\/\/energisaprev.com.br\/relatorioanual2025\/institucional\/governanca-corporativa\/\" \/>\n<meta property=\"og:site_name\" content=\"Relat\u00f3rio Anual\" \/>\n<meta property=\"article:modified_time\" content=\"2026-04-30T01:12:51+00:00\" \/>\n<meta property=\"og:image\" content=\"https:\/\/energisaprev.com.br\/relatorioanual2025\/wp-content\/uploads\/2026\/04\/photo-female-hand-with-white-manicure-holding-pencil-with-asian-office-worker-1.png\" \/>\n\t<meta property=\"og:image:width\" content=\"860\" \/>\n\t<meta property=\"og:image:height\" content=\"334\" \/>\n\t<meta property=\"og:image:type\" content=\"image\/png\" \/>\n<meta name=\"twitter:card\" content=\"summary_large_image\" \/>\n<meta name=\"twitter:label1\" content=\"Est. tempo de leitura\" \/>\n\t<meta name=\"twitter:data1\" content=\"3 minutos\" \/>\n<script type=\"application\/ld+json\" class=\"yoast-schema-graph\">{\"@context\":\"https:\\\/\\\/schema.org\",\"@graph\":[{\"@type\":\"WebPage\",\"@id\":\"https:\\\/\\\/energisaprev.com.br\\\/relatorioanual2025\\\/institucional\\\/governanca-corporativa\\\/\",\"url\":\"https:\\\/\\\/energisaprev.com.br\\\/relatorioanual2025\\\/institucional\\\/governanca-corporativa\\\/\",\"name\":\"Governan\u00e7a Corporativa - Relat\u00f3rio Anual\",\"isPartOf\":{\"@id\":\"https:\\\/\\\/energisaprev.com.br\\\/relatorioanual2025\\\/#website\"},\"primaryImageOfPage\":{\"@id\":\"https:\\\/\\\/energisaprev.com.br\\\/relatorioanual2025\\\/institucional\\\/governanca-corporativa\\\/#primaryimage\"},\"image\":{\"@id\":\"https:\\\/\\\/energisaprev.com.br\\\/relatorioanual2025\\\/institucional\\\/governanca-corporativa\\\/#primaryimage\"},\"thumbnailUrl\":\"https:\\\/\\\/energisaprev.com.br\\\/relatorioanual2025\\\/wp-content\\\/uploads\\\/2026\\\/04\\\/photo-female-hand-with-white-manicure-holding-pencil-with-asian-office-worker-1.png\",\"datePublished\":\"2024-04-03T15:08:16+00:00\",\"dateModified\":\"2026-04-30T01:12:51+00:00\",\"breadcrumb\":{\"@id\":\"https:\\\/\\\/energisaprev.com.br\\\/relatorioanual2025\\\/institucional\\\/governanca-corporativa\\\/#breadcrumb\"},\"inLanguage\":\"pt-BR\",\"potentialAction\":[{\"@type\":\"ReadAction\",\"target\":[\"https:\\\/\\\/energisaprev.com.br\\\/relatorioanual2025\\\/institucional\\\/governanca-corporativa\\\/\"]}]},{\"@type\":\"ImageObject\",\"inLanguage\":\"pt-BR\",\"@id\":\"https:\\\/\\\/energisaprev.com.br\\\/relatorioanual2025\\\/institucional\\\/governanca-corporativa\\\/#primaryimage\",\"url\":\"https:\\\/\\\/energisaprev.com.br\\\/relatorioanual2025\\\/wp-content\\\/uploads\\\/2026\\\/04\\\/photo-female-hand-with-white-manicure-holding-pencil-with-asian-office-worker-1.png\",\"contentUrl\":\"https:\\\/\\\/energisaprev.com.br\\\/relatorioanual2025\\\/wp-content\\\/uploads\\\/2026\\\/04\\\/photo-female-hand-with-white-manicure-holding-pencil-with-asian-office-worker-1.png\",\"width\":860,\"height\":334},{\"@type\":\"BreadcrumbList\",\"@id\":\"https:\\\/\\\/energisaprev.com.br\\\/relatorioanual2025\\\/institucional\\\/governanca-corporativa\\\/#breadcrumb\",\"itemListElement\":[{\"@type\":\"ListItem\",\"position\":1,\"name\":\"In\u00edcio\",\"item\":\"https:\\\/\\\/energisaprev.com.br\\\/relatorioanual2025\\\/\"},{\"@type\":\"ListItem\",\"position\":2,\"name\":\"Institucional\",\"item\":\"https:\\\/\\\/energisaprev.com.br\\\/relatorioanual2025\\\/institucional\\\/\"},{\"@type\":\"ListItem\",\"position\":3,\"name\":\"Governan\u00e7a Corporativa\"}]},{\"@type\":\"WebSite\",\"@id\":\"https:\\\/\\\/energisaprev.com.br\\\/relatorioanual2025\\\/#website\",\"url\":\"https:\\\/\\\/energisaprev.com.br\\\/relatorioanual2025\\\/\",\"name\":\"Relat\u00f3rio Anual\",\"description\":\"\",\"potentialAction\":[{\"@type\":\"SearchAction\",\"target\":{\"@type\":\"EntryPoint\",\"urlTemplate\":\"https:\\\/\\\/energisaprev.com.br\\\/relatorioanual2025\\\/?s={search_term_string}\"},\"query-input\":{\"@type\":\"PropertyValueSpecification\",\"valueRequired\":true,\"valueName\":\"search_term_string\"}}],\"inLanguage\":\"pt-BR\"}]}<\/script>\n<!-- \/ Yoast SEO plugin. -->","yoast_head_json":{"title":"Governan\u00e7a Corporativa - Relat\u00f3rio Anual","robots":{"index":"index","follow":"follow","max-snippet":"max-snippet:-1","max-image-preview":"max-image-preview:large","max-video-preview":"max-video-preview:-1"},"canonical":"https:\/\/energisaprev.com.br\/relatorioanual2025\/institucional\/governanca-corporativa\/","og_locale":"pt_BR","og_type":"article","og_title":"Governan\u00e7a Corporativa - Relat\u00f3rio Anual","og_description":"A governan\u00e7a da nossa entidade \u00e9 estruturada com base em princ\u00edpios de transpar\u00eancia, equidade, presta\u00e7\u00e3o de contas e responsabilidade corporativa, assegurando que a gest\u00e3o seja conduzida de forma \u00e9tica e alinhada aos interesses de participantes, aposentados e patrocinadoras. \u00a0 Nosso modelo de governan\u00e7a segue as normas e orienta\u00e7\u00f5es dos \u00f3rg\u00e3os reguladores e principais entidades de [&hellip;]","og_url":"https:\/\/energisaprev.com.br\/relatorioanual2025\/institucional\/governanca-corporativa\/","og_site_name":"Relat\u00f3rio Anual","article_modified_time":"2026-04-30T01:12:51+00:00","og_image":[{"width":860,"height":334,"url":"https:\/\/energisaprev.com.br\/relatorioanual2025\/wp-content\/uploads\/2026\/04\/photo-female-hand-with-white-manicure-holding-pencil-with-asian-office-worker-1.png","type":"image\/png"}],"twitter_card":"summary_large_image","twitter_misc":{"Est. tempo de leitura":"3 minutos"},"schema":{"@context":"https:\/\/schema.org","@graph":[{"@type":"WebPage","@id":"https:\/\/energisaprev.com.br\/relatorioanual2025\/institucional\/governanca-corporativa\/","url":"https:\/\/energisaprev.com.br\/relatorioanual2025\/institucional\/governanca-corporativa\/","name":"Governan\u00e7a Corporativa - Relat\u00f3rio Anual","isPartOf":{"@id":"https:\/\/energisaprev.com.br\/relatorioanual2025\/#website"},"primaryImageOfPage":{"@id":"https:\/\/energisaprev.com.br\/relatorioanual2025\/institucional\/governanca-corporativa\/#primaryimage"},"image":{"@id":"https:\/\/energisaprev.com.br\/relatorioanual2025\/institucional\/governanca-corporativa\/#primaryimage"},"thumbnailUrl":"https:\/\/energisaprev.com.br\/relatorioanual2025\/wp-content\/uploads\/2026\/04\/photo-female-hand-with-white-manicure-holding-pencil-with-asian-office-worker-1.png","datePublished":"2024-04-03T15:08:16+00:00","dateModified":"2026-04-30T01:12:51+00:00","breadcrumb":{"@id":"https:\/\/energisaprev.com.br\/relatorioanual2025\/institucional\/governanca-corporativa\/#breadcrumb"},"inLanguage":"pt-BR","potentialAction":[{"@type":"ReadAction","target":["https:\/\/energisaprev.com.br\/relatorioanual2025\/institucional\/governanca-corporativa\/"]}]},{"@type":"ImageObject","inLanguage":"pt-BR","@id":"https:\/\/energisaprev.com.br\/relatorioanual2025\/institucional\/governanca-corporativa\/#primaryimage","url":"https:\/\/energisaprev.com.br\/relatorioanual2025\/wp-content\/uploads\/2026\/04\/photo-female-hand-with-white-manicure-holding-pencil-with-asian-office-worker-1.png","contentUrl":"https:\/\/energisaprev.com.br\/relatorioanual2025\/wp-content\/uploads\/2026\/04\/photo-female-hand-with-white-manicure-holding-pencil-with-asian-office-worker-1.png","width":860,"height":334},{"@type":"BreadcrumbList","@id":"https:\/\/energisaprev.com.br\/relatorioanual2025\/institucional\/governanca-corporativa\/#breadcrumb","itemListElement":[{"@type":"ListItem","position":1,"name":"In\u00edcio","item":"https:\/\/energisaprev.com.br\/relatorioanual2025\/"},{"@type":"ListItem","position":2,"name":"Institucional","item":"https:\/\/energisaprev.com.br\/relatorioanual2025\/institucional\/"},{"@type":"ListItem","position":3,"name":"Governan\u00e7a Corporativa"}]},{"@type":"WebSite","@id":"https:\/\/energisaprev.com.br\/relatorioanual2025\/#website","url":"https:\/\/energisaprev.com.br\/relatorioanual2025\/","name":"Relat\u00f3rio Anual","description":"","potentialAction":[{"@type":"SearchAction","target":{"@type":"EntryPoint","urlTemplate":"https:\/\/energisaprev.com.br\/relatorioanual2025\/?s={search_term_string}"},"query-input":{"@type":"PropertyValueSpecification","valueRequired":true,"valueName":"search_term_string"}}],"inLanguage":"pt-BR"}]}},"_links":{"self":[{"href":"https:\/\/energisaprev.com.br\/relatorioanual2025\/wp-json\/wp\/v2\/pages\/1747","targetHints":{"allow":["GET"]}}],"collection":[{"href":"https:\/\/energisaprev.com.br\/relatorioanual2025\/wp-json\/wp\/v2\/pages"}],"about":[{"href":"https:\/\/energisaprev.com.br\/relatorioanual2025\/wp-json\/wp\/v2\/types\/page"}],"author":[{"embeddable":true,"href":"https:\/\/energisaprev.com.br\/relatorioanual2025\/wp-json\/wp\/v2\/users\/1"}],"replies":[{"embeddable":true,"href":"https:\/\/energisaprev.com.br\/relatorioanual2025\/wp-json\/wp\/v2\/comments?post=1747"}],"version-history":[{"count":53,"href":"https:\/\/energisaprev.com.br\/relatorioanual2025\/wp-json\/wp\/v2\/pages\/1747\/revisions"}],"predecessor-version":[{"id":6062,"href":"https:\/\/energisaprev.com.br\/relatorioanual2025\/wp-json\/wp\/v2\/pages\/1747\/revisions\/6062"}],"up":[{"embeddable":true,"href":"https:\/\/energisaprev.com.br\/relatorioanual2025\/wp-json\/wp\/v2\/pages\/184"}],"wp:featuredmedia":[{"embeddable":true,"href":"https:\/\/energisaprev.com.br\/relatorioanual2025\/wp-json\/wp\/v2\/media\/5578"}],"wp:attachment":[{"href":"https:\/\/energisaprev.com.br\/relatorioanual2025\/wp-json\/wp\/v2\/media?parent=1747"}],"curies":[{"name":"wp","href":"https:\/\/api.w.org\/{rel}","templated":true}]}}